 {"id":20316,"date":"2023-08-03T09:12:10","date_gmt":"2023-08-03T09:12:10","guid":{"rendered":"https:\/\/zinebi.eus\/zinebi-industry\/historico\/"},"modified":"2023-12-22T09:58:52","modified_gmt":"2023-12-22T09:58:52","slug":"historico","status":"publish","type":"page","link":"https:\/\/zinebi.eus\/en\/zinebi-industry\/historico\/","title":{"rendered":"HISTORICAL"},"content":{"rendered":"<div class=\"row justify-content-center palmares-fechas m-b-30\">\r\n<div class=\"col-md-fecha\">\r\n<div class=\"borde-fecha\">\r\n<p class=\"fecha\"><strong><br>\r\n<a href=\"#2023\">2023<\/a><\/strong><\/p>\r\n\u00a0\r\n<\/div>\r\n<\/div>\r\n<div class=\"col-md-fecha\">\r\n<div class=\"borde-fecha\">\r\n<p class=\"fecha\"><strong><br>\r\n<a href=\"#2022\">2022<\/a><\/strong><\/p>\r\n\u00a0\r\n<\/div>\r\n<\/div>\r\n<div class=\"col-md-fecha\">\r\n<div class=\"borde-fecha\">\r\n<p class=\"fecha\"><strong><br>\r\n<a href=\"#2021\">2021<\/a><\/strong><\/p>\r\n\u00a0\r\n<\/div>\r\n<\/div>\r\n<div class=\"col-md-fecha\">\r\n<div class=\"borde-fecha\">\r\n<p class=\"fecha\"><strong><br>\r\n<a href=\"#2020\">2020<\/a><\/strong><\/p>\r\n\u00a0\r\n<\/div>\r\n<\/div>\r\n<div class=\"col-md-fecha\">\r\n<div class=\"borde-fecha\">\r\n<p class=\"fecha\"><strong><br>\r\n<a href=\"#2019\">2019<\/a><\/strong><\/p>\r\n\u00a0\r\n<\/div>\r\n<\/div>\r\n<div class=\"col-md-fecha\">\r\n<div class=\"borde-fecha\">\r\n<p class=\"fecha\"><strong><br>\r\n<a href=\"#2018\">2018<\/a><\/strong><\/p>\r\n\u00a0\r\n<\/div>\r\n<\/div>\r\n<\/div>\r\n\r\n\r\n<div class=\"module-title text-center\">\r\n<h3 class=\"sidelines\"><span class=\"blanco\">2023<\/span><\/h3>\r\n\u00a0\r\n<h4 id=\"2023\">ZINEBI NETWORKING 2024<\/h4>\r\n<div class=\"row justify-content-center\">\r\n\r\n\r\n<div class=\"col-md-3\"><img class=\"alignnone wp-image-10359 size-full lazyload\" data-src=\"https:\/\/zinebi.eus\/assets\/media\/CUATRODIAS.jpg\">\r\n<h4><strong>Cuatro d\u00edas<\/strong><br>\r\nItxaso D\u00edaz<\/h4>\r\n<\/div>\r\n\r\n<div class=\"col-md-3\"><img class=\"alignnone wp-image-10359 size-full lazyload\" data-src=\"https:\/\/zinebi.eus\/assets\/media\/INMERSAS_ECAM.jpg\">\r\n<h4><strong>Inmersas en el Imserso<\/strong><br>\r\nAitor Arruti<\/h4><\/div>\r\n\r\n\r\n<div class=\"col-md-3\"><img class=\"alignnone wp-image-10359 size-full lazyload\" data-src=\"https:\/\/zinebi.eus\/assets\/media\/LAISLA_NTW.jpg\">\r\n<h4><strong>La isla sumergida<\/strong><br>\r\nLuc\u00eda Malandro &amp; Daniel Delgado Saucedo<\/h4><\/div>\r\n\r\n\r\n<div class=\"col-md-3\"><img class=\"alignnone wp-image-10359 size-full lazyload\" data-src=\"https:\/\/zinebi.eus\/assets\/media\/LAMALETADEALEX.jpg\">\r\n<h4><strong>La maleta de \u00c1lex<\/strong><br>\r\nAlejandro Cort\u00e9s<\/h4><\/div>\r\n<\/div>\r\n\r\n<div class=\"row justify-content-center\">\r\n<div class=\"col-md-3\"><img class=\"alignnone wp-image-10359 size-full lazyload\" data-src=\"https:\/\/zinebi.eus\/assets\/media\/ESUSTEDSECUESTRABLE.jpg\">\r\n<h4><strong>\u00bfEs usted secuestrable?<\/strong><br>\r\nCharli Bujosa<\/h4>\r\n<\/div>\r\n\r\n<div class=\"col-md-3\"><img class=\"alignnone wp-image-10359 size-full lazyload\" data-src=\"https:\/\/zinebi.eus\/assets\/media\/ARTEFACTOS.jpg\">\r\n<h4><strong>Artefactos de guerra<\/strong><br>\r\nJorge Caballero Ramos<\/h4>\r\n<\/div>\r\n\r\n<div class=\"col-md-3\"><img class=\"alignnone wp-image-10359 size-full lazyload\" data-src=\"https:\/\/zinebi.eus\/assets\/media\/ATLASDELADESAPARICION.jpg\">\r\n<h4><strong>Atlas de la desaparici\u00f3n<\/strong><br>\r\nManuel Correa <\/h4>\r\n<\/div>\r\n\r\n<div class=\"col-md-3\"><img class=\"alignnone wp-image-10359 size-full lazyload\" data-src=\"https:\/\/zinebi.eus\/assets\/media\/INFILTRADA.jpg\">\r\n<h4><strong>Infiltrada<\/strong><br>\r\nIone Monje Mart\u00ednez &amp; Paco Mart\u00ednez-Abarca S\u00e1nchez<\/h4>\r\n<\/div>\r\n<\/div>\r\n\r\n<div class=\"row justify-content-center\">\r\n<div class=\"col-md-3\"><img class=\"alignnone wp-image-10359 size-full lazyload\" data-src=\"https:\/\/zinebi.eus\/assets\/media\/JOSOC_NTW.jpg\">\r\n<h4><strong>Jo Soc<\/strong><br>\r\nPatricia M. F\u00e9lix<\/h4>\r\n<\/div>\r\n\r\n<div class=\"col-md-3\"><img class=\"alignnone wp-image-10359 size-full lazyload\" data-src=\"https:\/\/zinebi.eus\/assets\/media\/LAMALETA.jpg\">\r\n<h4><strong>La maleta de Centelles<\/strong><br>\r\nPilar P\u00e9rez Solano<\/h4>\r\n<\/div>\r\n\r\n<div class=\"col-md-3\"><img class=\"alignnone wp-image-10359 size-full lazyload\" data-src=\"https:\/\/zinebi.eus\/assets\/media\/LAPIETA.jpg\">\r\n<h4><strong>La Piet\u00e0<\/strong><br>\r\nRafael Mol\u00e9s &amp; Pepe Andreu<\/h4>\r\n<\/div>\r\n\r\n<div class=\"col-md-3\"><img class=\"alignnone wp-image-10359 size-full lazyload\" data-src=\"https:\/\/zinebi.eus\/assets\/media\/SIMEMUERO.jpg\">\r\n<h4><strong>Se eu morrer (Si me muero)<\/strong><br>\r\nEsther Vital Garc\u00eda<\/h4>\r\n<\/div>\r\n<\/div>\r\n<\/div>\r\n\r\n\r\n\r\n\r\n\r\n<div class=\"module-title text-center\">\r\n<h3 class=\"sidelines\"><span class=\"blanco\">2022<\/span><\/h3>\r\n\u00a0\r\n<h4 id=\"2022\">ZINEBI NETWORKING 2022<\/h4>\r\n<div class=\"row justify-content-center\">\r\n<div class=\"col-md-3\">\r\n\r\n<a href=\"https:\/\/zinebi.eus\/programacion\/alevosia\/\"><img class=\"alignnone wp-image-10359 size-full lazyload\" data-src=\"https:\/\/zinebi.eus\/assets\/media\/ALEVOSIA.png\"><\/a>\r\n<h4>ALEVOSIA<\/h4>\r\n<table class=\"table\">\r\n<tbody>\r\n<tr>\r\n<td><strong>Sara Casasnovas<\/strong><\/td>\r\n<\/tr>\r\n<tr>\r\n<td>Sara Horta\r\n<h5>Ind\u00edgena Films<\/h5>\r\n<\/td>\r\n<\/tr>\r\n<\/tbody>\r\n<\/table>\r\n<\/div>\r\n<div class=\"col-md-3\">\r\n\r\n<a href=\"https:\/\/zinebi.eus\/programacion\/deuses-de-pedra\/\"><img class=\"alignnone wp-image-10359 size-full lazyload\" data-src=\"https:\/\/zinebi.eus\/assets\/media\/DEUSES-DE-PEDRA.jpg\"><\/a>\r\n<h4>DEUS DE PEDRA<\/h4>\r\n<table class=\"table\">\r\n<tbody>\r\n<tr>\r\n<td><strong>Iv\u00e1n Casti\u00f1eiras<\/strong><\/td>\r\n<\/tr>\r\n<tr>\r\n<td>\u00c1ngel Santos Touza\r\n<h5>Amateurfilms<\/h5>\r\n<\/td>\r\n<\/tr>\r\n<\/tbody>\r\n<\/table>\r\n<\/div>\r\n<div class=\"col-md-3\">\r\n\r\n<a href=\"https:\/\/zinebi.eus\/programacion\/elena-dio-a-luz-un-hermoso-nino\/\"><img class=\"alignnone wp-image-10359 size-full lazyload\" data-src=\"https:\/\/zinebi.eus\/assets\/media\/ELENADIO.jpg\"><\/a>\r\n<h4>ELENA DIO A LUZ UN HERMOSO NI\u00d1O<\/h4>\r\n<table class=\"table\">\r\n<tbody>\r\n<tr>\r\n<td><strong>Chiara Mara\u00f1\u00f3n, Juan Soto<\/strong><\/td>\r\n<\/tr>\r\n<tr>\r\n<td>Ricard Sales, Luis Ferr\u00f3n. &amp; Sandra Tabares-Duque\r\n<h5>LaCima Producciones<\/h5>\r\n<\/td>\r\n<\/tr>\r\n<\/tbody>\r\n<\/table>\r\n<\/div>\r\n<div class=\"col-md-3\">\r\n\r\n<a href=\"https:\/\/zinebi.eus\/programacion\/lhome-mes-pacific-del-mon-the-most-peaceful-man-in-the-world\/\"><img class=\"alignnone wp-image-10359 size-full lazyload\" data-src=\"https:\/\/zinebi.eus\/assets\/media\/L_HOME-ME\u0301S-PACI\u0301FIC-DEL-MO\u0301N-THE-MOST-PEACEFUL-MAN-IN-THE-WORLD-Still4.jpg\"><\/a>\r\n<h4>L\u2019HOME M\u00c9S PAC\u00cdFIC DEL M\u00d3N (THE MOST PEACEFUL MAN IN THE WORLD)<\/h4>\r\n<table class=\"table\">\r\n<tbody>\r\n<tr>\r\n<td><strong>Raquel Barrera Sutorra<\/strong><\/td>\r\n<\/tr>\r\n<tr>\r\n<td>Efthymia Zymvragaki\r\n<h5>Gris Medio<\/h5>\r\n<\/td>\r\n<\/tr>\r\n<\/tbody>\r\n<\/table>\r\n<\/div>\r\n<div class=\"col-md-3\">\r\n\r\n<a href=\"https:\/\/zinebi.eus\/programacion\/la-marsellesa-de-los-borrachos\/\"><img class=\"alignnone wp-image-10359 size-full lazyload\" data-src=\"https:\/\/zinebi.eus\/assets\/media\/LA-MARSELLESADELOSBORRACHOS.jpg\"><\/a>\r\n<h4>LA MARSELLESA DE LOS BORRACHOS<\/h4>\r\n<table class=\"table\">\r\n<tbody>\r\n<tr>\r\n<td><strong>Pablo Gil Rituerto<\/strong><\/td>\r\n<\/tr>\r\n<tr>\r\n<td>Bernat Manzano\r\n<h5>Boogaloo Film<\/h5>\r\n<\/td>\r\n<\/tr>\r\n<\/tbody>\r\n<\/table>\r\n<\/div>\r\n<div class=\"col-md-3\">\r\n\r\n<a href=\"https:\/\/zinebi.eus\/programacion\/la-comunitat\/\"><img class=\"alignnone wp-image-10359 size-full lazyload\" data-src=\"https:\/\/zinebi.eus\/assets\/media\/LACOMUNITAT.jpg\"><\/a>\r\n<h4>LA COMUNITAT<\/h4>\r\n<table class=\"table\">\r\n<tbody>\r\n<tr>\r\n<td><strong>Almudena Verd\u00e9s<\/strong><\/td>\r\n<\/tr>\r\n<tr>\r\n<td>Eva Garc\u00eda Godes\r\n<h5>Silence Comunicaci\u00f3n<\/h5>\r\n<\/td>\r\n<\/tr>\r\n<\/tbody>\r\n<\/table>\r\n<\/div>\r\n<div class=\"col-md-3\">\r\n\r\n<a href=\"https:\/\/zinebi.eus\/programacion\/papamama\/\"><img class=\"alignnone wp-image-10359 size-full lazyload\" data-src=\"https:\/\/zinebi.eus\/assets\/media\/PAPAMAMA.jpg\"><\/a>\r\n<h4>PAPAMAMA<\/h4>\r\n<table class=\"table\">\r\n<tbody>\r\n<tr>\r\n<td><strong>Lorena Ros<\/strong><\/td>\r\n<\/tr>\r\n<tr>\r\n<td>Patricia S\u00e1nchez Mora\r\n<h5>Novena Nube Producciones<\/h5>\r\n<\/td>\r\n<\/tr>\r\n<\/tbody>\r\n<\/table>\r\n<\/div>\r\n<div class=\"col-md-3\">\r\n\r\n<a href=\"https:\/\/zinebi.eus\/programacion\/um-filme-de-fernando-ruiz-vergara\/\"><img class=\"alignnone wp-image-10359 size-full lazyload\" data-src=\"https:\/\/zinebi.eus\/assets\/media\/UM-FILME-DE-FERNANDO-RUIZ-VERGARA.jpg\"><\/a>\r\n<h4>UN FILM DE FERNANDO RUIZ VERGARA<\/h4>\r\n<table class=\"table\">\r\n<tbody>\r\n<tr>\r\n<td><strong>Concha Barquero, Alejandro Alvarado<\/strong><\/td>\r\n<\/tr>\r\n<tr>\r\n<td>Jos\u00e9 Manuel Rodr\u00edguez Calvo &amp; Sara S\u00e1nchez\r\n<h5>Azhar Media, Alvarquero<\/h5>\r\n<\/td>\r\n<\/tr>\r\n<\/tbody>\r\n<\/table>\r\n<\/div>\r\n<div class=\"col-md-3\">\r\n\r\n<a href=\"https:\/\/zinebi.eus\/programacion\/36-zuri-beltzan\"><img class=\"alignnone wp-image-10359 size-full lazyload\" data-src=\"https:\/\/zinebi.eus\/assets\/media\/ZURIBELTZEAN_PORTADA-1.jpg\"><\/a>\r\n<h4>36, ZURI BELTZEAN<\/h4>\r\n<table class=\"table\">\r\n<tbody>\r\n<tr>\r\n<td><strong>Ainhoa Urgoitia, Enrique Rey<\/strong><\/td>\r\n<\/tr>\r\n<tr>\r\n<td><h5>Guillermo Martinez Velasco &amp; Naiara Olite<\/h5>\r\n<\/td>\r\n<\/tr>\r\n<\/tbody>\r\n<\/table>\r\n<\/div>\r\n<div class=\"col-md-3\">\r\n\r\n<a href=\"https:\/\/zinebi.eus\/programacion\/esto-no-es-hollywood\/\"><img class=\"alignnone wp-image-10359 size-full lazyload\" data-src=\"https:\/\/zinebi.eus\/assets\/media\/ESTONOESHOLLYWOOD_PORTADA-1.jpg\"><\/a>\r\n<h4>ESTO NO ES HOLLYWOOD<\/h4>\r\n<table class=\"table\">\r\n<tbody>\r\n<tr>\r\n<td><strong>Jone Ibarretxe, Nere Falagan\r\n<\/strong><\/td>\r\n<\/tr>\r\n<tr>\r\n<td>Eduardo Carneros Gonz\u00e1lez\r\n<h5>Euskadi Movie Aie<\/h5>\r\n<\/td>\r\n<\/tr>\r\n<\/tbody>\r\n<\/table>\r\n<\/div>\r\n<div class=\"col-md-3\">\r\n\r\n<a href=\"https:\/\/zinebi.eus\/programacion\/itaca\/\"><img class=\"alignnone wp-image-10359 size-full lazyload\" data-src=\"https:\/\/zinebi.eus\/assets\/media\/ITACA_PORTADA-1.png\"><\/a>\r\n<h4>ITACA<\/h4>\r\n<table class=\"table\">\r\n<tbody>\r\n<tr>\r\n<td><strong>Juan Prado<\/strong><\/td>\r\n<\/tr>\r\n<tr>\r\n<td>\r\nJuan Prado &amp;Teresa Sendagorta\r\n<h5>El Burro Films, Chisgarabis Kino<\/h5>\r\n<\/td>\r\n<\/tr>\r\n<\/tbody>\r\n<\/table>\r\n<\/div>\r\n<div class=\"col-md-3\">\r\n\r\n<a href=\"https:\/\/zinebi.eus\/programacion\/la-sinsorga\/\"><img class=\"alignnone wp-image-10359 size-full lazyload\" data-src=\"https:\/\/zinebi.eus\/assets\/media\/LARINSORGA_PORTADA-1.png\"><\/a>\r\n<h4>LA SINSORGA<\/h4>\r\n<table class=\"table\">\r\n<tbody>\r\n<tr>\r\n<td><strong>Marta G\u00f3mez, Paula Iglesias<\/strong><\/td>\r\n<\/tr>\r\n<tr>\r\n<td>Paula Iglesias Calderon &amp; Andrea Momoitio\r\n<h5>Al Borde Films<\/h5>\r\n<\/td>\r\n<\/tr>\r\n<\/tbody>\r\n<\/table>\r\n<\/div>\r\n<div class=\"col-md-3\">\r\n\r\n<a href=\"https:\/\/zinebi.eus\/programacion\/zikunagako-ama\/\"><img class=\"alignnone wp-image-10359 size-full lazyload\" data-src=\"https:\/\/zinebi.eus\/assets\/media\/ZIKUNAGAKOAMA.jpg\"><\/a>\r\n<h4>ZIKUN\u0303AGAKO AMA<\/h4>\r\n<table class=\"table\">\r\n<tbody>\r\n<tr>\r\n<td><strong>Pello Guti\u00e9rrez Pe\u00f1alba\r\n<\/strong><\/td>\r\n<\/tr>\r\n<tr>\r\n<td>\r\nIn\u0303aki Sagastume\r\n<h5>\r\nZazpi T\u2019erdi<\/h5>\r\n<\/td>\r\n<\/tr>\r\n<\/tbody>\r\n<\/table>\r\n<\/div>\r\n\u00a0\r\n\r\n<\/div>\r\n<\/div>\r\n\r\n<div class=\"module-title text-center\">\r\n<h3 class=\"sidelines\"><span class=\"blanco\">2021<\/span><\/h3>\r\n\u00a0\r\n<h4 id=\"2021\">ZINEBI NETWORKING 2021<\/h4>\r\n<div class=\"row justify-content-center\">\r\n<div class=\"col-md-3\">\r\n\r\n<img class=\"alignnone wp-image-10359 size-full lazyload\" data-src=\"https:\/\/zinebi.eus\/assets\/media\/ALOSLIBROSYALASMUJERESCANTO.jpg\">\r\n<h4>A LOS LIBROS Y A LAS MUJERES CANTO<\/h4>\r\n<table class=\"table\">\r\n<tbody>\r\n<tr>\r\n<td><strong>Mar\u00eda Elorza<\/strong><\/td>\r\n<\/tr>\r\n<tr>\r\n<td>Marian Fernandez Pascal &amp; Koldo Almandoz\r\n<h5>Txintxua Films<\/h5><\/td>\r\n<\/tr>\r\n<\/tbody>\r\n<\/table>\r\n<\/div>\r\n\r\n<div class=\"col-md-3\">\r\n<img class=\"alignnone wp-image-10359 size-full lazyload\" data-src=\"https:\/\/zinebi.eus\/assets\/media\/AMAKESANZIDAN.png\">\r\n<h4>AMAK ESAN ZIDAN<\/h4>\r\n<table class=\"table\">\r\n<tbody>\r\n<tr>\r\n<td><strong>Irati Cano Alkain<\/strong><\/td>\r\n<\/tr>\r\n<tr>\r\n<td>Ricardo del Conde\r\n<h5>Kalakalab<\/h5>\r\n<\/td>\r\n<\/tr>\r\n<\/tbody>\r\n<\/table>\r\n<\/div>\r\n<div class=\"col-md-3\">\r\n\r\n<img class=\"alignnone wp-image-10359 size-full lazyload\" data-src=\"https:\/\/zinebi.eus\/assets\/media\/AUPAMAURIZIA.png\">\r\n<h4>AUPA MAURIZIA!<\/h4>\r\n<table class=\"table\">\r\n<tbody>\r\n<tr>\r\n<td><strong>Gentzane Mart\u00ednez de Osaba<\/strong><\/td>\r\n<\/tr>\r\n<tr>\r\n<td>Gentzane Mart\u00ednez de Osaba &amp; Alex Garc\u00eda de Vicu\u00f1a\r\n<h5>Marmoka Films &amp; Bideografik<\/h5>\r\n<\/td>\r\n<\/tr>\r\n<\/tbody>\r\n<\/table>\r\n<\/div>\r\n<div class=\"col-md-3\">\r\n\r\n<img class=\"alignnone wp-image-10359 size-full lazyload\" data-src=\"https:\/\/zinebi.eus\/assets\/media\/CABEZAYCORAZON.png\">\r\n<h4>CABEZA Y CORAZ\u00d3N<\/h4>\r\n<table class=\"table\">\r\n<tbody>\r\n<tr>\r\n<td><strong>Ainhoa Andraka &amp; Zuri Goikoetxea<\/strong><\/td>\r\n<\/tr>\r\n<tr>\r\n<td>Ainhoa Andraka &amp; Zuri Goikoetxea\r\n<h5>Doxa Producciones<\/h5>\r\n<\/td>\r\n<\/tr>\r\n<\/tbody>\r\n<\/table>\r\n<\/div>\r\n<div class=\"col-md-3\">\r\n\r\n<img class=\"alignnone wp-image-10359 size-full lazyload\" data-src=\"https:\/\/zinebi.eus\/assets\/media\/ENAUTZUAZO2.png\">\r\n<h4>E\u00d1AUT ZUAZO 2<\/h4>\r\n<table class=\"table\">\r\n<tbody>\r\n<tr>\r\n<td><strong> Meritxell Valls &amp; David \u00c1lvarez <\/strong><\/td>\r\n<\/tr>\r\n<tr>\r\n<td>E\u00f1aut Zuazo\r\n<h5>Asociaci\u00f3n Iris Audiovisual<\/h5>\r\n<\/td>\r\n<\/tr>\r\n<\/tbody>\r\n<\/table>\r\n<\/div>\r\n<div class=\"col-md-3\">\r\n\r\n<img class=\"alignnone wp-image-10359 size-full lazyload\" data-src=\"https:\/\/zinebi.eus\/assets\/media\/HEZURRAK.png\">\r\n<h4>HEZURRAK<\/h4>\r\n<table class=\"table\">\r\n<tbody>\r\n<tr>\r\n<td><strong>Ainhoa Guiti\u00e9rez del Pozo &amp; Olatz Gonz\u00e1lez Abrisketa<\/strong><\/td>\r\n<\/tr>\r\n<tr>\r\n<td>Ritxi Lizartza\r\n<h5>Maluta Films &amp; Azaroa Films<\/h5>\r\n<\/td>\r\n<\/tr>\r\n<\/tbody>\r\n<\/table>\r\n<\/div>\r\n<div class=\"col-md-3\">\r\n\r\n<img class=\"alignnone wp-image-10359 size-full lazyload\" data-src=\"https:\/\/zinebi.eus\/assets\/media\/MYWAYOUT.png\">\r\n<h4>MY WAY OUT<\/h4>\r\n<table class=\"table\">\r\n<tbody>\r\n<tr>\r\n<td><strong>Izaskun Arandia<\/strong><\/td>\r\n<\/tr>\r\n<tr>\r\n<td>Izaskun Arandia Galarraga &amp; Peter Stephensd\r\n<h5>IZAR Films &amp; AltContent<\/h5>\r\n<\/td>\r\n<\/tr>\r\n<\/tbody>\r\n<\/table>\r\n<\/div>\r\n<\/div>\r\n<\/div>\r\n\r\n<div class=\"module-title text-center\">\r\n<h3 class=\"sidelines\"><span class=\"blanco\">2020<\/span><\/h3>\r\n\u00a0\r\n<h4 id=\"2020\">ZINEBI NETWORKING 2020<\/h4>\r\n<div class=\"row justify-content-center\">\r\n<div class=\"col-md-3\">\r\n\r\n<img class=\"alignnone wp-image-10359 size-full lazyload\" data-src=\"https:\/\/zinebi.eus\/assets\/media\/Almanaka.jpg\">\r\n<h4>ALMANAKA<\/h4>\r\n<table class=\"table\">\r\n<tbody>\r\n<tr>\r\n<td><strong>Jorge Moreno Quintana <\/strong><\/td>\r\n<\/tr>\r\n<tr>\r\n<td>Ricardo del Conde\r\n<h5>Kalakalab<\/h5><\/td>\r\n<\/tr>\r\n<\/tbody>\r\n<\/table>\r\n<\/div>\r\n\r\n<div class=\"col-md-3\">\r\n<img class=\"alignnone wp-image-10359 size-full lazyload\" data-src=\"https:\/\/zinebi.eus\/assets\/media\/Amores-Trashumantes.jpg\">\r\n<h4>AMORES TRASHUMANTES<\/h4>\r\n<table class=\"table\">\r\n<tbody>\r\n<tr>\r\n<td><strong>Iban Ayesta Aldanondo<\/strong><\/td>\r\n<\/tr>\r\n<tr>\r\n<td>Pako Ruiz &amp; Iban Ayesta Aldanondo\r\n<h5>Sonora Estudios &amp; Enara Films<\/h5>\r\n<\/td>\r\n<\/tr>\r\n<\/tbody>\r\n<\/table>\r\n<\/div>\r\n<div class=\"col-md-3\">\r\n\r\n<img class=\"alignnone wp-image-10359 size-full lazyload\" data-src=\"https:\/\/zinebi.eus\/assets\/media\/Asunto-Inconcluso.jpg\">\r\n<h4>ASUNTO INCONCLUSO<\/h4>\r\n<table class=\"table\">\r\n<tbody>\r\n<tr>\r\n<td><strong>Oscar Tejedor<\/strong><\/td>\r\n<\/tr>\r\n<tr>\r\n<td>Pamela Rendon &amp; Pako Ruiz\r\n<h5>Sonora Estudios<\/h5>\r\n<\/td>\r\n<\/tr>\r\n<\/tbody>\r\n<\/table>\r\n<\/div>\r\n<div class=\"col-md-3\">\r\n\r\n<img class=\"alignnone wp-image-10359 size-full lazyload\" data-src=\"https:\/\/zinebi.eus\/assets\/media\/BAYOBATYO.jpg\">\r\n<h4>BAYO BAYO BABY<\/h4>\r\n<table class=\"table\">\r\n<tbody>\r\n<tr>\r\n<td><strong>Amaia Ramirez<\/strong><\/td>\r\n<\/tr>\r\n<tr>\r\n<td>Ra\u00fal de la Fuente, Nano Arrieta, Eduardo Villanueva, Nacho Lavilla &amp; Katrin Pors\r\n<h5>Maracan\u00e1 Films S.L.<\/h5>\r\n<\/td>\r\n<\/tr>\r\n<\/tbody>\r\n<\/table>\r\n<\/div>\r\n<div class=\"col-md-3\">\r\n\r\n<img class=\"alignnone wp-image-10359 size-full lazyload\" data-src=\"https:\/\/zinebi.eus\/assets\/media\/If-You-Wish-to-Make-an-Apple-Pie.jpg\">\r\n<h4>IF YOU WISH TO MAKE AN APPLE PIE<\/h4>\r\n<table class=\"table\">\r\n<tbody>\r\n<tr>\r\n<td><strong>Nagore Eceiza<\/strong><\/td>\r\n<\/tr>\r\n<tr>\r\n<td>Alejandra Mora &amp; Nagore Eceiza\r\n<h5>Quatre Films<\/h5>\r\n<\/td>\r\n<\/tr>\r\n<\/tbody>\r\n<\/table>\r\n<\/div>\r\n<div class=\"col-md-3\">\r\n\r\n<img class=\"alignnone wp-image-10359 size-full lazyload\" data-src=\"https:\/\/zinebi.eus\/assets\/media\/La-Piba-de-Oro.jpg\">\r\n<h4>LA PIBA DE ORO<\/h4>\r\n<table class=\"table\">\r\n<tbody>\r\n<tr>\r\n<td><strong>Tola Bonino &amp; Marcos Joubert<\/strong><\/td>\r\n<\/tr>\r\n<tr>\r\n<td> Tamara Garc\u00eda Iglesias\r\n<h5>Atekaleun<\/h5>\r\n<\/td>\r\n<\/tr>\r\n<\/tbody>\r\n<\/table>\r\n<\/div>\r\n\r\n<div class=\"col-md-3\">\r\n<img class=\"alignnone wp-image-10359 size-full lazyload\" data-src=\"https:\/\/zinebi.eus\/assets\/media\/Los-Caballos-Mueren-al-Amanecer.jpg\">\r\n<h4>LOS CABALLOS MUEREN AL AMANECER<\/h4>\r\n<table class=\"table\">\r\n<tbody>\r\n<tr>\r\n<td><strong>Ione Atenea<\/strong><\/td>\r\n<\/tr>\r\n<tr>\r\n<td>Garazi Erburu, Ione Atenea, Pello Guti\u00e9rrez, David Aguilar I\u00f1igo &amp; I\u00f1aki Sagastume\r\n<h5>Hiruki Filmak &amp; Zazpi T\u2019erdi Koop.<\/h5>\r\n<\/td>\r\n<\/tr>\r\n<\/tbody>\r\n<\/table>\r\n<\/div>\r\n\r\n<div class=\"col-md-3\">\r\n<img class=\"alignnone wp-image-10359 size-full lazyload\" data-src=\"https:\/\/zinebi.eus\/assets\/media\/Los-Xey-una-Historia-de-Peli\u2560ucula.jpg\">\r\n<h4>LOS XEY. UNA HISTORIA DE PEL\u00cdCULA<\/h4>\r\n<table class=\"table\">\r\n<tbody>\r\n<tr>\r\n<td><strong>Eneko Olasagasti<\/strong><\/td>\r\n<\/tr>\r\n<tr>\r\n<td>David Berraondo\r\n<h5>Eneko Olasagasti<\/h5><\/td>\r\n<\/tr>\r\n<\/tbody>\r\n<\/table>\r\n<\/div>\r\n<\/div>\r\n<\/div>\r\n\r\n<div class=\"module-title text-center\">\r\n<h3 class=\"sidelines\"><span class=\"blanco\">2019<\/span><\/h3>\r\n\u00a0\r\n<h4 id=\"2019\">ZINEBI NETWORKING 2019<\/h4>\r\n<div class=\"row justify-content-center\">\r\n<div class=\"col-md-3\">\r\n\r\n<img class=\"alignnone wp-image-10359 size-full lazyload\" data-src=\"https:\/\/zinebi.eus\/assets\/media\/BALIKA.jpg\">\r\n<h4>BALIKA<\/h4>\r\n<table class=\"table\">\r\n<tbody>\r\n<tr>\r\n<td><strong>Lander Ibarretxe &amp; Aitor S\u00e1nchez<\/strong><\/td>\r\n<\/tr>\r\n<tr>\r\n<td>Lander Ibarretxe\r\n<h5>Vereda Studio, Nightwalk Fims<\/h5><\/td>\r\n<\/tr>\r\n<\/tbody>\r\n<\/table>\r\n<\/div>\r\n\r\n<div class=\"col-md-3\">\r\n<img class=\"alignnone wp-image-10359 size-full lazyload\" data-src=\"https:\/\/zinebi.eus\/assets\/media\/BOLANTEBATENHISTORIA.jpg\">\r\n<h4>BOLANTE BATEN HISTORIA<\/h4>\r\n<table class=\"table\">\r\n<tbody>\r\n<tr>\r\n<td><strong>I\u00f1aki Alforja eta Iban Toledo<\/strong><\/td>\r\n<\/tr>\r\n<tr>\r\n<td>Lucia Ezker\r\n<h5>I\u00f1aki Alforja eta Iban Toledo<\/h5>\r\n<\/td>\r\n<\/tr>\r\n<\/tbody>\r\n<\/table>\r\n<\/div>\r\n<div class=\"col-md-3\">\r\n\r\n<img class=\"alignnone wp-image-10359 size-full lazyload\" data-src=\"https:\/\/zinebi.eus\/assets\/media\/BOSTMINUTU.jpg\">\r\n<h4>BOST MINUTU<\/h4>\r\n<table class=\"table\">\r\n<tbody>\r\n<tr>\r\n<td><strong>Amaia Nerekan Umaran<\/strong><\/td>\r\n<\/tr>\r\n<tr>\r\n<td>Gentzane Martinez de Osaba &amp; \u00c1lex Garc\u00eda de Vicu\u00f1a\r\n<h5>Marmoka Films<\/h5>\r\n<\/td>\r\n<\/tr>\r\n<\/tbody>\r\n<\/table>\r\n<\/div>\r\n<div class=\"col-md-3\">\r\n\r\n<img class=\"alignnone wp-image-10359 size-full lazyload\" data-src=\"\/assets\/media\/caminho.jpg\">\r\n<h4>CAMINHO LONGE<\/h4>\r\n<table class=\"table\">\r\n<tbody>\r\n<tr>\r\n<td><strong>Josu Martinez &amp; Txaber Larreategi<\/strong><\/td>\r\n<\/tr>\r\n<tr>\r\n<td>Mikel Arredondo\r\n<h5>Adabaki <\/h5>\r\n<\/td>\r\n<\/tr>\r\n<\/tbody>\r\n<\/table>\r\n<\/div>\r\n<div class=\"col-md-3\">\r\n\r\n<img class=\"alignnone wp-image-10359 size-full lazyload\" data-src=\"https:\/\/zinebi.eus\/assets\/media\/ELPESO.jpg\">\r\n<h4>EL PESO<\/h4>\r\n<table class=\"table\">\r\n<tbody>\r\n<tr>\r\n<td><strong>Tamara Lucarini<\/strong><\/td>\r\n<\/tr>\r\n<tr>\r\n<td>Aitor Arenas\r\n<h5>BANATU FILMAK<\/h5>\r\n<\/td>\r\n<\/tr>\r\n<\/tbody>\r\n<\/table>\r\n<\/div>\r\n<div class=\"col-md-3\">\r\n\r\n<img class=\"alignnone wp-image-10359 size-full lazyload\" data-src=\"https:\/\/zinebi.eus\/assets\/media\/EUROPAALAINTEMPERIE.jpg\">\r\n<h4>EUROPA A LA INTEMPERIE<\/h4>\r\n<table class=\"table\">\r\n<tbody>\r\n<tr>\r\n<td><strong>Roberto San Sebastian &amp; Naiel Ibarrola<\/strong><\/td>\r\n<\/tr>\r\n<tr>\r\n<td>Igor Garc\u00eda Pi\u00f1as\r\n<h5>PLATANOBOL\u00edGRAFO<\/h5>\r\n<\/td>\r\n<\/tr>\r\n<\/tbody>\r\n<\/table>\r\n<\/div>\r\n\r\n<div class=\"col-md-3\">\r\n<img class=\"alignnone wp-image-10359 size-full lazyload\" data-src=\"https:\/\/zinebi.eus\/assets\/media\/MARGOLANBAT.jpg\">\r\n<h4>MARGOLAN BAT OPARITZEN DIDAZU?(\u00bfME REGALAS UN CUADRO?)<\/h4>\r\n<table class=\"table\">\r\n<tbody>\r\n<tr>\r\n<td><strong>Enrique Rey &amp; Ainhoa Urgoitia<\/strong><\/td>\r\n<\/tr>\r\n<tr>\r\n<td>Ainhoa Urgoitia\t\r\n<h5>BITART NEW MEDIA SL<\/h5>\r\n<\/td>\r\n<\/tr>\r\n<\/tbody>\r\n<\/table>\r\n<\/div>\r\n\r\n<div class=\"col-md-3\">\r\n<img class=\"alignnone wp-image-10359 size-full lazyload\" data-src=\"https:\/\/zinebi.eus\/assets\/media\/TETUAN.jpg\">\r\n<h4>TETU\u00c1N<\/h4>\r\n<table class=\"table\">\r\n<tbody>\r\n<tr>\r\n<td><strong>Iratxe Fresneda<\/strong><\/td>\r\n<\/tr>\r\n<tr>\r\n<td>Txelu Medina &amp; Iratxe Fresneda\r\n<h5>Pimpi&amp;Nella films<\/h5>\r\n<\/td>\r\n<\/tr>\r\n<\/tbody>\r\n<\/table>\r\n<\/div>\r\n<\/div>\r\n<\/div>\r\n\r\n\r\n\r\n\r\n\r\n<div class=\"module-title text-center\">\r\n<h3 class=\"sidelines\"><span class=\"blanco\">2018<\/span><\/h3>\r\n\u00a0\r\n<h4 id=\"2018\">ZINEBI NETWORKING 2018<\/h4>\r\n<div class=\"row justify-content-center\">\r\n<div class=\"col-md-3\">\r\n\r\n<img class=\"alignnone wp-image-10359 size-full lazyload\" data-src=\"https:\/\/zinebi.eus\/assets\/media\/AZTARNAK.jpg\">\r\n<h4>AZTARNAK \u2013 HUELLAS<\/h4>\r\n<table class=\"table\">\r\n<tbody>\r\n<tr>\r\n<td><strong>Maru Solores <\/strong><\/td>\r\n<\/tr>\r\n<tr>\r\n<td>Jos\u00e9 M\u00aa (Txepe) Lara\r\n<h5>Lumiere Produkzioak<\/h5><\/td>\r\n<\/tr>\r\n<\/tbody>\r\n<\/table>\r\n<\/div>\r\n\r\n<div class=\"col-md-3\">\r\n<img class=\"alignnone wp-image-10359 size-full lazyload\" data-src=\"https:\/\/zinebi.eus\/assets\/media\/BELEAK.jpg\">\r\n<h4>BELEAK<\/h4>\r\n<table class=\"table\">\r\n<tbody>\r\n<tr>\r\n<td><strong>Maialen Oleaga &amp; Ana Serna\t<\/strong><\/td>\r\n<\/tr>\r\n<tr>\r\n<td>Maialen Oleaga\r\n<h5>Al Borde Films\t<\/h5>\r\n<\/td>\r\n<\/tr>\r\n<\/tbody>\r\n<\/table>\r\n<\/div>\r\n<div class=\"col-md-3\">\r\n\r\n<img class=\"alignnone wp-image-10359 size-full lazyload\" data-src=\"https:\/\/zinebi.eus\/assets\/media\/BIDEANJARRAITZUZ.jpg\">\r\n<h4>BIDEAN JARRAITUZ<\/h4>\r\n<table class=\"table\">\r\n<tbody>\r\n<tr>\r\n<td><strong>Aitor Lopez de Aberasturi<\/strong><\/td>\r\n<\/tr>\r\n<tr>\r\n<td>Ainhoa Urgoitia\r\n<h5> Luces Del Ayer Producciones<\/h5>\r\n<\/td>\r\n<\/tr>\r\n<\/tbody>\r\n<\/table>\r\n<\/div>\r\n<div class=\"col-md-3\">\r\n\r\n<img class=\"alignnone wp-image-10359 size-full lazyload\" data-src=\"https:\/\/zinebi.eus\/assets\/media\/ITOIZ.jpg\">\r\n<h4>ITOIZ<\/h4>\r\n<table class=\"table\">\r\n<tbody>\r\n<tr>\r\n<td><strong>Larraitz Zuazo<\/strong><\/td>\r\n<\/tr>\r\n<tr>\r\n<td>Zuri Goikoetxea, Cristina Hergueta &amp; Ainhoa Andraka\r\n<h5>Doxa Producciones<\/h5>\r\n<\/td>\r\n<\/tr>\r\n<\/tbody>\r\n<\/table>\r\n<\/div>\r\n<div class=\"col-md-3\">\r\n\r\n<img class=\"alignnone wp-image-10359 size-full lazyload\" data-src=\"https:\/\/zinebi.eus\/assets\/media\/MESETA.jpg\">\r\n<h4>MESETA<\/h4>\r\n<table class=\"table\">\r\n<tbody>\r\n<tr>\r\n<td><strong>Juan Palacios<\/strong><\/td>\r\n<\/tr>\r\n<tr>\r\n<td>Ainhoa Andraka, Zuri Goikoetxea &amp; Cristina Hergueta\r\n<h5>Doxa Producciones<\/h5>\r\n<\/td>\r\n<\/tr>\r\n<\/tbody>\r\n<\/table>\r\n<\/div>\r\n<div class=\"col-md-3\">\r\n\r\n<img class=\"alignnone wp-image-10359 size-full lazyload\" data-src=\"https:\/\/zinebi.eus\/assets\/media\/MURU.jpg\">\r\n<h4>MURU (SEMILLAS)<\/h4>\r\n<table class=\"table\">\r\n<tbody>\r\n<tr>\r\n<td><strong>Joseba Urrutikoetxea\t<\/strong><\/td>\r\n<\/tr>\r\n<tr>\r\n<td>Celia Vazquez\r\n<h5> Proyecto Wakaya<\/h5>\r\n<\/td>\r\n<\/tr>\r\n<\/tbody>\r\n<\/table>\r\n<\/div>\r\n\r\n<div class=\"col-md-3\">\r\n<img class=\"alignnone wp-image-10359 size-full lazyload\" data-src=\"https:\/\/zinebi.eus\/assets\/media\/UNTIPODIFERENTE.jpg\">\r\n<h4>UN TIPO DIFERENTE\t<\/h4>\r\n<table class=\"table\">\r\n<tbody>\r\n<tr>\r\n<td><strong>Alex Garc\u00eda de Vicu\u00f1a\t<\/strong><\/td>\r\n<\/tr>\r\n<tr>\r\n<td>Gentzane Martinez de Osaba\t\r\n<h5>Marmoka Films<\/h5>\r\n<\/td>\r\n<\/tr>\r\n<\/tbody>\r\n<\/table>\r\n<\/div>\r\n\r\n<div class=\"col-md-3\">\r\n<img class=\"alignnone wp-image-10359 size-full lazyload\" data-src=\"https:\/\/zinebi.eus\/assets\/media\/WANXIAN.jpg\">\r\n<h4>WAN XIA, LA \u00daLTIMA LUZ DEL ATARDECER\t<\/h4>\r\n<table class=\"table\">\r\n<tbody>\r\n<tr>\r\n<td><strong>Silvia Rey<\/strong><\/td>\r\n<\/tr>\r\n<tr>\r\n<td>Luis Angel Ramirez\t\r\n<h5>Kubelik Films\t<\/h5>\r\n<\/td>\r\n<\/tr>\r\n<\/tbody>\r\n<\/table>\r\n<\/div>\r\n<\/div>\r\n<\/div>\r\n\r\n<img alt=\"\" width=\"1024\" height=\"325\" class=\"aligncenter size-full wp-image-28388 lazyload\" data-src=\"https:\/\/zinebi.eus\/assets\/media\/faldones-logos-color-2023-03-copia.png\" srcset=\"https:\/\/zinebi.eus\/assets\/media\/faldones-logos-color-2023-03-copia.png 1024w, https:\/\/zinebi.eus\/assets\/media\/faldones-logos-color-2023-03-copia-150x48.png 150w, https:\/\/zinebi.eus\/assets\/media\/faldones-logos-color-2023-03-copia-300x95.png 300w, https:\/\/zinebi.eus\/assets\/media\/faldones-logos-color-2023-03-copia-400x127.png 400w, https:\/\/zinebi.eus\/assets\/media\/faldones-logos-color-2023-03-copia-480x152.png 480w, https:\/\/zinebi.eus\/assets\/media\/faldones-logos-color-2023-03-copia-550x175.png 550w, https:\/\/zinebi.eus\/assets\/media\/faldones-logos-color-2023-03-copia-768x244.png 768w, https:\/\/zinebi.eus\/assets\/media\/faldones-logos-color-2023-03-copia-992x315.png 992w\" sizes=\"(max-width: 1024px) 100vw, 1024px\" \/>\r\n\r\n\r\n","protected":false},"excerpt":{"rendered":"<p>2023 \u00a0 2022 \u00a0 2021 \u00a0 2020 \u00a0 2019 \u00a0 2018 \u00a0 2023 \u00a0 ZINEBI NETWORKING 2024 Cuatro d\u00edas Itxaso D\u00edaz Inmersas en el Imserso Aitor Arruti La isla sumergida Luc\u00eda Malandro &amp; Daniel Delgado Saucedo La maleta de \u00c1lex Alejandro Cort\u00e9s \u00bfEs usted secuestrable? Charli Bujosa Artefactos de guerra Jorge Caballero Ramos Atlas de [&hellip;]<\/p>\n","protected":false},"author":2,"featured_media":0,"parent":439,"menu_order":0,"comment_status":"closed","ping_status":"closed","template":"templates\/page-hero-mikeldi.php","meta":{"_acf_changed":false,"footnotes":""},"class_list":["post-20316","page","type-page","status-publish","hentry"],"acf":[],"_links":{"self":[{"href":"https:\/\/zinebi.eus\/en\/wp-json\/wp\/v2\/pages\/20316","targetHints":{"allow":["GET"]}}],"collection":[{"href":"https:\/\/zinebi.eus\/en\/wp-json\/wp\/v2\/pages"}],"about":[{"href":"https:\/\/zinebi.eus\/en\/wp-json\/wp\/v2\/types\/page"}],"author":[{"embeddable":true,"href":"https:\/\/zinebi.eus\/en\/wp-json\/wp\/v2\/users\/2"}],"replies":[{"embeddable":true,"href":"https:\/\/zinebi.eus\/en\/wp-json\/wp\/v2\/comments?post=20316"}],"version-history":[{"count":10,"href":"https:\/\/zinebi.eus\/en\/wp-json\/wp\/v2\/pages\/20316\/revisions"}],"predecessor-version":[{"id":29222,"href":"https:\/\/zinebi.eus\/en\/wp-json\/wp\/v2\/pages\/20316\/revisions\/29222"}],"up":[{"embeddable":true,"href":"https:\/\/zinebi.eus\/en\/wp-json\/wp\/v2\/pages\/439"}],"wp:attachment":[{"href":"https:\/\/zinebi.eus\/en\/wp-json\/wp\/v2\/media?parent=20316"}],"curies":[{"name":"wp","href":"https:\/\/api.w.org\/{rel}","templated":true}]}}