 {"id":7591,"date":"2021-11-23T10:52:46","date_gmt":"2021-11-23T10:52:46","guid":{"rendered":"https:\/\/zinebi.eus\/festival\/63-years-of-zinebi\/1999-1990\/"},"modified":"2021-11-30T14:42:07","modified_gmt":"2021-11-30T14:42:07","slug":"1999-1990","status":"publish","type":"page","link":"https:\/\/zinebi.eus\/en\/festival\/67-years-zinebi\/1999-1990\/","title":{"rendered":"1999 &#8211; 1990"},"content":{"rendered":"<section class=\"page-timeline module cb-gallery\">\r\n   <div class=\"container\">\r\n     <div class=\"row justify-content-center palmares-fechas m-b-30\">\r\n<div class=\"mx-1\">\r\n<div class=\"borde-fecha\">\r\n<p class=\"fecha\"><strong>YEARS<br>\r\n<a href=\"https:\/\/zinebi.eus\/en\/festival\/67-years-zinebi\/2023-2020\/\">2023-2020<\/a><\/strong><\/p>\r\n\u00a0\r\n\r\n<\/div>\r\n<\/div>\r\n<div class=\"mx-1\">\r\n<div class=\"borde-fecha\">\r\n<p class=\"fecha\"><strong>YEARS<br>\r\n<a href=\"https:\/\/zinebi.eus\/en\/festival\/67-years-zinebi\/2019-2010\/\">2019-2010<\/a><\/strong><\/p>\r\n\u00a0\r\n\r\n<\/div>\r\n<\/div>\r\n<div class=\"mx-1\">\r\n<div class=\"borde-fecha\">\r\n<p class=\"fecha\"><strong>YEARS<br>\r\n<a href=\"https:\/\/zinebi.eus\/en\/festival\/67-years-zinebi\/2009-2000\/\">2009-2000<\/a><\/strong><\/p>\r\n\u00a0\r\n\r\n<\/div>\r\n<\/div>\r\n<div class=\"mx-1\">\r\n<div class=\"borde-fecha\">\r\n<p class=\"fecha\"><strong>YEARS<br>\r\n<a href=\"https:\/\/zinebi.eus\/en\/festival\/67-years-zinebi\/1999-1990\/\">1999-1990<\/a><\/strong><\/p>\r\n\u00a0\r\n\r\n<\/div>\r\n<\/div>\r\n<div class=\"mx-1\">\r\n<div class=\"borde-fecha\">\r\n<p class=\"fecha\"><strong>YEARS<br>\r\n<a href=\"https:\/\/zinebi.eus\/en\/festival\/67-years-zinebi\/1989-1980\/\">1989-1980<\/a><\/strong><\/p>\r\n\u00a0\r\n\r\n<\/div>\r\n<\/div>\r\n<div class=\"mx-1\">\r\n<div class=\"borde-fecha\">\r\n<p class=\"fecha\"><strong>YEARS<br>\r\n<a href=\"https:\/\/zinebi.eus\/en\/festival\/67-years-zinebi\/1979-1970\/\">1979-1970<\/a><\/strong><\/p>\r\n\u00a0\r\n\r\n<\/div>\r\n<\/div>\r\n<div class=\"mx-1 active\">\r\n<div class=\"borde-fecha\">\r\n<p class=\"fecha\"><strong>YEARS<br>\r\n<a href=\"https:\/\/zinebi.eus\/en\/festival\/67-years-zinebi\/1969-1959\/\">1969-1959<\/a><\/strong><\/p>\r\n\u00a0\r\n\r\n<\/div>\r\n<\/div>\r\n<\/div>\r\n     <div class=\"timeline__block\">\n\t<article class=\"timeline\">\n\n\t\t<aside class=\"timeline__col-nav\">\n\t\t\t<nav class=\"timeline__nav\">\n\t\t        <ul>\n\t\t        \t\t\t        \t\t<li><span>1999<\/span><\/li>\n\t\t        \t\t\t        \t\t<li><span>1998<\/span><\/li>\n\t\t        \t\t\t        \t\t<li><span>1997<\/span><\/li>\n\t\t        \t\t\t        \t\t<li><span>1996<\/span><\/li>\n\t\t        \t\t\t        \t\t<li><span>1995<\/span><\/li>\n\t\t        \t\t\t        \t\t<li><span>1994<\/span><\/li>\n\t\t        \t\t\t        \t\t<li><span>1993<\/span><\/li>\n\t\t        \t\t\t        \t\t<li><span>1992<\/span><\/li>\n\t\t        \t\t\t        \t\t<li><span>1991<\/span><\/li>\n\t\t        \t\t\t        \t\t<li><span>1990<\/span><\/li>\n\t\t        \t            \n\t\t        <\/ul>\n\t\t    <\/nav>\n\t\t<\/aside><!-- \/timeline__col-nav -->\n\n\t    <main class=\"timeline__col-main\">\n\t\t    <section class=\"timeline__section\">\t\t        \n\t        \t\t        \t\t<article class=\"timeline__item\">\n\t        \t\t\t<div class=\"milestone\"><\/div>\n\t        \t\t\t\t        \t\t\t\t<header class=\"timeline__header\">EDITION 41 <\/header>\n\t        \t\t\t\t        \t\t\t<div class=\"timeline__wysiwyg\">\n\t        \t\t\t\t<div class=\"zinebi-edition__item\">\n<figure class=\"zinebi-edition__img\">\n<a class=\"cb-gallery__item\" href=\"\/assets\/media\/zinebi-41.jpg\" title=\"ZINEBI 41 (1999)\" rel=\"gallery\"><img alt=\"ZINEBI 41 (1999)\" width=\"400\" height=\"566\" class=\"alignnone size-size_400 wp-image-609 lazyload\" sizes=\"(max-width: 400px) 100vw, 400px\" data-srcset=\"https:\/\/zinebi.eus\/assets\/media\/zinebi-41-400x566.jpg 400w, https:\/\/zinebi.eus\/assets\/media\/zinebi-41-150x212.jpg 150w, https:\/\/zinebi.eus\/assets\/media\/zinebi-41-300x424.jpg 300w, https:\/\/zinebi.eus\/assets\/media\/zinebi-41-480x679.jpg 480w, https:\/\/zinebi.eus\/assets\/media\/zinebi-41-550x778.jpg 550w, https:\/\/zinebi.eus\/assets\/media\/zinebi-41.jpg 724w\" data-src=\"https:\/\/zinebi.eus\/assets\/media\/zinebi-41-400x566.jpg\" srcset=\"https:\/\/zinebi.eus\/assets\/media\/zinebi-41-400x566.jpg 400w, https:\/\/zinebi.eus\/assets\/media\/zinebi-41-150x212.jpg 150w, https:\/\/zinebi.eus\/assets\/media\/zinebi-41-300x424.jpg 300w, https:\/\/zinebi.eus\/assets\/media\/zinebi-41-480x679.jpg 480w, https:\/\/zinebi.eus\/assets\/media\/zinebi-41-550x778.jpg 550w, https:\/\/zinebi.eus\/assets\/media\/zinebi-41.jpg 724w\" \/><\/a><br>\n   <\/figure>\n<div class=\"zinebi-edition__txt\">\n<header class=\"h3\">Sara MONTIEL (Espa\u00f1a)<\/header>\n<p>The  prestigious Irish filmmaker Jim Sheridan visited Bilbao both as a  member of the International Jury and as curor of a series about the  recent cinema of his country entitled <em>Made in Ireland<\/em>. Another member of the jury was North American creator Caroline Leaf, who also brough the namesake cycle C<em>aroline Leaf Bizidunak <\/em>consisting  of 47 erotic short films. There wasa third cycle dedicated to the  Independent International Film Festival of Sundance (USA) featuring a  selection of winning films between 1995 and 1999. The photography  exhibition entitled \u201c\u201dFilm Looks\u201d\u201d added to this year\u2019s program some of  the most remembered faces of film history: Ava Gardner, Marlene  Dietrich, Ingrid Bergman, Bette Davis, Sophia Loren and Sara Montiel,  who travelled to Bilbao to collect the Mikeldi de Honor Award.<\/p>\n<p>Asier  Altuna and Telmo Esnal, F\u00e9lix Viscarret, Igor Legarreta and Emilio  P\u00e9rez, Carlos Bernar and Bego\u00f1a Vicario were the Basque filmmakers in  the International Competition.<\/p>\n<section id=\"galeria-id-6500\" class=\"cb-galeria__block\">\n\t\t\t<!-- style grid gallery -->\n<style type=\"text\/css\">\n\t\t\t\t\t\t\t\t@media screen and (min-width: 0px){\n\t\t\t\t\t\t#galeria-id-6500 .cb-galeria__grid > .cb-galeria__item {\n\t\t\t\t\t\t\twidth : 50.00%;\n\t\t\t\t\t\t}\n\t\t\t\t\t}\n\t\t\t\t\t\t\t\t\t\t@media screen and (min-width: 480px){\n\t\t\t\t\t\t#galeria-id-6500 .cb-galeria__grid > .cb-galeria__item {\n\t\t\t\t\t\t\twidth : 50.00%;\n\t\t\t\t\t\t}\n\t\t\t\t\t}\n\t\t\t\t\t\t\t\t\t\t@media screen and (min-width: 756px){\n\t\t\t\t\t\t#galeria-id-6500 .cb-galeria__grid > .cb-galeria__item {\n\t\t\t\t\t\t\twidth : 33.33%;\n\t\t\t\t\t\t}\n\t\t\t\t\t}\n\t\t\t\t\t\t\t\t\t\t@media screen and (min-width: 1200px){\n\t\t\t\t\t\t#galeria-id-6500 .cb-galeria__grid > .cb-galeria__item {\n\t\t\t\t\t\t\twidth : 25.00%;\n\t\t\t\t\t\t}\n\t\t\t\t\t}\n\t\t\t\t\t\t\t<\/style>\n<p>\t\t\t\t<main class=\"cb-galeria cb-gallery\"><\/main><\/p>\n<div class=\"cb-galeria__grid \">\n<article class=\"cb-galeria__item\">\n<div class=\"cb-galeria__item-card\">\n\t\t\t\t\t\t\t\t<a href=\"https:\/\/zinebi.eus\/assets\/media\/1999-SARA_MONTIEL_1999.jpg\" class=\"cb-gallery__item\" title=\"1999 - Edici\u00f3n 41\">\n\t\t\t\t\t\t\t\t\t<picture id=\"thumbnail-6504\" class=\"lazyload cb-img-thumbnail ratio-horizontal\"><source media=\"(max-width: 150px)\" data-srcset=\"https:\/\/zinebi.eus\/assets\/media\/1999-SARA_MONTIEL_1999-150x100.jpg\"><source media=\"(max-width: 300px)\" data-srcset=\"https:\/\/zinebi.eus\/assets\/media\/1999-SARA_MONTIEL_1999-300x200.jpg\"><source media=\"(max-width: 400px)\" data-srcset=\"https:\/\/zinebi.eus\/assets\/media\/1999-SARA_MONTIEL_1999-400x267.jpg\"><source media=\"(max-width: 480px)\" data-srcset=\"https:\/\/zinebi.eus\/assets\/media\/1999-SARA_MONTIEL_1999-480x320.jpg\"><source media=\"(max-width: 550px)\" data-srcset=\"https:\/\/zinebi.eus\/assets\/media\/1999-SARA_MONTIEL_1999-550x366.jpg\"><source media=\"(max-width: 768px)\" data-srcset=\"https:\/\/zinebi.eus\/assets\/media\/1999-SARA_MONTIEL_1999-768x512.jpg\"><img class=\"lazyload \" data-src=\"https:\/\/zinebi.eus\/assets\/media\/1999-SARA_MONTIEL_1999.jpg\" alt=\"1999-SARA_MONTIEL_1999\"><\/source><\/source><\/source><\/source><\/source><\/source><\/picture>\n\t\t\t\t\t\t\t\t\t<span class=\"cb-galeria__item-text\"><br>\n\t\t\t\t\t\t\t\t\t\t<span class=\"cb-galeria__text-inner\"><br>\n\t\t\t\t\t\t\t\t\t\t\t<span class=\"cb-galeria__text-capsule\"><br>\n\t\t\t\t\t\t\t\t\t\t\t\t<small>1999 \u2013 Edici\u00f3n 41<\/small><br>\n\t\t\t\t\t\t\t\t\t\t\t<\/span><br>\n\t\t\t\t\t\t\t\t\t\t<\/span><br>\n\t\t\t\t\t\t\t\t\t<\/span><br>\n\t\t\t\t\t\t\t\t\t\t\t\t\t\t\t\t\t<\/a>\n\t\t\t\t\t\t\t<\/div>\n<\/article><\/div>\n<p>\t\t<br>\n\t\t<\/p><\/section>\n<p><!-- \/cb-galeria__block --><\/p>\n<p>Fernando Guill\u00e9n (J) \u00b7 Caroline Leaf (J) \u00b7 Joseph W. Morder (J) \u00b7 C\u00e9sar Sanjin\u00e9s (J) \u00b7 Jim Sheridan (J) \u00b7 Sara Montiel<\/p>\n<\/div>\n<\/div>\n\t        \t\t\t<\/div>\n\t        \t\t<\/article>\n\t        \t\t        \t\t<article class=\"timeline__item\">\n\t        \t\t\t<div class=\"milestone\"><\/div>\n\t        \t\t\t\t        \t\t\t\t<header class=\"timeline__header\">EDITION 40 <\/header>\n\t        \t\t\t\t        \t\t\t<div class=\"timeline__wysiwyg\">\n\t        \t\t\t\t<div class=\"zinebi-edition__item\">\n<figure class=\"zinebi-edition__img\">\n<a class=\"cb-gallery__item\" href=\"\/assets\/media\/zinebi-40.jpg\" title=\"ZINEBI 40 (1998)\" rel=\"gallery\"><img alt=\"ZINEBI 40 (1998)\" width=\"400\" height=\"566\" class=\"alignnone size-size_400 wp-image-606 lazyload\" sizes=\"(max-width: 400px) 100vw, 400px\" data-srcset=\"https:\/\/zinebi.eus\/assets\/media\/zinebi-40-400x566.jpg 400w, https:\/\/zinebi.eus\/assets\/media\/zinebi-40-150x212.jpg 150w, https:\/\/zinebi.eus\/assets\/media\/zinebi-40-300x424.jpg 300w, https:\/\/zinebi.eus\/assets\/media\/zinebi-40-480x679.jpg 480w, https:\/\/zinebi.eus\/assets\/media\/zinebi-40-550x778.jpg 550w, https:\/\/zinebi.eus\/assets\/media\/zinebi-40.jpg 724w\" data-src=\"https:\/\/zinebi.eus\/assets\/media\/zinebi-40-400x566.jpg\" srcset=\"https:\/\/zinebi.eus\/assets\/media\/zinebi-40-400x566.jpg 400w, https:\/\/zinebi.eus\/assets\/media\/zinebi-40-150x212.jpg 150w, https:\/\/zinebi.eus\/assets\/media\/zinebi-40-300x424.jpg 300w, https:\/\/zinebi.eus\/assets\/media\/zinebi-40-480x679.jpg 480w, https:\/\/zinebi.eus\/assets\/media\/zinebi-40-550x778.jpg 550w, https:\/\/zinebi.eus\/assets\/media\/zinebi-40.jpg 724w\" \/><\/a><br>\n   <\/figure>\n<div class=\"zinebi-edition__txt\">\n<header class=\"h3\">Roman POLANSKI (EE.UU.)<\/header>\n<p>In  the year of the passing of Luis Iturri, director of the festival, two  great international figures visited our city: the great Italian  filmmaker Dino Risi came as a member of the International Jury and the  brilliant Polish director Roman Polanski travelled to Bilbao to receive  the Mikeldi de Honor of the 40th edition, accompanied by his friend Dean  Tavoularis, one of the greatest artistic directors of American cinema.  The program included a sequel to the cycle <em>The unknown of the Acquaintances<\/em>, with pieces by King Vidor, Robert Altman, Frank Capra, John Huston, etc. Also, a cycle entitled <em>Ten films against a hundred million mines<\/em>,  a tribute to all bomb victims, with pieces by Fernando Trueba, Rithy  Pahn, Volker Schl\u00f6ndorff and Bertrand Tavernier, amongst others. Lastly,  this edition paid tribute to the great Polish director Krzysztof  Kie\u015blowski, recently deceased.<\/p>\n<p>Amongst the Basque representatives  were I\u00f1aki Elizalde, Gorka V\u00e1zquez and Koldo Serra, Tinieblas Gonz\u00e1lez,  Ion de Luis and Patxi Barco.<\/p>\n<section id=\"galeria-id-6507\" class=\"cb-galeria__block\">\n\t\t\t<!-- style grid gallery -->\n<style type=\"text\/css\">\n\t\t\t\t\t\t\t\t@media screen and (min-width: 0px){\n\t\t\t\t\t\t#galeria-id-6507 .cb-galeria__grid > .cb-galeria__item {\n\t\t\t\t\t\t\twidth : 50.00%;\n\t\t\t\t\t\t}\n\t\t\t\t\t}\n\t\t\t\t\t\t\t\t\t\t@media screen and (min-width: 480px){\n\t\t\t\t\t\t#galeria-id-6507 .cb-galeria__grid > .cb-galeria__item {\n\t\t\t\t\t\t\twidth : 50.00%;\n\t\t\t\t\t\t}\n\t\t\t\t\t}\n\t\t\t\t\t\t\t\t\t\t@media screen and (min-width: 756px){\n\t\t\t\t\t\t#galeria-id-6507 .cb-galeria__grid > .cb-galeria__item {\n\t\t\t\t\t\t\twidth : 33.33%;\n\t\t\t\t\t\t}\n\t\t\t\t\t}\n\t\t\t\t\t\t\t\t\t\t@media screen and (min-width: 1200px){\n\t\t\t\t\t\t#galeria-id-6507 .cb-galeria__grid > .cb-galeria__item {\n\t\t\t\t\t\t\twidth : 25.00%;\n\t\t\t\t\t\t}\n\t\t\t\t\t}\n\t\t\t\t\t\t\t<\/style>\n<p>\t\t\t\t<main class=\"cb-galeria cb-gallery\"><\/main><\/p>\n<div class=\"cb-galeria__grid \">\n<article class=\"cb-galeria__item\">\n<div class=\"cb-galeria__item-card\">\n\t\t\t\t\t\t\t\t<a href=\"https:\/\/zinebi.eus\/assets\/media\/1998-DINO_RISI_1998.jpg\" class=\"cb-gallery__item\" title=\"1998 - Edici\u00f3n 40\">\n\t\t\t\t\t\t\t\t\t<picture id=\"thumbnail-6508\" class=\"lazyload cb-img-thumbnail ratio-horizontal\"><source media=\"(max-width: 150px)\" data-srcset=\"https:\/\/zinebi.eus\/assets\/media\/1998-DINO_RISI_1998-150x100.jpg\"><source media=\"(max-width: 300px)\" data-srcset=\"https:\/\/zinebi.eus\/assets\/media\/1998-DINO_RISI_1998-300x200.jpg\"><source media=\"(max-width: 400px)\" data-srcset=\"https:\/\/zinebi.eus\/assets\/media\/1998-DINO_RISI_1998-400x267.jpg\"><source media=\"(max-width: 480px)\" data-srcset=\"https:\/\/zinebi.eus\/assets\/media\/1998-DINO_RISI_1998-480x320.jpg\"><source media=\"(max-width: 550px)\" data-srcset=\"https:\/\/zinebi.eus\/assets\/media\/1998-DINO_RISI_1998-550x366.jpg\"><source media=\"(max-width: 768px)\" data-srcset=\"https:\/\/zinebi.eus\/assets\/media\/1998-DINO_RISI_1998-768x512.jpg\"><img class=\"lazyload \" data-src=\"https:\/\/zinebi.eus\/assets\/media\/1998-DINO_RISI_1998.jpg\" alt=\"1998-DINO_RISI_1998\"><\/source><\/source><\/source><\/source><\/source><\/source><\/picture>\n\t\t\t\t\t\t\t\t\t<span class=\"cb-galeria__item-text\"><br>\n\t\t\t\t\t\t\t\t\t\t<span class=\"cb-galeria__text-inner\"><br>\n\t\t\t\t\t\t\t\t\t\t\t<span class=\"cb-galeria__text-capsule\"><br>\n\t\t\t\t\t\t\t\t\t\t\t\t<small>1998 \u2013 Edici\u00f3n 40<\/small><br>\n\t\t\t\t\t\t\t\t\t\t\t<\/span><br>\n\t\t\t\t\t\t\t\t\t\t<\/span><br>\n\t\t\t\t\t\t\t\t\t<\/span><br>\n\t\t\t\t\t\t\t\t\t\t\t\t\t\t\t\t\t<\/a>\n\t\t\t\t\t\t\t<\/div>\n<\/article>\n<article class=\"cb-galeria__item\">\n<div class=\"cb-galeria__item-card\">\n\t\t\t\t\t\t\t\t<a href=\"https:\/\/zinebi.eus\/assets\/media\/1998-ROMAN_POLANSKI_1998.jpg\" class=\"cb-gallery__item\" title=\"1998 - Edici\u00f3n 40\">\n\t\t\t\t\t\t\t\t\t<picture id=\"thumbnail-6511\" class=\"lazyload cb-img-thumbnail ratio-horizontal\"><source media=\"(max-width: 150px)\" data-srcset=\"https:\/\/zinebi.eus\/assets\/media\/1998-ROMAN_POLANSKI_1998-150x104.jpg\"><source media=\"(max-width: 300px)\" data-srcset=\"https:\/\/zinebi.eus\/assets\/media\/1998-ROMAN_POLANSKI_1998-300x209.jpg\"><source media=\"(max-width: 400px)\" data-srcset=\"https:\/\/zinebi.eus\/assets\/media\/1998-ROMAN_POLANSKI_1998-400x278.jpg\"><source media=\"(max-width: 480px)\" data-srcset=\"https:\/\/zinebi.eus\/assets\/media\/1998-ROMAN_POLANSKI_1998-480x334.jpg\"><source media=\"(max-width: 550px)\" data-srcset=\"https:\/\/zinebi.eus\/assets\/media\/1998-ROMAN_POLANSKI_1998-550x382.jpg\"><source media=\"(max-width: 768px)\" data-srcset=\"https:\/\/zinebi.eus\/assets\/media\/1998-ROMAN_POLANSKI_1998-768x534.jpg\"><img class=\"lazyload \" data-src=\"https:\/\/zinebi.eus\/assets\/media\/1998-ROMAN_POLANSKI_1998.jpg\" alt=\"1998-ROMAN_POLANSKI_1998\"><\/source><\/source><\/source><\/source><\/source><\/source><\/picture>\n\t\t\t\t\t\t\t\t\t<span class=\"cb-galeria__item-text\"><br>\n\t\t\t\t\t\t\t\t\t\t<span class=\"cb-galeria__text-inner\"><br>\n\t\t\t\t\t\t\t\t\t\t\t<span class=\"cb-galeria__text-capsule\"><br>\n\t\t\t\t\t\t\t\t\t\t\t\t<small>1998 \u2013 Edici\u00f3n 40<\/small><br>\n\t\t\t\t\t\t\t\t\t\t\t<\/span><br>\n\t\t\t\t\t\t\t\t\t\t<\/span><br>\n\t\t\t\t\t\t\t\t\t<\/span><br>\n\t\t\t\t\t\t\t\t\t\t\t\t\t\t\t\t\t<\/a>\n\t\t\t\t\t\t\t<\/div>\n<\/article><\/div>\n<p>\t\t<br>\n\t\t<\/p><\/section>\n<p><!-- \/cb-galeria__block --><\/p>\n<p>Mireille  Dansereau (J) \u00b7 Juan Padr\u00f3n (J) \u00b7 Yeud Lebanon (J) \u00b7 Dino Risi (J) \u00b7  Antoni Verdaguer (J) \u00b7 Patxi Barco \u00b7 Tinieblas Gonz\u00e1lez \u00b7 Mariv\u00ed Bilbao  Goyoaga \u00b7 I\u00f1aki Elizalde \u00b7 Roman Polanski \u00b7 Koldo Serra \u00b7 Dean  Tavoularis<\/p>\n<\/div>\n<\/div>\n\t        \t\t\t<\/div>\n\t        \t\t<\/article>\n\t        \t\t        \t\t<article class=\"timeline__item\">\n\t        \t\t\t<div class=\"milestone\"><\/div>\n\t        \t\t\t\t        \t\t\t\t<header class=\"timeline__header\">EDITION 39 <\/header>\n\t        \t\t\t\t        \t\t\t<div class=\"timeline__wysiwyg\">\n\t        \t\t\t\t<div class=\"zinebi-edition__item\">\n<figure class=\"zinebi-edition__img\">\n<a class=\"cb-gallery__item\" href=\"\/assets\/media\/zinebi-39.jpg\" title=\"ZINEBI 39 (1997)\" rel=\"gallery\"><img alt=\"ZINEBI 39 (1997)\" width=\"400\" height=\"566\" class=\"alignnone size-size_400 wp-image-603 lazyload\" sizes=\"(max-width: 400px) 100vw, 400px\" data-srcset=\"https:\/\/zinebi.eus\/assets\/media\/zinebi-39-400x566.jpg 400w, https:\/\/zinebi.eus\/assets\/media\/zinebi-39-150x212.jpg 150w, https:\/\/zinebi.eus\/assets\/media\/zinebi-39-300x424.jpg 300w, https:\/\/zinebi.eus\/assets\/media\/zinebi-39-480x679.jpg 480w, https:\/\/zinebi.eus\/assets\/media\/zinebi-39-550x778.jpg 550w, https:\/\/zinebi.eus\/assets\/media\/zinebi-39.jpg 724w\" data-src=\"https:\/\/zinebi.eus\/assets\/media\/zinebi-39-400x566.jpg\" srcset=\"https:\/\/zinebi.eus\/assets\/media\/zinebi-39-400x566.jpg 400w, https:\/\/zinebi.eus\/assets\/media\/zinebi-39-150x212.jpg 150w, https:\/\/zinebi.eus\/assets\/media\/zinebi-39-300x424.jpg 300w, https:\/\/zinebi.eus\/assets\/media\/zinebi-39-480x679.jpg 480w, https:\/\/zinebi.eus\/assets\/media\/zinebi-39-550x778.jpg 550w, https:\/\/zinebi.eus\/assets\/media\/zinebi-39.jpg 724w\" \/><\/a><br>\n   <\/figure>\n<div class=\"zinebi-edition__txt\">\n<p>With  the lowest budget in recent years, this edition paid tribute to three  recently deceased figures: producer Ricardo Mu\u00f1oz Suay, director Pilar  Mir\u00f3 and the festival\u2019s commettee member Jos\u00e9 F. L\u00f3pez. In the Jury we  found, amongst others, Peio Aldazabal, director of the Basque Film  Archive, Polish director Piotr Duma\u0142a and Uruguayan Daniel Trelles. For  the first time, the NGO Doctors without Borders awarded a prize to the  documentary that best reflects the values of humanitarian aid to  populations in danger.<\/p>\n<p>The Basque participation was conformed by  Telmo Esnal and Asier Altuna, Gaizka Ar\u00f3stegui, I\u00f1aki Arteta and  Norberto Ramos del Val.<\/p>\n<p>Peio  Aldazabal (J) \u00b7 Piotr Duma\u0142a (J) \u00b7 Didier Fontan (J) \u00b7 Carlos Manuel  (J) \u00b7 Daniel Trelles (J) \u00b7 Asier Altuna \u00b7 I\u00f1aki Arteta \u00b7 Telmo Esnal \u00b7  Norberto Ramos del Val<\/p>\n<\/div>\n<\/div>\n\t        \t\t\t<\/div>\n\t        \t\t<\/article>\n\t        \t\t        \t\t<article class=\"timeline__item\">\n\t        \t\t\t<div class=\"milestone\"><\/div>\n\t        \t\t\t\t        \t\t\t\t<header class=\"timeline__header\">EDITION 38 <\/header>\n\t        \t\t\t\t        \t\t\t<div class=\"timeline__wysiwyg\">\n\t        \t\t\t\t<div class=\"zinebi-edition__item\">\n<figure class=\"zinebi-edition__img\">\n<a class=\"cb-gallery__item\" href=\"\/assets\/media\/zinebi-38.jpg\" title=\"ZINEBI 38 (1996)\" rel=\"gallery\"><img alt=\"ZINEBI 38 (1996)\" width=\"400\" height=\"566\" class=\"alignnone size-size_400 wp-image-600 lazyload\" sizes=\"(max-width: 400px) 100vw, 400px\" data-srcset=\"https:\/\/zinebi.eus\/assets\/media\/zinebi-38-400x566.jpg 400w, https:\/\/zinebi.eus\/assets\/media\/zinebi-38-150x212.jpg 150w, https:\/\/zinebi.eus\/assets\/media\/zinebi-38-300x424.jpg 300w, https:\/\/zinebi.eus\/assets\/media\/zinebi-38-480x679.jpg 480w, https:\/\/zinebi.eus\/assets\/media\/zinebi-38-550x778.jpg 550w, https:\/\/zinebi.eus\/assets\/media\/zinebi-38.jpg 724w\" data-src=\"https:\/\/zinebi.eus\/assets\/media\/zinebi-38-400x566.jpg\" srcset=\"https:\/\/zinebi.eus\/assets\/media\/zinebi-38-400x566.jpg 400w, https:\/\/zinebi.eus\/assets\/media\/zinebi-38-150x212.jpg 150w, https:\/\/zinebi.eus\/assets\/media\/zinebi-38-300x424.jpg 300w, https:\/\/zinebi.eus\/assets\/media\/zinebi-38-480x679.jpg 480w, https:\/\/zinebi.eus\/assets\/media\/zinebi-38-550x778.jpg 550w, https:\/\/zinebi.eus\/assets\/media\/zinebi-38.jpg 724w\" \/><\/a><br>\n   <\/figure>\n<div class=\"zinebi-edition__txt\">\n<p>The  festival dedicated special attention to the serious problems associated  at the time with the transmission of AIDS in selection of 30 short  films by young international filmmakers. There was also a cycle entitled <em>The epic deed of women in the Seventh Art in Europe<\/em>, presented  by Jackie Buet, director of the International Women\u2019s Film Festival of  Cr\u00e9teil (France). Another cycle honoured the 10 years of the  International Film and Television School of San Antonio de los Ba\u00f1os  (Cuba). The compilation <em>The Unknown of the Acquaintances<\/em> presented films by Aki Kaurism\u00e4ki, Eric Rhomer, Roman Polanski, Wim  Wenders and Alain Resnais, etc. The jury included Japanese director  Sayako Kinoshita, Argentinean director Bebe Kamin and Spanish actor and  director Jacinto Molina, AKA <em>Paul Naschy<\/em>.<\/p>\n<p>The Basque  participants this year were Ram\u00f3n Barea, I\u00f1aki Elizalde, Toni Garz\u00f3n,  Jos\u00e9 F\u00e9lix Collazos, Mikel Aguirresarobe, Bego\u00f1a Vicario, Jos\u00e9 Luis  Serrano, Laura Belloso, Francisco Aseguinolaza and Julio Pascual.<\/p>\n<section id=\"galeria-id-6514\" class=\"cb-galeria__block\">\n\t\t\t<!-- style grid gallery -->\n<style type=\"text\/css\">\n\t\t\t\t\t\t\t\t@media screen and (min-width: 0px){\n\t\t\t\t\t\t#galeria-id-6514 .cb-galeria__grid > .cb-galeria__item {\n\t\t\t\t\t\t\twidth : 50.00%;\n\t\t\t\t\t\t}\n\t\t\t\t\t}\n\t\t\t\t\t\t\t\t\t\t@media screen and (min-width: 480px){\n\t\t\t\t\t\t#galeria-id-6514 .cb-galeria__grid > .cb-galeria__item {\n\t\t\t\t\t\t\twidth : 50.00%;\n\t\t\t\t\t\t}\n\t\t\t\t\t}\n\t\t\t\t\t\t\t\t\t\t@media screen and (min-width: 756px){\n\t\t\t\t\t\t#galeria-id-6514 .cb-galeria__grid > .cb-galeria__item {\n\t\t\t\t\t\t\twidth : 33.33%;\n\t\t\t\t\t\t}\n\t\t\t\t\t}\n\t\t\t\t\t\t\t\t\t\t@media screen and (min-width: 1200px){\n\t\t\t\t\t\t#galeria-id-6514 .cb-galeria__grid > .cb-galeria__item {\n\t\t\t\t\t\t\twidth : 25.00%;\n\t\t\t\t\t\t}\n\t\t\t\t\t}\n\t\t\t\t\t\t\t<\/style>\n<p>\t\t\t\t<main class=\"cb-galeria cb-gallery\"><\/main><\/p>\n<div class=\"cb-galeria__grid \">\n<article class=\"cb-galeria__item\">\n<div class=\"cb-galeria__item-card\">\n\t\t\t\t\t\t\t\t<a href=\"https:\/\/zinebi.eus\/assets\/media\/1996-jurado.jpg\" class=\"cb-gallery__item\" title=\"1996 - Edici\u00f3n 38\">\n\t\t\t\t\t\t\t\t\t<picture id=\"thumbnail-6516\" class=\"lazyload cb-img-thumbnail ratio-horizontal\"><source media=\"(max-width: 150px)\" data-srcset=\"https:\/\/zinebi.eus\/assets\/media\/1996-jurado-150x107.jpg\"><source media=\"(max-width: 300px)\" data-srcset=\"https:\/\/zinebi.eus\/assets\/media\/1996-jurado-300x214.jpg\"><source media=\"(max-width: 400px)\" data-srcset=\"https:\/\/zinebi.eus\/assets\/media\/1996-jurado-400x285.jpg\"><source media=\"(max-width: 480px)\" data-srcset=\"https:\/\/zinebi.eus\/assets\/media\/1996-jurado-480x342.jpg\"><source media=\"(max-width: 550px)\" data-srcset=\"https:\/\/zinebi.eus\/assets\/media\/1996-jurado-550x392.jpg\"><source media=\"(max-width: 768px)\" data-srcset=\"https:\/\/zinebi.eus\/assets\/media\/1996-jurado-768x547.jpg\"><img class=\"lazyload \" data-src=\"https:\/\/zinebi.eus\/assets\/media\/1996-jurado.jpg\" alt=\"1996-jurado\"><\/source><\/source><\/source><\/source><\/source><\/source><\/picture>\n\t\t\t\t\t\t\t\t\t<span class=\"cb-galeria__item-text\"><br>\n\t\t\t\t\t\t\t\t\t\t<span class=\"cb-galeria__text-inner\"><br>\n\t\t\t\t\t\t\t\t\t\t\t<span class=\"cb-galeria__text-capsule\"><br>\n\t\t\t\t\t\t\t\t\t\t\t\t<small>1996 \u2013 Edici\u00f3n 38<\/small><br>\n\t\t\t\t\t\t\t\t\t\t\t<\/span><br>\n\t\t\t\t\t\t\t\t\t\t<\/span><br>\n\t\t\t\t\t\t\t\t\t<\/span><br>\n\t\t\t\t\t\t\t\t\t\t\t\t\t\t\t\t\t<\/a>\n\t\t\t\t\t\t\t<\/div>\n<\/article><\/div>\n<p>\t\t<br>\n\t\t<\/p><\/section>\n<p><!-- \/cb-galeria__block --><\/p>\n<p>Bebe Kamin (J) \u00b7 Sayako Kinoshita (J) \u00b7 Jacinto Molina, <em>Paul Naschy<\/em> (J) \u00b7 Alfonso Arandia \u00b7 Ram\u00f3n Barea \u00b7 Jackie Buet \u00b7 Stephen Dwoskin \u00b7 I\u00f1aki Elizalde \u00b7 Toni Garz\u00f3n \u00b7 Bego\u00f1a Vicario<\/p>\n<\/div>\n<\/div>\n\t        \t\t\t<\/div>\n\t        \t\t<\/article>\n\t        \t\t        \t\t<article class=\"timeline__item\">\n\t        \t\t\t<div class=\"milestone\"><\/div>\n\t        \t\t\t\t        \t\t\t\t<header class=\"timeline__header\">EDITION 37 <\/header>\n\t        \t\t\t\t        \t\t\t<div class=\"timeline__wysiwyg\">\n\t        \t\t\t\t<div class=\"zinebi-edition__item\">\n<figure class=\"zinebi-edition__img\">\n<a class=\"cb-gallery__item\" href=\"\/assets\/media\/zinebi-37.jpg\" title=\"ZINEBI 37 (1995)\" rel=\"gallery\"><img alt=\"ZINEBI 37 (1995)\" width=\"400\" height=\"566\" class=\"alignnone size-size_400 wp-image-597 lazyload\" sizes=\"(max-width: 400px) 100vw, 400px\" data-srcset=\"https:\/\/zinebi.eus\/assets\/media\/zinebi-37-400x566.jpg 400w, https:\/\/zinebi.eus\/assets\/media\/zinebi-37-150x212.jpg 150w, https:\/\/zinebi.eus\/assets\/media\/zinebi-37-300x424.jpg 300w, https:\/\/zinebi.eus\/assets\/media\/zinebi-37-480x679.jpg 480w, https:\/\/zinebi.eus\/assets\/media\/zinebi-37-550x778.jpg 550w, https:\/\/zinebi.eus\/assets\/media\/zinebi-37.jpg 724w\" data-src=\"https:\/\/zinebi.eus\/assets\/media\/zinebi-37-400x566.jpg\" srcset=\"https:\/\/zinebi.eus\/assets\/media\/zinebi-37-400x566.jpg 400w, https:\/\/zinebi.eus\/assets\/media\/zinebi-37-150x212.jpg 150w, https:\/\/zinebi.eus\/assets\/media\/zinebi-37-300x424.jpg 300w, https:\/\/zinebi.eus\/assets\/media\/zinebi-37-480x679.jpg 480w, https:\/\/zinebi.eus\/assets\/media\/zinebi-37-550x778.jpg 550w, https:\/\/zinebi.eus\/assets\/media\/zinebi-37.jpg 724w\" \/><\/a><br>\n   <\/figure>\n<div class=\"zinebi-edition__txt\">\n<p>This  edition celebrated three important anniversaries: the hundredth  anniversary of the Cinema, the fiftieth anniversary of the end of World  War II and the century since the birth of actor Rodolfo Valentino. There  was a homage to the great Spanish director Jos\u00e9 M\u00aa Forqu\u00e9, whose  Mikeldi de Honor was picked up by his daughter, actress Ver\u00f3nica Forqu\u00e9.  The <em>Centro de Capacitaci\u00f3n Cinematogr\u00e1fica of Mexico<\/em>, founded  by Spanish filmmaker Carlos Velo in 1975, presented a selection of his  latest projects. The International Jury, with figures such as Spanish  screenwriter and director Manuel G\u00f3mez Pereira, granted the Spanish Film  Award to a novel Santiago Segura for his short film <em>El purificador<\/em>.<\/p>\n<p>Mikel  Agirresarobe, Juan Flahn, Jos\u00e9 A. Vitoria, Irene Arzuaga, Norberto  Ramos del Val, Jos\u00e9 M\u00aa Camacho, Pedro M\u00aa Santos, Ibon Alkorta, Pablo  Malo, Nerea Pagola, Mariano V\u00e1zquez, Luis M\u00aa Andr\u00e9and Teresa G. Ramos  competed in the Basque section of the International Competition.<\/p>\n<section id=\"galeria-id-6519\" class=\"cb-galeria__block\">\n\t\t\t<!-- style grid gallery -->\n<style type=\"text\/css\">\n\t\t\t\t\t\t\t\t@media screen and (min-width: 0px){\n\t\t\t\t\t\t#galeria-id-6519 .cb-galeria__grid > .cb-galeria__item {\n\t\t\t\t\t\t\twidth : 50.00%;\n\t\t\t\t\t\t}\n\t\t\t\t\t}\n\t\t\t\t\t\t\t\t\t\t@media screen and (min-width: 480px){\n\t\t\t\t\t\t#galeria-id-6519 .cb-galeria__grid > .cb-galeria__item {\n\t\t\t\t\t\t\twidth : 50.00%;\n\t\t\t\t\t\t}\n\t\t\t\t\t}\n\t\t\t\t\t\t\t\t\t\t@media screen and (min-width: 756px){\n\t\t\t\t\t\t#galeria-id-6519 .cb-galeria__grid > .cb-galeria__item {\n\t\t\t\t\t\t\twidth : 33.33%;\n\t\t\t\t\t\t}\n\t\t\t\t\t}\n\t\t\t\t\t\t\t\t\t\t@media screen and (min-width: 1200px){\n\t\t\t\t\t\t#galeria-id-6519 .cb-galeria__grid > .cb-galeria__item {\n\t\t\t\t\t\t\twidth : 25.00%;\n\t\t\t\t\t\t}\n\t\t\t\t\t}\n\t\t\t\t\t\t\t<\/style>\n<p>\t\t\t\t<main class=\"cb-galeria cb-gallery\"><\/main><\/p>\n<div class=\"cb-galeria__grid \">\n<article class=\"cb-galeria__item\">\n<div class=\"cb-galeria__item-card\">\n\t\t\t\t\t\t\t\t<a href=\"https:\/\/zinebi.eus\/assets\/media\/1995-SANTIAGO_SEGURA_1995.jpg\" class=\"cb-gallery__item\" title=\"1995 - Edici\u00f3n 37\">\n\t\t\t\t\t\t\t\t\t<picture id=\"thumbnail-6520\" class=\"lazyload cb-img-thumbnail ratio-horizontal\"><source media=\"(max-width: 150px)\" data-srcset=\"https:\/\/zinebi.eus\/assets\/media\/1995-SANTIAGO_SEGURA_1995-150x124.jpg\"><source media=\"(max-width: 300px)\" data-srcset=\"https:\/\/zinebi.eus\/assets\/media\/1995-SANTIAGO_SEGURA_1995-300x248.jpg\"><source media=\"(max-width: 400px)\" data-srcset=\"https:\/\/zinebi.eus\/assets\/media\/1995-SANTIAGO_SEGURA_1995-400x331.jpg\"><source media=\"(max-width: 480px)\" data-srcset=\"https:\/\/zinebi.eus\/assets\/media\/1995-SANTIAGO_SEGURA_1995-480x397.jpg\"><source media=\"(max-width: 550px)\" data-srcset=\"https:\/\/zinebi.eus\/assets\/media\/1995-SANTIAGO_SEGURA_1995-550x454.jpg\"><source media=\"(max-width: 768px)\" data-srcset=\"https:\/\/zinebi.eus\/assets\/media\/1995-SANTIAGO_SEGURA_1995-768x635.jpg\"><img class=\"lazyload \" data-src=\"https:\/\/zinebi.eus\/assets\/media\/1995-SANTIAGO_SEGURA_1995.jpg\" alt=\"1995-SANTIAGO_SEGURA_1995\"><\/source><\/source><\/source><\/source><\/source><\/source><\/picture>\n\t\t\t\t\t\t\t\t\t<span class=\"cb-galeria__item-text\"><br>\n\t\t\t\t\t\t\t\t\t\t<span class=\"cb-galeria__text-inner\"><br>\n\t\t\t\t\t\t\t\t\t\t\t<span class=\"cb-galeria__text-capsule\"><br>\n\t\t\t\t\t\t\t\t\t\t\t\t<small>1995 \u2013 Edici\u00f3n 37<\/small><br>\n\t\t\t\t\t\t\t\t\t\t\t<\/span><br>\n\t\t\t\t\t\t\t\t\t\t<\/span><br>\n\t\t\t\t\t\t\t\t\t<\/span><br>\n\t\t\t\t\t\t\t\t\t\t\t\t\t\t\t\t\t<\/a>\n\t\t\t\t\t\t\t<\/div>\n<\/article><\/div>\n<p>\t\t<br>\n\t\t<\/p><\/section>\n<p><!-- \/cb-galeria__block --><\/p>\n<p>Lisandro  Duque (J) \u00b7 Manuel G\u00f3mez Pereira (J) \u00b7 Dani\u00e8le Incalcaterra (J) \u00b7  Marcelo C\u00e9spedes \u00b7 Ver\u00f3nica Forqu\u00e9 \u00b7 Carmen Guarini \u00b7 Pablo Malo \u00b7 Nerea  Pagola \u00b7 Norberto Ramos del Val \u00b7 Santiago Segura \u00b7 Jos\u00e9 Antonio  Vitoria<\/p>\n<\/div>\n<\/div>\n\t        \t\t\t<\/div>\n\t        \t\t<\/article>\n\t        \t\t        \t\t<article class=\"timeline__item\">\n\t        \t\t\t<div class=\"milestone\"><\/div>\n\t        \t\t\t\t        \t\t\t\t<header class=\"timeline__header\">EDITION 36 <\/header>\n\t        \t\t\t\t        \t\t\t<div class=\"timeline__wysiwyg\">\n\t        \t\t\t\t<div class=\"zinebi-edition__item\">\n<figure class=\"zinebi-edition__img\">\n<a class=\"cb-gallery__item\" href=\"\/assets\/media\/zinebi-36.jpg\" title=\"ZINEBI 36 (1994)\" rel=\"gallery\"><img alt=\"ZINEBI 36 (1994)\" width=\"400\" height=\"566\" class=\"alignnone size-size_400 wp-image-594 lazyload\" sizes=\"(max-width: 400px) 100vw, 400px\" data-srcset=\"https:\/\/zinebi.eus\/assets\/media\/zinebi-36-400x566.jpg 400w, https:\/\/zinebi.eus\/assets\/media\/zinebi-36-150x212.jpg 150w, https:\/\/zinebi.eus\/assets\/media\/zinebi-36-300x424.jpg 300w, https:\/\/zinebi.eus\/assets\/media\/zinebi-36-480x679.jpg 480w, https:\/\/zinebi.eus\/assets\/media\/zinebi-36-550x778.jpg 550w, https:\/\/zinebi.eus\/assets\/media\/zinebi-36.jpg 724w\" data-src=\"https:\/\/zinebi.eus\/assets\/media\/zinebi-36-400x566.jpg\" srcset=\"https:\/\/zinebi.eus\/assets\/media\/zinebi-36-400x566.jpg 400w, https:\/\/zinebi.eus\/assets\/media\/zinebi-36-150x212.jpg 150w, https:\/\/zinebi.eus\/assets\/media\/zinebi-36-300x424.jpg 300w, https:\/\/zinebi.eus\/assets\/media\/zinebi-36-480x679.jpg 480w, https:\/\/zinebi.eus\/assets\/media\/zinebi-36-550x778.jpg 550w, https:\/\/zinebi.eus\/assets\/media\/zinebi-36.jpg 724w\" \/><\/a><br>\n   <\/figure>\n<div class=\"zinebi-edition__txt\">\n<p>Luis  G. Berlanga returned to festival as a member of the International Jury,  together with Cuban documentary maker Rolando D\u00edaz and German director  M\u00f3nica Maurer, amongst others. The program included the screening of a  selection of short films by Ingmar Bergman, and a photo exhibition by  North American actor and filmmaker Dennis Hopper. It also featured a  series about Spanish Black Cinema with veteran director Francisco Rovira  Beleta and the no less veteran and popular actor Conrado Sanmart\u00edn as  guests.<\/p>\n<p>The Basque filmmakers entering the International  Competition were Juan Calvo, Pablo Berger, Miguel Angulo, Irene Arzuaga,  I\u00f1aki Elizalde, Gonzalo Escuder, \u00d3scar del Caz, Esteban Ibarretxe,  \u00d3scar Dulce and Jes\u00fas Paniego. Debutant Fernando Le\u00f3n de Aranoa competed  with his short film <em>Sirenas<\/em>.<\/p>\n<section id=\"galeria-id-6523\" class=\"cb-galeria__block\">\n\t\t\t<!-- style grid gallery -->\n<style type=\"text\/css\">\n\t\t\t\t\t\t\t\t@media screen and (min-width: 0px){\n\t\t\t\t\t\t#galeria-id-6523 .cb-galeria__grid > .cb-galeria__item {\n\t\t\t\t\t\t\twidth : 50.00%;\n\t\t\t\t\t\t}\n\t\t\t\t\t}\n\t\t\t\t\t\t\t\t\t\t@media screen and (min-width: 480px){\n\t\t\t\t\t\t#galeria-id-6523 .cb-galeria__grid > .cb-galeria__item {\n\t\t\t\t\t\t\twidth : 50.00%;\n\t\t\t\t\t\t}\n\t\t\t\t\t}\n\t\t\t\t\t\t\t\t\t\t@media screen and (min-width: 756px){\n\t\t\t\t\t\t#galeria-id-6523 .cb-galeria__grid > .cb-galeria__item {\n\t\t\t\t\t\t\twidth : 33.33%;\n\t\t\t\t\t\t}\n\t\t\t\t\t}\n\t\t\t\t\t\t\t\t\t\t@media screen and (min-width: 1200px){\n\t\t\t\t\t\t#galeria-id-6523 .cb-galeria__grid > .cb-galeria__item {\n\t\t\t\t\t\t\twidth : 25.00%;\n\t\t\t\t\t\t}\n\t\t\t\t\t}\n\t\t\t\t\t\t\t<\/style>\n<p>\t\t\t\t<main class=\"cb-galeria cb-gallery\"><\/main><\/p>\n<div class=\"cb-galeria__grid \">\n<article class=\"cb-galeria__item\">\n<div class=\"cb-galeria__item-card\">\n\t\t\t\t\t\t\t\t<a href=\"https:\/\/zinebi.eus\/assets\/media\/1994-1994_berlanga.jpg\" class=\"cb-gallery__item\" title=\"1994 - Edici\u00f3n 36\">\n\t\t\t\t\t\t\t\t\t<picture id=\"thumbnail-6524\" class=\"lazyload cb-img-thumbnail ratio-horizontal\"><source media=\"(max-width: 150px)\" data-srcset=\"https:\/\/zinebi.eus\/assets\/media\/1994-1994_berlanga-150x100.jpg\"><source media=\"(max-width: 300px)\" data-srcset=\"https:\/\/zinebi.eus\/assets\/media\/1994-1994_berlanga-300x200.jpg\"><source media=\"(max-width: 400px)\" data-srcset=\"https:\/\/zinebi.eus\/assets\/media\/1994-1994_berlanga-400x267.jpg\"><source media=\"(max-width: 480px)\" data-srcset=\"https:\/\/zinebi.eus\/assets\/media\/1994-1994_berlanga-480x320.jpg\"><source media=\"(max-width: 550px)\" data-srcset=\"https:\/\/zinebi.eus\/assets\/media\/1994-1994_berlanga-550x366.jpg\"><source media=\"(max-width: 768px)\" data-srcset=\"https:\/\/zinebi.eus\/assets\/media\/1994-1994_berlanga-768x512.jpg\"><img class=\"lazyload \" data-src=\"https:\/\/zinebi.eus\/assets\/media\/1994-1994_berlanga.jpg\" alt=\"1994-1994_berlanga\"><\/source><\/source><\/source><\/source><\/source><\/source><\/picture>\n\t\t\t\t\t\t\t\t\t<span class=\"cb-galeria__item-text\"><br>\n\t\t\t\t\t\t\t\t\t\t<span class=\"cb-galeria__text-inner\"><br>\n\t\t\t\t\t\t\t\t\t\t\t<span class=\"cb-galeria__text-capsule\"><br>\n\t\t\t\t\t\t\t\t\t\t\t\t<small>1994 \u2013 Edici\u00f3n 36<\/small><br>\n\t\t\t\t\t\t\t\t\t\t\t<\/span><br>\n\t\t\t\t\t\t\t\t\t\t<\/span><br>\n\t\t\t\t\t\t\t\t\t<\/span><br>\n\t\t\t\t\t\t\t\t\t\t\t\t\t\t\t\t\t<\/a>\n\t\t\t\t\t\t\t<\/div>\n<\/article>\n<article class=\"cb-galeria__item\">\n<div class=\"cb-galeria__item-card\">\n\t\t\t\t\t\t\t\t<a href=\"https:\/\/zinebi.eus\/assets\/media\/1994-LUIS_GARCIA_BERLANGA_1994.jpg\" class=\"cb-gallery__item\" title=\"1994 - Edici\u00f3n 36\">\n\t\t\t\t\t\t\t\t\t<picture id=\"thumbnail-6527\" class=\"lazyload cb-img-thumbnail ratio-horizontal\"><source media=\"(max-width: 150px)\" data-srcset=\"https:\/\/zinebi.eus\/assets\/media\/1994-LUIS_GARCIA_BERLANGA_1994-150x100.jpg\"><source media=\"(max-width: 300px)\" data-srcset=\"https:\/\/zinebi.eus\/assets\/media\/1994-LUIS_GARCIA_BERLANGA_1994-300x200.jpg\"><source media=\"(max-width: 400px)\" data-srcset=\"https:\/\/zinebi.eus\/assets\/media\/1994-LUIS_GARCIA_BERLANGA_1994-400x267.jpg\"><source media=\"(max-width: 480px)\" data-srcset=\"https:\/\/zinebi.eus\/assets\/media\/1994-LUIS_GARCIA_BERLANGA_1994-480x320.jpg\"><source media=\"(max-width: 550px)\" data-srcset=\"https:\/\/zinebi.eus\/assets\/media\/1994-LUIS_GARCIA_BERLANGA_1994-550x366.jpg\"><source media=\"(max-width: 768px)\" data-srcset=\"https:\/\/zinebi.eus\/assets\/media\/1994-LUIS_GARCIA_BERLANGA_1994-768x512.jpg\"><img class=\"lazyload \" data-src=\"https:\/\/zinebi.eus\/assets\/media\/1994-LUIS_GARCIA_BERLANGA_1994.jpg\" alt=\"1994-LUIS_GARCIA_BERLANGA_1994\"><\/source><\/source><\/source><\/source><\/source><\/source><\/picture>\n\t\t\t\t\t\t\t\t\t<span class=\"cb-galeria__item-text\"><br>\n\t\t\t\t\t\t\t\t\t\t<span class=\"cb-galeria__text-inner\"><br>\n\t\t\t\t\t\t\t\t\t\t\t<span class=\"cb-galeria__text-capsule\"><br>\n\t\t\t\t\t\t\t\t\t\t\t\t<small>1994 \u2013 Edici\u00f3n 36<\/small><br>\n\t\t\t\t\t\t\t\t\t\t\t<\/span><br>\n\t\t\t\t\t\t\t\t\t\t<\/span><br>\n\t\t\t\t\t\t\t\t\t<\/span><br>\n\t\t\t\t\t\t\t\t\t\t\t\t\t\t\t\t\t<\/a>\n\t\t\t\t\t\t\t<\/div>\n<\/article><\/div>\n<p>\t\t<br>\n\t\t<\/p><\/section>\n<p><!-- \/cb-galeria__block --><\/p>\n<p>Luis G. Berlanga (J) \u00b7 Rolando D\u00edaz (J) \u00b7 Jean \u00b7 Luc Fran\u00e7ois (J) \u00b7 Monica Maurer (J) \u00b7 Pablo Berger \u00b7 I\u00f1aki Elizalde \u00b7 Esteban Ibarretexe \u00b7 Fernando Le\u00f3n de Aranoa \u00b7 Francisco Rovira Beleta \u00b7 Conrado San Mart\u00edn \u00b7 Atef Sherif Hetat<\/p>\n<\/div>\n<\/div>\n\t        \t\t\t<\/div>\n\t        \t\t<\/article>\n\t        \t\t        \t\t<article class=\"timeline__item\">\n\t        \t\t\t<div class=\"milestone\"><\/div>\n\t        \t\t\t\t        \t\t\t\t<header class=\"timeline__header\">EDITION 35 <\/header>\n\t        \t\t\t\t        \t\t\t<div class=\"timeline__wysiwyg\">\n\t        \t\t\t\t<div class=\"zinebi-edition__item\">\n<figure class=\"zinebi-edition__img\">\n<a class=\"cb-gallery__item\" href=\"\/assets\/media\/zinebi-35.jpg\" title=\"ZINEBI 35 (1993)\" rel=\"gallery\"><img alt=\"ZINEBI 35 (1993)\" width=\"400\" height=\"566\" class=\"alignnone size-size_400 wp-image-591 lazyload\" sizes=\"(max-width: 400px) 100vw, 400px\" data-srcset=\"https:\/\/zinebi.eus\/assets\/media\/zinebi-35-400x566.jpg 400w, https:\/\/zinebi.eus\/assets\/media\/zinebi-35-150x212.jpg 150w, https:\/\/zinebi.eus\/assets\/media\/zinebi-35-300x424.jpg 300w, https:\/\/zinebi.eus\/assets\/media\/zinebi-35-480x679.jpg 480w, https:\/\/zinebi.eus\/assets\/media\/zinebi-35-550x778.jpg 550w, https:\/\/zinebi.eus\/assets\/media\/zinebi-35.jpg 724w\" data-src=\"https:\/\/zinebi.eus\/assets\/media\/zinebi-35-400x566.jpg\" srcset=\"https:\/\/zinebi.eus\/assets\/media\/zinebi-35-400x566.jpg 400w, https:\/\/zinebi.eus\/assets\/media\/zinebi-35-150x212.jpg 150w, https:\/\/zinebi.eus\/assets\/media\/zinebi-35-300x424.jpg 300w, https:\/\/zinebi.eus\/assets\/media\/zinebi-35-480x679.jpg 480w, https:\/\/zinebi.eus\/assets\/media\/zinebi-35-550x778.jpg 550w, https:\/\/zinebi.eus\/assets\/media\/zinebi-35.jpg 724w\" \/><\/a><br>\n   <\/figure>\n<div class=\"zinebi-edition__txt\">\n<p>The  festival programmed some surprising oddities, such as a series of  Spanish pornographic films made in the 1920s by the order of King  Alfonso XIII. Another rarity was the second part of T<em>ercio de cine<\/em>,  on bullfighting, with films by Jos\u00e9 H. Gan, Alejandro P\u00e9rez Lug\u00edn,  Italian Francesco Rosi, Falangist intellectual Ernesto Gim\u00e9nez  Caballero, Basilio M. Patino and American filmmaker Budd Boetticher. The  jury was conformed, amongst others, by American director George  Hickenlooper, Russian Igor Alenikov and Spanish film historian Julio  P\u00e9rez Perucha.<\/p>\n<p>The Basque participation included filmmakers such  as Jokin Umerez, Jos\u00e9 A. Vitoria, Josu Bilbao, Juan Gil Bengoa, Bego\u00f1a  Vicario, Beatriz de la Vega, Sergio Clavero and \u00c1ngel Rodr\u00edguez, Myriam  Ballesteros, Jos\u00e9 F\u00e9lix Collazos and Covadonga Icaza.<\/p>\n<p>Igor  Alenikov (J) \u00b7 Oliver Becker (J) \u00b7 \u00d3scar Castillo (J) \u00b7 George  Hickenlooper (J) \u00b7 Julio P\u00e9rez Perucha (J) \u00b7 Juan Gil Bengoa \u00b7 Jokin  Umerez \u00b7 Bego\u00f1a Vicario<\/p>\n<\/div>\n<\/div>\n\t        \t\t\t<\/div>\n\t        \t\t<\/article>\n\t        \t\t        \t\t<article class=\"timeline__item\">\n\t        \t\t\t<div class=\"milestone\"><\/div>\n\t        \t\t\t\t        \t\t\t\t<header class=\"timeline__header\">EDITION 34 <\/header>\n\t        \t\t\t\t        \t\t\t<div class=\"timeline__wysiwyg\">\n\t        \t\t\t\t<div class=\"zinebi-edition__item\">\n<figure class=\"zinebi-edition__img\">\n<a class=\"cb-gallery__item\" href=\"\/assets\/media\/zinebi-34.jpg\" title=\"ZINEBI 34 (1992)\" rel=\"gallery\"><img alt=\"ZINEBI 34 (1992)\" width=\"400\" height=\"566\" class=\"alignnone size-size_400 wp-image-588 lazyload\" sizes=\"(max-width: 400px) 100vw, 400px\" data-srcset=\"https:\/\/zinebi.eus\/assets\/media\/zinebi-34-400x566.jpg 400w, https:\/\/zinebi.eus\/assets\/media\/zinebi-34-150x212.jpg 150w, https:\/\/zinebi.eus\/assets\/media\/zinebi-34-300x424.jpg 300w, https:\/\/zinebi.eus\/assets\/media\/zinebi-34-480x679.jpg 480w, https:\/\/zinebi.eus\/assets\/media\/zinebi-34-550x778.jpg 550w, https:\/\/zinebi.eus\/assets\/media\/zinebi-34.jpg 724w\" data-src=\"https:\/\/zinebi.eus\/assets\/media\/zinebi-34-400x566.jpg\" srcset=\"https:\/\/zinebi.eus\/assets\/media\/zinebi-34-400x566.jpg 400w, https:\/\/zinebi.eus\/assets\/media\/zinebi-34-150x212.jpg 150w, https:\/\/zinebi.eus\/assets\/media\/zinebi-34-300x424.jpg 300w, https:\/\/zinebi.eus\/assets\/media\/zinebi-34-480x679.jpg 480w, https:\/\/zinebi.eus\/assets\/media\/zinebi-34-550x778.jpg 550w, https:\/\/zinebi.eus\/assets\/media\/zinebi-34.jpg 724w\" \/><\/a><br>\n   <\/figure>\n<div class=\"zinebi-edition__txt\">\n<header class=\"h3\">Alberto IGLESIAS (Euskadi) \u00b7 Marco BELLOCCHIO (Italia)<\/header>\n<p>Once  again pushed by economic problems, the festival scheduled an edition of  strict economic austerity. There was a cycle devoted to the Masters of  French cinema, another about bullfighting entitled <em>Tercio de cine<\/em>,  as well as three retrospective cycles, one on Hungarian animation  cinema, another dedicated to Latvian director Herz Frank and the last  one about the Italian cinema of the 60\u2019s. Italian filmmaker Valentino  Orsini and Spanish director of photography, Teo Escamilla, were part of  the International Jury. Film director Jaime de Armi\u00f1\u00e1n and popular actor  Rafael Alonso visited Bilbao to present their television series <em>Una gloria nacional<\/em>.<\/p>\n<p>The  Basque filmmakers participants in the International Competition were  \u00d3scar Dulce, Joseba Salegui, Esteban Ibarretxe, Jos\u00e9 A. Vitoria, Helena  Taberna, Pedro Ortigosa, Maite Arrieta, Miguel Guti\u00e9rrez, I\u00f1aki Arteta,  Jos\u00e9 A. Vizarraga, Santiago G. Le\u00e1niz, Antonio Conesa and Josu  Aristegui.<\/p>\n<p>Teo  Escamilla (J) \u00b7 Herz Frank (J) \u00b7 Sabine Groschup (J) \u00b7 Valentino Orsini  (J) \u00b7 Zelito Viana (J) \u00b7 Rafael Alonso \u00b7 Jaime de Armi\u00f1\u00e1n \u00b7 I\u00f1aki  Arteta \u00b7 \u00d3scar Dulce \u00b7 Arsano Gianarelli \u00b7 Joseba Salegi \u00b7 Helena  Taberna<\/p>\n<\/div>\n<\/div>\n\t        \t\t\t<\/div>\n\t        \t\t<\/article>\n\t        \t\t        \t\t<article class=\"timeline__item\">\n\t        \t\t\t<div class=\"milestone\"><\/div>\n\t        \t\t\t\t        \t\t\t\t<header class=\"timeline__header\">EDITION 33 <\/header>\n\t        \t\t\t\t        \t\t\t<div class=\"timeline__wysiwyg\">\n\t        \t\t\t\t<div class=\"zinebi-edition__item\">\n<figure class=\"zinebi-edition__img\">\n<a class=\"cb-gallery__item\" href=\"\/assets\/media\/zinebi-33.jpg\" title=\"ZINEBI 33 (1991)\" rel=\"gallery\"><img alt=\"ZINEBI 33 (1991)\" width=\"400\" height=\"566\" class=\"alignnone size-size_400 wp-image-585 lazyload\" sizes=\"(max-width: 400px) 100vw, 400px\" data-srcset=\"https:\/\/zinebi.eus\/assets\/media\/zinebi-33-400x566.jpg 400w, https:\/\/zinebi.eus\/assets\/media\/zinebi-33-150x212.jpg 150w, https:\/\/zinebi.eus\/assets\/media\/zinebi-33-300x424.jpg 300w, https:\/\/zinebi.eus\/assets\/media\/zinebi-33-480x679.jpg 480w, https:\/\/zinebi.eus\/assets\/media\/zinebi-33-550x778.jpg 550w, https:\/\/zinebi.eus\/assets\/media\/zinebi-33.jpg 724w\" data-src=\"https:\/\/zinebi.eus\/assets\/media\/zinebi-33-400x566.jpg\" srcset=\"https:\/\/zinebi.eus\/assets\/media\/zinebi-33-400x566.jpg 400w, https:\/\/zinebi.eus\/assets\/media\/zinebi-33-150x212.jpg 150w, https:\/\/zinebi.eus\/assets\/media\/zinebi-33-300x424.jpg 300w, https:\/\/zinebi.eus\/assets\/media\/zinebi-33-480x679.jpg 480w, https:\/\/zinebi.eus\/assets\/media\/zinebi-33-550x778.jpg 550w, https:\/\/zinebi.eus\/assets\/media\/zinebi-33.jpg 724w\" \/><\/a><br>\n   <\/figure>\n<div class=\"zinebi-edition__txt\">\n<p>This  year the festival welcomed the great American documentary filmmaker,  Richard Kaplan, winner of two Oscars in 1962 and 1965, as a member of  the International Jury, along with screenwriter and at the time also  director of the Spanish Film Library Florentino Soria, Czech animation  filmmaker Ji\u0159\u00ed Barta and Dominican director Ren\u00e9 Fortunato. A broad  retrospective dedicated to British filmmaker Peter Greenaway and another  one devoted to Frank Capraand his war cinema during the Second World  War were screened. The series entitled <em>Cinema according to their masters<\/em> gatheredmonographic feature films dedicated to Raoul Walsh, Alfred Hitchcock, Howard Hawks, Vincente Minnelli and King Vidor.<\/p>\n<p>RE`resenting  Basque cinema were Julia Ju\u00e1niz, Aitor Mantxola, Rafael Garz\u00f3n, veteran  experimental filmmaker Jose Antonio Sistiaga, Josune Lasa, In\u00e9s Cano,  V\u00edctor G. Rubio, Michel Gaztambide and Jos\u00e9 A. Vitoria.<\/p>\n<section id=\"galeria-id-6530\" class=\"cb-galeria__block\">\n\t\t\t<!-- style grid gallery -->\n<style type=\"text\/css\">\n\t\t\t\t\t\t\t\t@media screen and (min-width: 0px){\n\t\t\t\t\t\t#galeria-id-6530 .cb-galeria__grid > .cb-galeria__item {\n\t\t\t\t\t\t\twidth : 50.00%;\n\t\t\t\t\t\t}\n\t\t\t\t\t}\n\t\t\t\t\t\t\t\t\t\t@media screen and (min-width: 480px){\n\t\t\t\t\t\t#galeria-id-6530 .cb-galeria__grid > .cb-galeria__item {\n\t\t\t\t\t\t\twidth : 50.00%;\n\t\t\t\t\t\t}\n\t\t\t\t\t}\n\t\t\t\t\t\t\t\t\t\t@media screen and (min-width: 756px){\n\t\t\t\t\t\t#galeria-id-6530 .cb-galeria__grid > .cb-galeria__item {\n\t\t\t\t\t\t\twidth : 33.33%;\n\t\t\t\t\t\t}\n\t\t\t\t\t}\n\t\t\t\t\t\t\t\t\t\t@media screen and (min-width: 1200px){\n\t\t\t\t\t\t#galeria-id-6530 .cb-galeria__grid > .cb-galeria__item {\n\t\t\t\t\t\t\twidth : 25.00%;\n\t\t\t\t\t\t}\n\t\t\t\t\t}\n\t\t\t\t\t\t\t<\/style>\n<p>\t\t\t\t<main class=\"cb-galeria cb-gallery\"><\/main><\/p>\n<div class=\"cb-galeria__grid \">\n<article class=\"cb-galeria__item\">\n<div class=\"cb-galeria__item-card\">\n\t\t\t\t\t\t\t\t<a href=\"https:\/\/zinebi.eus\/assets\/media\/1991-ALEX_DE_LA_IGLESIA_1991.jpg\" class=\"cb-gallery__item\" title=\"1991 - Edici\u00f3n 33\">\n\t\t\t\t\t\t\t\t\t<picture id=\"thumbnail-6531\" class=\"lazyload cb-img-thumbnail ratio-horizontal\"><source media=\"(max-width: 150px)\" data-srcset=\"https:\/\/zinebi.eus\/assets\/media\/1991-ALEX_DE_LA_IGLESIA_1991-150x100.jpg\"><source media=\"(max-width: 300px)\" data-srcset=\"https:\/\/zinebi.eus\/assets\/media\/1991-ALEX_DE_LA_IGLESIA_1991-300x200.jpg\"><source media=\"(max-width: 400px)\" data-srcset=\"https:\/\/zinebi.eus\/assets\/media\/1991-ALEX_DE_LA_IGLESIA_1991-400x267.jpg\"><source media=\"(max-width: 480px)\" data-srcset=\"https:\/\/zinebi.eus\/assets\/media\/1991-ALEX_DE_LA_IGLESIA_1991-480x320.jpg\"><source media=\"(max-width: 550px)\" data-srcset=\"https:\/\/zinebi.eus\/assets\/media\/1991-ALEX_DE_LA_IGLESIA_1991-550x366.jpg\"><source media=\"(max-width: 768px)\" data-srcset=\"https:\/\/zinebi.eus\/assets\/media\/1991-ALEX_DE_LA_IGLESIA_1991-768x512.jpg\"><img class=\"lazyload \" data-src=\"https:\/\/zinebi.eus\/assets\/media\/1991-ALEX_DE_LA_IGLESIA_1991.jpg\" alt=\"1991-ALEX_DE_LA_IGLESIA_1991\"><\/source><\/source><\/source><\/source><\/source><\/source><\/picture>\n\t\t\t\t\t\t\t\t\t<span class=\"cb-galeria__item-text\"><br>\n\t\t\t\t\t\t\t\t\t\t<span class=\"cb-galeria__text-inner\"><br>\n\t\t\t\t\t\t\t\t\t\t\t<span class=\"cb-galeria__text-capsule\"><br>\n\t\t\t\t\t\t\t\t\t\t\t\t<small>1991 \u2013 Edici\u00f3n 33<\/small><br>\n\t\t\t\t\t\t\t\t\t\t\t<\/span><br>\n\t\t\t\t\t\t\t\t\t\t<\/span><br>\n\t\t\t\t\t\t\t\t\t<\/span><br>\n\t\t\t\t\t\t\t\t\t\t\t\t\t\t\t\t\t<\/a>\n\t\t\t\t\t\t\t<\/div>\n<\/article>\n<article class=\"cb-galeria__item\">\n<div class=\"cb-galeria__item-card\">\n\t\t\t\t\t\t\t\t<a href=\"https:\/\/zinebi.eus\/assets\/media\/1991-entrega_de_premios.jpg\" class=\"cb-gallery__item\" title=\"1991 - Edici\u00f3n 33\">\n\t\t\t\t\t\t\t\t\t<picture id=\"thumbnail-6534\" class=\"lazyload cb-img-thumbnail ratio-horizontal\"><source media=\"(max-width: 150px)\" data-srcset=\"https:\/\/zinebi.eus\/assets\/media\/1991-entrega_de_premios-150x101.jpg\"><source media=\"(max-width: 300px)\" data-srcset=\"https:\/\/zinebi.eus\/assets\/media\/1991-entrega_de_premios-300x201.jpg\"><source media=\"(max-width: 400px)\" data-srcset=\"https:\/\/zinebi.eus\/assets\/media\/1991-entrega_de_premios-400x269.jpg\"><source media=\"(max-width: 480px)\" data-srcset=\"https:\/\/zinebi.eus\/assets\/media\/1991-entrega_de_premios-480x322.jpg\"><source media=\"(max-width: 550px)\" data-srcset=\"https:\/\/zinebi.eus\/assets\/media\/1991-entrega_de_premios-550x369.jpg\"><source media=\"(max-width: 768px)\" data-srcset=\"https:\/\/zinebi.eus\/assets\/media\/1991-entrega_de_premios-768x516.jpg\"><img class=\"lazyload \" data-src=\"https:\/\/zinebi.eus\/assets\/media\/1991-entrega_de_premios.jpg\" alt=\"1991-entrega_de_premios\"><\/source><\/source><\/source><\/source><\/source><\/source><\/picture>\n\t\t\t\t\t\t\t\t\t<span class=\"cb-galeria__item-text\"><br>\n\t\t\t\t\t\t\t\t\t\t<span class=\"cb-galeria__text-inner\"><br>\n\t\t\t\t\t\t\t\t\t\t\t<span class=\"cb-galeria__text-capsule\"><br>\n\t\t\t\t\t\t\t\t\t\t\t\t<small>1991 \u2013 Edici\u00f3n 33<\/small><br>\n\t\t\t\t\t\t\t\t\t\t\t<\/span><br>\n\t\t\t\t\t\t\t\t\t\t<\/span><br>\n\t\t\t\t\t\t\t\t\t<\/span><br>\n\t\t\t\t\t\t\t\t\t\t\t\t\t\t\t\t\t<\/a>\n\t\t\t\t\t\t\t<\/div>\n<\/article>\n<article class=\"cb-galeria__item\">\n<div class=\"cb-galeria__item-card\">\n\t\t\t\t\t\t\t\t<a href=\"https:\/\/zinebi.eus\/assets\/media\/1991-jose_antonio_sistiaga_florentino_soria.jpg\" class=\"cb-gallery__item\" title=\"1991 - Edici\u00f3n 33\">\n\t\t\t\t\t\t\t\t\t<picture id=\"thumbnail-6537\" class=\"lazyload cb-img-thumbnail ratio-horizontal\"><source media=\"(max-width: 150px)\" data-srcset=\"https:\/\/zinebi.eus\/assets\/media\/1991-jose_antonio_sistiaga_florentino_soria-150x100.jpg\"><source media=\"(max-width: 300px)\" data-srcset=\"https:\/\/zinebi.eus\/assets\/media\/1991-jose_antonio_sistiaga_florentino_soria-300x200.jpg\"><source media=\"(max-width: 400px)\" data-srcset=\"https:\/\/zinebi.eus\/assets\/media\/1991-jose_antonio_sistiaga_florentino_soria-400x267.jpg\"><source media=\"(max-width: 480px)\" data-srcset=\"https:\/\/zinebi.eus\/assets\/media\/1991-jose_antonio_sistiaga_florentino_soria-480x320.jpg\"><source media=\"(max-width: 550px)\" data-srcset=\"https:\/\/zinebi.eus\/assets\/media\/1991-jose_antonio_sistiaga_florentino_soria-550x366.jpg\"><source media=\"(max-width: 768px)\" data-srcset=\"https:\/\/zinebi.eus\/assets\/media\/1991-jose_antonio_sistiaga_florentino_soria-768x512.jpg\"><img class=\"lazyload \" data-src=\"https:\/\/zinebi.eus\/assets\/media\/1991-jose_antonio_sistiaga_florentino_soria.jpg\" alt=\"1991-jose_antonio_sistiaga_florentino_soria\"><\/source><\/source><\/source><\/source><\/source><\/source><\/picture>\n\t\t\t\t\t\t\t\t\t<span class=\"cb-galeria__item-text\"><br>\n\t\t\t\t\t\t\t\t\t\t<span class=\"cb-galeria__text-inner\"><br>\n\t\t\t\t\t\t\t\t\t\t\t<span class=\"cb-galeria__text-capsule\"><br>\n\t\t\t\t\t\t\t\t\t\t\t\t<small>1991 \u2013 Edici\u00f3n 33<\/small><br>\n\t\t\t\t\t\t\t\t\t\t\t<\/span><br>\n\t\t\t\t\t\t\t\t\t\t<\/span><br>\n\t\t\t\t\t\t\t\t\t<\/span><br>\n\t\t\t\t\t\t\t\t\t\t\t\t\t\t\t\t\t<\/a>\n\t\t\t\t\t\t\t<\/div>\n<\/article>\n<article class=\"cb-galeria__item\">\n<div class=\"cb-galeria__item-card\">\n\t\t\t\t\t\t\t\t<a href=\"https:\/\/zinebi.eus\/assets\/media\/1991-LUZ_CASAL_91.jpg\" class=\"cb-gallery__item\" title=\"1991 - Edici\u00f3n 33\">\n\t\t\t\t\t\t\t\t\t<picture id=\"thumbnail-6540\" class=\"lazyload cb-img-thumbnail ratio-horizontal\"><source media=\"(max-width: 150px)\" data-srcset=\"https:\/\/zinebi.eus\/assets\/media\/1991-LUZ_CASAL_91-150x100.jpg\"><source media=\"(max-width: 300px)\" data-srcset=\"https:\/\/zinebi.eus\/assets\/media\/1991-LUZ_CASAL_91-300x200.jpg\"><source media=\"(max-width: 400px)\" data-srcset=\"https:\/\/zinebi.eus\/assets\/media\/1991-LUZ_CASAL_91-400x267.jpg\"><source media=\"(max-width: 480px)\" data-srcset=\"https:\/\/zinebi.eus\/assets\/media\/1991-LUZ_CASAL_91-480x320.jpg\"><source media=\"(max-width: 550px)\" data-srcset=\"https:\/\/zinebi.eus\/assets\/media\/1991-LUZ_CASAL_91-550x366.jpg\"><source media=\"(max-width: 768px)\" data-srcset=\"https:\/\/zinebi.eus\/assets\/media\/1991-LUZ_CASAL_91-768x512.jpg\"><img class=\"lazyload \" data-src=\"https:\/\/zinebi.eus\/assets\/media\/1991-LUZ_CASAL_91.jpg\" alt=\"1991-LUZ_CASAL_91\"><\/source><\/source><\/source><\/source><\/source><\/source><\/picture>\n\t\t\t\t\t\t\t\t\t<span class=\"cb-galeria__item-text\"><br>\n\t\t\t\t\t\t\t\t\t\t<span class=\"cb-galeria__text-inner\"><br>\n\t\t\t\t\t\t\t\t\t\t\t<span class=\"cb-galeria__text-capsule\"><br>\n\t\t\t\t\t\t\t\t\t\t\t\t<small>1991 \u2013 Edici\u00f3n 33<\/small><br>\n\t\t\t\t\t\t\t\t\t\t\t<\/span><br>\n\t\t\t\t\t\t\t\t\t\t<\/span><br>\n\t\t\t\t\t\t\t\t\t<\/span><br>\n\t\t\t\t\t\t\t\t\t\t\t\t\t\t\t\t\t<\/a>\n\t\t\t\t\t\t\t<\/div>\n<\/article><\/div>\n<p>\t\t<br>\n\t\t<\/p><\/section>\n<p><!-- \/cb-galeria__block --><\/p>\n<p>Ji\u0159\u00ed  Barta (J) \u00b7 Ren\u00e9 Fortunato (J) \u00b7 Richard Kaplan (J) \u00b7 Florentino Soria  (J) \u00b7 Luz Casal \u00b7 Bruno Fischli \u00b7 Michel Gaztambide \u00b7 Julia Ju\u00e1niz \u00b7  Josune Lasa \u00b7 Jos\u00e9 A. Sistiaga<\/p>\n<\/div>\n<\/div>\n\t        \t\t\t<\/div>\n\t        \t\t<\/article>\n\t        \t\t        \t\t<article class=\"timeline__item\">\n\t        \t\t\t<div class=\"milestone\"><\/div>\n\t        \t\t\t\t        \t\t\t\t<header class=\"timeline__header\">EDITION 32 <\/header>\n\t        \t\t\t\t        \t\t\t<div class=\"timeline__wysiwyg\">\n\t        \t\t\t\t<div class=\"zinebi-edition__item\">\n<figure class=\"zinebi-edition__img\">\n<a class=\"cb-gallery__item\" href=\"\/assets\/media\/zinebi-32.jpg\" title=\"ZINEBI 32 (1990)\" rel=\"gallery\"><img alt=\"ZINEBI 32 (1990)\" width=\"400\" height=\"566\" class=\"alignnone size-size_400 wp-image-582 lazyload\" sizes=\"(max-width: 400px) 100vw, 400px\" data-srcset=\"https:\/\/zinebi.eus\/assets\/media\/zinebi-32-400x566.jpg 400w, https:\/\/zinebi.eus\/assets\/media\/zinebi-32-150x212.jpg 150w, https:\/\/zinebi.eus\/assets\/media\/zinebi-32-300x424.jpg 300w, https:\/\/zinebi.eus\/assets\/media\/zinebi-32-480x679.jpg 480w, https:\/\/zinebi.eus\/assets\/media\/zinebi-32-550x778.jpg 550w, https:\/\/zinebi.eus\/assets\/media\/zinebi-32.jpg 724w\" data-src=\"https:\/\/zinebi.eus\/assets\/media\/zinebi-32-400x566.jpg\" srcset=\"https:\/\/zinebi.eus\/assets\/media\/zinebi-32-400x566.jpg 400w, https:\/\/zinebi.eus\/assets\/media\/zinebi-32-150x212.jpg 150w, https:\/\/zinebi.eus\/assets\/media\/zinebi-32-300x424.jpg 300w, https:\/\/zinebi.eus\/assets\/media\/zinebi-32-480x679.jpg 480w, https:\/\/zinebi.eus\/assets\/media\/zinebi-32-550x778.jpg 550w, https:\/\/zinebi.eus\/assets\/media\/zinebi-32.jpg 724w\" \/><\/a><br>\n   <\/figure>\n<div class=\"zinebi-edition__txt\">\n<p>After the recent fall of the Berlin Wall, the festival offered a cycle called <em>A Wall for Oblivion<\/em> while in the main venue a cement wall crowned with barbed wire and with  the sentence Nie Wieder (Never Again) painted in graffiti. The cycle <em>British Documentary series (1938)<\/em> gathered films by Harry Watt \u2013 produced by Alberto Cavalcanti- and Humphrey Jennings, amongst others.<\/p>\n<p>The Basque cinema saw the debut of Bilbao local Alex de la Iglesia with his acclaimed<em> Mirindas asesinas, <\/em>accompanied  by Koldo Azkarreta, Lourdes Ba\u00f1uelos, Etxegaraiko Goti and Javier  Quintana. The International Jury was made of renowned figures such as  North American Hunter Todd, director of the International Film Festival  of Houston (Texas), Argentina-born historian and essayist Jos\u00e9 Agust\u00edn  Mahieu or popular Spanish actor Agust\u00edn Gonz\u00e1lez.<\/p>\n<p>Agust\u00edn  Gonz\u00e1lez (J) \u00b7 Paula Jalfon (J) \u00b7 Jos\u00e9 Agust\u00edn Mahieu (J) \u00b7 Hunter Todd  (J) \u00b7 Henri Verhasselt (J) \u00b7 Koldo Azkarreta \u00b7 Lourdes Ba\u00f1uelos \u00b7 Ram\u00f3n  Barea \u00b7 \u00c1lex de la Iglesia<\/p>\n<\/div>\n<\/div>\n\t        \t\t\t<\/div>\n\t        \t\t<\/article>\n\t        \t    \t\t        \n\t\t    <\/section>\n\t\t<\/main><!-- \/timeline__col-main -->    \n\n\t<\/article>\n<\/div><!--\/timeline__block -->\n  \r\n   <\/div>\r\n<\/section>","protected":false},"excerpt":{"rendered":"","protected":false},"author":3,"featured_media":0,"parent":376,"menu_order":3,"comment_status":"closed","ping_status":"closed","template":"","meta":{"_acf_changed":false,"footnotes":""},"class_list":["post-7591","page","type-page","status-publish","hentry"],"acf":[],"_links":{"self":[{"href":"https:\/\/zinebi.eus\/en\/wp-json\/wp\/v2\/pages\/7591","targetHints":{"allow":["GET"]}}],"collection":[{"href":"https:\/\/zinebi.eus\/en\/wp-json\/wp\/v2\/pages"}],"about":[{"href":"https:\/\/zinebi.eus\/en\/wp-json\/wp\/v2\/types\/page"}],"author":[{"embeddable":true,"href":"https:\/\/zinebi.eus\/en\/wp-json\/wp\/v2\/users\/3"}],"replies":[{"embeddable":true,"href":"https:\/\/zinebi.eus\/en\/wp-json\/wp\/v2\/comments?post=7591"}],"version-history":[{"count":2,"href":"https:\/\/zinebi.eus\/en\/wp-json\/wp\/v2\/pages\/7591\/revisions"}],"predecessor-version":[{"id":7594,"href":"https:\/\/zinebi.eus\/en\/wp-json\/wp\/v2\/pages\/7591\/revisions\/7594"}],"up":[{"embeddable":true,"href":"https:\/\/zinebi.eus\/en\/wp-json\/wp\/v2\/pages\/376"}],"wp:attachment":[{"href":"https:\/\/zinebi.eus\/en\/wp-json\/wp\/v2\/media?parent=7591"}],"curies":[{"name":"wp","href":"https:\/\/api.w.org\/{rel}","templated":true}]}}