 {"id":7596,"date":"2021-11-23T11:09:35","date_gmt":"2021-11-23T11:09:35","guid":{"rendered":"https:\/\/zinebi.eus\/festival\/63-years-of-zinebi\/1989-1980-2\/"},"modified":"2021-11-30T14:52:15","modified_gmt":"2021-11-30T14:52:15","slug":"1989-1980","status":"publish","type":"page","link":"https:\/\/zinebi.eus\/en\/festival\/67-years-zinebi\/1989-1980\/","title":{"rendered":"1989 &#8211; 1980"},"content":{"rendered":"<section class=\"page-timeline module cb-gallery\">\r\n   <div class=\"container\">\r\n      <div class=\"row justify-content-center palmares-fechas m-b-30\">\r\n<div class=\"mx-1\">\r\n<div class=\"borde-fecha\">\r\n<p class=\"fecha\"><strong>YEARS<br>\r\n<a href=\"https:\/\/zinebi.eus\/en\/festival\/67-years-zinebi\/2023-2020\/\">2023-2020<\/a><\/strong><\/p>\r\n\u00a0\r\n\r\n<\/div>\r\n<\/div>\r\n<div class=\"mx-1\">\r\n<div class=\"borde-fecha\">\r\n<p class=\"fecha\"><strong>YEARS<br>\r\n<a href=\"https:\/\/zinebi.eus\/en\/festival\/67-years-zinebi\/2019-2010\/\">2019-2010<\/a><\/strong><\/p>\r\n\u00a0\r\n\r\n<\/div>\r\n<\/div>\r\n<div class=\"mx-1\">\r\n<div class=\"borde-fecha\">\r\n<p class=\"fecha\"><strong>YEARS<br>\r\n<a href=\"https:\/\/zinebi.eus\/en\/festival\/67-years-zinebi\/2009-2000\/\">2009-2000<\/a><\/strong><\/p>\r\n\u00a0\r\n\r\n<\/div>\r\n<\/div>\r\n<div class=\"mx-1\">\r\n<div class=\"borde-fecha\">\r\n<p class=\"fecha\"><strong>YEARS<br>\r\n<a href=\"https:\/\/zinebi.eus\/en\/festival\/67-years-zinebi\/1999-1990\/\">1999-1990<\/a><\/strong><\/p>\r\n\u00a0\r\n\r\n<\/div>\r\n<\/div>\r\n<div class=\"mx-1\">\r\n<div class=\"borde-fecha\">\r\n<p class=\"fecha\"><strong>YEARS<br>\r\n<a href=\"https:\/\/zinebi.eus\/en\/festival\/67-years-zinebi\/1989-1980\/\">1989-1980<\/a><\/strong><\/p>\r\n\u00a0\r\n\r\n<\/div>\r\n<\/div>\r\n<div class=\"mx-1\">\r\n<div class=\"borde-fecha\">\r\n<p class=\"fecha\"><strong>YEARS<br>\r\n<a href=\"https:\/\/zinebi.eus\/en\/festival\/67-years-zinebi\/1979-1970\/\">1979-1970<\/a><\/strong><\/p>\r\n\u00a0\r\n\r\n<\/div>\r\n<\/div>\r\n<div class=\"mx-1 active\">\r\n<div class=\"borde-fecha\">\r\n<p class=\"fecha\"><strong>YEARS<br>\r\n<a href=\"https:\/\/zinebi.eus\/en\/festival\/67-years-zinebi\/1969-1959\/\">1969-1959<\/a><\/strong><\/p>\r\n\u00a0\r\n\r\n<\/div>\r\n<\/div>\r\n<\/div>\r\n      <div class=\"timeline__block\">\n\t<article class=\"timeline\">\n\n\t\t<aside class=\"timeline__col-nav\">\n\t\t\t<nav class=\"timeline__nav\">\n\t\t        <ul>\n\t\t        \t\t\t        \t\t<li><span>1989<\/span><\/li>\n\t\t        \t\t\t        \t\t<li><span>1988<\/span><\/li>\n\t\t        \t\t\t        \t\t<li><span>1987<\/span><\/li>\n\t\t        \t\t\t        \t\t<li><span>1986<\/span><\/li>\n\t\t        \t\t\t        \t\t<li><span>1985<\/span><\/li>\n\t\t        \t\t\t        \t\t<li><span>1984<\/span><\/li>\n\t\t        \t\t\t        \t\t<li><span>1983<\/span><\/li>\n\t\t        \t\t\t        \t\t<li><span>1982<\/span><\/li>\n\t\t        \t\t\t        \t\t<li><span>1981<\/span><\/li>\n\t\t        \t\t\t        \t\t<li><span>1980<\/span><\/li>\n\t\t        \t            \n\t\t        <\/ul>\n\t\t    <\/nav>\n\t\t<\/aside><!-- \/timeline__col-nav -->\n\n\t    <main class=\"timeline__col-main\">\n\t\t    <section class=\"timeline__section\">\t\t        \n\t        \t\t        \t\t<article class=\"timeline__item\">\n\t        \t\t\t<div class=\"milestone\"><\/div>\n\t        \t\t\t\t        \t\t\t\t<header class=\"timeline__header\">EDITION 31 <\/header>\n\t        \t\t\t\t        \t\t\t<div class=\"timeline__wysiwyg\">\n\t        \t\t\t\t<div class=\"zinebi-edition__item\">\n<figure class=\"zinebi-edition__img\">\n<a class=\"cb-gallery__item\" href=\"\/assets\/media\/zinebi-31.jpg\" title=\"ZINEBI 31 (1989)\" rel=\"gallery\"><img alt=\"ZINEBI 31 (1989)\" width=\"400\" height=\"566\" class=\"alignnone size-size_400 wp-image-579 lazyload\" sizes=\"(max-width: 400px) 100vw, 400px\" data-srcset=\"https:\/\/zinebi.eus\/assets\/media\/zinebi-31-400x566.jpg 400w, https:\/\/zinebi.eus\/assets\/media\/zinebi-31-150x212.jpg 150w, https:\/\/zinebi.eus\/assets\/media\/zinebi-31-300x424.jpg 300w, https:\/\/zinebi.eus\/assets\/media\/zinebi-31-480x679.jpg 480w, https:\/\/zinebi.eus\/assets\/media\/zinebi-31-550x778.jpg 550w, https:\/\/zinebi.eus\/assets\/media\/zinebi-31.jpg 724w\" data-src=\"https:\/\/zinebi.eus\/assets\/media\/zinebi-31-400x566.jpg\" srcset=\"https:\/\/zinebi.eus\/assets\/media\/zinebi-31-400x566.jpg 400w, https:\/\/zinebi.eus\/assets\/media\/zinebi-31-150x212.jpg 150w, https:\/\/zinebi.eus\/assets\/media\/zinebi-31-300x424.jpg 300w, https:\/\/zinebi.eus\/assets\/media\/zinebi-31-480x679.jpg 480w, https:\/\/zinebi.eus\/assets\/media\/zinebi-31-550x778.jpg 550w, https:\/\/zinebi.eus\/assets\/media\/zinebi-31.jpg 724w\" \/><\/a><br>\n   <\/figure>\n<div class=\"zinebi-edition__txt\">\n<p>In this edition a night marathon session dedicated to advertising cinema was held under the title <em>La noche de los publivoraces<\/em>. There was also a cycle dedicated to Film and Television Schools and another titled <em>Cannes in short<\/em>, a selection of the best short films awarded in this festival. The exhibition <em>Espejo convulso <\/em>was dedicated to documentaries about several contemporary conflicts and in a special session <em>Trilogy,<\/em> a feature film by the great British filmmaker Terence Davies, was screened. Amongst the Basque productions, <em>El reino de V\u00edctor, <\/em>by  Juanma Bajo Ulloa, won both the Award of theFestival and the Basque  Film Award. Also in the competition were Koldo Lasa, Mikel Azkona and  Arantxa Lazkano.<\/p>\n<p>Canadian documentary filmmaker Donald Winkler,  Italian critic and theorist Lino Miccih\u00e9 and Roberto Negro, former  director of the festival, were prominent members of the International  Jury.<\/p>\n<section id=\"galeria-id-6544\" class=\"cb-galeria__block\">\n\t\t\t<!-- style grid gallery -->\n<style type=\"text\/css\">\n\t\t\t\t\t\t\t\t@media screen and (min-width: 0px){\n\t\t\t\t\t\t#galeria-id-6544 .cb-galeria__grid > .cb-galeria__item {\n\t\t\t\t\t\t\twidth : 50.00%;\n\t\t\t\t\t\t}\n\t\t\t\t\t}\n\t\t\t\t\t\t\t\t\t\t@media screen and (min-width: 480px){\n\t\t\t\t\t\t#galeria-id-6544 .cb-galeria__grid > .cb-galeria__item {\n\t\t\t\t\t\t\twidth : 50.00%;\n\t\t\t\t\t\t}\n\t\t\t\t\t}\n\t\t\t\t\t\t\t\t\t\t@media screen and (min-width: 756px){\n\t\t\t\t\t\t#galeria-id-6544 .cb-galeria__grid > .cb-galeria__item {\n\t\t\t\t\t\t\twidth : 33.33%;\n\t\t\t\t\t\t}\n\t\t\t\t\t}\n\t\t\t\t\t\t\t\t\t\t@media screen and (min-width: 1200px){\n\t\t\t\t\t\t#galeria-id-6544 .cb-galeria__grid > .cb-galeria__item {\n\t\t\t\t\t\t\twidth : 25.00%;\n\t\t\t\t\t\t}\n\t\t\t\t\t}\n\t\t\t\t\t\t\t<\/style>\n<p>\t\t\t\t<main class=\"cb-galeria cb-gallery\"><\/main><\/p>\n<div class=\"cb-galeria__grid \">\n<article class=\"cb-galeria__item\">\n<div class=\"cb-galeria__item-card\">\n\t\t\t\t\t\t\t\t<a href=\"https:\/\/zinebi.eus\/assets\/media\/1989-el_cine_italiano.jpg\" class=\"cb-gallery__item\" title=\"1989 - Edici\u00f3n 31\">\n\t\t\t\t\t\t\t\t\t<picture id=\"thumbnail-6545\" class=\"lazyload cb-img-thumbnail ratio-horizontal\"><source media=\"(max-width: 150px)\" data-srcset=\"https:\/\/zinebi.eus\/assets\/media\/1989-el_cine_italiano-150x100.jpg\"><source media=\"(max-width: 300px)\" data-srcset=\"https:\/\/zinebi.eus\/assets\/media\/1989-el_cine_italiano-300x200.jpg\"><source media=\"(max-width: 400px)\" data-srcset=\"https:\/\/zinebi.eus\/assets\/media\/1989-el_cine_italiano-400x267.jpg\"><source media=\"(max-width: 480px)\" data-srcset=\"https:\/\/zinebi.eus\/assets\/media\/1989-el_cine_italiano-480x320.jpg\"><source media=\"(max-width: 550px)\" data-srcset=\"https:\/\/zinebi.eus\/assets\/media\/1989-el_cine_italiano-550x366.jpg\"><source media=\"(max-width: 768px)\" data-srcset=\"https:\/\/zinebi.eus\/assets\/media\/1989-el_cine_italiano-768x512.jpg\"><img class=\"lazyload \" data-src=\"https:\/\/zinebi.eus\/assets\/media\/1989-el_cine_italiano.jpg\" alt=\"1989-el_cine_italiano\"><\/source><\/source><\/source><\/source><\/source><\/source><\/picture>\n\t\t\t\t\t\t\t\t\t<span class=\"cb-galeria__item-text\"><br>\n\t\t\t\t\t\t\t\t\t\t<span class=\"cb-galeria__text-inner\"><br>\n\t\t\t\t\t\t\t\t\t\t\t<span class=\"cb-galeria__text-capsule\"><br>\n\t\t\t\t\t\t\t\t\t\t\t\t<small>1989 \u2013 Edici\u00f3n 31<\/small><br>\n\t\t\t\t\t\t\t\t\t\t\t<\/span><br>\n\t\t\t\t\t\t\t\t\t\t<\/span><br>\n\t\t\t\t\t\t\t\t\t<\/span><br>\n\t\t\t\t\t\t\t\t\t\t\t\t\t\t\t\t\t<\/a>\n\t\t\t\t\t\t\t<\/div>\n<\/article><\/div>\n<p>\t\t<br>\n\t\t<\/p><\/section>\n<p><!-- \/cb-galeria__block --><\/p>\n<p>Lino  Miccich\u00e9 (J) \u00b7 Roberto Negro (J) \u00b7 Monique Renault (J) \u00b7 Fee Vaillant  (J) \u00b7 Donald Winkler (J) \u00b7 Mikel Azkona \u00b7 Juanma Bajo Ulloa \u00b7 Koldo Lasa  \u00b7 Arantza Lazkano<\/p>\n<\/div>\n<\/div>\n\t        \t\t\t<\/div>\n\t        \t\t<\/article>\n\t        \t\t        \t\t<article class=\"timeline__item\">\n\t        \t\t\t<div class=\"milestone\"><\/div>\n\t        \t\t\t\t        \t\t\t\t<header class=\"timeline__header\">EDITION 30 <\/header>\n\t        \t\t\t\t        \t\t\t<div class=\"timeline__wysiwyg\">\n\t        \t\t\t\t<div class=\"zinebi-edition__item\">\n<figure class=\"zinebi-edition__img\">\n<a class=\"cb-gallery__item\" href=\"\/assets\/media\/zinebi-30.jpg\" title=\"ZINEBI 40 (1988)\" rel=\"gallery\"><img alt=\"ZINEBI 40 (1988)\" width=\"400\" height=\"566\" class=\"alignnone size-size_400 wp-image-576 lazyload\" sizes=\"(max-width: 400px) 100vw, 400px\" data-srcset=\"https:\/\/zinebi.eus\/assets\/media\/zinebi-30-400x566.jpg 400w, https:\/\/zinebi.eus\/assets\/media\/zinebi-30-150x212.jpg 150w, https:\/\/zinebi.eus\/assets\/media\/zinebi-30-300x424.jpg 300w, https:\/\/zinebi.eus\/assets\/media\/zinebi-30-480x679.jpg 480w, https:\/\/zinebi.eus\/assets\/media\/zinebi-30-550x778.jpg 550w, https:\/\/zinebi.eus\/assets\/media\/zinebi-30.jpg 724w\" data-src=\"https:\/\/zinebi.eus\/assets\/media\/zinebi-30-400x566.jpg\" srcset=\"https:\/\/zinebi.eus\/assets\/media\/zinebi-30-400x566.jpg 400w, https:\/\/zinebi.eus\/assets\/media\/zinebi-30-150x212.jpg 150w, https:\/\/zinebi.eus\/assets\/media\/zinebi-30-300x424.jpg 300w, https:\/\/zinebi.eus\/assets\/media\/zinebi-30-480x679.jpg 480w, https:\/\/zinebi.eus\/assets\/media\/zinebi-30-550x778.jpg 550w, https:\/\/zinebi.eus\/assets\/media\/zinebi-30.jpg 724w\" \/><\/a><br>\n   <\/figure>\n<div class=\"zinebi-edition__txt\">\n<p>By  decision of the City council, the festival was transferred to C.A.C.  Teatro Arriaga, S.A., under the direction of Luis Iturri, who appointed  Joseba Lopezortega as contest delegate. This decision ensured its  economic survival. Two important meetings were held: <em>The State Meeting of Infographics<\/em>,  with the presence of computer generated images specialists, and the  Congress of the Film Historians Association. In the International Jury  were, amongst others, North American filmmaker Allan Francovich, British  documentary filmmaker Michael Channan, Spanish filmmaker Roberto  Bodegas and the popular actor Jos\u00e9 Luis L\u00f3pez V\u00e1zquez.<\/p>\n<p>Juanma  Bajo Ulloa and I\u00f1aki Arteta debuted in the Basque arena, accompanied by  Pablo Berger and Pedro Durana. The closing ceremony was hosted by actors  Xabier Elorriaga and M\u00f3nica Randall.<\/p>\n<section id=\"galeria-id-6548\" class=\"cb-galeria__block\">\n\t\t\t<!-- style grid gallery -->\n<style type=\"text\/css\">\n\t\t\t\t\t\t\t\t@media screen and (min-width: 0px){\n\t\t\t\t\t\t#galeria-id-6548 .cb-galeria__grid > .cb-galeria__item {\n\t\t\t\t\t\t\twidth : 50.00%;\n\t\t\t\t\t\t}\n\t\t\t\t\t}\n\t\t\t\t\t\t\t\t\t\t@media screen and (min-width: 480px){\n\t\t\t\t\t\t#galeria-id-6548 .cb-galeria__grid > .cb-galeria__item {\n\t\t\t\t\t\t\twidth : 50.00%;\n\t\t\t\t\t\t}\n\t\t\t\t\t}\n\t\t\t\t\t\t\t\t\t\t@media screen and (min-width: 756px){\n\t\t\t\t\t\t#galeria-id-6548 .cb-galeria__grid > .cb-galeria__item {\n\t\t\t\t\t\t\twidth : 33.33%;\n\t\t\t\t\t\t}\n\t\t\t\t\t}\n\t\t\t\t\t\t\t\t\t\t@media screen and (min-width: 1200px){\n\t\t\t\t\t\t#galeria-id-6548 .cb-galeria__grid > .cb-galeria__item {\n\t\t\t\t\t\t\twidth : 25.00%;\n\t\t\t\t\t\t}\n\t\t\t\t\t}\n\t\t\t\t\t\t\t<\/style>\n<p>\t\t\t\t<main class=\"cb-galeria cb-gallery\"><\/main><\/p>\n<div class=\"cb-galeria__grid \">\n<article class=\"cb-galeria__item\">\n<div class=\"cb-galeria__item-card\">\n\t\t\t\t\t\t\t\t<a href=\"https:\/\/zinebi.eus\/assets\/media\/1988-JUANMA_BAJO_ULLOA_1988-150x150-1.jpg\" class=\"cb-gallery__item\" title=\"1989 - Edici\u00f3n 31\">\n\t\t\t\t\t\t\t\t\t<picture id=\"thumbnail-6552\" class=\"lazyload cb-img-thumbnail ratio-vertical\"><img class=\"lazyload \" data-src=\"https:\/\/zinebi.eus\/assets\/media\/1988-JUANMA_BAJO_ULLOA_1988-150x150-1.jpg\" alt=\"1988-JUANMA_BAJO_ULLOA_1988-150\u00d7150\"><\/picture>\n\t\t\t\t\t\t\t\t\t<span class=\"cb-galeria__item-text\"><br>\n\t\t\t\t\t\t\t\t\t\t<span class=\"cb-galeria__text-inner\"><br>\n\t\t\t\t\t\t\t\t\t\t\t<span class=\"cb-galeria__text-capsule\"><br>\n\t\t\t\t\t\t\t\t\t\t\t\t<small>1989 \u2013 Edici\u00f3n 31<\/small><br>\n\t\t\t\t\t\t\t\t\t\t\t<\/span><br>\n\t\t\t\t\t\t\t\t\t\t<\/span><br>\n\t\t\t\t\t\t\t\t\t<\/span><br>\n\t\t\t\t\t\t\t\t\t\t\t\t\t\t\t\t\t<\/a>\n\t\t\t\t\t\t\t<\/div>\n<\/article>\n<article class=\"cb-galeria__item\">\n<div class=\"cb-galeria__item-card\">\n\t\t\t\t\t\t\t\t<a href=\"https:\/\/zinebi.eus\/assets\/media\/1988-monica_randal_xabier_elorriaga-150x150-1.jpg\" class=\"cb-gallery__item\" title=\"1989 - Edici\u00f3n 31\">\n\t\t\t\t\t\t\t\t\t<picture id=\"thumbnail-6555\" class=\"lazyload cb-img-thumbnail ratio-vertical\"><img class=\"lazyload \" data-src=\"https:\/\/zinebi.eus\/assets\/media\/1988-monica_randal_xabier_elorriaga-150x150-1.jpg\" alt=\"1988-monica_randal_xabier_elorriaga-150\u00d7150\"><\/picture>\n\t\t\t\t\t\t\t\t\t<span class=\"cb-galeria__item-text\"><br>\n\t\t\t\t\t\t\t\t\t\t<span class=\"cb-galeria__text-inner\"><br>\n\t\t\t\t\t\t\t\t\t\t\t<span class=\"cb-galeria__text-capsule\"><br>\n\t\t\t\t\t\t\t\t\t\t\t\t<small>1989 \u2013 Edici\u00f3n 31<\/small><br>\n\t\t\t\t\t\t\t\t\t\t\t<\/span><br>\n\t\t\t\t\t\t\t\t\t\t<\/span><br>\n\t\t\t\t\t\t\t\t\t<\/span><br>\n\t\t\t\t\t\t\t\t\t\t\t\t\t\t\t\t\t<\/a>\n\t\t\t\t\t\t\t<\/div>\n<\/article>\n<article class=\"cb-galeria__item\">\n<div class=\"cb-galeria__item-card\">\n\t\t\t\t\t\t\t\t<a href=\"https:\/\/zinebi.eus\/assets\/media\/1988-jose_luis_lopez_vazquez_roberto_bodegas_pio_lindegaard.jpg\" class=\"cb-gallery__item\" title=\"1989 - Edici\u00f3n 31\">\n\t\t\t\t\t\t\t\t\t<picture id=\"thumbnail-6549\" class=\"lazyload cb-img-thumbnail ratio-horizontal\"><source media=\"(max-width: 150px)\" data-srcset=\"https:\/\/zinebi.eus\/assets\/media\/1988-jose_luis_lopez_vazquez_roberto_bodegas_pio_lindegaard-150x100.jpg\"><source media=\"(max-width: 300px)\" data-srcset=\"https:\/\/zinebi.eus\/assets\/media\/1988-jose_luis_lopez_vazquez_roberto_bodegas_pio_lindegaard-300x200.jpg\"><source media=\"(max-width: 400px)\" data-srcset=\"https:\/\/zinebi.eus\/assets\/media\/1988-jose_luis_lopez_vazquez_roberto_bodegas_pio_lindegaard-400x267.jpg\"><source media=\"(max-width: 480px)\" data-srcset=\"https:\/\/zinebi.eus\/assets\/media\/1988-jose_luis_lopez_vazquez_roberto_bodegas_pio_lindegaard-480x320.jpg\"><source media=\"(max-width: 550px)\" data-srcset=\"https:\/\/zinebi.eus\/assets\/media\/1988-jose_luis_lopez_vazquez_roberto_bodegas_pio_lindegaard-550x366.jpg\"><source media=\"(max-width: 768px)\" data-srcset=\"https:\/\/zinebi.eus\/assets\/media\/1988-jose_luis_lopez_vazquez_roberto_bodegas_pio_lindegaard-768x512.jpg\"><img class=\"lazyload \" data-src=\"https:\/\/zinebi.eus\/assets\/media\/1988-jose_luis_lopez_vazquez_roberto_bodegas_pio_lindegaard.jpg\" alt=\"1988-jose_luis_lopez_vazquez_roberto_bodegas_pio_lindegaard\"><\/source><\/source><\/source><\/source><\/source><\/source><\/picture>\n\t\t\t\t\t\t\t\t\t<span class=\"cb-galeria__item-text\"><br>\n\t\t\t\t\t\t\t\t\t\t<span class=\"cb-galeria__text-inner\"><br>\n\t\t\t\t\t\t\t\t\t\t\t<span class=\"cb-galeria__text-capsule\"><br>\n\t\t\t\t\t\t\t\t\t\t\t\t<small>1989 \u2013 Edici\u00f3n 31<\/small><br>\n\t\t\t\t\t\t\t\t\t\t\t<\/span><br>\n\t\t\t\t\t\t\t\t\t\t<\/span><br>\n\t\t\t\t\t\t\t\t\t<\/span><br>\n\t\t\t\t\t\t\t\t\t\t\t\t\t\t\t\t\t<\/a>\n\t\t\t\t\t\t\t<\/div>\n<\/article><\/div>\n<p>\t\t<br>\n\t\t<\/p><\/section>\n<p><!-- \/cb-galeria__block --><\/p>\n<p>Roberto  Bodegas (J) \u00b7 Alan Francovich (J) \u00b7 Jos\u00e9 Luis L\u00f3pez V\u00e1zquez (J) \u00b7  Juanma Bajo Ulloa \u00b7 Pablo Berger \u00b7 Xabier Elorriaga \u00b7 Petar Lalovic \u00b7  Edgardo Pallero \u00b7 M\u00f3nica Randall<\/p>\n<\/div>\n<\/div>\n\t        \t\t\t<\/div>\n\t        \t\t<\/article>\n\t        \t\t        \t\t<article class=\"timeline__item\">\n\t        \t\t\t<div class=\"milestone\"><\/div>\n\t        \t\t\t\t        \t\t\t\t<header class=\"timeline__header\">EDITION 29 <\/header>\n\t        \t\t\t\t        \t\t\t<div class=\"timeline__wysiwyg\">\n\t        \t\t\t\t<div class=\"zinebi-edition__item\">\n<figure class=\"zinebi-edition__img\">\n<a class=\"cb-gallery__item\" href=\"\/assets\/media\/zinebi-29.jpg\" title=\"ZINEBI 29 (1987)\" rel=\"gallery\"><img alt=\"ZINEBI 29 (1987)\" width=\"400\" height=\"566\" class=\"alignnone size-size_400 wp-image-573 lazyload\" sizes=\"(max-width: 400px) 100vw, 400px\" data-srcset=\"https:\/\/zinebi.eus\/assets\/media\/zinebi-29-400x566.jpg 400w, https:\/\/zinebi.eus\/assets\/media\/zinebi-29-150x212.jpg 150w, https:\/\/zinebi.eus\/assets\/media\/zinebi-29-300x424.jpg 300w, https:\/\/zinebi.eus\/assets\/media\/zinebi-29-480x679.jpg 480w, https:\/\/zinebi.eus\/assets\/media\/zinebi-29-550x778.jpg 550w, https:\/\/zinebi.eus\/assets\/media\/zinebi-29.jpg 724w\" data-src=\"https:\/\/zinebi.eus\/assets\/media\/zinebi-29-400x566.jpg\" srcset=\"https:\/\/zinebi.eus\/assets\/media\/zinebi-29-400x566.jpg 400w, https:\/\/zinebi.eus\/assets\/media\/zinebi-29-150x212.jpg 150w, https:\/\/zinebi.eus\/assets\/media\/zinebi-29-300x424.jpg 300w, https:\/\/zinebi.eus\/assets\/media\/zinebi-29-480x679.jpg 480w, https:\/\/zinebi.eus\/assets\/media\/zinebi-29-550x778.jpg 550w, https:\/\/zinebi.eus\/assets\/media\/zinebi-29.jpg 724w\" \/><\/a><br>\n   <\/figure>\n<div class=\"zinebi-edition__txt\">\n<p>The  City Council appointed I\u00f1aki Acarregui as director in replacement of  the Management Committee appointed two years earlier. Retrospectives and  tributes were made to Georges M\u00e9li\u00e8s, Antonio Mercero and American Saul  Bass, who was a member of the international jury along with French  documentalist Jean Rouch and Spanish filmmakers Jos\u00e9 Luis Garci and Jos\u00e9  M\u00aa Gonzalez Sinde. Bilbao welcomed Marie-H\u00e9l\u00e8ne M\u00e9li\u00e8s-Leh\u00e9rissey,  great-granddaughter of the French pioneer, actors Anthony Hopkins,  Katherine McCall, Joely Richardson and Donald Pleasance, British  documentary maker Richard Denton and veteran Spanish director Juan  Antonio Bardem.<\/p>\n<p>The Basque participation was brought by Agust\u00edn  Arenas, Peio Varela, Koldo Azkarreta, Juan Luis Mendiaraz, Enrique Atxa,  Jos\u00e9 Luis Ter\u00e1n, Juan Carlos Romero, Julio Medem, Gracia Querejeta and  Joxe Alberdi.<\/p>\n<section id=\"galeria-id-6558\" class=\"cb-galeria__block\">\n\t\t\t<!-- style grid gallery -->\n<style type=\"text\/css\">\n\t\t\t\t\t\t\t\t@media screen and (min-width: 0px){\n\t\t\t\t\t\t#galeria-id-6558 .cb-galeria__grid > .cb-galeria__item {\n\t\t\t\t\t\t\twidth : 50.00%;\n\t\t\t\t\t\t}\n\t\t\t\t\t}\n\t\t\t\t\t\t\t\t\t\t@media screen and (min-width: 480px){\n\t\t\t\t\t\t#galeria-id-6558 .cb-galeria__grid > .cb-galeria__item {\n\t\t\t\t\t\t\twidth : 50.00%;\n\t\t\t\t\t\t}\n\t\t\t\t\t}\n\t\t\t\t\t\t\t\t\t\t@media screen and (min-width: 756px){\n\t\t\t\t\t\t#galeria-id-6558 .cb-galeria__grid > .cb-galeria__item {\n\t\t\t\t\t\t\twidth : 33.33%;\n\t\t\t\t\t\t}\n\t\t\t\t\t}\n\t\t\t\t\t\t\t\t\t\t@media screen and (min-width: 1200px){\n\t\t\t\t\t\t#galeria-id-6558 .cb-galeria__grid > .cb-galeria__item {\n\t\t\t\t\t\t\twidth : 25.00%;\n\t\t\t\t\t\t}\n\t\t\t\t\t}\n\t\t\t\t\t\t\t<\/style>\n<p>\t\t\t\t<main class=\"cb-galeria cb-gallery\"><\/main><\/p>\n<div class=\"cb-galeria__grid \">\n<article class=\"cb-galeria__item\">\n<div class=\"cb-galeria__item-card\">\n\t\t\t\t\t\t\t\t<a href=\"https:\/\/zinebi.eus\/assets\/media\/1987-ANTONIO_FERRANDIS_ELAINE_BASS_SAUL_BASS_1987.jpg\" class=\"cb-gallery__item\" title=\"1987 - Edici\u00f3n 29\">\n\t\t\t\t\t\t\t\t\t<picture id=\"thumbnail-6559\" class=\"lazyload cb-img-thumbnail ratio-horizontal\"><source media=\"(max-width: 150px)\" data-srcset=\"https:\/\/zinebi.eus\/assets\/media\/1987-ANTONIO_FERRANDIS_ELAINE_BASS_SAUL_BASS_1987-150x108.jpg\"><source media=\"(max-width: 300px)\" data-srcset=\"https:\/\/zinebi.eus\/assets\/media\/1987-ANTONIO_FERRANDIS_ELAINE_BASS_SAUL_BASS_1987-300x216.jpg\"><source media=\"(max-width: 400px)\" data-srcset=\"https:\/\/zinebi.eus\/assets\/media\/1987-ANTONIO_FERRANDIS_ELAINE_BASS_SAUL_BASS_1987-400x289.jpg\"><source media=\"(max-width: 480px)\" data-srcset=\"https:\/\/zinebi.eus\/assets\/media\/1987-ANTONIO_FERRANDIS_ELAINE_BASS_SAUL_BASS_1987-480x346.jpg\"><source media=\"(max-width: 550px)\" data-srcset=\"https:\/\/zinebi.eus\/assets\/media\/1987-ANTONIO_FERRANDIS_ELAINE_BASS_SAUL_BASS_1987-550x397.jpg\"><source media=\"(max-width: 768px)\" data-srcset=\"https:\/\/zinebi.eus\/assets\/media\/1987-ANTONIO_FERRANDIS_ELAINE_BASS_SAUL_BASS_1987-768x554.jpg\"><img class=\"lazyload \" data-src=\"https:\/\/zinebi.eus\/assets\/media\/1987-ANTONIO_FERRANDIS_ELAINE_BASS_SAUL_BASS_1987.jpg\" alt=\"1987-ANTONIO_FERRANDIS_ELAINE_BASS_SAUL_BASS_1987\"><\/source><\/source><\/source><\/source><\/source><\/source><\/picture>\n\t\t\t\t\t\t\t\t\t<span class=\"cb-galeria__item-text\"><br>\n\t\t\t\t\t\t\t\t\t\t<span class=\"cb-galeria__text-inner\"><br>\n\t\t\t\t\t\t\t\t\t\t\t<span class=\"cb-galeria__text-capsule\"><br>\n\t\t\t\t\t\t\t\t\t\t\t\t<small>1987 \u2013 Edici\u00f3n 29<\/small><br>\n\t\t\t\t\t\t\t\t\t\t\t<\/span><br>\n\t\t\t\t\t\t\t\t\t\t<\/span><br>\n\t\t\t\t\t\t\t\t\t<\/span><br>\n\t\t\t\t\t\t\t\t\t\t\t\t\t\t\t\t\t<\/a>\n\t\t\t\t\t\t\t<\/div>\n<\/article>\n<article class=\"cb-galeria__item\">\n<div class=\"cb-galeria__item-card\">\n\t\t\t\t\t\t\t\t<a href=\"https:\/\/zinebi.eus\/assets\/media\/1987-arriaga_1987_bis.jpg\" class=\"cb-gallery__item\" title=\"1987 - Edici\u00f3n 29\">\n\t\t\t\t\t\t\t\t\t<picture id=\"thumbnail-6562\" class=\"lazyload cb-img-thumbnail ratio-horizontal\"><source media=\"(max-width: 150px)\" data-srcset=\"https:\/\/zinebi.eus\/assets\/media\/1987-arriaga_1987_bis-150x109.jpg\"><source media=\"(max-width: 300px)\" data-srcset=\"https:\/\/zinebi.eus\/assets\/media\/1987-arriaga_1987_bis-300x218.jpg\"><source media=\"(max-width: 400px)\" data-srcset=\"https:\/\/zinebi.eus\/assets\/media\/1987-arriaga_1987_bis-400x290.jpg\"><source media=\"(max-width: 480px)\" data-srcset=\"https:\/\/zinebi.eus\/assets\/media\/1987-arriaga_1987_bis-480x348.jpg\"><source media=\"(max-width: 550px)\" data-srcset=\"https:\/\/zinebi.eus\/assets\/media\/1987-arriaga_1987_bis-550x399.jpg\"><source media=\"(max-width: 768px)\" data-srcset=\"https:\/\/zinebi.eus\/assets\/media\/1987-arriaga_1987_bis-768x557.jpg\"><img class=\"lazyload \" data-src=\"https:\/\/zinebi.eus\/assets\/media\/1987-arriaga_1987_bis.jpg\" alt=\"1987-arriaga_1987_bis\"><\/source><\/source><\/source><\/source><\/source><\/source><\/picture>\n\t\t\t\t\t\t\t\t\t<span class=\"cb-galeria__item-text\"><br>\n\t\t\t\t\t\t\t\t\t\t<span class=\"cb-galeria__text-inner\"><br>\n\t\t\t\t\t\t\t\t\t\t\t<span class=\"cb-galeria__text-capsule\"><br>\n\t\t\t\t\t\t\t\t\t\t\t\t<small>1987 \u2013 Edici\u00f3n 29<\/small><br>\n\t\t\t\t\t\t\t\t\t\t\t<\/span><br>\n\t\t\t\t\t\t\t\t\t\t<\/span><br>\n\t\t\t\t\t\t\t\t\t<\/span><br>\n\t\t\t\t\t\t\t\t\t\t\t\t\t\t\t\t\t<\/a>\n\t\t\t\t\t\t\t<\/div>\n<\/article>\n<article class=\"cb-galeria__item\">\n<div class=\"cb-galeria__item-card\">\n\t\t\t\t\t\t\t\t<a href=\"https:\/\/zinebi.eus\/assets\/media\/1987-arriaga_1987.jpg\" class=\"cb-gallery__item\" title=\"1987 - Edici\u00f3n 29\">\n\t\t\t\t\t\t\t\t\t<picture id=\"thumbnail-6565\" class=\"lazyload cb-img-thumbnail ratio-horizontal\"><source media=\"(max-width: 150px)\" data-srcset=\"https:\/\/zinebi.eus\/assets\/media\/1987-arriaga_1987-150x108.jpg\"><source media=\"(max-width: 300px)\" data-srcset=\"https:\/\/zinebi.eus\/assets\/media\/1987-arriaga_1987-300x216.jpg\"><source media=\"(max-width: 400px)\" data-srcset=\"https:\/\/zinebi.eus\/assets\/media\/1987-arriaga_1987-400x289.jpg\"><source media=\"(max-width: 480px)\" data-srcset=\"https:\/\/zinebi.eus\/assets\/media\/1987-arriaga_1987-480x346.jpg\"><source media=\"(max-width: 550px)\" data-srcset=\"https:\/\/zinebi.eus\/assets\/media\/1987-arriaga_1987-550x397.jpg\"><source media=\"(max-width: 768px)\" data-srcset=\"https:\/\/zinebi.eus\/assets\/media\/1987-arriaga_1987-768x554.jpg\"><img class=\"lazyload \" data-src=\"https:\/\/zinebi.eus\/assets\/media\/1987-arriaga_1987.jpg\" alt=\"1987-arriaga_1987\"><\/source><\/source><\/source><\/source><\/source><\/source><\/picture>\n\t\t\t\t\t\t\t\t\t<span class=\"cb-galeria__item-text\"><br>\n\t\t\t\t\t\t\t\t\t\t<span class=\"cb-galeria__text-inner\"><br>\n\t\t\t\t\t\t\t\t\t\t\t<span class=\"cb-galeria__text-capsule\"><br>\n\t\t\t\t\t\t\t\t\t\t\t\t<small>1987 \u2013 Edici\u00f3n 29<\/small><br>\n\t\t\t\t\t\t\t\t\t\t\t<\/span><br>\n\t\t\t\t\t\t\t\t\t\t<\/span><br>\n\t\t\t\t\t\t\t\t\t<\/span><br>\n\t\t\t\t\t\t\t\t\t\t\t\t\t\t\t\t\t<\/a>\n\t\t\t\t\t\t\t<\/div>\n<\/article>\n<article class=\"cb-galeria__item\">\n<div class=\"cb-galeria__item-card\">\n\t\t\t\t\t\t\t\t<a href=\"https:\/\/zinebi.eus\/assets\/media\/1987-DONALD_PLEASANCE_POELLY_RICHARDSON_ANTHONY_HOPKINS_KATHERINE_MCCOLL_1987.jpg\" class=\"cb-gallery__item\" title=\"1987 - Edici\u00f3n 29\">\n\t\t\t\t\t\t\t\t\t<picture id=\"thumbnail-6568\" class=\"lazyload cb-img-thumbnail ratio-horizontal\"><source media=\"(max-width: 150px)\" data-srcset=\"https:\/\/zinebi.eus\/assets\/media\/1987-DONALD_PLEASANCE_POELLY_RICHARDSON_ANTHONY_HOPKINS_KATHERINE_MCCOLL_1987-150x111.jpg\"><source media=\"(max-width: 300px)\" data-srcset=\"https:\/\/zinebi.eus\/assets\/media\/1987-DONALD_PLEASANCE_POELLY_RICHARDSON_ANTHONY_HOPKINS_KATHERINE_MCCOLL_1987-300x223.jpg\"><source media=\"(max-width: 400px)\" data-srcset=\"https:\/\/zinebi.eus\/assets\/media\/1987-DONALD_PLEASANCE_POELLY_RICHARDSON_ANTHONY_HOPKINS_KATHERINE_MCCOLL_1987-400x297.jpg\"><source media=\"(max-width: 480px)\" data-srcset=\"https:\/\/zinebi.eus\/assets\/media\/1987-DONALD_PLEASANCE_POELLY_RICHARDSON_ANTHONY_HOPKINS_KATHERINE_MCCOLL_1987-480x356.jpg\"><source media=\"(max-width: 550px)\" data-srcset=\"https:\/\/zinebi.eus\/assets\/media\/1987-DONALD_PLEASANCE_POELLY_RICHARDSON_ANTHONY_HOPKINS_KATHERINE_MCCOLL_1987-550x408.jpg\"><source media=\"(max-width: 768px)\" data-srcset=\"https:\/\/zinebi.eus\/assets\/media\/1987-DONALD_PLEASANCE_POELLY_RICHARDSON_ANTHONY_HOPKINS_KATHERINE_MCCOLL_1987-768x570.jpg\"><img class=\"lazyload \" data-src=\"https:\/\/zinebi.eus\/assets\/media\/1987-DONALD_PLEASANCE_POELLY_RICHARDSON_ANTHONY_HOPKINS_KATHERINE_MCCOLL_1987.jpg\" alt=\"1987-DONALD_PLEASANCE_POELLY_RICHARDSON_ANTHONY_HOPKINS_KATHERINE_MCCOLL_1987\"><\/source><\/source><\/source><\/source><\/source><\/source><\/picture>\n\t\t\t\t\t\t\t\t\t<span class=\"cb-galeria__item-text\"><br>\n\t\t\t\t\t\t\t\t\t\t<span class=\"cb-galeria__text-inner\"><br>\n\t\t\t\t\t\t\t\t\t\t\t<span class=\"cb-galeria__text-capsule\"><br>\n\t\t\t\t\t\t\t\t\t\t\t\t<small>1987 \u2013 Edici\u00f3n 29<\/small><br>\n\t\t\t\t\t\t\t\t\t\t\t<\/span><br>\n\t\t\t\t\t\t\t\t\t\t<\/span><br>\n\t\t\t\t\t\t\t\t\t<\/span><br>\n\t\t\t\t\t\t\t\t\t\t\t\t\t\t\t\t\t<\/a>\n\t\t\t\t\t\t\t<\/div>\n<\/article>\n<article class=\"cb-galeria__item\">\n<div class=\"cb-galeria__item-card\">\n\t\t\t\t\t\t\t\t<a href=\"https:\/\/zinebi.eus\/assets\/media\/1987-OEAN_ROUCA_INAKI_ACARREGUI_JOSE_LUIS_GARCI_1987.jpg\" class=\"cb-gallery__item\" title=\"1987 - Edici\u00f3n 29\">\n\t\t\t\t\t\t\t\t\t<picture id=\"thumbnail-6574\" class=\"lazyload cb-img-thumbnail ratio-horizontal\"><source media=\"(max-width: 150px)\" data-srcset=\"https:\/\/zinebi.eus\/assets\/media\/1987-OEAN_ROUCA_INAKI_ACARREGUI_JOSE_LUIS_GARCI_1987-150x111.jpg\"><source media=\"(max-width: 300px)\" data-srcset=\"https:\/\/zinebi.eus\/assets\/media\/1987-OEAN_ROUCA_INAKI_ACARREGUI_JOSE_LUIS_GARCI_1987-300x223.jpg\"><source media=\"(max-width: 400px)\" data-srcset=\"https:\/\/zinebi.eus\/assets\/media\/1987-OEAN_ROUCA_INAKI_ACARREGUI_JOSE_LUIS_GARCI_1987-400x297.jpg\"><source media=\"(max-width: 480px)\" data-srcset=\"https:\/\/zinebi.eus\/assets\/media\/1987-OEAN_ROUCA_INAKI_ACARREGUI_JOSE_LUIS_GARCI_1987-480x356.jpg\"><source media=\"(max-width: 550px)\" data-srcset=\"https:\/\/zinebi.eus\/assets\/media\/1987-OEAN_ROUCA_INAKI_ACARREGUI_JOSE_LUIS_GARCI_1987-550x408.jpg\"><source media=\"(max-width: 768px)\" data-srcset=\"https:\/\/zinebi.eus\/assets\/media\/1987-OEAN_ROUCA_INAKI_ACARREGUI_JOSE_LUIS_GARCI_1987-768x570.jpg\"><img class=\"lazyload \" data-src=\"https:\/\/zinebi.eus\/assets\/media\/1987-OEAN_ROUCA_INAKI_ACARREGUI_JOSE_LUIS_GARCI_1987.jpg\" alt=\"1987-OEAN_ROUCA_INAKI_ACARREGUI_JOSE_LUIS_GARCI_1987\"><\/source><\/source><\/source><\/source><\/source><\/source><\/picture>\n\t\t\t\t\t\t\t\t\t<span class=\"cb-galeria__item-text\"><br>\n\t\t\t\t\t\t\t\t\t\t<span class=\"cb-galeria__text-inner\"><br>\n\t\t\t\t\t\t\t\t\t\t\t<span class=\"cb-galeria__text-capsule\"><br>\n\t\t\t\t\t\t\t\t\t\t\t\t<small>1987 \u2013 Edici\u00f3n 29<\/small><br>\n\t\t\t\t\t\t\t\t\t\t\t<\/span><br>\n\t\t\t\t\t\t\t\t\t\t<\/span><br>\n\t\t\t\t\t\t\t\t\t<\/span><br>\n\t\t\t\t\t\t\t\t\t\t\t\t\t\t\t\t\t<\/a>\n\t\t\t\t\t\t\t<\/div>\n<\/article>\n<article class=\"cb-galeria__item\">\n<div class=\"cb-galeria__item-card\">\n\t\t\t\t\t\t\t\t<a href=\"https:\/\/zinebi.eus\/assets\/media\/1987-JULIO_MENEM_1987.jpg\" class=\"cb-gallery__item\" title=\"1987 - Edici\u00f3n 29\">\n\t\t\t\t\t\t\t\t\t<picture id=\"thumbnail-6571\" class=\"lazyload cb-img-thumbnail ratio-horizontal\"><source media=\"(max-width: 150px)\" data-srcset=\"https:\/\/zinebi.eus\/assets\/media\/1987-JULIO_MENEM_1987-150x100.jpg\"><source media=\"(max-width: 300px)\" data-srcset=\"https:\/\/zinebi.eus\/assets\/media\/1987-JULIO_MENEM_1987-300x200.jpg\"><source media=\"(max-width: 400px)\" data-srcset=\"https:\/\/zinebi.eus\/assets\/media\/1987-JULIO_MENEM_1987-400x267.jpg\"><source media=\"(max-width: 480px)\" data-srcset=\"https:\/\/zinebi.eus\/assets\/media\/1987-JULIO_MENEM_1987-480x320.jpg\"><source media=\"(max-width: 550px)\" data-srcset=\"https:\/\/zinebi.eus\/assets\/media\/1987-JULIO_MENEM_1987-550x366.jpg\"><source media=\"(max-width: 768px)\" data-srcset=\"https:\/\/zinebi.eus\/assets\/media\/1987-JULIO_MENEM_1987-768x512.jpg\"><img class=\"lazyload \" data-src=\"https:\/\/zinebi.eus\/assets\/media\/1987-JULIO_MENEM_1987.jpg\" alt=\"1987-JULIO_MENEM_1987\"><\/source><\/source><\/source><\/source><\/source><\/source><\/picture>\n\t\t\t\t\t\t\t\t\t<span class=\"cb-galeria__item-text\"><br>\n\t\t\t\t\t\t\t\t\t\t<span class=\"cb-galeria__text-inner\"><br>\n\t\t\t\t\t\t\t\t\t\t\t<span class=\"cb-galeria__text-capsule\"><br>\n\t\t\t\t\t\t\t\t\t\t\t\t<small>1987 \u2013 Edici\u00f3n 29<\/small><br>\n\t\t\t\t\t\t\t\t\t\t\t<\/span><br>\n\t\t\t\t\t\t\t\t\t\t<\/span><br>\n\t\t\t\t\t\t\t\t\t<\/span><br>\n\t\t\t\t\t\t\t\t\t\t\t\t\t\t\t\t\t<\/a>\n\t\t\t\t\t\t\t<\/div>\n<\/article><\/div>\n<p>\t\t<br>\n\t\t<\/p><\/section>\n<p><!-- \/cb-galeria__block --><\/p>\n<p>Saul  Bass (J) \u00b7 Jos\u00e9 Luis Garci (J) \u00b7 Jos\u00e9 M\u00aa Gonz\u00e1lez Sinde (J) \u00b7 Antonio  Mercero (J) \u00b7 Jean Rouch (J) \u00b7 Jan \u0160vankmajer (J) \u00b7 Juan Antonio Bardem \u00b7  Antonio Ferrandis \u00b7 Fernando Guill\u00e9n \u00b7 Anthony Hopkins \u00b7 Katherine  McCall \u00b7 Julio Medem \u00b7 Marie-H\u00e9l\u00e8ne M\u00e9li\u00e8s-Leh\u00e9rissey \u00b7 Donald Pleasance  \u00b7 Gracia Querejeta \u00b7 Joely Richardson<\/p>\n<\/div>\n<\/div>\n\t        \t\t\t<\/div>\n\t        \t\t<\/article>\n\t        \t\t        \t\t<article class=\"timeline__item\">\n\t        \t\t\t<div class=\"milestone\"><\/div>\n\t        \t\t\t\t        \t\t\t\t<header class=\"timeline__header\">EDITION 28 <\/header>\n\t        \t\t\t\t        \t\t\t<div class=\"timeline__wysiwyg\">\n\t        \t\t\t\t<div class=\"zinebi-edition__item\">\n<figure class=\"zinebi-edition__img\">\n<a class=\"cb-gallery__item\" href=\"\/assets\/media\/zinebi-28.jpg\" title=\"ZINEBI 28 (1986)\" rel=\"gallery\"><img alt=\"ZINEBI 28 (1986)\" width=\"400\" height=\"566\" class=\"alignnone size-size_400 wp-image-570 lazyload\" sizes=\"(max-width: 400px) 100vw, 400px\" data-srcset=\"https:\/\/zinebi.eus\/assets\/media\/zinebi-28-400x566.jpg 400w, https:\/\/zinebi.eus\/assets\/media\/zinebi-28-150x212.jpg 150w, https:\/\/zinebi.eus\/assets\/media\/zinebi-28-300x424.jpg 300w, https:\/\/zinebi.eus\/assets\/media\/zinebi-28-480x679.jpg 480w, https:\/\/zinebi.eus\/assets\/media\/zinebi-28-550x778.jpg 550w, https:\/\/zinebi.eus\/assets\/media\/zinebi-28.jpg 724w\" data-src=\"https:\/\/zinebi.eus\/assets\/media\/zinebi-28-400x566.jpg\" srcset=\"https:\/\/zinebi.eus\/assets\/media\/zinebi-28-400x566.jpg 400w, https:\/\/zinebi.eus\/assets\/media\/zinebi-28-150x212.jpg 150w, https:\/\/zinebi.eus\/assets\/media\/zinebi-28-300x424.jpg 300w, https:\/\/zinebi.eus\/assets\/media\/zinebi-28-480x679.jpg 480w, https:\/\/zinebi.eus\/assets\/media\/zinebi-28-550x778.jpg 550w, https:\/\/zinebi.eus\/assets\/media\/zinebi-28.jpg 724w\" \/><\/a><br>\n   <\/figure>\n<div class=\"zinebi-edition__txt\">\n<p>The great Hungarian director M\u00e1rta M\u00e9sz\u00e1ros concurred with her short film <em>Ave Mar\u00eda<\/em>,  starring Julie Christie. The program included an extensive  retrospective of Czeck animation filmmaker Ji\u0159\u00ed Trnk, another dedicated  to French filmmaker Raymond Depardon, and two television series by  Roberto Rossellini (<em>India<\/em>) and Orson Welles (<em>Welles on the Quixote route<\/em>).<\/p>\n<p>Tis  year\u2019s Basque participant were Javier G. Purroy, Txetxo Serrano, Peio  Varela, Josu Rekalde, Jos\u00e9 Luis Mendiaraz, Miguel \u00c1ngel M\u00fagica, Ant\u00f3n  Lazkano and Pilar Aguirre.<\/p>\n<section id=\"galeria-id-6577\" class=\"cb-galeria__block\">\n\t\t\t<!-- style grid gallery -->\n<style type=\"text\/css\">\n\t\t\t\t\t\t\t\t@media screen and (min-width: 0px){\n\t\t\t\t\t\t#galeria-id-6577 .cb-galeria__grid > .cb-galeria__item {\n\t\t\t\t\t\t\twidth : 50.00%;\n\t\t\t\t\t\t}\n\t\t\t\t\t}\n\t\t\t\t\t\t\t\t\t\t@media screen and (min-width: 480px){\n\t\t\t\t\t\t#galeria-id-6577 .cb-galeria__grid > .cb-galeria__item {\n\t\t\t\t\t\t\twidth : 50.00%;\n\t\t\t\t\t\t}\n\t\t\t\t\t}\n\t\t\t\t\t\t\t\t\t\t@media screen and (min-width: 756px){\n\t\t\t\t\t\t#galeria-id-6577 .cb-galeria__grid > .cb-galeria__item {\n\t\t\t\t\t\t\twidth : 33.33%;\n\t\t\t\t\t\t}\n\t\t\t\t\t}\n\t\t\t\t\t\t\t\t\t\t@media screen and (min-width: 1200px){\n\t\t\t\t\t\t#galeria-id-6577 .cb-galeria__grid > .cb-galeria__item {\n\t\t\t\t\t\t\twidth : 25.00%;\n\t\t\t\t\t\t}\n\t\t\t\t\t}\n\t\t\t\t\t\t\t<\/style>\n<p>\t\t\t\t<main class=\"cb-galeria cb-gallery\"><\/main><\/p>\n<div class=\"cb-galeria__grid \">\n<article class=\"cb-galeria__item\">\n<div class=\"cb-galeria__item-card\">\n\t\t\t\t\t\t\t\t<a href=\"https:\/\/zinebi.eus\/assets\/media\/1986-1986_nacha_pop_1.jpg\" class=\"cb-gallery__item\" title=\"1986 - Edici\u00f3n 28\">\n\t\t\t\t\t\t\t\t\t<picture id=\"thumbnail-6578\" class=\"lazyload cb-img-thumbnail ratio-horizontal\"><source media=\"(max-width: 150px)\" data-srcset=\"https:\/\/zinebi.eus\/assets\/media\/1986-1986_nacha_pop_1-150x100.jpg\"><source media=\"(max-width: 300px)\" data-srcset=\"https:\/\/zinebi.eus\/assets\/media\/1986-1986_nacha_pop_1-300x200.jpg\"><source media=\"(max-width: 400px)\" data-srcset=\"https:\/\/zinebi.eus\/assets\/media\/1986-1986_nacha_pop_1-400x267.jpg\"><source media=\"(max-width: 480px)\" data-srcset=\"https:\/\/zinebi.eus\/assets\/media\/1986-1986_nacha_pop_1-480x320.jpg\"><source media=\"(max-width: 550px)\" data-srcset=\"https:\/\/zinebi.eus\/assets\/media\/1986-1986_nacha_pop_1-550x366.jpg\"><source media=\"(max-width: 768px)\" data-srcset=\"https:\/\/zinebi.eus\/assets\/media\/1986-1986_nacha_pop_1-768x512.jpg\"><img class=\"lazyload \" data-src=\"https:\/\/zinebi.eus\/assets\/media\/1986-1986_nacha_pop_1.jpg\" alt=\"1986-1986_nacha_pop_1\"><\/source><\/source><\/source><\/source><\/source><\/source><\/picture>\n\t\t\t\t\t\t\t\t\t<span class=\"cb-galeria__item-text\"><br>\n\t\t\t\t\t\t\t\t\t\t<span class=\"cb-galeria__text-inner\"><br>\n\t\t\t\t\t\t\t\t\t\t\t<span class=\"cb-galeria__text-capsule\"><br>\n\t\t\t\t\t\t\t\t\t\t\t\t<small>1986 \u2013 Edici\u00f3n 28<\/small><br>\n\t\t\t\t\t\t\t\t\t\t\t<\/span><br>\n\t\t\t\t\t\t\t\t\t\t<\/span><br>\n\t\t\t\t\t\t\t\t\t<\/span><br>\n\t\t\t\t\t\t\t\t\t\t\t\t\t\t\t\t\t<\/a>\n\t\t\t\t\t\t\t<\/div>\n<\/article>\n<article class=\"cb-galeria__item\">\n<div class=\"cb-galeria__item-card\">\n\t\t\t\t\t\t\t\t<a href=\"https:\/\/zinebi.eus\/assets\/media\/1986-1986_nacha_pop_2.jpg\" class=\"cb-gallery__item\" title=\"1986 - Edici\u00f3n 28\">\n\t\t\t\t\t\t\t\t\t<picture id=\"thumbnail-6581\" class=\"lazyload cb-img-thumbnail ratio-horizontal\"><source media=\"(max-width: 150px)\" data-srcset=\"https:\/\/zinebi.eus\/assets\/media\/1986-1986_nacha_pop_2-150x100.jpg\"><source media=\"(max-width: 300px)\" data-srcset=\"https:\/\/zinebi.eus\/assets\/media\/1986-1986_nacha_pop_2-300x200.jpg\"><source media=\"(max-width: 400px)\" data-srcset=\"https:\/\/zinebi.eus\/assets\/media\/1986-1986_nacha_pop_2-400x267.jpg\"><source media=\"(max-width: 480px)\" data-srcset=\"https:\/\/zinebi.eus\/assets\/media\/1986-1986_nacha_pop_2-480x320.jpg\"><source media=\"(max-width: 550px)\" data-srcset=\"https:\/\/zinebi.eus\/assets\/media\/1986-1986_nacha_pop_2-550x366.jpg\"><source media=\"(max-width: 768px)\" data-srcset=\"https:\/\/zinebi.eus\/assets\/media\/1986-1986_nacha_pop_2-768x512.jpg\"><img class=\"lazyload \" data-src=\"https:\/\/zinebi.eus\/assets\/media\/1986-1986_nacha_pop_2.jpg\" alt=\"1986-1986_nacha_pop_2\"><\/source><\/source><\/source><\/source><\/source><\/source><\/picture>\n\t\t\t\t\t\t\t\t\t<span class=\"cb-galeria__item-text\"><br>\n\t\t\t\t\t\t\t\t\t\t<span class=\"cb-galeria__text-inner\"><br>\n\t\t\t\t\t\t\t\t\t\t\t<span class=\"cb-galeria__text-capsule\"><br>\n\t\t\t\t\t\t\t\t\t\t\t\t<small>1986 \u2013 Edici\u00f3n 28<\/small><br>\n\t\t\t\t\t\t\t\t\t\t\t<\/span><br>\n\t\t\t\t\t\t\t\t\t\t<\/span><br>\n\t\t\t\t\t\t\t\t\t<\/span><br>\n\t\t\t\t\t\t\t\t\t\t\t\t\t\t\t\t\t<\/a>\n\t\t\t\t\t\t\t<\/div>\n<\/article>\n<article class=\"cb-galeria__item\">\n<div class=\"cb-galeria__item-card\">\n\t\t\t\t\t\t\t\t<a href=\"https:\/\/zinebi.eus\/assets\/media\/1986-IMANOL_MARIAS_1986_1.jpg\" class=\"cb-gallery__item\" title=\"1986 - Edici\u00f3n 28\">\n\t\t\t\t\t\t\t\t\t<picture id=\"thumbnail-6584\" class=\"lazyload cb-img-thumbnail ratio-horizontal\"><source media=\"(max-width: 150px)\" data-srcset=\"https:\/\/zinebi.eus\/assets\/media\/1986-IMANOL_MARIAS_1986_1-150x105.jpg\"><source media=\"(max-width: 300px)\" data-srcset=\"https:\/\/zinebi.eus\/assets\/media\/1986-IMANOL_MARIAS_1986_1-300x211.jpg\"><source media=\"(max-width: 400px)\" data-srcset=\"https:\/\/zinebi.eus\/assets\/media\/1986-IMANOL_MARIAS_1986_1-400x281.jpg\"><source media=\"(max-width: 480px)\" data-srcset=\"https:\/\/zinebi.eus\/assets\/media\/1986-IMANOL_MARIAS_1986_1-480x337.jpg\"><source media=\"(max-width: 550px)\" data-srcset=\"https:\/\/zinebi.eus\/assets\/media\/1986-IMANOL_MARIAS_1986_1-550x386.jpg\"><source media=\"(max-width: 768px)\" data-srcset=\"https:\/\/zinebi.eus\/assets\/media\/1986-IMANOL_MARIAS_1986_1-768x540.jpg\"><img class=\"lazyload \" data-src=\"https:\/\/zinebi.eus\/assets\/media\/1986-IMANOL_MARIAS_1986_1.jpg\" alt=\"1986-IMANOL_MARIAS_1986_1\"><\/source><\/source><\/source><\/source><\/source><\/source><\/picture>\n\t\t\t\t\t\t\t\t\t<span class=\"cb-galeria__item-text\"><br>\n\t\t\t\t\t\t\t\t\t\t<span class=\"cb-galeria__text-inner\"><br>\n\t\t\t\t\t\t\t\t\t\t\t<span class=\"cb-galeria__text-capsule\"><br>\n\t\t\t\t\t\t\t\t\t\t\t\t<small>1986 \u2013 Edici\u00f3n 28<\/small><br>\n\t\t\t\t\t\t\t\t\t\t\t<\/span><br>\n\t\t\t\t\t\t\t\t\t\t<\/span><br>\n\t\t\t\t\t\t\t\t\t<\/span><br>\n\t\t\t\t\t\t\t\t\t\t\t\t\t\t\t\t\t<\/a>\n\t\t\t\t\t\t\t<\/div>\n<\/article>\n<article class=\"cb-galeria__item\">\n<div class=\"cb-galeria__item-card\">\n\t\t\t\t\t\t\t\t<a href=\"https:\/\/zinebi.eus\/assets\/media\/1986-IMANOL_MARIAS_1986_2.jpg\" class=\"cb-gallery__item\" title=\"1986 - Edici\u00f3n 28\">\n\t\t\t\t\t\t\t\t\t<picture id=\"thumbnail-6587\" class=\"lazyload cb-img-thumbnail ratio-horizontal\"><source media=\"(max-width: 150px)\" data-srcset=\"https:\/\/zinebi.eus\/assets\/media\/1986-IMANOL_MARIAS_1986_2-150x100.jpg\"><source media=\"(max-width: 300px)\" data-srcset=\"https:\/\/zinebi.eus\/assets\/media\/1986-IMANOL_MARIAS_1986_2-300x200.jpg\"><source media=\"(max-width: 400px)\" data-srcset=\"https:\/\/zinebi.eus\/assets\/media\/1986-IMANOL_MARIAS_1986_2-400x267.jpg\"><source media=\"(max-width: 480px)\" data-srcset=\"https:\/\/zinebi.eus\/assets\/media\/1986-IMANOL_MARIAS_1986_2-480x320.jpg\"><source media=\"(max-width: 550px)\" data-srcset=\"https:\/\/zinebi.eus\/assets\/media\/1986-IMANOL_MARIAS_1986_2-550x366.jpg\"><source media=\"(max-width: 768px)\" data-srcset=\"https:\/\/zinebi.eus\/assets\/media\/1986-IMANOL_MARIAS_1986_2-768x512.jpg\"><img class=\"lazyload \" data-src=\"https:\/\/zinebi.eus\/assets\/media\/1986-IMANOL_MARIAS_1986_2.jpg\" alt=\"1986-IMANOL_MARIAS_1986_2\"><\/source><\/source><\/source><\/source><\/source><\/source><\/picture>\n\t\t\t\t\t\t\t\t\t<span class=\"cb-galeria__item-text\"><br>\n\t\t\t\t\t\t\t\t\t\t<span class=\"cb-galeria__text-inner\"><br>\n\t\t\t\t\t\t\t\t\t\t\t<span class=\"cb-galeria__text-capsule\"><br>\n\t\t\t\t\t\t\t\t\t\t\t\t<small>1986 \u2013 Edici\u00f3n 28<\/small><br>\n\t\t\t\t\t\t\t\t\t\t\t<\/span><br>\n\t\t\t\t\t\t\t\t\t\t<\/span><br>\n\t\t\t\t\t\t\t\t\t<\/span><br>\n\t\t\t\t\t\t\t\t\t\t\t\t\t\t\t\t\t<\/a>\n\t\t\t\t\t\t\t<\/div>\n<\/article>\n<article class=\"cb-galeria__item\">\n<div class=\"cb-galeria__item-card\">\n\t\t\t\t\t\t\t\t<a href=\"https:\/\/zinebi.eus\/assets\/media\/1986-IMANOL_MARIAS_1986_3.jpg\" class=\"cb-gallery__item\" title=\"1986 - Edici\u00f3n 28\">\n\t\t\t\t\t\t\t\t\t<picture id=\"thumbnail-6590\" class=\"lazyload cb-img-thumbnail ratio-horizontal\"><source media=\"(max-width: 150px)\" data-srcset=\"https:\/\/zinebi.eus\/assets\/media\/1986-IMANOL_MARIAS_1986_3-150x100.jpg\"><source media=\"(max-width: 300px)\" data-srcset=\"https:\/\/zinebi.eus\/assets\/media\/1986-IMANOL_MARIAS_1986_3-300x200.jpg\"><source media=\"(max-width: 400px)\" data-srcset=\"https:\/\/zinebi.eus\/assets\/media\/1986-IMANOL_MARIAS_1986_3-400x267.jpg\"><source media=\"(max-width: 480px)\" data-srcset=\"https:\/\/zinebi.eus\/assets\/media\/1986-IMANOL_MARIAS_1986_3-480x320.jpg\"><source media=\"(max-width: 550px)\" data-srcset=\"https:\/\/zinebi.eus\/assets\/media\/1986-IMANOL_MARIAS_1986_3-550x366.jpg\"><source media=\"(max-width: 768px)\" data-srcset=\"https:\/\/zinebi.eus\/assets\/media\/1986-IMANOL_MARIAS_1986_3-768x512.jpg\"><img class=\"lazyload \" data-src=\"https:\/\/zinebi.eus\/assets\/media\/1986-IMANOL_MARIAS_1986_3.jpg\" alt=\"1986-IMANOL_MARIAS_1986_3\"><\/source><\/source><\/source><\/source><\/source><\/source><\/picture>\n\t\t\t\t\t\t\t\t\t<span class=\"cb-galeria__item-text\"><br>\n\t\t\t\t\t\t\t\t\t\t<span class=\"cb-galeria__text-inner\"><br>\n\t\t\t\t\t\t\t\t\t\t\t<span class=\"cb-galeria__text-capsule\"><br>\n\t\t\t\t\t\t\t\t\t\t\t\t<small>1986 \u2013 Edici\u00f3n 28<\/small><br>\n\t\t\t\t\t\t\t\t\t\t\t<\/span><br>\n\t\t\t\t\t\t\t\t\t\t<\/span><br>\n\t\t\t\t\t\t\t\t\t<\/span><br>\n\t\t\t\t\t\t\t\t\t\t\t\t\t\t\t\t\t<\/a>\n\t\t\t\t\t\t\t<\/div>\n<\/article>\n<article class=\"cb-galeria__item\">\n<div class=\"cb-galeria__item-card\">\n\t\t\t\t\t\t\t\t<a href=\"https:\/\/zinebi.eus\/assets\/media\/1986-IOSEBA_INTXAURRAGA.jpg\" class=\"cb-gallery__item\" title=\"1986 - Edici\u00f3n 28\">\n\t\t\t\t\t\t\t\t\t<picture id=\"thumbnail-6593\" class=\"lazyload cb-img-thumbnail ratio-horizontal\"><source media=\"(max-width: 150px)\" data-srcset=\"https:\/\/zinebi.eus\/assets\/media\/1986-IOSEBA_INTXAURRAGA-150x100.jpg\"><source media=\"(max-width: 300px)\" data-srcset=\"https:\/\/zinebi.eus\/assets\/media\/1986-IOSEBA_INTXAURRAGA-300x200.jpg\"><source media=\"(max-width: 400px)\" data-srcset=\"https:\/\/zinebi.eus\/assets\/media\/1986-IOSEBA_INTXAURRAGA-400x267.jpg\"><source media=\"(max-width: 480px)\" data-srcset=\"https:\/\/zinebi.eus\/assets\/media\/1986-IOSEBA_INTXAURRAGA-480x320.jpg\"><source media=\"(max-width: 550px)\" data-srcset=\"https:\/\/zinebi.eus\/assets\/media\/1986-IOSEBA_INTXAURRAGA-550x366.jpg\"><source media=\"(max-width: 768px)\" data-srcset=\"https:\/\/zinebi.eus\/assets\/media\/1986-IOSEBA_INTXAURRAGA-768x512.jpg\"><img class=\"lazyload \" data-src=\"https:\/\/zinebi.eus\/assets\/media\/1986-IOSEBA_INTXAURRAGA.jpg\" alt=\"1986-IOSEBA_INTXAURRAGA\"><\/source><\/source><\/source><\/source><\/source><\/source><\/picture>\n\t\t\t\t\t\t\t\t\t<span class=\"cb-galeria__item-text\"><br>\n\t\t\t\t\t\t\t\t\t\t<span class=\"cb-galeria__text-inner\"><br>\n\t\t\t\t\t\t\t\t\t\t\t<span class=\"cb-galeria__text-capsule\"><br>\n\t\t\t\t\t\t\t\t\t\t\t\t<small>1986 \u2013 Edici\u00f3n 28<\/small><br>\n\t\t\t\t\t\t\t\t\t\t\t<\/span><br>\n\t\t\t\t\t\t\t\t\t\t<\/span><br>\n\t\t\t\t\t\t\t\t\t<\/span><br>\n\t\t\t\t\t\t\t\t\t\t\t\t\t\t\t\t\t<\/a>\n\t\t\t\t\t\t\t<\/div>\n<\/article>\n<article class=\"cb-galeria__item\">\n<div class=\"cb-galeria__item-card\">\n\t\t\t\t\t\t\t\t<a href=\"https:\/\/zinebi.eus\/assets\/media\/1986-nagel.jpg\" class=\"cb-gallery__item\" title=\"1986 - Edici\u00f3n 28\">\n\t\t\t\t\t\t\t\t\t<picture id=\"thumbnail-6596\" class=\"lazyload cb-img-thumbnail ratio-horizontal\"><source media=\"(max-width: 150px)\" data-srcset=\"https:\/\/zinebi.eus\/assets\/media\/1986-nagel-150x100.jpg\"><source media=\"(max-width: 300px)\" data-srcset=\"https:\/\/zinebi.eus\/assets\/media\/1986-nagel-300x200.jpg\"><source media=\"(max-width: 400px)\" data-srcset=\"https:\/\/zinebi.eus\/assets\/media\/1986-nagel-400x267.jpg\"><source media=\"(max-width: 480px)\" data-srcset=\"https:\/\/zinebi.eus\/assets\/media\/1986-nagel-480x320.jpg\"><source media=\"(max-width: 550px)\" data-srcset=\"https:\/\/zinebi.eus\/assets\/media\/1986-nagel-550x366.jpg\"><source media=\"(max-width: 768px)\" data-srcset=\"https:\/\/zinebi.eus\/assets\/media\/1986-nagel-768x512.jpg\"><img class=\"lazyload \" data-src=\"https:\/\/zinebi.eus\/assets\/media\/1986-nagel.jpg\" alt=\"1986-nagel\"><\/source><\/source><\/source><\/source><\/source><\/source><\/picture>\n\t\t\t\t\t\t\t\t\t<span class=\"cb-galeria__item-text\"><br>\n\t\t\t\t\t\t\t\t\t\t<span class=\"cb-galeria__text-inner\"><br>\n\t\t\t\t\t\t\t\t\t\t\t<span class=\"cb-galeria__text-capsule\"><br>\n\t\t\t\t\t\t\t\t\t\t\t\t<small>1986 \u2013 Edici\u00f3n 28<\/small><br>\n\t\t\t\t\t\t\t\t\t\t\t<\/span><br>\n\t\t\t\t\t\t\t\t\t\t<\/span><br>\n\t\t\t\t\t\t\t\t\t<\/span><br>\n\t\t\t\t\t\t\t\t\t\t\t\t\t\t\t\t\t<\/a>\n\t\t\t\t\t\t\t<\/div>\n<\/article><\/div>\n<p>\t\t<br>\n\t\t<\/p><\/section>\n<p><!-- \/cb-galeria__block --><\/p>\n<p>Gianni  Amico (J) \u00b7 Nick Deocampo (J) \u00b7 Jenaro Talens (J) \u00b7 Imanol Arias \u00b7 John  Canemaker \u00b7 Raymond Depardon \u00b7 Agust\u00edn Ibarrola \u00b7 Francisco Llin\u00e1s \u00b7  M\u00e1rta M\u00e9sz\u00e1ros \u00b7 Josu Rekalde<\/p>\n<\/div>\n<\/div>\n\t        \t\t\t<\/div>\n\t        \t\t<\/article>\n\t        \t\t        \t\t<article class=\"timeline__item\">\n\t        \t\t\t<div class=\"milestone\"><\/div>\n\t        \t\t\t\t        \t\t\t\t<header class=\"timeline__header\">EDITION 27 <\/header>\n\t        \t\t\t\t        \t\t\t<div class=\"timeline__wysiwyg\">\n\t        \t\t\t\t<div class=\"zinebi-edition__item\">\n<figure class=\"zinebi-edition__img\">\n<a class=\"cb-gallery__item\" href=\"\/assets\/media\/zinebi-27.jpg\" title=\"ZINEBI 27 (1985)\" rel=\"gallery\"><img alt=\"ZINEBI 27 (1985)\" width=\"400\" height=\"566\" class=\"alignnone size-size_400 wp-image-567 lazyload\" sizes=\"(max-width: 400px) 100vw, 400px\" data-srcset=\"https:\/\/zinebi.eus\/assets\/media\/zinebi-27-400x566.jpg 400w, https:\/\/zinebi.eus\/assets\/media\/zinebi-27-150x212.jpg 150w, https:\/\/zinebi.eus\/assets\/media\/zinebi-27-300x424.jpg 300w, https:\/\/zinebi.eus\/assets\/media\/zinebi-27-480x679.jpg 480w, https:\/\/zinebi.eus\/assets\/media\/zinebi-27-550x778.jpg 550w, https:\/\/zinebi.eus\/assets\/media\/zinebi-27.jpg 724w\" data-src=\"https:\/\/zinebi.eus\/assets\/media\/zinebi-27-400x566.jpg\" srcset=\"https:\/\/zinebi.eus\/assets\/media\/zinebi-27-400x566.jpg 400w, https:\/\/zinebi.eus\/assets\/media\/zinebi-27-150x212.jpg 150w, https:\/\/zinebi.eus\/assets\/media\/zinebi-27-300x424.jpg 300w, https:\/\/zinebi.eus\/assets\/media\/zinebi-27-480x679.jpg 480w, https:\/\/zinebi.eus\/assets\/media\/zinebi-27-550x778.jpg 550w, https:\/\/zinebi.eus\/assets\/media\/zinebi-27.jpg 724w\" \/><\/a><br>\n   <\/figure>\n<div class=\"zinebi-edition__txt\">\n<p>As  a result of the poor economic management problems and the deficit  accumulated by the festival\u2019s organisation, the City Council decided to  cease Manu Pagola as director and appoint a Management Committee formed  by Jos\u00e9 Juli\u00e1n Bakedano, Ernesto del R\u00edo, Jos\u00e9 Antonio Mingolarra and  Santos Zunzunegui. First-timer Julio Medem presented his short film <em>Patas en la cabeza<\/em>,  while the International Jury brought together three of the greatest  animation filmmakers: Karel Zeman, Robert Balser and Leif Marcussen,  along with film critic and essayist Jos\u00e9 Luis Guarner and director of  The International Film Week of Valladolid, Fernando Lara.<\/p>\n<p>The great Canadian filmmaker Pierre P\u00e9rrault and the prestigious French critic and theorist No\u00ebl Burch, who presented his book<em> Itinerarios<\/em>, also visited Bilbao.<\/p>\n<section id=\"galeria-id-6599\" class=\"cb-galeria__block\">\n\t\t\t<!-- style grid gallery -->\n<style type=\"text\/css\">\n\t\t\t\t\t\t\t\t@media screen and (min-width: 0px){\n\t\t\t\t\t\t#galeria-id-6599 .cb-galeria__grid > .cb-galeria__item {\n\t\t\t\t\t\t\twidth : 50.00%;\n\t\t\t\t\t\t}\n\t\t\t\t\t}\n\t\t\t\t\t\t\t\t\t\t@media screen and (min-width: 480px){\n\t\t\t\t\t\t#galeria-id-6599 .cb-galeria__grid > .cb-galeria__item {\n\t\t\t\t\t\t\twidth : 50.00%;\n\t\t\t\t\t\t}\n\t\t\t\t\t}\n\t\t\t\t\t\t\t\t\t\t@media screen and (min-width: 756px){\n\t\t\t\t\t\t#galeria-id-6599 .cb-galeria__grid > .cb-galeria__item {\n\t\t\t\t\t\t\twidth : 33.33%;\n\t\t\t\t\t\t}\n\t\t\t\t\t}\n\t\t\t\t\t\t\t\t\t\t@media screen and (min-width: 01200px){\n\t\t\t\t\t\t#galeria-id-6599 .cb-galeria__grid > .cb-galeria__item {\n\t\t\t\t\t\t\twidth : 25.00%;\n\t\t\t\t\t\t}\n\t\t\t\t\t}\n\t\t\t\t\t\t\t<\/style>\n<p>\t\t\t\t<main class=\"cb-galeria cb-gallery\"><\/main><\/p>\n<div class=\"cb-galeria__grid \">\n<article class=\"cb-galeria__item\">\n<div class=\"cb-galeria__item-card\">\n\t\t\t\t\t\t\t\t<a href=\"https:\/\/zinebi.eus\/assets\/media\/1985-IMG_8133.jpg\" class=\"cb-gallery__item\" title=\"1985 - Edici\u00f3n 27\">\n\t\t\t\t\t\t\t\t\t<picture id=\"thumbnail-6600\" class=\"lazyload cb-img-thumbnail ratio-horizontal\"><source media=\"(max-width: 150px)\" data-srcset=\"https:\/\/zinebi.eus\/assets\/media\/1985-IMG_8133-150x100.jpg\"><source media=\"(max-width: 300px)\" data-srcset=\"https:\/\/zinebi.eus\/assets\/media\/1985-IMG_8133-300x200.jpg\"><source media=\"(max-width: 400px)\" data-srcset=\"https:\/\/zinebi.eus\/assets\/media\/1985-IMG_8133-400x267.jpg\"><source media=\"(max-width: 480px)\" data-srcset=\"https:\/\/zinebi.eus\/assets\/media\/1985-IMG_8133-480x320.jpg\"><source media=\"(max-width: 550px)\" data-srcset=\"https:\/\/zinebi.eus\/assets\/media\/1985-IMG_8133-550x366.jpg\"><source media=\"(max-width: 768px)\" data-srcset=\"https:\/\/zinebi.eus\/assets\/media\/1985-IMG_8133-768x512.jpg\"><img class=\"lazyload \" data-src=\"https:\/\/zinebi.eus\/assets\/media\/1985-IMG_8133.jpg\" alt=\"1985-IMG_8133\"><\/source><\/source><\/source><\/source><\/source><\/source><\/picture>\n\t\t\t\t\t\t\t\t\t<span class=\"cb-galeria__item-text\"><br>\n\t\t\t\t\t\t\t\t\t\t<span class=\"cb-galeria__text-inner\"><br>\n\t\t\t\t\t\t\t\t\t\t\t<span class=\"cb-galeria__text-capsule\"><br>\n\t\t\t\t\t\t\t\t\t\t\t\t<small>1985 \u2013 Edici\u00f3n 27<\/small><br>\n\t\t\t\t\t\t\t\t\t\t\t<\/span><br>\n\t\t\t\t\t\t\t\t\t\t<\/span><br>\n\t\t\t\t\t\t\t\t\t<\/span><br>\n\t\t\t\t\t\t\t\t\t\t\t\t\t\t\t\t\t<\/a>\n\t\t\t\t\t\t\t<\/div>\n<\/article>\n<article class=\"cb-galeria__item\">\n<div class=\"cb-galeria__item-card\">\n\t\t\t\t\t\t\t\t<a href=\"https:\/\/zinebi.eus\/assets\/media\/1985-NOEL_BURCH_1985.jpg\" class=\"cb-gallery__item\" title=\"1985 - Edici\u00f3n 27\">\n\t\t\t\t\t\t\t\t\t<picture id=\"thumbnail-6603\" class=\"lazyload cb-img-thumbnail ratio-horizontal\"><source media=\"(max-width: 150px)\" data-srcset=\"https:\/\/zinebi.eus\/assets\/media\/1985-NOEL_BURCH_1985-150x108.jpg\"><source media=\"(max-width: 300px)\" data-srcset=\"https:\/\/zinebi.eus\/assets\/media\/1985-NOEL_BURCH_1985-300x216.jpg\"><source media=\"(max-width: 400px)\" data-srcset=\"https:\/\/zinebi.eus\/assets\/media\/1985-NOEL_BURCH_1985-400x288.jpg\"><source media=\"(max-width: 480px)\" data-srcset=\"https:\/\/zinebi.eus\/assets\/media\/1985-NOEL_BURCH_1985-480x346.jpg\"><source media=\"(max-width: 550px)\" data-srcset=\"https:\/\/zinebi.eus\/assets\/media\/1985-NOEL_BURCH_1985-550x396.jpg\"><source media=\"(max-width: 768px)\" data-srcset=\"https:\/\/zinebi.eus\/assets\/media\/1985-NOEL_BURCH_1985-768x553.jpg\"><img class=\"lazyload \" data-src=\"https:\/\/zinebi.eus\/assets\/media\/1985-NOEL_BURCH_1985.jpg\" alt=\"1985-NOEL_BURCH_1985\"><\/source><\/source><\/source><\/source><\/source><\/source><\/picture>\n\t\t\t\t\t\t\t\t\t<span class=\"cb-galeria__item-text\"><br>\n\t\t\t\t\t\t\t\t\t\t<span class=\"cb-galeria__text-inner\"><br>\n\t\t\t\t\t\t\t\t\t\t\t<span class=\"cb-galeria__text-capsule\"><br>\n\t\t\t\t\t\t\t\t\t\t\t\t<small>1985 \u2013 Edici\u00f3n 27<\/small><br>\n\t\t\t\t\t\t\t\t\t\t\t<\/span><br>\n\t\t\t\t\t\t\t\t\t\t<\/span><br>\n\t\t\t\t\t\t\t\t\t<\/span><br>\n\t\t\t\t\t\t\t\t\t\t\t\t\t\t\t\t\t<\/a>\n\t\t\t\t\t\t\t<\/div>\n<\/article>\n<article class=\"cb-galeria__item\">\n<div class=\"cb-galeria__item-card\">\n\t\t\t\t\t\t\t\t<a href=\"https:\/\/zinebi.eus\/assets\/media\/1985-txema_etxandiz.jpg\" class=\"cb-gallery__item\" title=\"1985 - Edici\u00f3n 27\">\n\t\t\t\t\t\t\t\t\t<picture id=\"thumbnail-6606\" class=\"lazyload cb-img-thumbnail ratio-horizontal\"><source media=\"(max-width: 150px)\" data-srcset=\"https:\/\/zinebi.eus\/assets\/media\/1985-txema_etxandiz-150x105.jpg\"><source media=\"(max-width: 300px)\" data-srcset=\"https:\/\/zinebi.eus\/assets\/media\/1985-txema_etxandiz-300x210.jpg\"><source media=\"(max-width: 400px)\" data-srcset=\"https:\/\/zinebi.eus\/assets\/media\/1985-txema_etxandiz-400x280.jpg\"><source media=\"(max-width: 480px)\" data-srcset=\"https:\/\/zinebi.eus\/assets\/media\/1985-txema_etxandiz-480x336.jpg\"><source media=\"(max-width: 550px)\" data-srcset=\"https:\/\/zinebi.eus\/assets\/media\/1985-txema_etxandiz-550x385.jpg\"><source media=\"(max-width: 768px)\" data-srcset=\"https:\/\/zinebi.eus\/assets\/media\/1985-txema_etxandiz-768x538.jpg\"><img class=\"lazyload \" data-src=\"https:\/\/zinebi.eus\/assets\/media\/1985-txema_etxandiz.jpg\" alt=\"1985-txema_etxandiz\"><\/source><\/source><\/source><\/source><\/source><\/source><\/picture>\n\t\t\t\t\t\t\t\t\t<span class=\"cb-galeria__item-text\"><br>\n\t\t\t\t\t\t\t\t\t\t<span class=\"cb-galeria__text-inner\"><br>\n\t\t\t\t\t\t\t\t\t\t\t<span class=\"cb-galeria__text-capsule\"><br>\n\t\t\t\t\t\t\t\t\t\t\t\t<small>1985 \u2013 Edici\u00f3n 27<\/small><br>\n\t\t\t\t\t\t\t\t\t\t\t<\/span><br>\n\t\t\t\t\t\t\t\t\t\t<\/span><br>\n\t\t\t\t\t\t\t\t\t<\/span><br>\n\t\t\t\t\t\t\t\t\t\t\t\t\t\t\t\t\t<\/a>\n\t\t\t\t\t\t\t<\/div>\n<\/article><\/div>\n<p>\t\t<br>\n\t\t<\/p><\/section>\n<p><!-- \/cb-galeria__block --><\/p>\n<p>Robert  Balser (J) \u00b7 No\u00ebl Burch (J) \u00b7 Jos\u00e9 Luis Guarner (J) \u00b7 Fernando Lara (J)  \u00b7 Leif Marcussen (J) \u00b7 Karel Zeman (J) \u00b7 Klara Badiola \u00b7 Gonzalo F.  Berridi \u00b7 Patxi Bisquert \u00b7 Lawrence Boulting \u00b7 Andu Lertxundi \u00b7  Francisco Llin\u00e1s \u00b7 Miguel Mar\u00edas \u00b7 Marisa Paredes \u00b7 Julio P\u00e9rez Perucha \u00b7  Pierre P\u00e9rrault \u00b7 Ram\u00f3n Saizarbitoria \u00b7 Alfonso Ungr\u00eda<\/p>\n<\/div>\n<\/div>\n\t        \t\t\t<\/div>\n\t        \t\t<\/article>\n\t        \t\t        \t\t<article class=\"timeline__item\">\n\t        \t\t\t<div class=\"milestone\"><\/div>\n\t        \t\t\t\t        \t\t\t\t<header class=\"timeline__header\">EDITION 26 <\/header>\n\t        \t\t\t\t        \t\t\t<div class=\"timeline__wysiwyg\">\n\t        \t\t\t\t<div class=\"zinebi-edition__item\">\n<figure class=\"zinebi-edition__img\">\n<a class=\"cb-gallery__item\" href=\"\/assets\/media\/zinebi-26.jpg\" title=\"ZINEBI 26 (1984)\" rel=\"gallery\"><img alt=\"ZINEBI 26 (1984)\" width=\"400\" height=\"566\" class=\"alignnone size-size_400 wp-image-564 lazyload\" sizes=\"(max-width: 400px) 100vw, 400px\" data-srcset=\"https:\/\/zinebi.eus\/assets\/media\/zinebi-26-400x566.jpg 400w, https:\/\/zinebi.eus\/assets\/media\/zinebi-26-150x212.jpg 150w, https:\/\/zinebi.eus\/assets\/media\/zinebi-26-300x424.jpg 300w, https:\/\/zinebi.eus\/assets\/media\/zinebi-26-480x679.jpg 480w, https:\/\/zinebi.eus\/assets\/media\/zinebi-26-550x778.jpg 550w, https:\/\/zinebi.eus\/assets\/media\/zinebi-26.jpg 724w\" data-src=\"https:\/\/zinebi.eus\/assets\/media\/zinebi-26-400x566.jpg\" srcset=\"https:\/\/zinebi.eus\/assets\/media\/zinebi-26-400x566.jpg 400w, https:\/\/zinebi.eus\/assets\/media\/zinebi-26-150x212.jpg 150w, https:\/\/zinebi.eus\/assets\/media\/zinebi-26-300x424.jpg 300w, https:\/\/zinebi.eus\/assets\/media\/zinebi-26-480x679.jpg 480w, https:\/\/zinebi.eus\/assets\/media\/zinebi-26-550x778.jpg 550w, https:\/\/zinebi.eus\/assets\/media\/zinebi-26.jpg 724w\" \/><\/a><br>\n   <\/figure>\n<div class=\"zinebi-edition__txt\">\n<p>In the <em>II State Documentary and Short Film Contest,<\/em> Basque filmmakers Pedro Ortigosa, Jos\u00e9 Juli\u00e1n Bakedano, Juan Ortuoste  and Javier Rebollo and Javier Aguirre participated, together with novel  Catalan filmmaker Isabel Coixet with her short film <em>Mira y ver\u00e1s<\/em>.<\/p>\n<p>There  were tributes to Fran\u00e7ois Truffaut, Jorge Preloran and Gian Vittorio  Baldi. Bilbao hosted the fourteenth plenary session of the International  Film Conference, a UNESCO consultative body, with the attendance of 22  members from 14 countries.<\/p>\n<section id=\"galeria-id-6609\" class=\"cb-galeria__block\">\n\t\t\t<!-- style grid gallery -->\n<style type=\"text\/css\">\n\t\t\t\t\t\t\t\t@media screen and (min-width: 0px){\n\t\t\t\t\t\t#galeria-id-6609 .cb-galeria__grid > .cb-galeria__item {\n\t\t\t\t\t\t\twidth : 50.00%;\n\t\t\t\t\t\t}\n\t\t\t\t\t}\n\t\t\t\t\t\t\t\t\t\t@media screen and (min-width: 480px){\n\t\t\t\t\t\t#galeria-id-6609 .cb-galeria__grid > .cb-galeria__item {\n\t\t\t\t\t\t\twidth : 50.00%;\n\t\t\t\t\t\t}\n\t\t\t\t\t}\n\t\t\t\t\t\t\t\t\t\t@media screen and (min-width: 756px){\n\t\t\t\t\t\t#galeria-id-6609 .cb-galeria__grid > .cb-galeria__item {\n\t\t\t\t\t\t\twidth : 33.33%;\n\t\t\t\t\t\t}\n\t\t\t\t\t}\n\t\t\t\t\t\t\t\t\t\t@media screen and (min-width: 1200px){\n\t\t\t\t\t\t#galeria-id-6609 .cb-galeria__grid > .cb-galeria__item {\n\t\t\t\t\t\t\twidth : 25.00%;\n\t\t\t\t\t\t}\n\t\t\t\t\t}\n\t\t\t\t\t\t\t<\/style>\n<p>\t\t\t\t<main class=\"cb-galeria cb-gallery\"><\/main><\/p>\n<div class=\"cb-galeria__grid \">\n<article class=\"cb-galeria__item\">\n<div class=\"cb-galeria__item-card\">\n\t\t\t\t\t\t\t\t<a href=\"https:\/\/zinebi.eus\/assets\/media\/1984-entrada_cine_gran_via_1977.jpg\" class=\"cb-gallery__item\" title=\"1984 - Edici\u00f3n 26\">\n\t\t\t\t\t\t\t\t\t<picture id=\"thumbnail-6610\" class=\"lazyload cb-img-thumbnail ratio-horizontal\"><source media=\"(max-width: 150px)\" data-srcset=\"https:\/\/zinebi.eus\/assets\/media\/1984-entrada_cine_gran_via_1977-150x100.jpg\"><source media=\"(max-width: 300px)\" data-srcset=\"https:\/\/zinebi.eus\/assets\/media\/1984-entrada_cine_gran_via_1977-300x200.jpg\"><source media=\"(max-width: 400px)\" data-srcset=\"https:\/\/zinebi.eus\/assets\/media\/1984-entrada_cine_gran_via_1977-400x267.jpg\"><source media=\"(max-width: 480px)\" data-srcset=\"https:\/\/zinebi.eus\/assets\/media\/1984-entrada_cine_gran_via_1977-480x320.jpg\"><source media=\"(max-width: 550px)\" data-srcset=\"https:\/\/zinebi.eus\/assets\/media\/1984-entrada_cine_gran_via_1977-550x366.jpg\"><source media=\"(max-width: 768px)\" data-srcset=\"https:\/\/zinebi.eus\/assets\/media\/1984-entrada_cine_gran_via_1977-768x512.jpg\"><img class=\"lazyload \" data-src=\"https:\/\/zinebi.eus\/assets\/media\/1984-entrada_cine_gran_via_1977.jpg\" alt=\"1984-entrada_cine_gran_via_1977\"><\/source><\/source><\/source><\/source><\/source><\/source><\/picture>\n\t\t\t\t\t\t\t\t\t<span class=\"cb-galeria__item-text\"><br>\n\t\t\t\t\t\t\t\t\t\t<span class=\"cb-galeria__text-inner\"><br>\n\t\t\t\t\t\t\t\t\t\t\t<span class=\"cb-galeria__text-capsule\"><br>\n\t\t\t\t\t\t\t\t\t\t\t\t<small>1984 \u2013 Edici\u00f3n 26<\/small><br>\n\t\t\t\t\t\t\t\t\t\t\t<\/span><br>\n\t\t\t\t\t\t\t\t\t\t<\/span><br>\n\t\t\t\t\t\t\t\t\t<\/span><br>\n\t\t\t\t\t\t\t\t\t\t\t\t\t\t\t\t\t<\/a>\n\t\t\t\t\t\t\t<\/div>\n<\/article><\/div>\n<p>\t\t<br>\n\t\t<\/p><\/section>\n<p><!-- \/cb-galeria__block --><\/p>\n<p>\u00c1ngel Amigo (J) \u00b7 Gian Vittorio Baldi (J) \u00b7 Richard Pe\u00f1a (J) \u00b7 Miguel Castelo  (J) \u00b7 Isabel Coixet \u00b7 Juan B. Heinink \u00b7 Juan M. Ortuoste \u00b7 Jorge  Preloran \u00b7 Javier Rebollo \u00b7 Salom\u00f3n Zetune<\/p>\n<\/div>\n<\/div>\n\t        \t\t\t<\/div>\n\t        \t\t<\/article>\n\t        \t\t        \t\t<article class=\"timeline__item\">\n\t        \t\t\t<div class=\"milestone\"><\/div>\n\t        \t\t\t\t        \t\t\t\t<header class=\"timeline__header\">EDITION 25 <\/header>\n\t        \t\t\t\t        \t\t\t<div class=\"timeline__wysiwyg\">\n\t        \t\t\t\t<div class=\"zinebi-edition__item\">\n<figure class=\"zinebi-edition__img\">\n<a class=\"cb-gallery__item\" href=\"\/assets\/media\/zinebi-25.jpg\" title=\"ZINEBI 25 (1983)\" rel=\"gallery\"><img alt=\"ZINEBI 25 (1983)\" width=\"400\" height=\"566\" class=\"alignnone size-size_400 wp-image-561 lazyload\" sizes=\"(max-width: 400px) 100vw, 400px\" data-srcset=\"https:\/\/zinebi.eus\/assets\/media\/zinebi-25-400x566.jpg 400w, https:\/\/zinebi.eus\/assets\/media\/zinebi-25-150x212.jpg 150w, https:\/\/zinebi.eus\/assets\/media\/zinebi-25-300x424.jpg 300w, https:\/\/zinebi.eus\/assets\/media\/zinebi-25-480x679.jpg 480w, https:\/\/zinebi.eus\/assets\/media\/zinebi-25-550x778.jpg 550w, https:\/\/zinebi.eus\/assets\/media\/zinebi-25.jpg 724w\" data-src=\"https:\/\/zinebi.eus\/assets\/media\/zinebi-25-400x566.jpg\" srcset=\"https:\/\/zinebi.eus\/assets\/media\/zinebi-25-400x566.jpg 400w, https:\/\/zinebi.eus\/assets\/media\/zinebi-25-150x212.jpg 150w, https:\/\/zinebi.eus\/assets\/media\/zinebi-25-300x424.jpg 300w, https:\/\/zinebi.eus\/assets\/media\/zinebi-25-480x679.jpg 480w, https:\/\/zinebi.eus\/assets\/media\/zinebi-25-550x778.jpg 550w, https:\/\/zinebi.eus\/assets\/media\/zinebi-25.jpg 724w\" \/><\/a><br>\n   <\/figure>\n<div class=\"zinebi-edition__txt\">\n<p>On its 25th anniversary, the festival decided to add to the International contest the <em>I State Documentary and Short Film Contest<\/em>,  in which 35 films participated, including 9 Basque films by Rafael  Maria Trecu and Francisco Bernab\u00e9, Ferr\u00e1n Llagostera, I\u00f1aki N\u00fa\u00f1ez, Luis  Eguiraun and Ernesto del R\u00edo, Ernesto Teller\u00eda, Koldo Izagirre and  Juanba Berasategi. The jury decided not to grant the Spanish Cinema  Award, a decision that was widely criticised.<\/p>\n<p>Two documentaries about Euskadi and the Basque culture were screened: <em>Euskadi, hors d\u2019etat<\/em>,by the American Arthur MacCaig and <em>Pelota<\/em>, by Danish J\u00f8rgen Leth.<\/p>\n<section id=\"galeria-id-6613\" class=\"cb-galeria__block\">\n\t\t\t<!-- style grid gallery -->\n<style type=\"text\/css\">\n\t\t\t\t\t\t\t\t@media screen and (min-width: 0px){\n\t\t\t\t\t\t#galeria-id-6613 .cb-galeria__grid > .cb-galeria__item {\n\t\t\t\t\t\t\twidth : 50.00%;\n\t\t\t\t\t\t}\n\t\t\t\t\t}\n\t\t\t\t\t\t\t\t\t\t@media screen and (min-width: 480px){\n\t\t\t\t\t\t#galeria-id-6613 .cb-galeria__grid > .cb-galeria__item {\n\t\t\t\t\t\t\twidth : 50.00%;\n\t\t\t\t\t\t}\n\t\t\t\t\t}\n\t\t\t\t\t\t\t\t\t\t@media screen and (min-width: 756px){\n\t\t\t\t\t\t#galeria-id-6613 .cb-galeria__grid > .cb-galeria__item {\n\t\t\t\t\t\t\twidth : 33.33%;\n\t\t\t\t\t\t}\n\t\t\t\t\t}\n\t\t\t\t\t\t\t\t\t\t@media screen and (min-width: 1200px){\n\t\t\t\t\t\t#galeria-id-6613 .cb-galeria__grid > .cb-galeria__item {\n\t\t\t\t\t\t\twidth : 25.00%;\n\t\t\t\t\t\t}\n\t\t\t\t\t}\n\t\t\t\t\t\t\t<\/style>\n<p>\t\t\t\t<main class=\"cb-galeria cb-gallery\"><\/main><\/p>\n<div class=\"cb-galeria__grid \">\n<article class=\"cb-galeria__item\">\n<div class=\"cb-galeria__item-card\">\n\t\t\t\t\t\t\t\t<a href=\"https:\/\/zinebi.eus\/assets\/media\/1983-CineGranVia_FestCine_Archivo_Ale.jpg\" class=\"cb-gallery__item\" title=\"1983 - Edici\u00f3n 25\">\n\t\t\t\t\t\t\t\t\t<picture id=\"thumbnail-6614\" class=\"lazyload cb-img-thumbnail ratio-horizontal\"><source media=\"(max-width: 150px)\" data-srcset=\"https:\/\/zinebi.eus\/assets\/media\/1983-CineGranVia_FestCine_Archivo_Ale-150x108.jpg\"><source media=\"(max-width: 300px)\" data-srcset=\"https:\/\/zinebi.eus\/assets\/media\/1983-CineGranVia_FestCine_Archivo_Ale-300x216.jpg\"><source media=\"(max-width: 400px)\" data-srcset=\"https:\/\/zinebi.eus\/assets\/media\/1983-CineGranVia_FestCine_Archivo_Ale-400x288.jpg\"><source media=\"(max-width: 480px)\" data-srcset=\"https:\/\/zinebi.eus\/assets\/media\/1983-CineGranVia_FestCine_Archivo_Ale-480x346.jpg\"><source media=\"(max-width: 550px)\" data-srcset=\"https:\/\/zinebi.eus\/assets\/media\/1983-CineGranVia_FestCine_Archivo_Ale-550x396.jpg\"><source media=\"(max-width: 768px)\" data-srcset=\"https:\/\/zinebi.eus\/assets\/media\/1983-CineGranVia_FestCine_Archivo_Ale-768x553.jpg\"><img class=\"lazyload \" data-src=\"https:\/\/zinebi.eus\/assets\/media\/1983-CineGranVia_FestCine_Archivo_Ale.jpg\" alt=\"1983-CineGranVia_FestCine_Archivo_Ale\"><\/source><\/source><\/source><\/source><\/source><\/source><\/picture>\n\t\t\t\t\t\t\t\t\t<span class=\"cb-galeria__item-text\"><br>\n\t\t\t\t\t\t\t\t\t\t<span class=\"cb-galeria__text-inner\"><br>\n\t\t\t\t\t\t\t\t\t\t\t<span class=\"cb-galeria__text-capsule\"><br>\n\t\t\t\t\t\t\t\t\t\t\t\t<small>1983 \u2013 Edici\u00f3n 25<\/small><br>\n\t\t\t\t\t\t\t\t\t\t\t<\/span><br>\n\t\t\t\t\t\t\t\t\t\t<\/span><br>\n\t\t\t\t\t\t\t\t\t<\/span><br>\n\t\t\t\t\t\t\t\t\t\t\t\t\t\t\t\t\t<\/a>\n\t\t\t\t\t\t\t<\/div>\n<\/article>\n<article class=\"cb-galeria__item\">\n<div class=\"cb-galeria__item-card\">\n\t\t\t\t\t\t\t\t<a href=\"https:\/\/zinebi.eus\/assets\/media\/1983-IMG_8144.jpg\" class=\"cb-gallery__item\" title=\"1983 - Edici\u00f3n 25\">\n\t\t\t\t\t\t\t\t\t<picture id=\"thumbnail-6617\" class=\"lazyload cb-img-thumbnail ratio-horizontal\"><source media=\"(max-width: 150px)\" data-srcset=\"https:\/\/zinebi.eus\/assets\/media\/1983-IMG_8144-150x100.jpg\"><source media=\"(max-width: 300px)\" data-srcset=\"https:\/\/zinebi.eus\/assets\/media\/1983-IMG_8144-300x200.jpg\"><source media=\"(max-width: 400px)\" data-srcset=\"https:\/\/zinebi.eus\/assets\/media\/1983-IMG_8144-400x267.jpg\"><source media=\"(max-width: 480px)\" data-srcset=\"https:\/\/zinebi.eus\/assets\/media\/1983-IMG_8144-480x320.jpg\"><source media=\"(max-width: 550px)\" data-srcset=\"https:\/\/zinebi.eus\/assets\/media\/1983-IMG_8144-550x366.jpg\"><source media=\"(max-width: 768px)\" data-srcset=\"https:\/\/zinebi.eus\/assets\/media\/1983-IMG_8144-768x512.jpg\"><img class=\"lazyload \" data-src=\"https:\/\/zinebi.eus\/assets\/media\/1983-IMG_8144.jpg\" alt=\"1983-IMG_8144\"><\/source><\/source><\/source><\/source><\/source><\/source><\/picture>\n\t\t\t\t\t\t\t\t\t<span class=\"cb-galeria__item-text\"><br>\n\t\t\t\t\t\t\t\t\t\t<span class=\"cb-galeria__text-inner\"><br>\n\t\t\t\t\t\t\t\t\t\t\t<span class=\"cb-galeria__text-capsule\"><br>\n\t\t\t\t\t\t\t\t\t\t\t\t<small>1983 \u2013 Edici\u00f3n 25<\/small><br>\n\t\t\t\t\t\t\t\t\t\t\t<\/span><br>\n\t\t\t\t\t\t\t\t\t\t<\/span><br>\n\t\t\t\t\t\t\t\t\t<\/span><br>\n\t\t\t\t\t\t\t\t\t\t\t\t\t\t\t\t\t<\/a>\n\t\t\t\t\t\t\t<\/div>\n<\/article>\n<article class=\"cb-galeria__item\">\n<div class=\"cb-galeria__item-card\">\n\t\t\t\t\t\t\t\t<a href=\"https:\/\/zinebi.eus\/assets\/media\/1983-inauguracion_1983-1.jpg\" class=\"cb-gallery__item\" title=\"1983 - Edici\u00f3n 25\">\n\t\t\t\t\t\t\t\t\t<picture id=\"thumbnail-6620\" class=\"lazyload cb-img-thumbnail ratio-horizontal\"><source media=\"(max-width: 150px)\" data-srcset=\"https:\/\/zinebi.eus\/assets\/media\/1983-inauguracion_1983-1-150x108.jpg\"><source media=\"(max-width: 300px)\" data-srcset=\"https:\/\/zinebi.eus\/assets\/media\/1983-inauguracion_1983-1-300x215.jpg\"><source media=\"(max-width: 400px)\" data-srcset=\"https:\/\/zinebi.eus\/assets\/media\/1983-inauguracion_1983-1-400x287.jpg\"><source media=\"(max-width: 480px)\" data-srcset=\"https:\/\/zinebi.eus\/assets\/media\/1983-inauguracion_1983-1-480x344.jpg\"><source media=\"(max-width: 550px)\" data-srcset=\"https:\/\/zinebi.eus\/assets\/media\/1983-inauguracion_1983-1-550x395.jpg\"><source media=\"(max-width: 768px)\" data-srcset=\"https:\/\/zinebi.eus\/assets\/media\/1983-inauguracion_1983-1-768x551.jpg\"><img class=\"lazyload \" data-src=\"https:\/\/zinebi.eus\/assets\/media\/1983-inauguracion_1983-1.jpg\" alt=\"1983-inauguracion_1983-1\"><\/source><\/source><\/source><\/source><\/source><\/source><\/picture>\n\t\t\t\t\t\t\t\t\t<span class=\"cb-galeria__item-text\"><br>\n\t\t\t\t\t\t\t\t\t\t<span class=\"cb-galeria__text-inner\"><br>\n\t\t\t\t\t\t\t\t\t\t\t<span class=\"cb-galeria__text-capsule\"><br>\n\t\t\t\t\t\t\t\t\t\t\t\t<small>1983 \u2013 Edici\u00f3n 25<\/small><br>\n\t\t\t\t\t\t\t\t\t\t\t<\/span><br>\n\t\t\t\t\t\t\t\t\t\t<\/span><br>\n\t\t\t\t\t\t\t\t\t<\/span><br>\n\t\t\t\t\t\t\t\t\t\t\t\t\t\t\t\t\t<\/a>\n\t\t\t\t\t\t\t<\/div>\n<\/article>\n<article class=\"cb-galeria__item\">\n<div class=\"cb-galeria__item-card\">\n\t\t\t\t\t\t\t\t<a href=\"https:\/\/zinebi.eus\/assets\/media\/1983-teodro_ernandorena_rafael_barbier_santos_zunzunegui_1983.jpg\" class=\"cb-gallery__item\" title=\"1983 - Edici\u00f3n 25\">\n\t\t\t\t\t\t\t\t\t<picture id=\"thumbnail-6632\" class=\"lazyload cb-img-thumbnail ratio-horizontal\"><source media=\"(max-width: 150px)\" data-srcset=\"https:\/\/zinebi.eus\/assets\/media\/1983-teodro_ernandorena_rafael_barbier_santos_zunzunegui_1983-150x97.jpg\"><source media=\"(max-width: 300px)\" data-srcset=\"https:\/\/zinebi.eus\/assets\/media\/1983-teodro_ernandorena_rafael_barbier_santos_zunzunegui_1983-300x194.jpg\"><source media=\"(max-width: 400px)\" data-srcset=\"https:\/\/zinebi.eus\/assets\/media\/1983-teodro_ernandorena_rafael_barbier_santos_zunzunegui_1983-400x259.jpg\"><source media=\"(max-width: 480px)\" data-srcset=\"https:\/\/zinebi.eus\/assets\/media\/1983-teodro_ernandorena_rafael_barbier_santos_zunzunegui_1983-480x311.jpg\"><source media=\"(max-width: 550px)\" data-srcset=\"https:\/\/zinebi.eus\/assets\/media\/1983-teodro_ernandorena_rafael_barbier_santos_zunzunegui_1983-550x356.jpg\"><source media=\"(max-width: 768px)\" data-srcset=\"https:\/\/zinebi.eus\/assets\/media\/1983-teodro_ernandorena_rafael_barbier_santos_zunzunegui_1983-768x497.jpg\"><img class=\"lazyload \" data-src=\"https:\/\/zinebi.eus\/assets\/media\/1983-teodro_ernandorena_rafael_barbier_santos_zunzunegui_1983.jpg\" alt=\"1983-teodro_ernandorena_rafael_barbier_santos_zunzunegui_1983\"><\/source><\/source><\/source><\/source><\/source><\/source><\/picture>\n\t\t\t\t\t\t\t\t\t<span class=\"cb-galeria__item-text\"><br>\n\t\t\t\t\t\t\t\t\t\t<span class=\"cb-galeria__text-inner\"><br>\n\t\t\t\t\t\t\t\t\t\t\t<span class=\"cb-galeria__text-capsule\"><br>\n\t\t\t\t\t\t\t\t\t\t\t\t<small>1983 \u2013 Edici\u00f3n 25<\/small><br>\n\t\t\t\t\t\t\t\t\t\t\t<\/span><br>\n\t\t\t\t\t\t\t\t\t\t<\/span><br>\n\t\t\t\t\t\t\t\t\t<\/span><br>\n\t\t\t\t\t\t\t\t\t\t\t\t\t\t\t\t\t<\/a>\n\t\t\t\t\t\t\t<\/div>\n<\/article>\n<article class=\"cb-galeria__item\">\n<div class=\"cb-galeria__item-card\">\n\t\t\t\t\t\t\t\t<a href=\"https:\/\/zinebi.eus\/assets\/media\/1983-mikeldi_25_2.jpg\" class=\"cb-gallery__item\" title=\"1983 - Edici\u00f3n 25\">\n\t\t\t\t\t\t\t\t\t<picture id=\"thumbnail-6623\" class=\"lazyload cb-img-thumbnail ratio-horizontal\"><source media=\"(max-width: 150px)\" data-srcset=\"https:\/\/zinebi.eus\/assets\/media\/1983-mikeldi_25_2-150x100.jpg\"><source media=\"(max-width: 300px)\" data-srcset=\"https:\/\/zinebi.eus\/assets\/media\/1983-mikeldi_25_2-300x200.jpg\"><source media=\"(max-width: 400px)\" data-srcset=\"https:\/\/zinebi.eus\/assets\/media\/1983-mikeldi_25_2-400x267.jpg\"><source media=\"(max-width: 480px)\" data-srcset=\"https:\/\/zinebi.eus\/assets\/media\/1983-mikeldi_25_2-480x320.jpg\"><source media=\"(max-width: 550px)\" data-srcset=\"https:\/\/zinebi.eus\/assets\/media\/1983-mikeldi_25_2-550x366.jpg\"><source media=\"(max-width: 768px)\" data-srcset=\"https:\/\/zinebi.eus\/assets\/media\/1983-mikeldi_25_2-768x512.jpg\"><img class=\"lazyload \" data-src=\"https:\/\/zinebi.eus\/assets\/media\/1983-mikeldi_25_2.jpg\" alt=\"1983-mikeldi_25_2\"><\/source><\/source><\/source><\/source><\/source><\/source><\/picture>\n\t\t\t\t\t\t\t\t\t<span class=\"cb-galeria__item-text\"><br>\n\t\t\t\t\t\t\t\t\t\t<span class=\"cb-galeria__text-inner\"><br>\n\t\t\t\t\t\t\t\t\t\t\t<span class=\"cb-galeria__text-capsule\"><br>\n\t\t\t\t\t\t\t\t\t\t\t\t<small>1983 \u2013 Edici\u00f3n 25<\/small><br>\n\t\t\t\t\t\t\t\t\t\t\t<\/span><br>\n\t\t\t\t\t\t\t\t\t\t<\/span><br>\n\t\t\t\t\t\t\t\t\t<\/span><br>\n\t\t\t\t\t\t\t\t\t\t\t\t\t\t\t\t\t<\/a>\n\t\t\t\t\t\t\t<\/div>\n<\/article>\n<article class=\"cb-galeria__item\">\n<div class=\"cb-galeria__item-card\">\n\t\t\t\t\t\t\t\t<a href=\"https:\/\/zinebi.eus\/assets\/media\/1983-mikeldi_25_3.jpg\" class=\"cb-gallery__item\" title=\"1983 - Edici\u00f3n 25\">\n\t\t\t\t\t\t\t\t\t<picture id=\"thumbnail-6626\" class=\"lazyload cb-img-thumbnail ratio-horizontal\"><source media=\"(max-width: 150px)\" data-srcset=\"https:\/\/zinebi.eus\/assets\/media\/1983-mikeldi_25_3-150x100.jpg\"><source media=\"(max-width: 300px)\" data-srcset=\"https:\/\/zinebi.eus\/assets\/media\/1983-mikeldi_25_3-300x200.jpg\"><source media=\"(max-width: 400px)\" data-srcset=\"https:\/\/zinebi.eus\/assets\/media\/1983-mikeldi_25_3-400x267.jpg\"><source media=\"(max-width: 480px)\" data-srcset=\"https:\/\/zinebi.eus\/assets\/media\/1983-mikeldi_25_3-480x320.jpg\"><source media=\"(max-width: 550px)\" data-srcset=\"https:\/\/zinebi.eus\/assets\/media\/1983-mikeldi_25_3-550x366.jpg\"><source media=\"(max-width: 768px)\" data-srcset=\"https:\/\/zinebi.eus\/assets\/media\/1983-mikeldi_25_3-768x512.jpg\"><img class=\"lazyload \" data-src=\"https:\/\/zinebi.eus\/assets\/media\/1983-mikeldi_25_3.jpg\" alt=\"1983-mikeldi_25_3\"><\/source><\/source><\/source><\/source><\/source><\/source><\/picture>\n\t\t\t\t\t\t\t\t\t<span class=\"cb-galeria__item-text\"><br>\n\t\t\t\t\t\t\t\t\t\t<span class=\"cb-galeria__text-inner\"><br>\n\t\t\t\t\t\t\t\t\t\t\t<span class=\"cb-galeria__text-capsule\"><br>\n\t\t\t\t\t\t\t\t\t\t\t\t<small>1983 \u2013 Edici\u00f3n 25<\/small><br>\n\t\t\t\t\t\t\t\t\t\t\t<\/span><br>\n\t\t\t\t\t\t\t\t\t\t<\/span><br>\n\t\t\t\t\t\t\t\t\t<\/span><br>\n\t\t\t\t\t\t\t\t\t\t\t\t\t\t\t\t\t<\/a>\n\t\t\t\t\t\t\t<\/div>\n<\/article>\n<article class=\"cb-galeria__item\">\n<div class=\"cb-galeria__item-card\">\n\t\t\t\t\t\t\t\t<a href=\"https:\/\/zinebi.eus\/assets\/media\/1983-mikeldi_25.jpg\" class=\"cb-gallery__item\" title=\"1983 - Edici\u00f3n 25\">\n\t\t\t\t\t\t\t\t\t<picture id=\"thumbnail-6629\" class=\"lazyload cb-img-thumbnail ratio-horizontal\"><source media=\"(max-width: 150px)\" data-srcset=\"https:\/\/zinebi.eus\/assets\/media\/1983-mikeldi_25-150x100.jpg\"><source media=\"(max-width: 300px)\" data-srcset=\"https:\/\/zinebi.eus\/assets\/media\/1983-mikeldi_25-300x200.jpg\"><source media=\"(max-width: 400px)\" data-srcset=\"https:\/\/zinebi.eus\/assets\/media\/1983-mikeldi_25-400x267.jpg\"><source media=\"(max-width: 480px)\" data-srcset=\"https:\/\/zinebi.eus\/assets\/media\/1983-mikeldi_25-480x320.jpg\"><source media=\"(max-width: 550px)\" data-srcset=\"https:\/\/zinebi.eus\/assets\/media\/1983-mikeldi_25-550x366.jpg\"><source media=\"(max-width: 768px)\" data-srcset=\"https:\/\/zinebi.eus\/assets\/media\/1983-mikeldi_25-768x512.jpg\"><img class=\"lazyload \" data-src=\"https:\/\/zinebi.eus\/assets\/media\/1983-mikeldi_25.jpg\" alt=\"1983-mikeldi_25\"><\/source><\/source><\/source><\/source><\/source><\/source><\/picture>\n\t\t\t\t\t\t\t\t\t<span class=\"cb-galeria__item-text\"><br>\n\t\t\t\t\t\t\t\t\t\t<span class=\"cb-galeria__text-inner\"><br>\n\t\t\t\t\t\t\t\t\t\t\t<span class=\"cb-galeria__text-capsule\"><br>\n\t\t\t\t\t\t\t\t\t\t\t\t<small>1983 \u2013 Edici\u00f3n 25<\/small><br>\n\t\t\t\t\t\t\t\t\t\t\t<\/span><br>\n\t\t\t\t\t\t\t\t\t\t<\/span><br>\n\t\t\t\t\t\t\t\t\t<\/span><br>\n\t\t\t\t\t\t\t\t\t\t\t\t\t\t\t\t\t<\/a>\n\t\t\t\t\t\t\t<\/div>\n<\/article><\/div>\n<p>\t\t<br>\n\t\t<\/p><\/section>\n<p><!-- \/cb-galeria__block --><\/p>\n<p>Montxo  Armend\u00e1riz (J) \u00b7 Mohamed Chaaban (J) \u00b7 Joaqu\u00edn Romaguera (J) \u00b7 Pilar  T\u00e1vora (J) \u00b7 Jos\u00e9 A. Zorrilla (J) \u00b7 Santiago \u00c1lvarez \u00b7 Rafael Barbier \u00b7  Juana Cima \u00b7 Luis Eguiraun \u00b7 Teodoro Ernandorena \u00b7 Antton Ezeiza \u00b7  J\u00f8rgen Leth \u00b7 Ernesto del R\u00edo \u00b7 Santos Zunzunegui<\/p>\n<\/div>\n<\/div>\n\t        \t\t\t<\/div>\n\t        \t\t<\/article>\n\t        \t\t        \t\t<article class=\"timeline__item\">\n\t        \t\t\t<div class=\"milestone\"><\/div>\n\t        \t\t\t\t        \t\t\t\t<header class=\"timeline__header\">EDITION 24 <\/header>\n\t        \t\t\t\t        \t\t\t<div class=\"timeline__wysiwyg\">\n\t        \t\t\t\t<div class=\"zinebi-edition__item\">\n<figure class=\"zinebi-edition__img\">\n<a class=\"cb-gallery__item\" href=\"\/assets\/media\/zinebi-24.jpg\" title=\"ZINEBI 24 (1982)\" rel=\"gallery\"><img alt=\"ZINEBI 24 (1982)\" width=\"400\" height=\"566\" class=\"alignnone size-size_400 wp-image-558 lazyload\" sizes=\"(max-width: 400px) 100vw, 400px\" data-srcset=\"https:\/\/zinebi.eus\/assets\/media\/zinebi-24-400x566.jpg 400w, https:\/\/zinebi.eus\/assets\/media\/zinebi-24-150x212.jpg 150w, https:\/\/zinebi.eus\/assets\/media\/zinebi-24-300x424.jpg 300w, https:\/\/zinebi.eus\/assets\/media\/zinebi-24-480x679.jpg 480w, https:\/\/zinebi.eus\/assets\/media\/zinebi-24-550x778.jpg 550w, https:\/\/zinebi.eus\/assets\/media\/zinebi-24.jpg 724w\" data-src=\"https:\/\/zinebi.eus\/assets\/media\/zinebi-24-400x566.jpg\" srcset=\"https:\/\/zinebi.eus\/assets\/media\/zinebi-24-400x566.jpg 400w, https:\/\/zinebi.eus\/assets\/media\/zinebi-24-150x212.jpg 150w, https:\/\/zinebi.eus\/assets\/media\/zinebi-24-300x424.jpg 300w, https:\/\/zinebi.eus\/assets\/media\/zinebi-24-480x679.jpg 480w, https:\/\/zinebi.eus\/assets\/media\/zinebi-24-550x778.jpg 550w, https:\/\/zinebi.eus\/assets\/media\/zinebi-24.jpg 724w\" \/><\/a><br>\n   <\/figure>\n<div class=\"zinebi-edition__txt\">\n<p>The great French filmmaker Jean Painlev\u00e9 received the <em>Mikeldi de Honor<\/em> for his pioneer work in scientific cinema and promoter of science and nature through cinema. There was a cycle called <em>Cinematography and women<\/em>, another on <em>British Alternative Cinema<\/em> and an exhibition of 20th Century Fox posters. Competing in the Basque  Cinema section were Juan Jos\u00e9 Ibisate, J.B. Heinink, Modesto Pena, Marta  Batll\u00e9, Edwin Buces, Luis Eguiraun and Ernesto del R\u00edo. The <em>Ikuska<\/em> series presented its 12th and 13th productions, by Mirentxu Loyarte and Imanol Uribe.<\/p>\n<p>In  the International Jury, amongst others, were Argentine filmmaker  Fernando Birri, Spanish Eloy de la Iglesia and Czechoslovakian Bronislaw  Zeman.<\/p>\n<section id=\"galeria-id-6635\" class=\"cb-galeria__block\">\n\t\t\t<!-- style grid gallery -->\n<style type=\"text\/css\">\n\t\t\t\t\t\t\t\t@media screen and (min-width: 0px){\n\t\t\t\t\t\t#galeria-id-6635 .cb-galeria__grid > .cb-galeria__item {\n\t\t\t\t\t\t\twidth : 50.00%;\n\t\t\t\t\t\t}\n\t\t\t\t\t}\n\t\t\t\t\t\t\t\t\t\t@media screen and (min-width: 480px){\n\t\t\t\t\t\t#galeria-id-6635 .cb-galeria__grid > .cb-galeria__item {\n\t\t\t\t\t\t\twidth : 50.00%;\n\t\t\t\t\t\t}\n\t\t\t\t\t}\n\t\t\t\t\t\t\t\t\t\t@media screen and (min-width: 756px){\n\t\t\t\t\t\t#galeria-id-6635 .cb-galeria__grid > .cb-galeria__item {\n\t\t\t\t\t\t\twidth : 33.33%;\n\t\t\t\t\t\t}\n\t\t\t\t\t}\n\t\t\t\t\t\t\t\t\t\t@media screen and (min-width: 1200px){\n\t\t\t\t\t\t#galeria-id-6635 .cb-galeria__grid > .cb-galeria__item {\n\t\t\t\t\t\t\twidth : 25.00%;\n\t\t\t\t\t\t}\n\t\t\t\t\t}\n\t\t\t\t\t\t\t<\/style>\n<p>\t\t\t\t<main class=\"cb-galeria cb-gallery\"><\/main><\/p>\n<div class=\"cb-galeria__grid \">\n<article class=\"cb-galeria__item\">\n<div class=\"cb-galeria__item-card\">\n\t\t\t\t\t\t\t\t<a href=\"https:\/\/zinebi.eus\/assets\/media\/1982-ELOY_DE_LA_IGLESIA_FERNANDO_BIRRI_1982.jpg\" class=\"cb-gallery__item\" title=\"1982 - Edici\u00f3n 24\">\n\t\t\t\t\t\t\t\t\t<picture id=\"thumbnail-6636\" class=\"lazyload cb-img-thumbnail ratio-horizontal\"><source media=\"(max-width: 150px)\" data-srcset=\"https:\/\/zinebi.eus\/assets\/media\/1982-ELOY_DE_LA_IGLESIA_FERNANDO_BIRRI_1982-150x110.jpg\"><source media=\"(max-width: 300px)\" data-srcset=\"https:\/\/zinebi.eus\/assets\/media\/1982-ELOY_DE_LA_IGLESIA_FERNANDO_BIRRI_1982-300x220.jpg\"><source media=\"(max-width: 400px)\" data-srcset=\"https:\/\/zinebi.eus\/assets\/media\/1982-ELOY_DE_LA_IGLESIA_FERNANDO_BIRRI_1982-400x294.jpg\"><source media=\"(max-width: 480px)\" data-srcset=\"https:\/\/zinebi.eus\/assets\/media\/1982-ELOY_DE_LA_IGLESIA_FERNANDO_BIRRI_1982-480x352.jpg\"><source media=\"(max-width: 550px)\" data-srcset=\"https:\/\/zinebi.eus\/assets\/media\/1982-ELOY_DE_LA_IGLESIA_FERNANDO_BIRRI_1982-550x404.jpg\"><source media=\"(max-width: 768px)\" data-srcset=\"https:\/\/zinebi.eus\/assets\/media\/1982-ELOY_DE_LA_IGLESIA_FERNANDO_BIRRI_1982-768x564.jpg\"><img class=\"lazyload \" data-src=\"https:\/\/zinebi.eus\/assets\/media\/1982-ELOY_DE_LA_IGLESIA_FERNANDO_BIRRI_1982.jpg\" alt=\"1982-ELOY_DE_LA_IGLESIA_FERNANDO_BIRRI_1982\"><\/source><\/source><\/source><\/source><\/source><\/source><\/picture>\n\t\t\t\t\t\t\t\t\t<span class=\"cb-galeria__item-text\"><br>\n\t\t\t\t\t\t\t\t\t\t<span class=\"cb-galeria__text-inner\"><br>\n\t\t\t\t\t\t\t\t\t\t\t<span class=\"cb-galeria__text-capsule\"><br>\n\t\t\t\t\t\t\t\t\t\t\t\t<small>1982 \u2013 Edici\u00f3n 24<\/small><br>\n\t\t\t\t\t\t\t\t\t\t\t<\/span><br>\n\t\t\t\t\t\t\t\t\t\t<\/span><br>\n\t\t\t\t\t\t\t\t\t<\/span><br>\n\t\t\t\t\t\t\t\t\t\t\t\t\t\t\t\t\t<\/a>\n\t\t\t\t\t\t\t<\/div>\n<\/article><\/div>\n<p>\t\t<br>\n\t\t<\/p><\/section>\n<p><!-- \/cb-galeria__block --><\/p>\n<p>Fernando  Birri (J) \u00b7 Eloy de la Iglesia (J) \u00b7 Sean O\u2019Mordha (J) \u00b7 Bronislaw  Zeman (J) \u00b7 Santos Zunzunegui (J) \u00b7 Marta Batll\u00e9 \u00b7 Edwin Buces \u00b7 Luis  Eguiraun \u00b7 Robert Gr\u00e9lier \u00b7 Mirentxu Loyarte \u00b7 Jean Painlev\u00e9 \u00b7 Modesto  Pena \u00b7 Ernesto del R\u00edo<\/p>\n<\/div>\n<\/div>\n\t        \t\t\t<\/div>\n\t        \t\t<\/article>\n\t        \t\t        \t\t<article class=\"timeline__item\">\n\t        \t\t\t<div class=\"milestone\"><\/div>\n\t        \t\t\t\t        \t\t\t\t<header class=\"timeline__header\">EDITION 23 <\/header>\n\t        \t\t\t\t        \t\t\t<div class=\"timeline__wysiwyg\">\n\t        \t\t\t\t<div class=\"zinebi-edition__item\">\n<figure class=\"zinebi-edition__img\">\n<a class=\"cb-gallery__item\" href=\"\/assets\/media\/zinebi-23.jpg\" title=\"ZINEBI 23 (1981)\" rel=\"gallery\"><img alt=\"ZINEBI 23 (1981)\" width=\"400\" height=\"566\" class=\"alignnone size-size_400 wp-image-555 lazyload\" sizes=\"(max-width: 400px) 100vw, 400px\" data-srcset=\"https:\/\/zinebi.eus\/assets\/media\/zinebi-23-400x566.jpg 400w, https:\/\/zinebi.eus\/assets\/media\/zinebi-23-150x212.jpg 150w, https:\/\/zinebi.eus\/assets\/media\/zinebi-23-300x424.jpg 300w, https:\/\/zinebi.eus\/assets\/media\/zinebi-23-480x679.jpg 480w, https:\/\/zinebi.eus\/assets\/media\/zinebi-23-550x778.jpg 550w, https:\/\/zinebi.eus\/assets\/media\/zinebi-23.jpg 724w\" data-src=\"https:\/\/zinebi.eus\/assets\/media\/zinebi-23-400x566.jpg\" srcset=\"https:\/\/zinebi.eus\/assets\/media\/zinebi-23-400x566.jpg 400w, https:\/\/zinebi.eus\/assets\/media\/zinebi-23-150x212.jpg 150w, https:\/\/zinebi.eus\/assets\/media\/zinebi-23-300x424.jpg 300w, https:\/\/zinebi.eus\/assets\/media\/zinebi-23-480x679.jpg 480w, https:\/\/zinebi.eus\/assets\/media\/zinebi-23-550x778.jpg 550w, https:\/\/zinebi.eus\/assets\/media\/zinebi-23.jpg 724w\" \/><\/a><br>\n   <\/figure>\n<div class=\"zinebi-edition__txt\">\n<p>Roberto  Negro was replaced by Manu Pagola as the festival director. TheCity  Council, in order to finally institutionalise it within the municipal  organisation, created a public trust called <em> International Documentary Film and Short Film Contest of Bilbao and Promotion and Exposure of Audiovisual Culture.<\/em> Tributes were paid to Koldo Mitxelena and Dolores Ibarruri, <em>La Pasionaria,<\/em> and a new award to the best documentary feature film was created.  Frontrunners to this award were Spaniards Andr\u00e9s Linares and Jos\u00e9 Luis  G. S\u00e1nchez,Cuban Estela Bravo, North Americans Glenn Silver and Peter  Vasconcellos, Basques Fernando Larrukert and Juan Ignacio Llorente,  Frenchman Alain Massoneau, Nicaraguan Jorge Denti and Russian Anatoly  Koloshin.<\/p>\n<p>P\u00edo Caro Baroja, Walter Tournier and director of the  Department of Cinematography of the Generalitat de Catalunya Miquel  Porter i Moi, amongst others, made this year\u2019s international jury.<\/p>\n<section id=\"galeria-id-6639\" class=\"cb-galeria__block\">\n\t\t\t<!-- style grid gallery -->\n<style type=\"text\/css\">\n\t\t\t\t\t\t\t\t@media screen and (min-width: 0px){\n\t\t\t\t\t\t#galeria-id-6639 .cb-galeria__grid > .cb-galeria__item {\n\t\t\t\t\t\t\twidth : 50.00%;\n\t\t\t\t\t\t}\n\t\t\t\t\t}\n\t\t\t\t\t\t\t\t\t\t@media screen and (min-width: 480px){\n\t\t\t\t\t\t#galeria-id-6639 .cb-galeria__grid > .cb-galeria__item {\n\t\t\t\t\t\t\twidth : 50.00%;\n\t\t\t\t\t\t}\n\t\t\t\t\t}\n\t\t\t\t\t\t\t\t\t\t@media screen and (min-width: 756px){\n\t\t\t\t\t\t#galeria-id-6639 .cb-galeria__grid > .cb-galeria__item {\n\t\t\t\t\t\t\twidth : 33.33%;\n\t\t\t\t\t\t}\n\t\t\t\t\t}\n\t\t\t\t\t\t\t\t\t\t@media screen and (min-width: 1200px){\n\t\t\t\t\t\t#galeria-id-6639 .cb-galeria__grid > .cb-galeria__item {\n\t\t\t\t\t\t\twidth : 25.00%;\n\t\t\t\t\t\t}\n\t\t\t\t\t}\n\t\t\t\t\t\t\t<\/style>\n<p>\t\t\t\t<main class=\"cb-galeria cb-gallery\"><\/main><\/p>\n<div class=\"cb-galeria__grid \">\n<article class=\"cb-galeria__item\">\n<div class=\"cb-galeria__item-card\">\n\t\t\t\t\t\t\t\t<a href=\"https:\/\/zinebi.eus\/assets\/media\/1981-DOLORES_IBARRURI.jpg\" class=\"cb-gallery__item\" title=\"1981 - Edici\u00f3n 23\">\n\t\t\t\t\t\t\t\t\t<picture id=\"thumbnail-6640\" class=\"lazyload cb-img-thumbnail ratio-horizontal\"><source media=\"(max-width: 150px)\" data-srcset=\"https:\/\/zinebi.eus\/assets\/media\/1981-DOLORES_IBARRURI-150x102.jpg\"><source media=\"(max-width: 300px)\" data-srcset=\"https:\/\/zinebi.eus\/assets\/media\/1981-DOLORES_IBARRURI-300x205.jpg\"><source media=\"(max-width: 400px)\" data-srcset=\"https:\/\/zinebi.eus\/assets\/media\/1981-DOLORES_IBARRURI-400x273.jpg\"><source media=\"(max-width: 480px)\" data-srcset=\"https:\/\/zinebi.eus\/assets\/media\/1981-DOLORES_IBARRURI-480x328.jpg\"><source media=\"(max-width: 550px)\" data-srcset=\"https:\/\/zinebi.eus\/assets\/media\/1981-DOLORES_IBARRURI-550x375.jpg\"><source media=\"(max-width: 768px)\" data-srcset=\"https:\/\/zinebi.eus\/assets\/media\/1981-DOLORES_IBARRURI-768x524.jpg\"><img class=\"lazyload \" data-src=\"https:\/\/zinebi.eus\/assets\/media\/1981-DOLORES_IBARRURI.jpg\" alt=\"1981-DOLORES_IBARRURI\"><\/source><\/source><\/source><\/source><\/source><\/source><\/picture>\n\t\t\t\t\t\t\t\t\t<span class=\"cb-galeria__item-text\"><br>\n\t\t\t\t\t\t\t\t\t\t<span class=\"cb-galeria__text-inner\"><br>\n\t\t\t\t\t\t\t\t\t\t\t<span class=\"cb-galeria__text-capsule\"><br>\n\t\t\t\t\t\t\t\t\t\t\t\t<small>1981 \u2013 Edici\u00f3n 23<\/small><br>\n\t\t\t\t\t\t\t\t\t\t\t<\/span><br>\n\t\t\t\t\t\t\t\t\t\t<\/span><br>\n\t\t\t\t\t\t\t\t\t<\/span><br>\n\t\t\t\t\t\t\t\t\t\t\t\t\t\t\t\t\t<\/a>\n\t\t\t\t\t\t\t<\/div>\n<\/article>\n<article class=\"cb-galeria__item\">\n<div class=\"cb-galeria__item-card\">\n\t\t\t\t\t\t\t\t<a href=\"https:\/\/zinebi.eus\/assets\/media\/1981-leizaola.jpg\" class=\"cb-gallery__item\" title=\"1981 - Edici\u00f3n 23\">\n\t\t\t\t\t\t\t\t\t<picture id=\"thumbnail-6643\" class=\"lazyload cb-img-thumbnail ratio-horizontal\"><source media=\"(max-width: 150px)\" data-srcset=\"https:\/\/zinebi.eus\/assets\/media\/1981-leizaola-150x100.jpg\"><source media=\"(max-width: 300px)\" data-srcset=\"https:\/\/zinebi.eus\/assets\/media\/1981-leizaola-300x200.jpg\"><source media=\"(max-width: 400px)\" data-srcset=\"https:\/\/zinebi.eus\/assets\/media\/1981-leizaola-400x267.jpg\"><source media=\"(max-width: 480px)\" data-srcset=\"https:\/\/zinebi.eus\/assets\/media\/1981-leizaola-480x320.jpg\"><source media=\"(max-width: 550px)\" data-srcset=\"https:\/\/zinebi.eus\/assets\/media\/1981-leizaola-550x366.jpg\"><source media=\"(max-width: 768px)\" data-srcset=\"https:\/\/zinebi.eus\/assets\/media\/1981-leizaola-768x512.jpg\"><img class=\"lazyload \" data-src=\"https:\/\/zinebi.eus\/assets\/media\/1981-leizaola.jpg\" alt=\"1981-leizaola\"><\/source><\/source><\/source><\/source><\/source><\/source><\/picture>\n\t\t\t\t\t\t\t\t\t<span class=\"cb-galeria__item-text\"><br>\n\t\t\t\t\t\t\t\t\t\t<span class=\"cb-galeria__text-inner\"><br>\n\t\t\t\t\t\t\t\t\t\t\t<span class=\"cb-galeria__text-capsule\"><br>\n\t\t\t\t\t\t\t\t\t\t\t\t<small>1981 \u2013 Edici\u00f3n 23<\/small><br>\n\t\t\t\t\t\t\t\t\t\t\t<\/span><br>\n\t\t\t\t\t\t\t\t\t\t<\/span><br>\n\t\t\t\t\t\t\t\t\t<\/span><br>\n\t\t\t\t\t\t\t\t\t\t\t\t\t\t\t\t\t<\/a>\n\t\t\t\t\t\t\t<\/div>\n<\/article>\n<article class=\"cb-galeria__item\">\n<div class=\"cb-galeria__item-card\">\n\t\t\t\t\t\t\t\t<a href=\"https:\/\/zinebi.eus\/assets\/media\/1981-MANU_PAGOLA_DOLORES_IBARRURI_ANGEL_LATIERRO_1987.jpg\" class=\"cb-gallery__item\" title=\"1981 - Edici\u00f3n 23\">\n\t\t\t\t\t\t\t\t\t<picture id=\"thumbnail-6646\" class=\"lazyload cb-img-thumbnail ratio-horizontal\"><source media=\"(max-width: 150px)\" data-srcset=\"https:\/\/zinebi.eus\/assets\/media\/1981-MANU_PAGOLA_DOLORES_IBARRURI_ANGEL_LATIERRO_1987-150x100.jpg\"><source media=\"(max-width: 300px)\" data-srcset=\"https:\/\/zinebi.eus\/assets\/media\/1981-MANU_PAGOLA_DOLORES_IBARRURI_ANGEL_LATIERRO_1987-300x200.jpg\"><source media=\"(max-width: 400px)\" data-srcset=\"https:\/\/zinebi.eus\/assets\/media\/1981-MANU_PAGOLA_DOLORES_IBARRURI_ANGEL_LATIERRO_1987-400x267.jpg\"><source media=\"(max-width: 480px)\" data-srcset=\"https:\/\/zinebi.eus\/assets\/media\/1981-MANU_PAGOLA_DOLORES_IBARRURI_ANGEL_LATIERRO_1987-480x320.jpg\"><source media=\"(max-width: 550px)\" data-srcset=\"https:\/\/zinebi.eus\/assets\/media\/1981-MANU_PAGOLA_DOLORES_IBARRURI_ANGEL_LATIERRO_1987-550x366.jpg\"><source media=\"(max-width: 768px)\" data-srcset=\"https:\/\/zinebi.eus\/assets\/media\/1981-MANU_PAGOLA_DOLORES_IBARRURI_ANGEL_LATIERRO_1987-768x512.jpg\"><img class=\"lazyload \" data-src=\"https:\/\/zinebi.eus\/assets\/media\/1981-MANU_PAGOLA_DOLORES_IBARRURI_ANGEL_LATIERRO_1987.jpg\" alt=\"1981-MANU_PAGOLA_DOLORES_IBARRURI_ANGEL_LATIERRO_1987\"><\/source><\/source><\/source><\/source><\/source><\/source><\/picture>\n\t\t\t\t\t\t\t\t\t<span class=\"cb-galeria__item-text\"><br>\n\t\t\t\t\t\t\t\t\t\t<span class=\"cb-galeria__text-inner\"><br>\n\t\t\t\t\t\t\t\t\t\t\t<span class=\"cb-galeria__text-capsule\"><br>\n\t\t\t\t\t\t\t\t\t\t\t\t<small>1981 \u2013 Edici\u00f3n 23<\/small><br>\n\t\t\t\t\t\t\t\t\t\t\t<\/span><br>\n\t\t\t\t\t\t\t\t\t\t<\/span><br>\n\t\t\t\t\t\t\t\t\t<\/span><br>\n\t\t\t\t\t\t\t\t\t\t\t\t\t\t\t\t\t<\/a>\n\t\t\t\t\t\t\t<\/div>\n<\/article><\/div>\n<p>\t\t<br>\n\t\t<\/p><\/section>\n<p><!-- \/cb-galeria__block --><\/p>\n<p>P\u00edo  Caro Baroja (J) \u00b7 Miquel Porter i Moix (J) \u00b7 Walter Tournier (J) \u00b7  Antonio del Amo \u00b7 Montxo Armend\u00e1riz \u00b7 Ji\u0159\u00ed Barta \u00b7 Michael Chanan \u00b7 Jos\u00e9  Luis G. S\u00e1nchez \u00b7 Dolores Ibarruri, <em>La Pasionaria<\/em> \u00b7 Anatoly Koloshin \u00b7 Guy Pirotte \u00b7 Peter Rubin \u00b7 Noe Valladares<\/p>\n<\/div>\n<\/div>\n\t        \t\t\t<\/div>\n\t        \t\t<\/article>\n\t        \t\t        \t\t<article class=\"timeline__item\">\n\t        \t\t\t<div class=\"milestone\"><\/div>\n\t        \t\t\t\t        \t\t\t\t<header class=\"timeline__header\">EDITION 22 <\/header>\n\t        \t\t\t\t        \t\t\t<div class=\"timeline__wysiwyg\">\n\t        \t\t\t\t<div class=\"zinebi-edition__item\">\n<figure class=\"zinebi-edition__img\">\n<a class=\"cb-gallery__item\" href=\"\/assets\/media\/zinebi-22.jpg\" title=\"ZINEBI 22 (1980)\" rel=\"gallery\"><img alt=\"ZINEBI 22 (1980)\" width=\"400\" height=\"566\" class=\"alignnone size-size_400 wp-image-552 lazyload\" sizes=\"(max-width: 400px) 100vw, 400px\" data-srcset=\"https:\/\/zinebi.eus\/assets\/media\/zinebi-22-400x566.jpg 400w, https:\/\/zinebi.eus\/assets\/media\/zinebi-22-150x212.jpg 150w, https:\/\/zinebi.eus\/assets\/media\/zinebi-22-300x424.jpg 300w, https:\/\/zinebi.eus\/assets\/media\/zinebi-22-480x679.jpg 480w, https:\/\/zinebi.eus\/assets\/media\/zinebi-22-550x778.jpg 550w, https:\/\/zinebi.eus\/assets\/media\/zinebi-22.jpg 724w\" data-src=\"https:\/\/zinebi.eus\/assets\/media\/zinebi-22-400x566.jpg\" srcset=\"https:\/\/zinebi.eus\/assets\/media\/zinebi-22-400x566.jpg 400w, https:\/\/zinebi.eus\/assets\/media\/zinebi-22-150x212.jpg 150w, https:\/\/zinebi.eus\/assets\/media\/zinebi-22-300x424.jpg 300w, https:\/\/zinebi.eus\/assets\/media\/zinebi-22-480x679.jpg 480w, https:\/\/zinebi.eus\/assets\/media\/zinebi-22-550x778.jpg 550w, https:\/\/zinebi.eus\/assets\/media\/zinebi-22.jpg 724w\" \/><\/a><br>\n   <\/figure>\n<div class=\"zinebi-edition__txt\">\n<p>Already institutionally dependent on the Bilbao City Council, the festival programmed two major cycles: <em>The cinema of popular republican organisations 1936-1939<\/em>,  with special reference to productions by the CNT; On the other hand,  the critic and director Robert Dunbar presented an extensive cycle  dedicated to British <em>Free Cinema<\/em>. A well-attended meeting on  the future of short and documentary films from the Basque Autonomous  Region gathered numerous filmmakers and representatives of the Ministry  of Culture of the Basque Government.<\/p>\n<p>Basque filmmakers Montxo  Armend\u00e1riz, \u00cd\u00f1igo Silva, Juan Ortuoste, Javier Rebollo, Paco Avizanda,  I\u00f1aki N\u00fa\u00f1ez, Ricardo Arroyabe and the Film Group of the Popular  University of Rekalde competed in the International Contest. The <em>Ikuska<\/em> series, produced by Antton Ezeiza, presented its last four short  documentaries by Juan Bautista Berasategui, Koldo Larra\u00f1aga and Jos\u00e9  Juli\u00e1n Bakedano.<\/p>\n<section id=\"galeria-id-6649\" class=\"cb-galeria__block\">\n\t\t\t<!-- style grid gallery -->\n<style type=\"text\/css\">\n\t\t\t\t\t\t\t\t@media screen and (min-width: 0px){\n\t\t\t\t\t\t#galeria-id-6649 .cb-galeria__grid > .cb-galeria__item {\n\t\t\t\t\t\t\twidth : 50.00%;\n\t\t\t\t\t\t}\n\t\t\t\t\t}\n\t\t\t\t\t\t\t\t\t\t@media screen and (min-width: 480px){\n\t\t\t\t\t\t#galeria-id-6649 .cb-galeria__grid > .cb-galeria__item {\n\t\t\t\t\t\t\twidth : 50.00%;\n\t\t\t\t\t\t}\n\t\t\t\t\t}\n\t\t\t\t\t\t\t\t\t\t@media screen and (min-width: 756px){\n\t\t\t\t\t\t#galeria-id-6649 .cb-galeria__grid > .cb-galeria__item {\n\t\t\t\t\t\t\twidth : 33.33%;\n\t\t\t\t\t\t}\n\t\t\t\t\t}\n\t\t\t\t\t\t\t\t\t\t@media screen and (min-width: 1200px){\n\t\t\t\t\t\t#galeria-id-6649 .cb-galeria__grid > .cb-galeria__item {\n\t\t\t\t\t\t\twidth : 25.00%;\n\t\t\t\t\t\t}\n\t\t\t\t\t}\n\t\t\t\t\t\t\t<\/style>\n<p>\t\t\t\t<main class=\"cb-galeria cb-gallery\"><\/main><\/p>\n<div class=\"cb-galeria__grid \">\n<article class=\"cb-galeria__item\">\n<div class=\"cb-galeria__item-card\">\n\t\t\t\t\t\t\t\t<a href=\"https:\/\/zinebi.eus\/assets\/media\/1980-ImanolUribe_Archivo_ALE.jpg\" class=\"cb-gallery__item\" title=\"1980 - Edici\u00f3n 20\">\n\t\t\t\t\t\t\t\t\t<picture id=\"thumbnail-6650\" class=\"lazyload cb-img-thumbnail ratio-horizontal\"><source media=\"(max-width: 150px)\" data-srcset=\"https:\/\/zinebi.eus\/assets\/media\/1980-ImanolUribe_Archivo_ALE-150x104.jpg\"><source media=\"(max-width: 300px)\" data-srcset=\"https:\/\/zinebi.eus\/assets\/media\/1980-ImanolUribe_Archivo_ALE-300x207.jpg\"><source media=\"(max-width: 400px)\" data-srcset=\"https:\/\/zinebi.eus\/assets\/media\/1980-ImanolUribe_Archivo_ALE-400x276.jpg\"><source media=\"(max-width: 480px)\" data-srcset=\"https:\/\/zinebi.eus\/assets\/media\/1980-ImanolUribe_Archivo_ALE-480x331.jpg\"><source media=\"(max-width: 550px)\" data-srcset=\"https:\/\/zinebi.eus\/assets\/media\/1980-ImanolUribe_Archivo_ALE-550x380.jpg\"><source media=\"(max-width: 768px)\" data-srcset=\"https:\/\/zinebi.eus\/assets\/media\/1980-ImanolUribe_Archivo_ALE-768x530.jpg\"><img class=\"lazyload \" data-src=\"https:\/\/zinebi.eus\/assets\/media\/1980-ImanolUribe_Archivo_ALE.jpg\" alt=\"1980-ImanolUribe_Archivo_ALE\"><\/source><\/source><\/source><\/source><\/source><\/source><\/picture>\n\t\t\t\t\t\t\t\t\t<span class=\"cb-galeria__item-text\"><br>\n\t\t\t\t\t\t\t\t\t\t<span class=\"cb-galeria__text-inner\"><br>\n\t\t\t\t\t\t\t\t\t\t\t<span class=\"cb-galeria__text-capsule\"><br>\n\t\t\t\t\t\t\t\t\t\t\t\t<small>1980 \u2013 Edici\u00f3n 20<\/small><br>\n\t\t\t\t\t\t\t\t\t\t\t<\/span><br>\n\t\t\t\t\t\t\t\t\t\t<\/span><br>\n\t\t\t\t\t\t\t\t\t<\/span><br>\n\t\t\t\t\t\t\t\t\t\t\t\t\t\t\t\t\t<\/a>\n\t\t\t\t\t\t\t<\/div>\n<\/article><\/div>\n<p>\t\t<br>\n\t\t<\/p><\/section>\n<p><!-- \/cb-galeria__block --><\/p>\n<p>I\u00f1aki  Aizpuru (J) \u00b7 Santiago \u00c1lvarez (J) \u00b7 Bruno Bozzetto (J) \u00b7 Mario Handler  (J) \u00b7 Jos\u00e9 Juli\u00e1n Bakedano \u00b7 Juan B. Berasategui \u00b7 Robert Dunbar \u00b7 Juan  M. Ortuoste \u00b7 Javier Rebollo<\/p>\n<\/div>\n<\/div>\n\t        \t\t\t<\/div>\n\t        \t\t<\/article>\n\t        \t    \t\t        \n\t\t    <\/section>\n\t\t<\/main><!-- \/timeline__col-main -->    \n\n\t<\/article>\n<\/div><!--\/timeline__block -->\n\r\n  <\/div>\r\n<\/section>","protected":false},"excerpt":{"rendered":"","protected":false},"author":3,"featured_media":0,"parent":376,"menu_order":4,"comment_status":"closed","ping_status":"closed","template":"","meta":{"_acf_changed":false,"footnotes":""},"class_list":["post-7596","page","type-page","status-publish","hentry"],"acf":[],"_links":{"self":[{"href":"https:\/\/zinebi.eus\/en\/wp-json\/wp\/v2\/pages\/7596","targetHints":{"allow":["GET"]}}],"collection":[{"href":"https:\/\/zinebi.eus\/en\/wp-json\/wp\/v2\/pages"}],"about":[{"href":"https:\/\/zinebi.eus\/en\/wp-json\/wp\/v2\/types\/page"}],"author":[{"embeddable":true,"href":"https:\/\/zinebi.eus\/en\/wp-json\/wp\/v2\/users\/3"}],"replies":[{"embeddable":true,"href":"https:\/\/zinebi.eus\/en\/wp-json\/wp\/v2\/comments?post=7596"}],"version-history":[{"count":2,"href":"https:\/\/zinebi.eus\/en\/wp-json\/wp\/v2\/pages\/7596\/revisions"}],"predecessor-version":[{"id":7599,"href":"https:\/\/zinebi.eus\/en\/wp-json\/wp\/v2\/pages\/7596\/revisions\/7599"}],"up":[{"embeddable":true,"href":"https:\/\/zinebi.eus\/en\/wp-json\/wp\/v2\/pages\/376"}],"wp:attachment":[{"href":"https:\/\/zinebi.eus\/en\/wp-json\/wp\/v2\/media?parent=7596"}],"curies":[{"name":"wp","href":"https:\/\/api.w.org\/{rel}","templated":true}]}}