 {"id":7622,"date":"2021-11-23T11:43:24","date_gmt":"2021-11-23T11:43:24","guid":{"rendered":"https:\/\/zinebi.eus\/festival\/63-years-of-zinebi\/1969-1959\/"},"modified":"2021-11-30T15:17:40","modified_gmt":"2021-11-30T15:17:40","slug":"1969-1959","status":"publish","type":"page","link":"https:\/\/zinebi.eus\/en\/festival\/67-years-zinebi\/1969-1959\/","title":{"rendered":"1969 &#8211; 1959"},"content":{"rendered":"<section class=\"page-timeline module cb-gallery\">\r\n   <div class=\"container\">\r\n      <div class=\"row justify-content-center palmares-fechas m-b-30\">\r\n<div class=\"mx-1\">\r\n<div class=\"borde-fecha\">\r\n<p class=\"fecha\"><strong>YEARS<br>\r\n<a href=\"https:\/\/zinebi.eus\/en\/festival\/67-years-zinebi\/2023-2020\/\">2023-2020<\/a><\/strong><\/p>\r\n\u00a0\r\n\r\n<\/div>\r\n<\/div>\r\n<div class=\"mx-1\">\r\n<div class=\"borde-fecha\">\r\n<p class=\"fecha\"><strong>YEARS<br>\r\n<a href=\"https:\/\/zinebi.eus\/en\/festival\/67-years-zinebi\/2019-2010\/\">2019-2010<\/a><\/strong><\/p>\r\n\u00a0\r\n\r\n<\/div>\r\n<\/div>\r\n<div class=\"mx-1\">\r\n<div class=\"borde-fecha\">\r\n<p class=\"fecha\"><strong>YEARS<br>\r\n<a href=\"https:\/\/zinebi.eus\/en\/festival\/67-years-zinebi\/2009-2000\/\">2009-2000<\/a><\/strong><\/p>\r\n\u00a0\r\n\r\n<\/div>\r\n<\/div>\r\n<div class=\"mx-1\">\r\n<div class=\"borde-fecha\">\r\n<p class=\"fecha\"><strong>YEARS<br>\r\n<a href=\"https:\/\/zinebi.eus\/en\/festival\/67-years-zinebi\/1999-1990\/\">1999-1990<\/a><\/strong><\/p>\r\n\u00a0\r\n\r\n<\/div>\r\n<\/div>\r\n<div class=\"mx-1\">\r\n<div class=\"borde-fecha\">\r\n<p class=\"fecha\"><strong>YEARS<br>\r\n<a href=\"https:\/\/zinebi.eus\/en\/festival\/67-years-zinebi\/1989-1980\/\">1989-1980<\/a><\/strong><\/p>\r\n\u00a0\r\n\r\n<\/div>\r\n<\/div>\r\n<div class=\"mx-1\">\r\n<div class=\"borde-fecha\">\r\n<p class=\"fecha\"><strong>YEARS<br>\r\n<a href=\"https:\/\/zinebi.eus\/en\/festival\/67-years-zinebi\/1979-1970\/\">1979-1970<\/a><\/strong><\/p>\r\n\u00a0\r\n\r\n<\/div>\r\n<\/div>\r\n<div class=\"mx-1 active\">\r\n<div class=\"borde-fecha\">\r\n<p class=\"fecha\"><strong>YEARS<br>\r\n<a href=\"https:\/\/zinebi.eus\/en\/festival\/67-years-zinebi\/1969-1959\/\">1969-1959<\/a><\/strong><\/p>\r\n\u00a0\r\n\r\n<\/div>\r\n<\/div>\r\n<\/div>\r\n      <div class=\"timeline__block\">\n\t<article class=\"timeline\">\n\n\t\t<aside class=\"timeline__col-nav\">\n\t\t\t<nav class=\"timeline__nav\">\n\t\t        <ul>\n\t\t        \t\t\t        \t\t<li><span>1969<\/span><\/li>\n\t\t        \t\t\t        \t\t<li><span>1968<\/span><\/li>\n\t\t        \t\t\t        \t\t<li><span>1967<\/span><\/li>\n\t\t        \t\t\t        \t\t<li><span>1966<\/span><\/li>\n\t\t        \t\t\t        \t\t<li><span>1965<\/span><\/li>\n\t\t        \t\t\t        \t\t<li><span>1964<\/span><\/li>\n\t\t        \t\t\t        \t\t<li><span>1963<\/span><\/li>\n\t\t        \t\t\t        \t\t<li><span>1962<\/span><\/li>\n\t\t        \t\t\t        \t\t<li><span>1961<\/span><\/li>\n\t\t        \t\t\t        \t\t<li><span>1960<\/span><\/li>\n\t\t        \t\t\t        \t\t<li><span>1959<\/span><\/li>\n\t\t        \t            \n\t\t        <\/ul>\n\t\t    <\/nav>\n\t\t<\/aside><!-- \/timeline__col-nav -->\n\n\t    <main class=\"timeline__col-main\">\n\t\t    <section class=\"timeline__section\">\t\t        \n\t        \t\t        \t\t<article class=\"timeline__item\">\n\t        \t\t\t<div class=\"milestone\"><\/div>\n\t        \t\t\t\t        \t\t\t\t<header class=\"timeline__header\">EDITION 11 <\/header>\n\t        \t\t\t\t        \t\t\t<div class=\"timeline__wysiwyg\">\n\t        \t\t\t\t<div class=\"zinebi-edition__item\">\n<figure class=\"zinebi-edition__img\">\n<a class=\"cb-gallery__item\" href=\"\/assets\/media\/zinebi-11.jpg\" title=\"ZINEBI 11 (1969)\" rel=\"gallery\"><img alt=\"ZINEBI 11 (1969)\" width=\"400\" height=\"566\" class=\"alignnone size-size_400 wp-image-528 lazyload\" sizes=\"(max-width: 400px) 100vw, 400px\" data-srcset=\"https:\/\/zinebi.eus\/assets\/media\/zinebi-11-400x566.jpg 400w, https:\/\/zinebi.eus\/assets\/media\/zinebi-11-150x212.jpg 150w, https:\/\/zinebi.eus\/assets\/media\/zinebi-11-300x424.jpg 300w, https:\/\/zinebi.eus\/assets\/media\/zinebi-11-480x679.jpg 480w, https:\/\/zinebi.eus\/assets\/media\/zinebi-11-550x778.jpg 550w, https:\/\/zinebi.eus\/assets\/media\/zinebi-11.jpg 724w\" data-src=\"https:\/\/zinebi.eus\/assets\/media\/zinebi-11-400x566.jpg\" srcset=\"https:\/\/zinebi.eus\/assets\/media\/zinebi-11-400x566.jpg 400w, https:\/\/zinebi.eus\/assets\/media\/zinebi-11-150x212.jpg 150w, https:\/\/zinebi.eus\/assets\/media\/zinebi-11-300x424.jpg 300w, https:\/\/zinebi.eus\/assets\/media\/zinebi-11-480x679.jpg 480w, https:\/\/zinebi.eus\/assets\/media\/zinebi-11-550x778.jpg 550w, https:\/\/zinebi.eus\/assets\/media\/zinebi-11.jpg 724w\" \/><\/a><br>\n   <\/figure>\n<div class=\"zinebi-edition__txt\">\n<p>The  Cin\u00e9math\u00e8que Fran\u00e7aise presented an anthological exhibition with films  by the Lumi\u00e8res, Jean Rouch, Joris Ivens, Jean Vigo, etc., while the  festival began to broaden the limits of censorship with the exhibition  of works by classic filmmakers from the Soviet era such as Sergei M.  Eisenstein, Dziga Vertov and Alexander Dovzhenko. Spanish directors such  as Manuel Guti\u00e9rrez Arag\u00f3n, Francesc Betr\u00edu and Diego Gal\u00e1n took part  in the contest. The Basque participation was headed by Antonio Mercero,  Alberto Schommer and Rafael Ruiz Balerdi, who presented his avant-garde  experimental short film <em>La cazadora inconsciente.<\/em> The attendance of prestigious Belgian filmmaker Andr\u00e9 Delvaux was the highlight at international level.<\/p>\n<p>Popular  theatre, film and television actresses Enriqueta Carballeira and Lali  Soldevila also honoured this eleventh edition with their visit.<\/p>\n<section id=\"galeria-id-6724\" class=\"cb-galeria__block\">\n\t\t\t<!-- style grid gallery -->\n<style type=\"text\/css\">\n\t\t\t\t\t\t\t\t@media screen and (min-width: 0px){\n\t\t\t\t\t\t#galeria-id-6724 .cb-galeria__grid > .cb-galeria__item {\n\t\t\t\t\t\t\twidth : 50.00%;\n\t\t\t\t\t\t}\n\t\t\t\t\t}\n\t\t\t\t\t\t\t\t\t\t@media screen and (min-width: 480px){\n\t\t\t\t\t\t#galeria-id-6724 .cb-galeria__grid > .cb-galeria__item {\n\t\t\t\t\t\t\twidth : 50.00%;\n\t\t\t\t\t\t}\n\t\t\t\t\t}\n\t\t\t\t\t\t\t\t\t\t@media screen and (min-width: 756px){\n\t\t\t\t\t\t#galeria-id-6724 .cb-galeria__grid > .cb-galeria__item {\n\t\t\t\t\t\t\twidth : 33.33%;\n\t\t\t\t\t\t}\n\t\t\t\t\t}\n\t\t\t\t\t\t\t\t\t\t@media screen and (min-width: 1200px){\n\t\t\t\t\t\t#galeria-id-6724 .cb-galeria__grid > .cb-galeria__item {\n\t\t\t\t\t\t\twidth : 25.00%;\n\t\t\t\t\t\t}\n\t\t\t\t\t}\n\t\t\t\t\t\t\t<\/style>\n<p>\t\t\t\t<main class=\"cb-galeria cb-gallery\"><\/main><\/p>\n<div class=\"cb-galeria__grid \">\n<article class=\"cb-galeria__item\">\n<div class=\"cb-galeria__item-card\">\n\t\t\t\t\t\t\t\t<a href=\"https:\/\/zinebi.eus\/assets\/media\/1969-TXEMA_ETXANDIZ_MARISA_PAREDES_FRANCISCO_LLINAS_MIGUEL_MARIAS_JOSE_LUIS_GUARNER_JULIO_PEREZ_PERUCH.jpg\" class=\"cb-gallery__item\" title=\"1969 - Edici\u00f3n 11\">\n\t\t\t\t\t\t\t\t\t<picture id=\"thumbnail-6731\" class=\"lazyload cb-img-thumbnail ratio-horizontal\"><source media=\"(max-width: 150px)\" data-srcset=\"https:\/\/zinebi.eus\/assets\/media\/1969-TXEMA_ETXANDIZ_MARISA_PAREDES_FRANCISCO_LLINAS_MIGUEL_MARIAS_JOSE_LUIS_GUARNER_JULIO_PEREZ_PERUCH-150x104.jpg\"><source media=\"(max-width: 300px)\" data-srcset=\"https:\/\/zinebi.eus\/assets\/media\/1969-TXEMA_ETXANDIZ_MARISA_PAREDES_FRANCISCO_LLINAS_MIGUEL_MARIAS_JOSE_LUIS_GUARNER_JULIO_PEREZ_PERUCH-300x207.jpg\"><source media=\"(max-width: 400px)\" data-srcset=\"https:\/\/zinebi.eus\/assets\/media\/1969-TXEMA_ETXANDIZ_MARISA_PAREDES_FRANCISCO_LLINAS_MIGUEL_MARIAS_JOSE_LUIS_GUARNER_JULIO_PEREZ_PERUCH-400x277.jpg\"><source media=\"(max-width: 480px)\" data-srcset=\"https:\/\/zinebi.eus\/assets\/media\/1969-TXEMA_ETXANDIZ_MARISA_PAREDES_FRANCISCO_LLINAS_MIGUEL_MARIAS_JOSE_LUIS_GUARNER_JULIO_PEREZ_PERUCH-480x332.jpg\"><source media=\"(max-width: 550px)\" data-srcset=\"https:\/\/zinebi.eus\/assets\/media\/1969-TXEMA_ETXANDIZ_MARISA_PAREDES_FRANCISCO_LLINAS_MIGUEL_MARIAS_JOSE_LUIS_GUARNER_JULIO_PEREZ_PERUCH-550x380.jpg\"><source media=\"(max-width: 768px)\" data-srcset=\"https:\/\/zinebi.eus\/assets\/media\/1969-TXEMA_ETXANDIZ_MARISA_PAREDES_FRANCISCO_LLINAS_MIGUEL_MARIAS_JOSE_LUIS_GUARNER_JULIO_PEREZ_PERUCH-768x531.jpg\"><img class=\"lazyload \" data-src=\"https:\/\/zinebi.eus\/assets\/media\/1969-TXEMA_ETXANDIZ_MARISA_PAREDES_FRANCISCO_LLINAS_MIGUEL_MARIAS_JOSE_LUIS_GUARNER_JULIO_PEREZ_PERUCH.jpg\" alt=\"1969-TXEMA_ETXANDIZ_MARISA_PAREDES_FRANCISCO_LLINAS_MIGUEL_MARIAS_JOSE_LUIS_GUARNER_JULIO_PEREZ_PERUCH\"><\/source><\/source><\/source><\/source><\/source><\/source><\/picture>\n\t\t\t\t\t\t\t\t\t<span class=\"cb-galeria__item-text\"><br>\n\t\t\t\t\t\t\t\t\t\t<span class=\"cb-galeria__text-inner\"><br>\n\t\t\t\t\t\t\t\t\t\t\t<span class=\"cb-galeria__text-capsule\"><br>\n\t\t\t\t\t\t\t\t\t\t\t\t<small>1969 \u2013 Edici\u00f3n 11<\/small><br>\n\t\t\t\t\t\t\t\t\t\t\t<\/span><br>\n\t\t\t\t\t\t\t\t\t\t<\/span><br>\n\t\t\t\t\t\t\t\t\t<\/span><br>\n\t\t\t\t\t\t\t\t\t\t\t\t\t\t\t\t\t<\/a>\n\t\t\t\t\t\t\t<\/div>\n<\/article>\n<article class=\"cb-galeria__item\">\n<div class=\"cb-galeria__item-card\">\n\t\t\t\t\t\t\t\t<a href=\"https:\/\/zinebi.eus\/assets\/media\/1969-EGILLIOR_COMOC-1.jpg\" class=\"cb-gallery__item\" title=\"1969 - Edici\u00f3n 11\">\n\t\t\t\t\t\t\t\t\t<picture id=\"thumbnail-6725\" class=\"lazyload cb-img-thumbnail ratio-horizontal\"><source media=\"(max-width: 150px)\" data-srcset=\"https:\/\/zinebi.eus\/assets\/media\/1969-EGILLIOR_COMOC-1-150x100.jpg\"><source media=\"(max-width: 300px)\" data-srcset=\"https:\/\/zinebi.eus\/assets\/media\/1969-EGILLIOR_COMOC-1-300x200.jpg\"><source media=\"(max-width: 400px)\" data-srcset=\"https:\/\/zinebi.eus\/assets\/media\/1969-EGILLIOR_COMOC-1-400x267.jpg\"><source media=\"(max-width: 480px)\" data-srcset=\"https:\/\/zinebi.eus\/assets\/media\/1969-EGILLIOR_COMOC-1-480x320.jpg\"><source media=\"(max-width: 550px)\" data-srcset=\"https:\/\/zinebi.eus\/assets\/media\/1969-EGILLIOR_COMOC-1-550x366.jpg\"><source media=\"(max-width: 768px)\" data-srcset=\"https:\/\/zinebi.eus\/assets\/media\/1969-EGILLIOR_COMOC-1-768x512.jpg\"><img class=\"lazyload \" data-src=\"https:\/\/zinebi.eus\/assets\/media\/1969-EGILLIOR_COMOC-1.jpg\" alt=\"1969-EGILLIOR_COMOC-1\"><\/source><\/source><\/source><\/source><\/source><\/source><\/picture>\n\t\t\t\t\t\t\t\t\t<span class=\"cb-galeria__item-text\"><br>\n\t\t\t\t\t\t\t\t\t\t<span class=\"cb-galeria__text-inner\"><br>\n\t\t\t\t\t\t\t\t\t\t\t<span class=\"cb-galeria__text-capsule\"><br>\n\t\t\t\t\t\t\t\t\t\t\t\t<small>1969 \u2013 Edici\u00f3n 11<\/small><br>\n\t\t\t\t\t\t\t\t\t\t\t<\/span><br>\n\t\t\t\t\t\t\t\t\t\t<\/span><br>\n\t\t\t\t\t\t\t\t\t<\/span><br>\n\t\t\t\t\t\t\t\t\t\t\t\t\t\t\t\t\t<\/a>\n\t\t\t\t\t\t\t<\/div>\n<\/article>\n<article class=\"cb-galeria__item\">\n<div class=\"cb-galeria__item-card\">\n\t\t\t\t\t\t\t\t<a href=\"https:\/\/zinebi.eus\/assets\/media\/1969-mikeldi_revista.jpg\" class=\"cb-gallery__item\" title=\"1969 - Edici\u00f3n 11\">\n\t\t\t\t\t\t\t\t\t<picture id=\"thumbnail-6728\" class=\"lazyload cb-img-thumbnail ratio-horizontal\"><source media=\"(max-width: 150px)\" data-srcset=\"https:\/\/zinebi.eus\/assets\/media\/1969-mikeldi_revista-150x100.jpg\"><source media=\"(max-width: 300px)\" data-srcset=\"https:\/\/zinebi.eus\/assets\/media\/1969-mikeldi_revista-300x200.jpg\"><source media=\"(max-width: 400px)\" data-srcset=\"https:\/\/zinebi.eus\/assets\/media\/1969-mikeldi_revista-400x267.jpg\"><source media=\"(max-width: 480px)\" data-srcset=\"https:\/\/zinebi.eus\/assets\/media\/1969-mikeldi_revista-480x320.jpg\"><source media=\"(max-width: 550px)\" data-srcset=\"https:\/\/zinebi.eus\/assets\/media\/1969-mikeldi_revista-550x366.jpg\"><source media=\"(max-width: 768px)\" data-srcset=\"https:\/\/zinebi.eus\/assets\/media\/1969-mikeldi_revista-768x512.jpg\"><img class=\"lazyload \" data-src=\"https:\/\/zinebi.eus\/assets\/media\/1969-mikeldi_revista.jpg\" alt=\"1969-mikeldi_revista\"><\/source><\/source><\/source><\/source><\/source><\/source><\/picture>\n\t\t\t\t\t\t\t\t\t<span class=\"cb-galeria__item-text\"><br>\n\t\t\t\t\t\t\t\t\t\t<span class=\"cb-galeria__text-inner\"><br>\n\t\t\t\t\t\t\t\t\t\t\t<span class=\"cb-galeria__text-capsule\"><br>\n\t\t\t\t\t\t\t\t\t\t\t\t<small>1969 \u2013 Edici\u00f3n 11<\/small><br>\n\t\t\t\t\t\t\t\t\t\t\t<\/span><br>\n\t\t\t\t\t\t\t\t\t\t<\/span><br>\n\t\t\t\t\t\t\t\t\t<\/span><br>\n\t\t\t\t\t\t\t\t\t\t\t\t\t\t\t\t\t<\/a>\n\t\t\t\t\t\t\t<\/div>\n<\/article><\/div>\n<p>\t\t<br>\n\t\t<\/p><\/section>\n<p><!-- \/cb-galeria__block --><\/p>\n<p>Claudio  Bertieri (J) \u00b7 Luis Gasca (J) \u00b7 Vasco Granja (J) \u00b7 Francesc Betriu \u00b7  Enriqueta Carballeira \u00b7 Andr\u00e9 Delvaux \u00b7 Diego Gal\u00e1n \u00b7 Antonio Gamero \u00b7  Manuel Guti\u00e9rrez Arag\u00f3n \u00b7 Bert Haanstra \u00b7 Lali Soldevila \u00b7 Alberto  Schommer<\/p>\n<\/div>\n<\/div>\n\t        \t\t\t<\/div>\n\t        \t\t<\/article>\n\t        \t\t        \t\t<article class=\"timeline__item\">\n\t        \t\t\t<div class=\"milestone\"><\/div>\n\t        \t\t\t\t        \t\t\t\t<header class=\"timeline__header\">EDITION 10 <\/header>\n\t        \t\t\t\t        \t\t\t<div class=\"timeline__wysiwyg\">\n\t        \t\t\t\t<div class=\"zinebi-edition__item\">\n<figure class=\"zinebi-edition__img\">\n<a class=\"cb-gallery__item\" href=\"\/assets\/media\/zinebi-10.jpg\" title=\"ZINEBI 10 (1968)\" rel=\"gallery\"><img alt=\"ZINEBI 10 (1968)\" width=\"400\" height=\"566\" class=\"alignnone size-size_400 wp-image-525 lazyload\" sizes=\"(max-width: 400px) 100vw, 400px\" data-srcset=\"https:\/\/zinebi.eus\/assets\/media\/zinebi-10-400x566.jpg 400w, https:\/\/zinebi.eus\/assets\/media\/zinebi-10-150x212.jpg 150w, https:\/\/zinebi.eus\/assets\/media\/zinebi-10-300x424.jpg 300w, https:\/\/zinebi.eus\/assets\/media\/zinebi-10-480x679.jpg 480w, https:\/\/zinebi.eus\/assets\/media\/zinebi-10-550x778.jpg 550w, https:\/\/zinebi.eus\/assets\/media\/zinebi-10.jpg 724w\" data-src=\"https:\/\/zinebi.eus\/assets\/media\/zinebi-10-400x566.jpg\" srcset=\"https:\/\/zinebi.eus\/assets\/media\/zinebi-10-400x566.jpg 400w, https:\/\/zinebi.eus\/assets\/media\/zinebi-10-150x212.jpg 150w, https:\/\/zinebi.eus\/assets\/media\/zinebi-10-300x424.jpg 300w, https:\/\/zinebi.eus\/assets\/media\/zinebi-10-480x679.jpg 480w, https:\/\/zinebi.eus\/assets\/media\/zinebi-10-550x778.jpg 550w, https:\/\/zinebi.eus\/assets\/media\/zinebi-10.jpg 724w\" \/><\/a><br>\n   <\/figure>\n<div class=\"zinebi-edition__txt\">\n<p>Jos\u00e9  Ignacio Uru\u00f1uela took the reins of the festival willing to open it to  young filmmakers from around the world. The prestigious British BBC  began to take an interest in Bilbao as one of its platforms for films  acquisition. Catalan filmmaker Pere Portabella was part of the jury of a  contest where internationally recognized Polish filmmaker Walerian  Borowczyk participated. Basques N\u00e9stor Basterretxea and Fernando  Larruquert presented their documentary <em>Ama Lur<\/em>, one of the  first pieces of contemporary Basque cinema, and Basque artist Jos\u00e9  Antonio Sistiaga did likewise with his ambitious and unusual  experimental feature film <em>Ere Erera Baleibu Icik Subura Arauaren<\/em>, winner of the Experimental Cinema Award of that year.<\/p>\n<p>The popular actress Teresa Gimpera visited Bilbao, accompanied by the festival\u2019s brand new director.<\/p>\n<section id=\"galeria-id-6734\" class=\"cb-galeria__block\">\n\t\t\t<!-- style grid gallery -->\n<style type=\"text\/css\">\n\t\t\t\t\t\t\t\t@media screen and (min-width: 0px){\n\t\t\t\t\t\t#galeria-id-6734 .cb-galeria__grid > .cb-galeria__item {\n\t\t\t\t\t\t\twidth : 50.00%;\n\t\t\t\t\t\t}\n\t\t\t\t\t}\n\t\t\t\t\t\t\t\t\t\t@media screen and (min-width: 480px){\n\t\t\t\t\t\t#galeria-id-6734 .cb-galeria__grid > .cb-galeria__item {\n\t\t\t\t\t\t\twidth : 50.00%;\n\t\t\t\t\t\t}\n\t\t\t\t\t}\n\t\t\t\t\t\t\t\t\t\t@media screen and (min-width: 756px){\n\t\t\t\t\t\t#galeria-id-6734 .cb-galeria__grid > .cb-galeria__item {\n\t\t\t\t\t\t\twidth : 33.33%;\n\t\t\t\t\t\t}\n\t\t\t\t\t}\n\t\t\t\t\t\t\t\t\t\t@media screen and (min-width: 1200px){\n\t\t\t\t\t\t#galeria-id-6734 .cb-galeria__grid > .cb-galeria__item {\n\t\t\t\t\t\t\twidth : 25.00%;\n\t\t\t\t\t\t}\n\t\t\t\t\t}\n\t\t\t\t\t\t\t<\/style>\n<p>\t\t\t\t<main class=\"cb-galeria cb-gallery\"><\/main><\/p>\n<div class=\"cb-galeria__grid \">\n<article class=\"cb-galeria__item\">\n<div class=\"cb-galeria__item-card\">\n\t\t\t\t\t\t\t\t<a href=\"https:\/\/zinebi.eus\/assets\/media\/1968-J.Ignacio_Urunuela_Archivo_Ale.jpg\" class=\"cb-gallery__item\" title=\"1968 - Edici\u00f3n 10\">\n\t\t\t\t\t\t\t\t\t<picture id=\"thumbnail-6735\" class=\"lazyload cb-img-thumbnail ratio-horizontal\"><source media=\"(max-width: 150px)\" data-srcset=\"https:\/\/zinebi.eus\/assets\/media\/1968-J.Ignacio_Urunuela_Archivo_Ale-150x100.jpg\"><source media=\"(max-width: 300px)\" data-srcset=\"https:\/\/zinebi.eus\/assets\/media\/1968-J.Ignacio_Urunuela_Archivo_Ale-300x200.jpg\"><source media=\"(max-width: 400px)\" data-srcset=\"https:\/\/zinebi.eus\/assets\/media\/1968-J.Ignacio_Urunuela_Archivo_Ale-400x267.jpg\"><source media=\"(max-width: 480px)\" data-srcset=\"https:\/\/zinebi.eus\/assets\/media\/1968-J.Ignacio_Urunuela_Archivo_Ale-480x320.jpg\"><source media=\"(max-width: 550px)\" data-srcset=\"https:\/\/zinebi.eus\/assets\/media\/1968-J.Ignacio_Urunuela_Archivo_Ale-550x366.jpg\"><source media=\"(max-width: 768px)\" data-srcset=\"https:\/\/zinebi.eus\/assets\/media\/1968-J.Ignacio_Urunuela_Archivo_Ale-768x512.jpg\"><img class=\"lazyload \" data-src=\"https:\/\/zinebi.eus\/assets\/media\/1968-J.Ignacio_Urunuela_Archivo_Ale.jpg\" alt=\"1968-J.Ignacio_Urunuela_Archivo_Ale\"><\/source><\/source><\/source><\/source><\/source><\/source><\/picture>\n\t\t\t\t\t\t\t\t\t<span class=\"cb-galeria__item-text\"><br>\n\t\t\t\t\t\t\t\t\t\t<span class=\"cb-galeria__text-inner\"><br>\n\t\t\t\t\t\t\t\t\t\t\t<span class=\"cb-galeria__text-capsule\"><br>\n\t\t\t\t\t\t\t\t\t\t\t\t<small>1968 \u2013 Edici\u00f3n 10<\/small><br>\n\t\t\t\t\t\t\t\t\t\t\t<\/span><br>\n\t\t\t\t\t\t\t\t\t\t<\/span><br>\n\t\t\t\t\t\t\t\t\t<\/span><br>\n\t\t\t\t\t\t\t\t\t\t\t\t\t\t\t\t\t<\/a>\n\t\t\t\t\t\t\t<\/div>\n<\/article>\n<article class=\"cb-galeria__item\">\n<div class=\"cb-galeria__item-card\">\n\t\t\t\t\t\t\t\t<a href=\"https:\/\/zinebi.eus\/assets\/media\/1968-jurad0.jpg\" class=\"cb-gallery__item\" title=\"1968 - Edici\u00f3n 10\">\n\t\t\t\t\t\t\t\t\t<picture id=\"thumbnail-6738\" class=\"lazyload cb-img-thumbnail ratio-horizontal\"><source media=\"(max-width: 150px)\" data-srcset=\"https:\/\/zinebi.eus\/assets\/media\/1968-jurad0-150x110.jpg\"><source media=\"(max-width: 300px)\" data-srcset=\"https:\/\/zinebi.eus\/assets\/media\/1968-jurad0-300x221.jpg\"><source media=\"(max-width: 400px)\" data-srcset=\"https:\/\/zinebi.eus\/assets\/media\/1968-jurad0-400x295.jpg\"><source media=\"(max-width: 480px)\" data-srcset=\"https:\/\/zinebi.eus\/assets\/media\/1968-jurad0-480x353.jpg\"><source media=\"(max-width: 550px)\" data-srcset=\"https:\/\/zinebi.eus\/assets\/media\/1968-jurad0-550x405.jpg\"><source media=\"(max-width: 768px)\" data-srcset=\"https:\/\/zinebi.eus\/assets\/media\/1968-jurad0-768x565.jpg\"><img class=\"lazyload \" data-src=\"https:\/\/zinebi.eus\/assets\/media\/1968-jurad0.jpg\" alt=\"1968-jurad0\"><\/source><\/source><\/source><\/source><\/source><\/source><\/picture>\n\t\t\t\t\t\t\t\t\t<span class=\"cb-galeria__item-text\"><br>\n\t\t\t\t\t\t\t\t\t\t<span class=\"cb-galeria__text-inner\"><br>\n\t\t\t\t\t\t\t\t\t\t\t<span class=\"cb-galeria__text-capsule\"><br>\n\t\t\t\t\t\t\t\t\t\t\t\t<small>1968 \u2013 Edici\u00f3n 10<\/small><br>\n\t\t\t\t\t\t\t\t\t\t\t<\/span><br>\n\t\t\t\t\t\t\t\t\t\t<\/span><br>\n\t\t\t\t\t\t\t\t\t<\/span><br>\n\t\t\t\t\t\t\t\t\t\t\t\t\t\t\t\t\t<\/a>\n\t\t\t\t\t\t\t<\/div>\n<\/article>\n<article class=\"cb-galeria__item\">\n<div class=\"cb-galeria__item-card\">\n\t\t\t\t\t\t\t\t<a href=\"https:\/\/zinebi.eus\/assets\/media\/1968-URUNUELA_68.jpg\" class=\"cb-gallery__item\" title=\"1968 - Edici\u00f3n 10\">\n\t\t\t\t\t\t\t\t\t<picture id=\"thumbnail-6741\" class=\"lazyload cb-img-thumbnail ratio-horizontal\"><source media=\"(max-width: 150px)\" data-srcset=\"https:\/\/zinebi.eus\/assets\/media\/1968-URUNUELA_68-150x98.jpg\"><source media=\"(max-width: 300px)\" data-srcset=\"https:\/\/zinebi.eus\/assets\/media\/1968-URUNUELA_68-300x197.jpg\"><source media=\"(max-width: 400px)\" data-srcset=\"https:\/\/zinebi.eus\/assets\/media\/1968-URUNUELA_68-400x262.jpg\"><source media=\"(max-width: 480px)\" data-srcset=\"https:\/\/zinebi.eus\/assets\/media\/1968-URUNUELA_68-480x314.jpg\"><source media=\"(max-width: 550px)\" data-srcset=\"https:\/\/zinebi.eus\/assets\/media\/1968-URUNUELA_68-550x360.jpg\"><source media=\"(max-width: 768px)\" data-srcset=\"https:\/\/zinebi.eus\/assets\/media\/1968-URUNUELA_68-768x503.jpg\"><img class=\"lazyload \" data-src=\"https:\/\/zinebi.eus\/assets\/media\/1968-URUNUELA_68.jpg\" alt=\"1968-URUNUELA_68\"><\/source><\/source><\/source><\/source><\/source><\/source><\/picture>\n\t\t\t\t\t\t\t\t\t<span class=\"cb-galeria__item-text\"><br>\n\t\t\t\t\t\t\t\t\t\t<span class=\"cb-galeria__text-inner\"><br>\n\t\t\t\t\t\t\t\t\t\t\t<span class=\"cb-galeria__text-capsule\"><br>\n\t\t\t\t\t\t\t\t\t\t\t\t<small>1968 \u2013 Edici\u00f3n 10<\/small><br>\n\t\t\t\t\t\t\t\t\t\t\t<\/span><br>\n\t\t\t\t\t\t\t\t\t\t<\/span><br>\n\t\t\t\t\t\t\t\t\t<\/span><br>\n\t\t\t\t\t\t\t\t\t\t\t\t\t\t\t\t\t<\/a>\n\t\t\t\t\t\t\t<\/div>\n<\/article><\/div>\n<p>\t\t<br>\n\t\t<\/p><\/section>\n<p><!-- \/cb-galeria__block --><\/p>\n<p>Antonio Gim\u00e9nez \u00b7 Rico (J) \u00b7 Antonio de Lara <em>Tono<\/em> (J) \u00b7 Vicente Molina Foix (J) \u00b7 Pere Portabella (J) \u00b7 Jes\u00fas Yag\u00fce (J) \u00b7  Walerian Borowczyk \u00b7 Chumy Ch\u00famez \u00b7 Juan Carlos Eguillor \u00b7 Teresa  Gimpera \u00b7 Jos\u00e9 M\u00aa Nunes \u00b7 Jos\u00e9 Antonio Sistiaga<\/p>\n<\/div>\n<\/div>\n\t        \t\t\t<\/div>\n\t        \t\t<\/article>\n\t        \t\t        \t\t<article class=\"timeline__item\">\n\t        \t\t\t<div class=\"milestone\"><\/div>\n\t        \t\t\t\t        \t\t\t\t<header class=\"timeline__header\">EDITION 9 <\/header>\n\t        \t\t\t\t        \t\t\t<div class=\"timeline__wysiwyg\">\n\t        \t\t\t\t<div class=\"zinebi-edition__item\">\n<figure class=\"zinebi-edition__img\">\n<a class=\"cb-gallery__item\" href=\"\/assets\/media\/zinebi-09.jpg\" title=\"ZINEBI 9 (1967)\" rel=\"gallery\"><img alt=\"ZINEBI 9 (1967)\" width=\"400\" height=\"566\" class=\"alignnone size-size_400 wp-image-522 lazyload\" sizes=\"(max-width: 400px) 100vw, 400px\" data-srcset=\"https:\/\/zinebi.eus\/assets\/media\/zinebi-09-400x566.jpg 400w, https:\/\/zinebi.eus\/assets\/media\/zinebi-09-150x212.jpg 150w, https:\/\/zinebi.eus\/assets\/media\/zinebi-09-300x424.jpg 300w, https:\/\/zinebi.eus\/assets\/media\/zinebi-09-480x679.jpg 480w, https:\/\/zinebi.eus\/assets\/media\/zinebi-09-550x778.jpg 550w, https:\/\/zinebi.eus\/assets\/media\/zinebi-09.jpg 724w\" data-src=\"https:\/\/zinebi.eus\/assets\/media\/zinebi-09-400x566.jpg\" srcset=\"https:\/\/zinebi.eus\/assets\/media\/zinebi-09-400x566.jpg 400w, https:\/\/zinebi.eus\/assets\/media\/zinebi-09-150x212.jpg 150w, https:\/\/zinebi.eus\/assets\/media\/zinebi-09-300x424.jpg 300w, https:\/\/zinebi.eus\/assets\/media\/zinebi-09-480x679.jpg 480w, https:\/\/zinebi.eus\/assets\/media\/zinebi-09-550x778.jpg 550w, https:\/\/zinebi.eus\/assets\/media\/zinebi-09.jpg 724w\" \/><\/a><br>\n   <\/figure>\n<div class=\"zinebi-edition__txt\">\n<p>This edition presented<em> The War Game, <\/em>the  impressive and visionary piece by British filmmaker Peter Watkins about  an atomic explosion in his country which had just won him the Oscar for  Best Documentary .<\/p>\n<p>Basques P\u00edo Caro Baroja (<em>P\u00edo Baroja\u2019s Basque Country<\/em>) and Javier Aguirre (<em>Playa espacio<\/em>) returned to this contest. A series of Spanish short films was screened, including the legendary <em>Tierra sin pan<\/em> by Luis Bu\u00f1uel and <em>Historia de un duro,<\/em> by Bilbao local Sabino Antonio Mic\u00f3n.<\/p>\n<p>Catalan architect Ricardo Bofill visited the festival for the screening of his short film <em>Circles<\/em>, accompanied by Serena Vergano, his wife and star of the film.<\/p>\n<section id=\"galeria-id-6745\" class=\"cb-galeria__block\">\n\t\t\t<!-- style grid gallery -->\n<style type=\"text\/css\">\n\t\t\t\t\t\t\t\t@media screen and (min-width: 0px){\n\t\t\t\t\t\t#galeria-id-6745 .cb-galeria__grid > .cb-galeria__item {\n\t\t\t\t\t\t\twidth : 50.00%;\n\t\t\t\t\t\t}\n\t\t\t\t\t}\n\t\t\t\t\t\t\t\t\t\t@media screen and (min-width: 480px){\n\t\t\t\t\t\t#galeria-id-6745 .cb-galeria__grid > .cb-galeria__item {\n\t\t\t\t\t\t\twidth : 50.00%;\n\t\t\t\t\t\t}\n\t\t\t\t\t}\n\t\t\t\t\t\t\t\t\t\t@media screen and (min-width: 756px){\n\t\t\t\t\t\t#galeria-id-6745 .cb-galeria__grid > .cb-galeria__item {\n\t\t\t\t\t\t\twidth : 33.33%;\n\t\t\t\t\t\t}\n\t\t\t\t\t}\n\t\t\t\t\t\t\t\t\t\t@media screen and (min-width: 1200px){\n\t\t\t\t\t\t#galeria-id-6745 .cb-galeria__grid > .cb-galeria__item {\n\t\t\t\t\t\t\twidth : 25.00%;\n\t\t\t\t\t\t}\n\t\t\t\t\t}\n\t\t\t\t\t\t\t<\/style>\n<p>\t\t\t\t<main class=\"cb-galeria cb-gallery\"><\/main><\/p>\n<div class=\"cb-galeria__grid \">\n<article class=\"cb-galeria__item\">\n<div class=\"cb-galeria__item-card\">\n\t\t\t\t\t\t\t\t<a href=\"https:\/\/zinebi.eus\/assets\/media\/1967-1967_chicas_guapas-1.jpg\" class=\"cb-gallery__item\" title=\"1967 - Edici\u00f3n 9\">\n\t\t\t\t\t\t\t\t\t<picture id=\"thumbnail-6746\" class=\"lazyload cb-img-thumbnail ratio-horizontal\"><source media=\"(max-width: 150px)\" data-srcset=\"https:\/\/zinebi.eus\/assets\/media\/1967-1967_chicas_guapas-1-150x100.jpg\"><source media=\"(max-width: 300px)\" data-srcset=\"https:\/\/zinebi.eus\/assets\/media\/1967-1967_chicas_guapas-1-300x200.jpg\"><source media=\"(max-width: 400px)\" data-srcset=\"https:\/\/zinebi.eus\/assets\/media\/1967-1967_chicas_guapas-1-400x267.jpg\"><source media=\"(max-width: 480px)\" data-srcset=\"https:\/\/zinebi.eus\/assets\/media\/1967-1967_chicas_guapas-1-480x320.jpg\"><source media=\"(max-width: 550px)\" data-srcset=\"https:\/\/zinebi.eus\/assets\/media\/1967-1967_chicas_guapas-1-550x366.jpg\"><source media=\"(max-width: 768px)\" data-srcset=\"https:\/\/zinebi.eus\/assets\/media\/1967-1967_chicas_guapas-1-768x512.jpg\"><img class=\"lazyload \" data-src=\"https:\/\/zinebi.eus\/assets\/media\/1967-1967_chicas_guapas-1.jpg\" alt=\"1967-1967_chicas_guapas-1\"><\/source><\/source><\/source><\/source><\/source><\/source><\/picture>\n\t\t\t\t\t\t\t\t\t<span class=\"cb-galeria__item-text\"><br>\n\t\t\t\t\t\t\t\t\t\t<span class=\"cb-galeria__text-inner\"><br>\n\t\t\t\t\t\t\t\t\t\t\t<span class=\"cb-galeria__text-capsule\"><br>\n\t\t\t\t\t\t\t\t\t\t\t\t<small>1967 \u2013 Edici\u00f3n 9<\/small><br>\n\t\t\t\t\t\t\t\t\t\t\t<\/span><br>\n\t\t\t\t\t\t\t\t\t\t<\/span><br>\n\t\t\t\t\t\t\t\t\t<\/span><br>\n\t\t\t\t\t\t\t\t\t\t\t\t\t\t\t\t\t<\/a>\n\t\t\t\t\t\t\t<\/div>\n<\/article><\/div>\n<p>\t\t<br>\n\t\t<\/p><\/section>\n<p><!-- \/cb-galeria__block --><\/p>\n<p>El arquitecto catal\u00e1n Ricardo Bofill visit\u00f3 el festival para la proyecci\u00f3n de su cortometraje <em>Circles<\/em>, en la que estuvo acompa\u00f1ado por Serena Vergano, su mujer y protagonista de la <\/p>\n<p>Javier  Aguirre (J) \u00b7 Jaime Jaimes (J) \u00b7 F\u00e9lix Martialay (J) \u00b7 Bernard Vasse  (J) \u00b7 Fernando Vizca\u00edno Casas (J) \u00b7 Ricardo Bofill \u00b7 Serena Vergano \u00b7  Peter Watkins<\/p>\n<\/div>\n<\/div>\n\t        \t\t\t<\/div>\n\t        \t\t<\/article>\n\t        \t\t        \t\t<article class=\"timeline__item\">\n\t        \t\t\t<div class=\"milestone\"><\/div>\n\t        \t\t\t\t        \t\t\t\t<header class=\"timeline__header\">EDITION 8 <\/header>\n\t        \t\t\t\t        \t\t\t<div class=\"timeline__wysiwyg\">\n\t        \t\t\t\t<div class=\"zinebi-edition__item\">\n<figure class=\"zinebi-edition__img\">\n<a class=\"cb-gallery__item\" href=\"\/assets\/media\/zinebi-08.jpg\" title=\"ZINEBI 8 (1966)\" rel=\"gallery\"><img alt=\"ZINEBI 8 (1966)\" width=\"400\" height=\"566\" class=\"alignnone size-size_400 wp-image-519 lazyload\" sizes=\"(max-width: 400px) 100vw, 400px\" data-srcset=\"https:\/\/zinebi.eus\/assets\/media\/zinebi-08-400x566.jpg 400w, https:\/\/zinebi.eus\/assets\/media\/zinebi-08-150x212.jpg 150w, https:\/\/zinebi.eus\/assets\/media\/zinebi-08-300x424.jpg 300w, https:\/\/zinebi.eus\/assets\/media\/zinebi-08-480x679.jpg 480w, https:\/\/zinebi.eus\/assets\/media\/zinebi-08-550x778.jpg 550w, https:\/\/zinebi.eus\/assets\/media\/zinebi-08.jpg 724w\" data-src=\"https:\/\/zinebi.eus\/assets\/media\/zinebi-08-400x566.jpg\" srcset=\"https:\/\/zinebi.eus\/assets\/media\/zinebi-08-400x566.jpg 400w, https:\/\/zinebi.eus\/assets\/media\/zinebi-08-150x212.jpg 150w, https:\/\/zinebi.eus\/assets\/media\/zinebi-08-300x424.jpg 300w, https:\/\/zinebi.eus\/assets\/media\/zinebi-08-480x679.jpg 480w, https:\/\/zinebi.eus\/assets\/media\/zinebi-08-550x778.jpg 550w, https:\/\/zinebi.eus\/assets\/media\/zinebi-08.jpg 724w\" \/><\/a><br>\n   <\/figure>\n<div class=\"zinebi-edition__txt\">\n<p>Films  from 22 countries concurred in this edition of the Bilbao Festival,  clearly consolidating the event. A tribute was paid to French director  Pierre \u00c9taix, and once again the Official School of Cinematography (EOC)  offered some workshops to its students, including Claudio Guer\u00edn. Pedro  Olea presented his emblematic documentary R\u00eda de Bilbao with great  success and Argentinean painter, sculptress and director Nadia Werba  visited our city, where she had previously exhibited her work. Works by  Frenchman Claude Lelouch, German G\u00fcnter Sachs, Chilean Patricio Guzm\u00e1n  and Cuban Santiago Alv\u00e1rez were awarded.<\/p>\n<p>Directors Leon Klimovsky and Basilio M. Patino partook in the International Jury.<\/p>\n<section id=\"galeria-id-6750\" class=\"cb-galeria__block\">\n\t\t\t<!-- style grid gallery -->\n<style type=\"text\/css\">\n\t\t\t\t\t\t\t\t@media screen and (min-width: 0px){\n\t\t\t\t\t\t#galeria-id-6750 .cb-galeria__grid > .cb-galeria__item {\n\t\t\t\t\t\t\twidth : 50.00%;\n\t\t\t\t\t\t}\n\t\t\t\t\t}\n\t\t\t\t\t\t\t\t\t\t@media screen and (min-width: 480px){\n\t\t\t\t\t\t#galeria-id-6750 .cb-galeria__grid > .cb-galeria__item {\n\t\t\t\t\t\t\twidth : 50.00%;\n\t\t\t\t\t\t}\n\t\t\t\t\t}\n\t\t\t\t\t\t\t\t\t\t@media screen and (min-width: 756px){\n\t\t\t\t\t\t#galeria-id-6750 .cb-galeria__grid > .cb-galeria__item {\n\t\t\t\t\t\t\twidth : 33.33%;\n\t\t\t\t\t\t}\n\t\t\t\t\t}\n\t\t\t\t\t\t\t\t\t\t@media screen and (min-width: 1200px){\n\t\t\t\t\t\t#galeria-id-6750 .cb-galeria__grid > .cb-galeria__item {\n\t\t\t\t\t\t\twidth : 25.00%;\n\t\t\t\t\t\t}\n\t\t\t\t\t}\n\t\t\t\t\t\t\t<\/style>\n<p>\t\t\t\t<main class=\"cb-galeria cb-gallery\"><\/main><\/p>\n<div class=\"cb-galeria__grid \">\n<article class=\"cb-galeria__item\">\n<div class=\"cb-galeria__item-card\">\n\t\t\t\t\t\t\t\t<a href=\"https:\/\/zinebi.eus\/assets\/media\/1966-BASILIO_MARTIN_PATINO_1966.jpg\" class=\"cb-gallery__item\" title=\"1966 - Edici\u00f3n 8\">\n\t\t\t\t\t\t\t\t\t<picture id=\"thumbnail-6751\" class=\"lazyload cb-img-thumbnail ratio-horizontal\"><source media=\"(max-width: 150px)\" data-srcset=\"https:\/\/zinebi.eus\/assets\/media\/1966-BASILIO_MARTIN_PATINO_1966-150x100.jpg\"><source media=\"(max-width: 300px)\" data-srcset=\"https:\/\/zinebi.eus\/assets\/media\/1966-BASILIO_MARTIN_PATINO_1966-300x200.jpg\"><source media=\"(max-width: 400px)\" data-srcset=\"https:\/\/zinebi.eus\/assets\/media\/1966-BASILIO_MARTIN_PATINO_1966-400x267.jpg\"><source media=\"(max-width: 480px)\" data-srcset=\"https:\/\/zinebi.eus\/assets\/media\/1966-BASILIO_MARTIN_PATINO_1966-480x320.jpg\"><source media=\"(max-width: 550px)\" data-srcset=\"https:\/\/zinebi.eus\/assets\/media\/1966-BASILIO_MARTIN_PATINO_1966-550x366.jpg\"><source media=\"(max-width: 768px)\" data-srcset=\"https:\/\/zinebi.eus\/assets\/media\/1966-BASILIO_MARTIN_PATINO_1966-768x512.jpg\"><img class=\"lazyload \" data-src=\"https:\/\/zinebi.eus\/assets\/media\/1966-BASILIO_MARTIN_PATINO_1966.jpg\" alt=\"1966-BASILIO_MARTIN_PATINO_1966\"><\/source><\/source><\/source><\/source><\/source><\/source><\/picture>\n\t\t\t\t\t\t\t\t\t<span class=\"cb-galeria__item-text\"><br>\n\t\t\t\t\t\t\t\t\t\t<span class=\"cb-galeria__text-inner\"><br>\n\t\t\t\t\t\t\t\t\t\t\t<span class=\"cb-galeria__text-capsule\"><br>\n\t\t\t\t\t\t\t\t\t\t\t\t<small>1966 \u2013 Edici\u00f3n 8<\/small><br>\n\t\t\t\t\t\t\t\t\t\t\t<\/span><br>\n\t\t\t\t\t\t\t\t\t\t<\/span><br>\n\t\t\t\t\t\t\t\t\t<\/span><br>\n\t\t\t\t\t\t\t\t\t\t\t\t\t\t\t\t\t<\/a>\n\t\t\t\t\t\t\t<\/div>\n<\/article>\n<article class=\"cb-galeria__item\">\n<div class=\"cb-galeria__item-card\">\n\t\t\t\t\t\t\t\t<a href=\"https:\/\/zinebi.eus\/assets\/media\/1966-LEON_KLIMOUSKY__1962_1966.jpg\" class=\"cb-gallery__item\" title=\"1966 - Edici\u00f3n 8\">\n\t\t\t\t\t\t\t\t\t<picture id=\"thumbnail-6754\" class=\"lazyload cb-img-thumbnail ratio-horizontal\"><source media=\"(max-width: 150px)\" data-srcset=\"https:\/\/zinebi.eus\/assets\/media\/1966-LEON_KLIMOUSKY__1962_1966-150x100.jpg\"><source media=\"(max-width: 300px)\" data-srcset=\"https:\/\/zinebi.eus\/assets\/media\/1966-LEON_KLIMOUSKY__1962_1966-300x200.jpg\"><source media=\"(max-width: 400px)\" data-srcset=\"https:\/\/zinebi.eus\/assets\/media\/1966-LEON_KLIMOUSKY__1962_1966-400x267.jpg\"><source media=\"(max-width: 480px)\" data-srcset=\"https:\/\/zinebi.eus\/assets\/media\/1966-LEON_KLIMOUSKY__1962_1966-480x320.jpg\"><source media=\"(max-width: 550px)\" data-srcset=\"https:\/\/zinebi.eus\/assets\/media\/1966-LEON_KLIMOUSKY__1962_1966-550x366.jpg\"><source media=\"(max-width: 768px)\" data-srcset=\"https:\/\/zinebi.eus\/assets\/media\/1966-LEON_KLIMOUSKY__1962_1966-768x512.jpg\"><img class=\"lazyload \" data-src=\"https:\/\/zinebi.eus\/assets\/media\/1966-LEON_KLIMOUSKY__1962_1966.jpg\" alt=\"1966-LEON_KLIMOUSKY__1962_1966\"><\/source><\/source><\/source><\/source><\/source><\/source><\/picture>\n\t\t\t\t\t\t\t\t\t<span class=\"cb-galeria__item-text\"><br>\n\t\t\t\t\t\t\t\t\t\t<span class=\"cb-galeria__text-inner\"><br>\n\t\t\t\t\t\t\t\t\t\t\t<span class=\"cb-galeria__text-capsule\"><br>\n\t\t\t\t\t\t\t\t\t\t\t\t<small>1966 \u2013 Edici\u00f3n 8<\/small><br>\n\t\t\t\t\t\t\t\t\t\t\t<\/span><br>\n\t\t\t\t\t\t\t\t\t\t<\/span><br>\n\t\t\t\t\t\t\t\t\t<\/span><br>\n\t\t\t\t\t\t\t\t\t\t\t\t\t\t\t\t\t<\/a>\n\t\t\t\t\t\t\t<\/div>\n<\/article><\/div>\n<p>\t\t<br>\n\t\t<\/p><\/section>\n<p><!-- \/cb-galeria__block --><\/p>\n<p>Le\u00f3n  Klimovski (J) \u00b7 Basilio M. Patino (J) \u00b7 Javier P\u00e9rez Pell\u00f3n (J) \u00b7  Santiago Alv\u00e1rez \u00b7 Pierre \u00c9taix \u00b7 Claudio Guer\u00edn \u00b7 Patricio Guzm\u00e1n \u00b7  Claude Lelouch \u00b7 Gunter Sachs \u00b7 Nadia Werb<\/p>\n<\/div>\n<\/div>\n\t        \t\t\t<\/div>\n\t        \t\t<\/article>\n\t        \t\t        \t\t<article class=\"timeline__item\">\n\t        \t\t\t<div class=\"milestone\"><\/div>\n\t        \t\t\t\t        \t\t\t\t<header class=\"timeline__header\">EDITION 7 <\/header>\n\t        \t\t\t\t        \t\t\t<div class=\"timeline__wysiwyg\">\n\t        \t\t\t\t<div class=\"zinebi-edition__item\">\n<figure class=\"zinebi-edition__img\">\n<a class=\"cb-gallery__item\" href=\"\/assets\/media\/zinebi-07.jpg\" title=\"ZINEBI 7 (1965)\" rel=\"gallery\"><img alt=\"ZINEBI 7 (1965)\" width=\"400\" height=\"566\" class=\"alignnone size-size_400 wp-image-516 lazyload\" sizes=\"(max-width: 400px) 100vw, 400px\" data-srcset=\"https:\/\/zinebi.eus\/assets\/media\/zinebi-07-400x566.jpg 400w, https:\/\/zinebi.eus\/assets\/media\/zinebi-07-150x212.jpg 150w, https:\/\/zinebi.eus\/assets\/media\/zinebi-07-300x424.jpg 300w, https:\/\/zinebi.eus\/assets\/media\/zinebi-07-480x679.jpg 480w, https:\/\/zinebi.eus\/assets\/media\/zinebi-07-550x778.jpg 550w, https:\/\/zinebi.eus\/assets\/media\/zinebi-07.jpg 724w\" data-src=\"https:\/\/zinebi.eus\/assets\/media\/zinebi-07-400x566.jpg\" srcset=\"https:\/\/zinebi.eus\/assets\/media\/zinebi-07-400x566.jpg 400w, https:\/\/zinebi.eus\/assets\/media\/zinebi-07-150x212.jpg 150w, https:\/\/zinebi.eus\/assets\/media\/zinebi-07-300x424.jpg 300w, https:\/\/zinebi.eus\/assets\/media\/zinebi-07-480x679.jpg 480w, https:\/\/zinebi.eus\/assets\/media\/zinebi-07-550x778.jpg 550w, https:\/\/zinebi.eus\/assets\/media\/zinebi-07.jpg 724w\" \/><\/a><br>\n   <\/figure>\n<div class=\"zinebi-edition__txt\">\n<p>Jos\u00e9  M\u00aa Garc\u00eda Escudero, General Director of Cinematography, attended this  edition. Jos\u00e9 Luis Egea, Angelino Fons and Pedro Olea, all students from  the Official School of Cinematography (EOC) screened their pieces.<\/p>\n<p>Famous French oceanographer and documentalist Jacques-Yves Cousteau presented his amazing vision of the seabed <em>Le Monde sans soleil<\/em>, and a retrospective of Czech animation filmmaker Ji\u0159\u00ed Trnk was screened.<\/p>\n<p>British Richard Lester, just awarded the Golden Palm at the Cannes Film Festival for <em>The Knack<\/em>, came to Bilbao to personally collect the award given to him by Zinebi five years earlier.<\/p>\n<section id=\"galeria-id-6757\" class=\"cb-galeria__block\">\n\t\t\t<!-- style grid gallery -->\n<style type=\"text\/css\">\n\t\t\t\t\t\t\t\t@media screen and (min-width: 0px){\n\t\t\t\t\t\t#galeria-id-6757 .cb-galeria__grid > .cb-galeria__item {\n\t\t\t\t\t\t\twidth : 50.00%;\n\t\t\t\t\t\t}\n\t\t\t\t\t}\n\t\t\t\t\t\t\t\t\t\t@media screen and (min-width: 480px){\n\t\t\t\t\t\t#galeria-id-6757 .cb-galeria__grid > .cb-galeria__item {\n\t\t\t\t\t\t\twidth : 50.00%;\n\t\t\t\t\t\t}\n\t\t\t\t\t}\n\t\t\t\t\t\t\t\t\t\t@media screen and (min-width: 756px){\n\t\t\t\t\t\t#galeria-id-6757 .cb-galeria__grid > .cb-galeria__item {\n\t\t\t\t\t\t\twidth : 33.33%;\n\t\t\t\t\t\t}\n\t\t\t\t\t}\n\t\t\t\t\t\t\t\t\t\t@media screen and (min-width: 1200px){\n\t\t\t\t\t\t#galeria-id-6757 .cb-galeria__grid > .cb-galeria__item {\n\t\t\t\t\t\t\twidth : 25.00%;\n\t\t\t\t\t\t}\n\t\t\t\t\t}\n\t\t\t\t\t\t\t<\/style>\n<p>\t\t\t\t<main class=\"cb-galeria cb-gallery\"><\/main><\/p>\n<div class=\"cb-galeria__grid \">\n<article class=\"cb-galeria__item\">\n<div class=\"cb-galeria__item-card\">\n\t\t\t\t\t\t\t\t<a href=\"https:\/\/zinebi.eus\/assets\/media\/1965-1965_richard_lester-1.jpg\" class=\"cb-gallery__item\" title=\"1965 - Edici\u00f3n 7\">\n\t\t\t\t\t\t\t\t\t<picture id=\"thumbnail-6758\" class=\"lazyload cb-img-thumbnail ratio-horizontal\"><source media=\"(max-width: 150px)\" data-srcset=\"https:\/\/zinebi.eus\/assets\/media\/1965-1965_richard_lester-1-150x100.jpg\"><source media=\"(max-width: 300px)\" data-srcset=\"https:\/\/zinebi.eus\/assets\/media\/1965-1965_richard_lester-1-300x200.jpg\"><source media=\"(max-width: 400px)\" data-srcset=\"https:\/\/zinebi.eus\/assets\/media\/1965-1965_richard_lester-1-400x267.jpg\"><source media=\"(max-width: 480px)\" data-srcset=\"https:\/\/zinebi.eus\/assets\/media\/1965-1965_richard_lester-1-480x320.jpg\"><source media=\"(max-width: 550px)\" data-srcset=\"https:\/\/zinebi.eus\/assets\/media\/1965-1965_richard_lester-1-550x366.jpg\"><source media=\"(max-width: 768px)\" data-srcset=\"https:\/\/zinebi.eus\/assets\/media\/1965-1965_richard_lester-1-768x512.jpg\"><img class=\"lazyload \" data-src=\"https:\/\/zinebi.eus\/assets\/media\/1965-1965_richard_lester-1.jpg\" alt=\"1965-1965_richard_lester-1\"><\/source><\/source><\/source><\/source><\/source><\/source><\/picture>\n\t\t\t\t\t\t\t\t\t<span class=\"cb-galeria__item-text\"><br>\n\t\t\t\t\t\t\t\t\t\t<span class=\"cb-galeria__text-inner\"><br>\n\t\t\t\t\t\t\t\t\t\t\t<span class=\"cb-galeria__text-capsule\"><br>\n\t\t\t\t\t\t\t\t\t\t\t\t<small>1965 \u2013 Edici\u00f3n 7<\/small><br>\n\t\t\t\t\t\t\t\t\t\t\t<\/span><br>\n\t\t\t\t\t\t\t\t\t\t<\/span><br>\n\t\t\t\t\t\t\t\t\t<\/span><br>\n\t\t\t\t\t\t\t\t\t\t\t\t\t\t\t\t\t<\/a>\n\t\t\t\t\t\t\t<\/div>\n<\/article>\n<article class=\"cb-galeria__item\">\n<div class=\"cb-galeria__item-card\">\n\t\t\t\t\t\t\t\t<a href=\"https:\/\/zinebi.eus\/assets\/media\/1965-PioCaroBaroja_c_Foto_ALE.jpg\" class=\"cb-gallery__item\" title=\"1965 - Edici\u00f3n 7\">\n\t\t\t\t\t\t\t\t\t<picture id=\"thumbnail-6761\" class=\"lazyload cb-img-thumbnail ratio-horizontal\"><source media=\"(max-width: 150px)\" data-srcset=\"https:\/\/zinebi.eus\/assets\/media\/1965-PioCaroBaroja_c_Foto_ALE-150x100.jpg\"><source media=\"(max-width: 300px)\" data-srcset=\"https:\/\/zinebi.eus\/assets\/media\/1965-PioCaroBaroja_c_Foto_ALE-300x200.jpg\"><source media=\"(max-width: 400px)\" data-srcset=\"https:\/\/zinebi.eus\/assets\/media\/1965-PioCaroBaroja_c_Foto_ALE-400x267.jpg\"><source media=\"(max-width: 480px)\" data-srcset=\"https:\/\/zinebi.eus\/assets\/media\/1965-PioCaroBaroja_c_Foto_ALE-480x320.jpg\"><source media=\"(max-width: 550px)\" data-srcset=\"https:\/\/zinebi.eus\/assets\/media\/1965-PioCaroBaroja_c_Foto_ALE-550x366.jpg\"><source media=\"(max-width: 768px)\" data-srcset=\"https:\/\/zinebi.eus\/assets\/media\/1965-PioCaroBaroja_c_Foto_ALE-768x512.jpg\"><img class=\"lazyload \" data-src=\"https:\/\/zinebi.eus\/assets\/media\/1965-PioCaroBaroja_c_Foto_ALE.jpg\" alt=\"1965-PioCaroBaroja_c_Foto_ALE\"><\/source><\/source><\/source><\/source><\/source><\/source><\/picture>\n\t\t\t\t\t\t\t\t\t<span class=\"cb-galeria__item-text\"><br>\n\t\t\t\t\t\t\t\t\t\t<span class=\"cb-galeria__text-inner\"><br>\n\t\t\t\t\t\t\t\t\t\t\t<span class=\"cb-galeria__text-capsule\"><br>\n\t\t\t\t\t\t\t\t\t\t\t\t<small>1965 \u2013 Edici\u00f3n 7<\/small><br>\n\t\t\t\t\t\t\t\t\t\t\t<\/span><br>\n\t\t\t\t\t\t\t\t\t\t<\/span><br>\n\t\t\t\t\t\t\t\t\t<\/span><br>\n\t\t\t\t\t\t\t\t\t\t\t\t\t\t\t\t\t<\/a>\n\t\t\t\t\t\t\t<\/div>\n<\/article><\/div>\n<p>\t\t<br>\n\t\t<\/p><\/section>\n<p><!-- \/cb-galeria__block --><\/p>\n<p>Adri\u00e1n  Gualdoni (J) \u00b7 Henri Pialat (J) \u00b7 Arturo Ruiz Castillo (J) \u00b7 Jacques \u00b7  Yves Cousteau \u00b7 Angelino Fons \u00b7 Richard Lester \u00b7 Pedro Olea \u00b7 Ji\u0159\u00ed Trnk<\/p>\n<\/div>\n<\/div>\n\t        \t\t\t<\/div>\n\t        \t\t<\/article>\n\t        \t\t        \t\t<article class=\"timeline__item\">\n\t        \t\t\t<div class=\"milestone\"><\/div>\n\t        \t\t\t\t        \t\t\t\t<header class=\"timeline__header\">EDITION 6 <\/header>\n\t        \t\t\t\t        \t\t\t<div class=\"timeline__wysiwyg\">\n\t        \t\t\t\t<div class=\"zinebi-edition__item\">\n<figure class=\"zinebi-edition__img\">\n<a class=\"cb-gallery__item\" href=\"\/assets\/media\/zinebi-06.jpg\" title=\"ZINEBI 6 (1964)\" rel=\"gallery\"><img alt=\"ZINEBI 6 (1964)\" width=\"400\" height=\"566\" class=\"alignnone size-size_400 wp-image-513 lazyload\" sizes=\"(max-width: 400px) 100vw, 400px\" data-srcset=\"https:\/\/zinebi.eus\/assets\/media\/zinebi-06-400x566.jpg 400w, https:\/\/zinebi.eus\/assets\/media\/zinebi-06-150x212.jpg 150w, https:\/\/zinebi.eus\/assets\/media\/zinebi-06-300x424.jpg 300w, https:\/\/zinebi.eus\/assets\/media\/zinebi-06-480x679.jpg 480w, https:\/\/zinebi.eus\/assets\/media\/zinebi-06-550x778.jpg 550w, https:\/\/zinebi.eus\/assets\/media\/zinebi-06.jpg 724w\" data-src=\"https:\/\/zinebi.eus\/assets\/media\/zinebi-06-400x566.jpg\" srcset=\"https:\/\/zinebi.eus\/assets\/media\/zinebi-06-400x566.jpg 400w, https:\/\/zinebi.eus\/assets\/media\/zinebi-06-150x212.jpg 150w, https:\/\/zinebi.eus\/assets\/media\/zinebi-06-300x424.jpg 300w, https:\/\/zinebi.eus\/assets\/media\/zinebi-06-480x679.jpg 480w, https:\/\/zinebi.eus\/assets\/media\/zinebi-06-550x778.jpg 550w, https:\/\/zinebi.eus\/assets\/media\/zinebi-06.jpg 724w\" \/><\/a><br>\n   <\/figure>\n<div class=\"zinebi-edition__txt\">\n<p>This  edition was inaugurated by Carlos Fern\u00e1ndez Cuenca, director of the  National Film Library, the San Sebastian Festival and the Official  School of Cinematography (EOC). Basque filmmakers N\u00e9stor Basterretxea  and Fernando Larruquert (<em>Pelotari<\/em>), P\u00edo Caro Baroja (<em>Diablos danzantes<\/em>) and El\u00edas Querejeta and Antton Ezeiza (<em>A trav\u00e9s del f\u00fatbol<\/em>) participated.<\/p>\n<p>A  tribute was dedicated to the great American director and credit  designer Saul Bass. Mexican filmmaker Benito Alazraki and Argentinean  Fernando Birri took advantage of their presence in the jury to partake  in the <em>II Conversations on Documentary Cinema and Short Film.<\/em><\/p>\n<section id=\"galeria-id-6764\" class=\"cb-galeria__block\">\n\t\t\t<!-- style grid gallery -->\n<style type=\"text\/css\">\n\t\t\t\t\t\t\t\t@media screen and (min-width: 0px){\n\t\t\t\t\t\t#galeria-id-6764 .cb-galeria__grid > .cb-galeria__item {\n\t\t\t\t\t\t\twidth : 50.00%;\n\t\t\t\t\t\t}\n\t\t\t\t\t}\n\t\t\t\t\t\t\t\t\t\t@media screen and (min-width: 480px){\n\t\t\t\t\t\t#galeria-id-6764 .cb-galeria__grid > .cb-galeria__item {\n\t\t\t\t\t\t\twidth : 50.00%;\n\t\t\t\t\t\t}\n\t\t\t\t\t}\n\t\t\t\t\t\t\t\t\t\t@media screen and (min-width: 756px){\n\t\t\t\t\t\t#galeria-id-6764 .cb-galeria__grid > .cb-galeria__item {\n\t\t\t\t\t\t\twidth : 33.33%;\n\t\t\t\t\t\t}\n\t\t\t\t\t}\n\t\t\t\t\t\t\t\t\t\t@media screen and (min-width: 1200px){\n\t\t\t\t\t\t#galeria-id-6764 .cb-galeria__grid > .cb-galeria__item {\n\t\t\t\t\t\t\twidth : 25.00%;\n\t\t\t\t\t\t}\n\t\t\t\t\t}\n\t\t\t\t\t\t\t<\/style>\n<p>\t\t\t\t<main class=\"cb-galeria cb-gallery\"><\/main><\/p>\n<div class=\"cb-galeria__grid \">\n<article class=\"cb-galeria__item\">\n<div class=\"cb-galeria__item-card\">\n\t\t\t\t\t\t\t\t<a href=\"https:\/\/zinebi.eus\/assets\/media\/1964-IMG_8144.jpg\" class=\"cb-gallery__item\" title=\"1964 - Edici\u00f3n 6\">\n\t\t\t\t\t\t\t\t\t<picture id=\"thumbnail-6765\" class=\"lazyload cb-img-thumbnail ratio-horizontal\"><source media=\"(max-width: 150px)\" data-srcset=\"https:\/\/zinebi.eus\/assets\/media\/1964-IMG_8144-150x100.jpg\"><source media=\"(max-width: 300px)\" data-srcset=\"https:\/\/zinebi.eus\/assets\/media\/1964-IMG_8144-300x200.jpg\"><source media=\"(max-width: 400px)\" data-srcset=\"https:\/\/zinebi.eus\/assets\/media\/1964-IMG_8144-400x267.jpg\"><source media=\"(max-width: 480px)\" data-srcset=\"https:\/\/zinebi.eus\/assets\/media\/1964-IMG_8144-480x320.jpg\"><source media=\"(max-width: 550px)\" data-srcset=\"https:\/\/zinebi.eus\/assets\/media\/1964-IMG_8144-550x366.jpg\"><source media=\"(max-width: 768px)\" data-srcset=\"https:\/\/zinebi.eus\/assets\/media\/1964-IMG_8144-768x512.jpg\"><img class=\"lazyload \" data-src=\"https:\/\/zinebi.eus\/assets\/media\/1964-IMG_8144.jpg\" alt=\"1964-IMG_8144\"><\/source><\/source><\/source><\/source><\/source><\/source><\/picture>\n\t\t\t\t\t\t\t\t\t<span class=\"cb-galeria__item-text\"><br>\n\t\t\t\t\t\t\t\t\t\t<span class=\"cb-galeria__text-inner\"><br>\n\t\t\t\t\t\t\t\t\t\t\t<span class=\"cb-galeria__text-capsule\"><br>\n\t\t\t\t\t\t\t\t\t\t\t\t<small>1964 \u2013 Edici\u00f3n 6<\/small><br>\n\t\t\t\t\t\t\t\t\t\t\t<\/span><br>\n\t\t\t\t\t\t\t\t\t\t<\/span><br>\n\t\t\t\t\t\t\t\t\t<\/span><br>\n\t\t\t\t\t\t\t\t\t\t\t\t\t\t\t\t\t<\/a>\n\t\t\t\t\t\t\t<\/div>\n<\/article>\n<article class=\"cb-galeria__item\">\n<div class=\"cb-galeria__item-card\">\n\t\t\t\t\t\t\t\t<a href=\"https:\/\/zinebi.eus\/assets\/media\/1964-S._Bass_y_el_autor_c_Foto_Ale_.jpg\" class=\"cb-gallery__item\" title=\"\">\n\t\t\t\t\t\t\t\t\t<picture id=\"thumbnail-6768\" class=\"lazyload cb-img-thumbnail ratio-horizontal\"><source media=\"(max-width: 150px)\" data-srcset=\"https:\/\/zinebi.eus\/assets\/media\/1964-S._Bass_y_el_autor_c_Foto_Ale_-150x100.jpg\"><source media=\"(max-width: 300px)\" data-srcset=\"https:\/\/zinebi.eus\/assets\/media\/1964-S._Bass_y_el_autor_c_Foto_Ale_-300x200.jpg\"><source media=\"(max-width: 400px)\" data-srcset=\"https:\/\/zinebi.eus\/assets\/media\/1964-S._Bass_y_el_autor_c_Foto_Ale_-400x267.jpg\"><source media=\"(max-width: 480px)\" data-srcset=\"https:\/\/zinebi.eus\/assets\/media\/1964-S._Bass_y_el_autor_c_Foto_Ale_-480x320.jpg\"><source media=\"(max-width: 550px)\" data-srcset=\"https:\/\/zinebi.eus\/assets\/media\/1964-S._Bass_y_el_autor_c_Foto_Ale_-550x366.jpg\"><source media=\"(max-width: 768px)\" data-srcset=\"https:\/\/zinebi.eus\/assets\/media\/1964-S._Bass_y_el_autor_c_Foto_Ale_-768x512.jpg\"><img class=\"lazyload \" data-src=\"https:\/\/zinebi.eus\/assets\/media\/1964-S._Bass_y_el_autor_c_Foto_Ale_.jpg\" alt=\"1964-S._Bass_y_el_autor_c_Foto_Ale_\"><\/source><\/source><\/source><\/source><\/source><\/source><\/picture>\t\t\t\t\t\t\t\t<\/a>\n\t\t\t\t\t\t\t<\/div>\n<\/article><\/div>\n<p>\t\t<br>\n\t\t<\/p><\/section>\n<p><!-- \/cb-galeria__block --><\/p>\n<p>Benito  Alazraki (J) \u00b7 Fernando Birri (J) \u00b7 Enrique LLovet (J) \u00b7 Jos\u00e9 Monle\u00f3n  (J) \u00b7 Nicolas Pillat (J) \u00b7 Walter Talmon \u00b7 Gros (J) \u00b7 C\u00e9sar Ardavin \u00b7  Saul Bass \u00b7 P\u00edo Caro Baroja\u00a0 \u00b7 Jes\u00fas Yag\u00fce<\/p>\n<\/div>\n<\/div>\n\t        \t\t\t<\/div>\n\t        \t\t<\/article>\n\t        \t\t        \t\t<article class=\"timeline__item\">\n\t        \t\t\t<div class=\"milestone\"><\/div>\n\t        \t\t\t\t        \t\t\t\t<header class=\"timeline__header\">EDITION 5 <\/header>\n\t        \t\t\t\t        \t\t\t<div class=\"timeline__wysiwyg\">\n\t        \t\t\t\t<div class=\"zinebi-edition__item\">\n<figure class=\"zinebi-edition__img\">\n<a class=\"cb-gallery__item\" href=\"\/assets\/media\/zinebi-05.jpg\" title=\"ZINEBI 5 (1973)\" rel=\"gallery\"><img alt=\"ZINEBI 5 (1973)\" width=\"400\" height=\"566\" class=\"alignnone size-size_400 wp-image-510 lazyload\" sizes=\"(max-width: 400px) 100vw, 400px\" data-srcset=\"https:\/\/zinebi.eus\/assets\/media\/zinebi-05-400x566.jpg 400w, https:\/\/zinebi.eus\/assets\/media\/zinebi-05-150x212.jpg 150w, https:\/\/zinebi.eus\/assets\/media\/zinebi-05-300x424.jpg 300w, https:\/\/zinebi.eus\/assets\/media\/zinebi-05-480x679.jpg 480w, https:\/\/zinebi.eus\/assets\/media\/zinebi-05-550x778.jpg 550w, https:\/\/zinebi.eus\/assets\/media\/zinebi-05.jpg 724w\" data-src=\"https:\/\/zinebi.eus\/assets\/media\/zinebi-05-400x566.jpg\" srcset=\"https:\/\/zinebi.eus\/assets\/media\/zinebi-05-400x566.jpg 400w, https:\/\/zinebi.eus\/assets\/media\/zinebi-05-150x212.jpg 150w, https:\/\/zinebi.eus\/assets\/media\/zinebi-05-300x424.jpg 300w, https:\/\/zinebi.eus\/assets\/media\/zinebi-05-480x679.jpg 480w, https:\/\/zinebi.eus\/assets\/media\/zinebi-05-550x778.jpg 550w, https:\/\/zinebi.eus\/assets\/media\/zinebi-05.jpg 724w\" \/><\/a><br>\n   <\/figure>\n<div class=\"zinebi-edition__txt\">\n<p>In this edition, the General Direction of Cinematography chose Bibao for the first <em>Conversations on documentary films<\/em>,  hosted and organised by Jos\u00e9 L\u00f3pez Clemente, writer, scriptwriter and  documentalistwho was also a member of the jury. One of the highlights  was the short film <em>Operation H<\/em>, the film debut of Basque sculptor N\u00e9stor Basterretxea.<\/p>\n<p>Canadian animation filmmaker George Dunning and French directors Robert Enrico and Serge Korber also concurred.<\/p>\n<section id=\"galeria-id-6771\" class=\"cb-galeria__block\">\n\t\t\t<!-- style grid gallery -->\n<style type=\"text\/css\">\n\t\t\t\t\t\t\t\t@media screen and (min-width: 0px){\n\t\t\t\t\t\t#galeria-id-6771 .cb-galeria__grid > .cb-galeria__item {\n\t\t\t\t\t\t\twidth : 50.00%;\n\t\t\t\t\t\t}\n\t\t\t\t\t}\n\t\t\t\t\t\t\t\t\t\t@media screen and (min-width: 480px){\n\t\t\t\t\t\t#galeria-id-6771 .cb-galeria__grid > .cb-galeria__item {\n\t\t\t\t\t\t\twidth : 50.00%;\n\t\t\t\t\t\t}\n\t\t\t\t\t}\n\t\t\t\t\t\t\t\t\t\t@media screen and (min-width: 756px){\n\t\t\t\t\t\t#galeria-id-6771 .cb-galeria__grid > .cb-galeria__item {\n\t\t\t\t\t\t\twidth : 33.33%;\n\t\t\t\t\t\t}\n\t\t\t\t\t}\n\t\t\t\t\t\t\t\t\t\t@media screen and (min-width: 1200px){\n\t\t\t\t\t\t#galeria-id-6771 .cb-galeria__grid > .cb-galeria__item {\n\t\t\t\t\t\t\twidth : 25.00%;\n\t\t\t\t\t\t}\n\t\t\t\t\t}\n\t\t\t\t\t\t\t<\/style>\n<p>\t\t\t\t<main class=\"cb-galeria cb-gallery\"><\/main><\/p>\n<div class=\"cb-galeria__grid \">\n<article class=\"cb-galeria__item\">\n<div class=\"cb-galeria__item-card\">\n\t\t\t\t\t\t\t\t<a href=\"https:\/\/zinebi.eus\/assets\/media\/1963-1983_salon_arabe.jpg\" class=\"cb-gallery__item\" title=\"1963 - Edici\u00f3n 5\">\n\t\t\t\t\t\t\t\t\t<picture id=\"thumbnail-6772\" class=\"lazyload cb-img-thumbnail ratio-horizontal\"><source media=\"(max-width: 150px)\" data-srcset=\"https:\/\/zinebi.eus\/assets\/media\/1963-1983_salon_arabe-150x94.jpg\"><source media=\"(max-width: 300px)\" data-srcset=\"https:\/\/zinebi.eus\/assets\/media\/1963-1983_salon_arabe-300x188.jpg\"><source media=\"(max-width: 400px)\" data-srcset=\"https:\/\/zinebi.eus\/assets\/media\/1963-1983_salon_arabe-400x250.jpg\"><source media=\"(max-width: 480px)\" data-srcset=\"https:\/\/zinebi.eus\/assets\/media\/1963-1983_salon_arabe-480x300.jpg\"><source media=\"(max-width: 550px)\" data-srcset=\"https:\/\/zinebi.eus\/assets\/media\/1963-1983_salon_arabe-550x344.jpg\"><source media=\"(max-width: 768px)\" data-srcset=\"https:\/\/zinebi.eus\/assets\/media\/1963-1983_salon_arabe-768x480.jpg\"><img class=\"lazyload \" data-src=\"https:\/\/zinebi.eus\/assets\/media\/1963-1983_salon_arabe.jpg\" alt=\"1963-1983_salon_arabe\"><\/source><\/source><\/source><\/source><\/source><\/source><\/picture>\n\t\t\t\t\t\t\t\t\t<span class=\"cb-galeria__item-text\"><br>\n\t\t\t\t\t\t\t\t\t\t<span class=\"cb-galeria__text-inner\"><br>\n\t\t\t\t\t\t\t\t\t\t\t<span class=\"cb-galeria__text-capsule\"><br>\n\t\t\t\t\t\t\t\t\t\t\t\t<small>1963 \u2013 Edici\u00f3n 5<\/small><br>\n\t\t\t\t\t\t\t\t\t\t\t<\/span><br>\n\t\t\t\t\t\t\t\t\t\t<\/span><br>\n\t\t\t\t\t\t\t\t\t<\/span><br>\n\t\t\t\t\t\t\t\t\t\t\t\t\t\t\t\t\t<\/a>\n\t\t\t\t\t\t\t<\/div>\n<\/article>\n<article class=\"cb-galeria__item\">\n<div class=\"cb-galeria__item-card\">\n\t\t\t\t\t\t\t\t<a href=\"https:\/\/zinebi.eus\/assets\/media\/1963-JavierAguirreECarballeira_c.jpg\" class=\"cb-gallery__item\" title=\"1963 - Edici\u00f3n 5\">\n\t\t\t\t\t\t\t\t\t<picture id=\"thumbnail-6775\" class=\"lazyload cb-img-thumbnail ratio-horizontal\"><source media=\"(max-width: 150px)\" data-srcset=\"https:\/\/zinebi.eus\/assets\/media\/1963-JavierAguirreECarballeira_c-150x92.jpg\"><source media=\"(max-width: 300px)\" data-srcset=\"https:\/\/zinebi.eus\/assets\/media\/1963-JavierAguirreECarballeira_c-300x184.jpg\"><source media=\"(max-width: 400px)\" data-srcset=\"https:\/\/zinebi.eus\/assets\/media\/1963-JavierAguirreECarballeira_c-400x246.jpg\"><source media=\"(max-width: 480px)\" data-srcset=\"https:\/\/zinebi.eus\/assets\/media\/1963-JavierAguirreECarballeira_c-480x295.jpg\"><source media=\"(max-width: 550px)\" data-srcset=\"https:\/\/zinebi.eus\/assets\/media\/1963-JavierAguirreECarballeira_c-550x338.jpg\"><source media=\"(max-width: 768px)\" data-srcset=\"https:\/\/zinebi.eus\/assets\/media\/1963-JavierAguirreECarballeira_c-768x471.jpg\"><img class=\"lazyload \" data-src=\"https:\/\/zinebi.eus\/assets\/media\/1963-JavierAguirreECarballeira_c.jpg\" alt=\"1963-JavierAguirreECarballeira_c\"><\/source><\/source><\/source><\/source><\/source><\/source><\/picture>\n\t\t\t\t\t\t\t\t\t<span class=\"cb-galeria__item-text\"><br>\n\t\t\t\t\t\t\t\t\t\t<span class=\"cb-galeria__text-inner\"><br>\n\t\t\t\t\t\t\t\t\t\t\t<span class=\"cb-galeria__text-capsule\"><br>\n\t\t\t\t\t\t\t\t\t\t\t\t<small>1963 \u2013 Edici\u00f3n 5<\/small><br>\n\t\t\t\t\t\t\t\t\t\t\t<\/span><br>\n\t\t\t\t\t\t\t\t\t\t<\/span><br>\n\t\t\t\t\t\t\t\t\t<\/span><br>\n\t\t\t\t\t\t\t\t\t\t\t\t\t\t\t\t\t<\/a>\n\t\t\t\t\t\t\t<\/div>\n<\/article><\/div>\n<p>\t\t<br>\n\t\t<\/p><\/section>\n<p><!-- \/cb-galeria__block --><\/p>\n<p>Claude-Antoine  (J) \u00b7 Jos\u00e9 L. Clemente (J) \u00b7 Luis G. Mesa (J) \u00b7 Javier Aguirre \u00b7 N\u00e9stor  Basterretxea \u00b7 Enriqueta Carballeira \u00b7 Juan Carlos Eguillor \u00b7 George  Dunning \u00b7 Robert Enrico \u00b7 Serge Korber \u00b7 Fernando Larruquert<\/p>\n<\/div>\n<\/div>\n\t        \t\t\t<\/div>\n\t        \t\t<\/article>\n\t        \t\t        \t\t<article class=\"timeline__item\">\n\t        \t\t\t<div class=\"milestone\"><\/div>\n\t        \t\t\t\t        \t\t\t\t<header class=\"timeline__header\">EDITION 4 <\/header>\n\t        \t\t\t\t        \t\t\t<div class=\"timeline__wysiwyg\">\n\t        \t\t\t\t<div class=\"zinebi-edition__item\">\n<figure class=\"zinebi-edition__img\">\n<a class=\"cb-gallery__item\" href=\"\/assets\/media\/zinebi-04.jpg\" title=\"ZINEBI 4 (1962)\" rel=\"gallery\"><img alt=\"ZINEBI 4 (1962)\" width=\"400\" height=\"566\" class=\"alignnone size-size_400 wp-image-507 lazyload\" sizes=\"(max-width: 400px) 100vw, 400px\" data-srcset=\"https:\/\/zinebi.eus\/assets\/media\/zinebi-04-400x566.jpg 400w, https:\/\/zinebi.eus\/assets\/media\/zinebi-04-150x212.jpg 150w, https:\/\/zinebi.eus\/assets\/media\/zinebi-04-300x424.jpg 300w, https:\/\/zinebi.eus\/assets\/media\/zinebi-04-480x679.jpg 480w, https:\/\/zinebi.eus\/assets\/media\/zinebi-04-550x778.jpg 550w, https:\/\/zinebi.eus\/assets\/media\/zinebi-04.jpg 724w\" data-src=\"https:\/\/zinebi.eus\/assets\/media\/zinebi-04-400x566.jpg\" srcset=\"https:\/\/zinebi.eus\/assets\/media\/zinebi-04-400x566.jpg 400w, https:\/\/zinebi.eus\/assets\/media\/zinebi-04-150x212.jpg 150w, https:\/\/zinebi.eus\/assets\/media\/zinebi-04-300x424.jpg 300w, https:\/\/zinebi.eus\/assets\/media\/zinebi-04-480x679.jpg 480w, https:\/\/zinebi.eus\/assets\/media\/zinebi-04-550x778.jpg 550w, https:\/\/zinebi.eus\/assets\/media\/zinebi-04.jpg 724w\" \/><\/a><br>\n   <\/figure>\n<div class=\"zinebi-edition__txt\">\n<p>This  edition was hosted by Gregorio Mara\u00f1\u00f3n Moya, new president of the  Institute of Hispanic Culture of Madrid. Ra\u00fal Pe\u00f1a presented <em>M\u00e1s all\u00e1 de Bilbao,<\/em> a color documentary about the Biscayan capital, the river and its urban environments. Spanish filmmakers Antonio Mercero (<em>Lecci\u00f3n de arte<\/em>) and Basilio M. Patino (<em>Torerillos<\/em>) and French artists Pierre \u00c9taix and Jean-Claude Carri\u00e8re (<em>Rupture<\/em>) concurred.<\/p>\n<p>The  great French documentary maker Jean Rouch was a member of the jury  along with filmmakers Tulio Demicheli and Jos\u00e9 Luis Borau and film  critic Alfonso S\u00e1nchez. A selection of the works of Ermanno Olmi and  Javier Aguirre was screened.<\/p>\n<section id=\"galeria-id-6778\" class=\"cb-galeria__block\">\n\t\t\t<!-- style grid gallery -->\n<style type=\"text\/css\">\n\t\t\t\t\t\t\t\t@media screen and (min-width: 0px){\n\t\t\t\t\t\t#galeria-id-6778 .cb-galeria__grid > .cb-galeria__item {\n\t\t\t\t\t\t\twidth : 50.00%;\n\t\t\t\t\t\t}\n\t\t\t\t\t}\n\t\t\t\t\t\t\t\t\t\t@media screen and (min-width: 480px){\n\t\t\t\t\t\t#galeria-id-6778 .cb-galeria__grid > .cb-galeria__item {\n\t\t\t\t\t\t\twidth : 50.00%;\n\t\t\t\t\t\t}\n\t\t\t\t\t}\n\t\t\t\t\t\t\t\t\t\t@media screen and (min-width: 756px){\n\t\t\t\t\t\t#galeria-id-6778 .cb-galeria__grid > .cb-galeria__item {\n\t\t\t\t\t\t\twidth : 33.33%;\n\t\t\t\t\t\t}\n\t\t\t\t\t}\n\t\t\t\t\t\t\t\t\t\t@media screen and (min-width: 1200px){\n\t\t\t\t\t\t#galeria-id-6778 .cb-galeria__grid > .cb-galeria__item {\n\t\t\t\t\t\t\twidth : 25.00%;\n\t\t\t\t\t\t}\n\t\t\t\t\t}\n\t\t\t\t\t\t\t<\/style>\n<p>\t\t\t\t<main class=\"cb-galeria cb-gallery\"><\/main><\/p>\n<div class=\"cb-galeria__grid \">\n<article class=\"cb-galeria__item\">\n<div class=\"cb-galeria__item-card\">\n\t\t\t\t\t\t\t\t<a href=\"https:\/\/zinebi.eus\/assets\/media\/1962-1962_javier_aguirre_alonso_ibarrola.jpg\" class=\"cb-gallery__item\" title=\"1962 - Edici\u00f3n 4\">\n\t\t\t\t\t\t\t\t\t<picture id=\"thumbnail-6779\" class=\"lazyload cb-img-thumbnail ratio-horizontal\"><source media=\"(max-width: 150px)\" data-srcset=\"https:\/\/zinebi.eus\/assets\/media\/1962-1962_javier_aguirre_alonso_ibarrola-150x100.jpg\"><source media=\"(max-width: 300px)\" data-srcset=\"https:\/\/zinebi.eus\/assets\/media\/1962-1962_javier_aguirre_alonso_ibarrola-300x200.jpg\"><source media=\"(max-width: 400px)\" data-srcset=\"https:\/\/zinebi.eus\/assets\/media\/1962-1962_javier_aguirre_alonso_ibarrola-400x267.jpg\"><source media=\"(max-width: 480px)\" data-srcset=\"https:\/\/zinebi.eus\/assets\/media\/1962-1962_javier_aguirre_alonso_ibarrola-480x320.jpg\"><source media=\"(max-width: 550px)\" data-srcset=\"https:\/\/zinebi.eus\/assets\/media\/1962-1962_javier_aguirre_alonso_ibarrola-550x366.jpg\"><source media=\"(max-width: 768px)\" data-srcset=\"https:\/\/zinebi.eus\/assets\/media\/1962-1962_javier_aguirre_alonso_ibarrola-768x512.jpg\"><img class=\"lazyload \" data-src=\"https:\/\/zinebi.eus\/assets\/media\/1962-1962_javier_aguirre_alonso_ibarrola.jpg\" alt=\"1962-1962_javier_aguirre_alonso_ibarrola\"><\/source><\/source><\/source><\/source><\/source><\/source><\/picture>\n\t\t\t\t\t\t\t\t\t<span class=\"cb-galeria__item-text\"><br>\n\t\t\t\t\t\t\t\t\t\t<span class=\"cb-galeria__text-inner\"><br>\n\t\t\t\t\t\t\t\t\t\t\t<span class=\"cb-galeria__text-capsule\"><br>\n\t\t\t\t\t\t\t\t\t\t\t\t<small>1962 \u2013 Edici\u00f3n 4<\/small><br>\n\t\t\t\t\t\t\t\t\t\t\t<\/span><br>\n\t\t\t\t\t\t\t\t\t\t<\/span><br>\n\t\t\t\t\t\t\t\t\t<\/span><br>\n\t\t\t\t\t\t\t\t\t\t\t\t\t\t\t\t\t<\/a>\n\t\t\t\t\t\t\t<\/div>\n<\/article>\n<article class=\"cb-galeria__item\">\n<div class=\"cb-galeria__item-card\">\n\t\t\t\t\t\t\t\t<a href=\"https:\/\/zinebi.eus\/assets\/media\/1962-IMG_8121.jpg\" class=\"cb-gallery__item\" title=\"1962 - Edici\u00f3n 4\">\n\t\t\t\t\t\t\t\t\t<picture id=\"thumbnail-6782\" class=\"lazyload cb-img-thumbnail ratio-horizontal\"><source media=\"(max-width: 150px)\" data-srcset=\"https:\/\/zinebi.eus\/assets\/media\/1962-IMG_8121-150x100.jpg\"><source media=\"(max-width: 300px)\" data-srcset=\"https:\/\/zinebi.eus\/assets\/media\/1962-IMG_8121-300x200.jpg\"><source media=\"(max-width: 400px)\" data-srcset=\"https:\/\/zinebi.eus\/assets\/media\/1962-IMG_8121-400x267.jpg\"><source media=\"(max-width: 480px)\" data-srcset=\"https:\/\/zinebi.eus\/assets\/media\/1962-IMG_8121-480x320.jpg\"><source media=\"(max-width: 550px)\" data-srcset=\"https:\/\/zinebi.eus\/assets\/media\/1962-IMG_8121-550x366.jpg\"><source media=\"(max-width: 768px)\" data-srcset=\"https:\/\/zinebi.eus\/assets\/media\/1962-IMG_8121-768x512.jpg\"><img class=\"lazyload \" data-src=\"https:\/\/zinebi.eus\/assets\/media\/1962-IMG_8121.jpg\" alt=\"1962-IMG_8121\"><\/source><\/source><\/source><\/source><\/source><\/source><\/picture>\n\t\t\t\t\t\t\t\t\t<span class=\"cb-galeria__item-text\"><br>\n\t\t\t\t\t\t\t\t\t\t<span class=\"cb-galeria__text-inner\"><br>\n\t\t\t\t\t\t\t\t\t\t\t<span class=\"cb-galeria__text-capsule\"><br>\n\t\t\t\t\t\t\t\t\t\t\t\t<small>1962 \u2013 Edici\u00f3n 4<\/small><br>\n\t\t\t\t\t\t\t\t\t\t\t<\/span><br>\n\t\t\t\t\t\t\t\t\t\t<\/span><br>\n\t\t\t\t\t\t\t\t\t<\/span><br>\n\t\t\t\t\t\t\t\t\t\t\t\t\t\t\t\t\t<\/a>\n\t\t\t\t\t\t\t<\/div>\n<\/article>\n<article class=\"cb-galeria__item\">\n<div class=\"cb-galeria__item-card\">\n\t\t\t\t\t\t\t\t<a href=\"https:\/\/zinebi.eus\/assets\/media\/1962-IVEdicion_Grafico_C_Foto_Ale.jpg\" class=\"cb-gallery__item\" title=\"1962 - Edici\u00f3n 4\">\n\t\t\t\t\t\t\t\t\t<picture id=\"thumbnail-6785\" class=\"lazyload cb-img-thumbnail ratio-horizontal\"><source media=\"(max-width: 150px)\" data-srcset=\"https:\/\/zinebi.eus\/assets\/media\/1962-IVEdicion_Grafico_C_Foto_Ale-150x100.jpg\"><source media=\"(max-width: 300px)\" data-srcset=\"https:\/\/zinebi.eus\/assets\/media\/1962-IVEdicion_Grafico_C_Foto_Ale-300x200.jpg\"><source media=\"(max-width: 400px)\" data-srcset=\"https:\/\/zinebi.eus\/assets\/media\/1962-IVEdicion_Grafico_C_Foto_Ale-400x267.jpg\"><source media=\"(max-width: 480px)\" data-srcset=\"https:\/\/zinebi.eus\/assets\/media\/1962-IVEdicion_Grafico_C_Foto_Ale-480x320.jpg\"><source media=\"(max-width: 550px)\" data-srcset=\"https:\/\/zinebi.eus\/assets\/media\/1962-IVEdicion_Grafico_C_Foto_Ale-550x366.jpg\"><source media=\"(max-width: 768px)\" data-srcset=\"https:\/\/zinebi.eus\/assets\/media\/1962-IVEdicion_Grafico_C_Foto_Ale-768x512.jpg\"><img class=\"lazyload \" data-src=\"https:\/\/zinebi.eus\/assets\/media\/1962-IVEdicion_Grafico_C_Foto_Ale.jpg\" alt=\"1962-IVEdicion_Grafico_C_Foto_Ale\"><\/source><\/source><\/source><\/source><\/source><\/source><\/picture>\n\t\t\t\t\t\t\t\t\t<span class=\"cb-galeria__item-text\"><br>\n\t\t\t\t\t\t\t\t\t\t<span class=\"cb-galeria__text-inner\"><br>\n\t\t\t\t\t\t\t\t\t\t\t<span class=\"cb-galeria__text-capsule\"><br>\n\t\t\t\t\t\t\t\t\t\t\t\t<small>1962 \u2013 Edici\u00f3n 4<\/small><br>\n\t\t\t\t\t\t\t\t\t\t\t<\/span><br>\n\t\t\t\t\t\t\t\t\t\t<\/span><br>\n\t\t\t\t\t\t\t\t\t<\/span><br>\n\t\t\t\t\t\t\t\t\t\t\t\t\t\t\t\t\t<\/a>\n\t\t\t\t\t\t\t<\/div>\n<\/article><\/div>\n<p>\t\t<br>\n\t\t<\/p><\/section>\n<p><!-- \/cb-galeria__block --><\/p>\n<p>Jos\u00e9  Luis Borau (J) \u00b7 Tulio Demicheli (J)\u00a0 \u00b7 Jean Rouch (J) \u00b7 Alfonso  S\u00e1nchez (J) \u00b7 Javier Aguirre \u00b7 Jean Claude Carri\u00e9re \u00b7 Pierre \u00c9taix \u00b7  Antonio Mercero \u00b7 Ermanno Olmi \u00b7 Basilio M. Patino \u00b7 Ra\u00fal Pe\u00f1a<\/p>\n<\/div>\n<\/div>\n\t        \t\t\t<\/div>\n\t        \t\t<\/article>\n\t        \t\t        \t\t<article class=\"timeline__item\">\n\t        \t\t\t<div class=\"milestone\"><\/div>\n\t        \t\t\t\t        \t\t\t\t<header class=\"timeline__header\">EDITION 3 <\/header>\n\t        \t\t\t\t        \t\t\t<div class=\"timeline__wysiwyg\">\n\t        \t\t\t\t<div class=\"zinebi-edition__item\">\n<figure class=\"zinebi-edition__img\">\n<a class=\"cb-gallery__item\" href=\"\/assets\/media\/zinebi-00.jpg\" title=\"ZINEBI 3 (1961)\" rel=\"gallery\"><img alt=\"ZINEBI 3 (1961)\" width=\"400\" height=\"566\" class=\"alignnone size-size_400 wp-image-1269 lazyload\" sizes=\"(max-width: 400px) 100vw, 400px\" data-srcset=\"https:\/\/zinebi.eus\/assets\/media\/zinebi-00-400x566.jpg 400w, https:\/\/zinebi.eus\/assets\/media\/zinebi-00-150x212.jpg 150w, https:\/\/zinebi.eus\/assets\/media\/zinebi-00-300x424.jpg 300w, https:\/\/zinebi.eus\/assets\/media\/zinebi-00-480x679.jpg 480w, https:\/\/zinebi.eus\/assets\/media\/zinebi-00-550x778.jpg 550w, https:\/\/zinebi.eus\/assets\/media\/zinebi-00.jpg 724w\" data-src=\"https:\/\/zinebi.eus\/assets\/media\/zinebi-00-400x566.jpg\" srcset=\"https:\/\/zinebi.eus\/assets\/media\/zinebi-00-400x566.jpg 400w, https:\/\/zinebi.eus\/assets\/media\/zinebi-00-150x212.jpg 150w, https:\/\/zinebi.eus\/assets\/media\/zinebi-00-300x424.jpg 300w, https:\/\/zinebi.eus\/assets\/media\/zinebi-00-480x679.jpg 480w, https:\/\/zinebi.eus\/assets\/media\/zinebi-00-550x778.jpg 550w, https:\/\/zinebi.eus\/assets\/media\/zinebi-00.jpg 724w\" \/><\/a><br>\n   <\/figure>\n<div class=\"zinebi-edition__txt\">\n<p>Some  80 films were submitted to the contest, mostly of a tourist nature and  sent by the embassies of their countries. Amongst them, works by Julio  Diamante (<em>Vel\u00e1zquez and lo velazque\u00f1o<\/em>), Jacques Demy (<em>Ars<\/em>), Jorge Grau (<em>Medio siglo en un pincel<\/em>) and Alain Resnais (<em>Le myst\u00e8re de l\u2019atelier quinze<\/em>). Basques Antton Ezeiza and El\u00edas Querejeta participated with their short film <em>A trav\u00e9s de Sebasti\u00e1n<\/em>.<\/p>\n<p>Two  parallel cycles could also be enjoyed, one devoted to the UFA studies  of pre-Hitler Germany and another dedicated to the great Hollywood  studios, showing classic films by Greta Garbo, Charles Chaplin, Rudolph  Valentino or Gloria Swanson.<\/p>\n<section id=\"galeria-id-6788\" class=\"cb-galeria__block\">\n\t\t\t<!-- style grid gallery -->\n<style type=\"text\/css\">\n\t\t\t\t\t\t\t\t@media screen and (min-width: 0px){\n\t\t\t\t\t\t#galeria-id-6788 .cb-galeria__grid > .cb-galeria__item {\n\t\t\t\t\t\t\twidth : 50.00%;\n\t\t\t\t\t\t}\n\t\t\t\t\t}\n\t\t\t\t\t\t\t\t\t\t@media screen and (min-width: 480px){\n\t\t\t\t\t\t#galeria-id-6788 .cb-galeria__grid > .cb-galeria__item {\n\t\t\t\t\t\t\twidth : 50.00%;\n\t\t\t\t\t\t}\n\t\t\t\t\t}\n\t\t\t\t\t\t\t\t\t\t@media screen and (min-width: 756px){\n\t\t\t\t\t\t#galeria-id-6788 .cb-galeria__grid > .cb-galeria__item {\n\t\t\t\t\t\t\twidth : 33.33%;\n\t\t\t\t\t\t}\n\t\t\t\t\t}\n\t\t\t\t\t\t\t\t\t\t@media screen and (min-width: 1200px){\n\t\t\t\t\t\t#galeria-id-6788 .cb-galeria__grid > .cb-galeria__item {\n\t\t\t\t\t\t\twidth : 25.00%;\n\t\t\t\t\t\t}\n\t\t\t\t\t}\n\t\t\t\t\t\t\t<\/style>\n<p>\t\t\t\t<main class=\"cb-galeria cb-gallery\"><\/main><\/p>\n<div class=\"cb-galeria__grid \">\n<article class=\"cb-galeria__item\">\n<div class=\"cb-galeria__item-card\">\n\t\t\t\t\t\t\t\t<a href=\"https:\/\/zinebi.eus\/assets\/media\/1961-CineGranVia_FestCine_Archivo_Ale.jpg\" class=\"cb-gallery__item\" title=\"1961 - Edici\u00f3n 3\">\n\t\t\t\t\t\t\t\t\t<picture id=\"thumbnail-6789\" class=\"lazyload cb-img-thumbnail ratio-horizontal\"><source media=\"(max-width: 150px)\" data-srcset=\"https:\/\/zinebi.eus\/assets\/media\/1961-CineGranVia_FestCine_Archivo_Ale-150x108.jpg\"><source media=\"(max-width: 300px)\" data-srcset=\"https:\/\/zinebi.eus\/assets\/media\/1961-CineGranVia_FestCine_Archivo_Ale-300x216.jpg\"><source media=\"(max-width: 400px)\" data-srcset=\"https:\/\/zinebi.eus\/assets\/media\/1961-CineGranVia_FestCine_Archivo_Ale-400x288.jpg\"><source media=\"(max-width: 480px)\" data-srcset=\"https:\/\/zinebi.eus\/assets\/media\/1961-CineGranVia_FestCine_Archivo_Ale-480x346.jpg\"><source media=\"(max-width: 550px)\" data-srcset=\"https:\/\/zinebi.eus\/assets\/media\/1961-CineGranVia_FestCine_Archivo_Ale-550x396.jpg\"><source media=\"(max-width: 768px)\" data-srcset=\"https:\/\/zinebi.eus\/assets\/media\/1961-CineGranVia_FestCine_Archivo_Ale-768x553.jpg\"><img class=\"lazyload \" data-src=\"https:\/\/zinebi.eus\/assets\/media\/1961-CineGranVia_FestCine_Archivo_Ale.jpg\" alt=\"1961-CineGranVia_FestCine_Archivo_Ale\"><\/source><\/source><\/source><\/source><\/source><\/source><\/picture>\n\t\t\t\t\t\t\t\t\t<span class=\"cb-galeria__item-text\"><br>\n\t\t\t\t\t\t\t\t\t\t<span class=\"cb-galeria__text-inner\"><br>\n\t\t\t\t\t\t\t\t\t\t\t<span class=\"cb-galeria__text-capsule\"><br>\n\t\t\t\t\t\t\t\t\t\t\t\t<small>1961 \u2013 Edici\u00f3n 3<\/small><br>\n\t\t\t\t\t\t\t\t\t\t\t<\/span><br>\n\t\t\t\t\t\t\t\t\t\t<\/span><br>\n\t\t\t\t\t\t\t\t\t<\/span><br>\n\t\t\t\t\t\t\t\t\t\t\t\t\t\t\t\t\t<\/a>\n\t\t\t\t\t\t\t<\/div>\n<\/article><\/div>\n<p>\t\t<br>\n\t\t<\/p><\/section>\n<p><!-- \/cb-galeria__block --><\/p>\n<p>Jean-Pierre  D\u00e9court (J) \u00b7 Vicente A. Pineda (J) \u00b7 Alfonso del Val (J) \u00b7 P\u00edo Caro  Baroja \u00b7 Jacques Demy \u00b7 Julio Diamante \u00b7 Antton Ezeiza \u00b7 Jorge Grau \u00b7  Norman McLaren \u00b7 El\u00edas Querejeta \u00b7 Alain Resnais<\/p>\n<\/div>\n<\/div>\n\t        \t\t\t<\/div>\n\t        \t\t<\/article>\n\t        \t\t        \t\t<article class=\"timeline__item\">\n\t        \t\t\t<div class=\"milestone\"><\/div>\n\t        \t\t\t\t        \t\t\t\t<header class=\"timeline__header\">EDITION 2 <\/header>\n\t        \t\t\t\t        \t\t\t<div class=\"timeline__wysiwyg\">\n\t        \t\t\t\t<div class=\"zinebi-edition__item\">\n<figure class=\"zinebi-edition__img\">\n<a class=\"cb-gallery__item\" href=\"\/assets\/media\/zinebi-02.jpg\" title=\"ZINEBI 2 (1960)\" rel=\"gallery\"><img alt=\"ZINEBI 2 (1960)\" width=\"400\" height=\"566\" class=\"alignnone size-size_400 wp-image-504 lazyload\" sizes=\"(max-width: 400px) 100vw, 400px\" data-srcset=\"https:\/\/zinebi.eus\/assets\/media\/zinebi-02-400x566.jpg 400w, https:\/\/zinebi.eus\/assets\/media\/zinebi-02-150x212.jpg 150w, https:\/\/zinebi.eus\/assets\/media\/zinebi-02-300x424.jpg 300w, https:\/\/zinebi.eus\/assets\/media\/zinebi-02-480x679.jpg 480w, https:\/\/zinebi.eus\/assets\/media\/zinebi-02-550x778.jpg 550w, https:\/\/zinebi.eus\/assets\/media\/zinebi-02.jpg 724w\" data-src=\"https:\/\/zinebi.eus\/assets\/media\/zinebi-02-400x566.jpg\" srcset=\"https:\/\/zinebi.eus\/assets\/media\/zinebi-02-400x566.jpg 400w, https:\/\/zinebi.eus\/assets\/media\/zinebi-02-150x212.jpg 150w, https:\/\/zinebi.eus\/assets\/media\/zinebi-02-300x424.jpg 300w, https:\/\/zinebi.eus\/assets\/media\/zinebi-02-480x679.jpg 480w, https:\/\/zinebi.eus\/assets\/media\/zinebi-02-550x778.jpg 550w, https:\/\/zinebi.eus\/assets\/media\/zinebi-02.jpg 724w\" \/><\/a><br>\n   <\/figure>\n<div class=\"zinebi-edition__txt\">\n<p>The  second edition was inaugurated by the president of the Institute of  Hispanic Culture of Madrid at the time, Blas Pi\u00f1ar, who later became a  connoted right-wing politician in the democratic transition. The works  of the great Canadian animation director Norman McLaren were screened  and Portuguese artist Manoel de Oliveira entered the contest with his  film <em>O Pao<\/em>.<\/p>\n<p>Carlos Saura was a member of the International Jury and Richard Lester won a Silver Mikeldi for Best Short Film with his film <em>The Running Jumping &amp; Standing Still Film<\/em>.<\/p>\n<\/div>\n<\/div>\n\t        \t\t\t<\/div>\n\t        \t\t<\/article>\n\t        \t\t        \t\t<article class=\"timeline__item\">\n\t        \t\t\t<div class=\"milestone\"><\/div>\n\t        \t\t\t\t        \t\t\t\t<header class=\"timeline__header\">EDITION 1 <\/header>\n\t        \t\t\t\t        \t\t\t<div class=\"timeline__wysiwyg\">\n\t        \t\t\t\t<div class=\"zinebi-edition__item\">\n<figure class=\"zinebi-edition__img\">\n<a class=\"cb-gallery__item\" href=\"\/assets\/media\/zinebi-01.jpg\" title=\"ZINEBI 1 (1959)\" rel=\"gallery\"><img alt=\"ZINEBI 1 (1959)\" width=\"400\" height=\"566\" class=\"alignnone size-size_400 wp-image-501 lazyload\" sizes=\"(max-width: 400px) 100vw, 400px\" data-srcset=\"https:\/\/zinebi.eus\/assets\/media\/zinebi-01-400x566.jpg 400w, https:\/\/zinebi.eus\/assets\/media\/zinebi-01-150x212.jpg 150w, https:\/\/zinebi.eus\/assets\/media\/zinebi-01-300x424.jpg 300w, https:\/\/zinebi.eus\/assets\/media\/zinebi-01-480x679.jpg 480w, https:\/\/zinebi.eus\/assets\/media\/zinebi-01-550x778.jpg 550w, https:\/\/zinebi.eus\/assets\/media\/zinebi-01.jpg 724w\" data-src=\"https:\/\/zinebi.eus\/assets\/media\/zinebi-01-400x566.jpg\" srcset=\"https:\/\/zinebi.eus\/assets\/media\/zinebi-01-400x566.jpg 400w, https:\/\/zinebi.eus\/assets\/media\/zinebi-01-150x212.jpg 150w, https:\/\/zinebi.eus\/assets\/media\/zinebi-01-300x424.jpg 300w, https:\/\/zinebi.eus\/assets\/media\/zinebi-01-480x679.jpg 480w, https:\/\/zinebi.eus\/assets\/media\/zinebi-01-550x778.jpg 550w, https:\/\/zinebi.eus\/assets\/media\/zinebi-01.jpg 724w\" \/><\/a><br>\n   <\/figure>\n<div class=\"zinebi-edition__txt\">\n<p>Organised  by the Basque Institute of Hispanic Culture, reliant at the time on the  Ministry of Foreign Affairs, the first edition of the<em> Ibero-American and Filipino International Documentary Film Competition <\/em>was held from October 3rd to 9th , 1959. The Executive Committee had Pedro de Ybarra as its first president.<\/p>\n<p>The  opening ceremony was presented by actor Fernando Rey and director Luis  Garc\u00eda Berlanga was a member of the jury. Carlos Saura won a Silver  Medal with his short documentary film <em>Cuenca<\/em>.<\/p>\n<section id=\"galeria-id-6792\" class=\"cb-galeria__block\">\n\t\t\t<!-- style grid gallery -->\n<style type=\"text\/css\">\n\t\t\t\t\t\t\t\t@media screen and (min-width: 0px){\n\t\t\t\t\t\t#galeria-id-6792 .cb-galeria__grid > .cb-galeria__item {\n\t\t\t\t\t\t\twidth : 50.00%;\n\t\t\t\t\t\t}\n\t\t\t\t\t}\n\t\t\t\t\t\t\t\t\t\t@media screen and (min-width: 480px){\n\t\t\t\t\t\t#galeria-id-6792 .cb-galeria__grid > .cb-galeria__item {\n\t\t\t\t\t\t\twidth : 50.00%;\n\t\t\t\t\t\t}\n\t\t\t\t\t}\n\t\t\t\t\t\t\t\t\t\t@media screen and (min-width: 756px){\n\t\t\t\t\t\t#galeria-id-6792 .cb-galeria__grid > .cb-galeria__item {\n\t\t\t\t\t\t\twidth : 33.33%;\n\t\t\t\t\t\t}\n\t\t\t\t\t}\n\t\t\t\t\t\t\t\t\t\t@media screen and (min-width: 1200px){\n\t\t\t\t\t\t#galeria-id-6792 .cb-galeria__grid > .cb-galeria__item {\n\t\t\t\t\t\t\twidth : 25.00%;\n\t\t\t\t\t\t}\n\t\t\t\t\t}\n\t\t\t\t\t\t\t<\/style>\n<p>\t\t\t\t<main class=\"cb-galeria cb-gallery\"><\/main><\/p>\n<div class=\"cb-galeria__grid \">\n<article class=\"cb-galeria__item\">\n<div class=\"cb-galeria__item-card\">\n\t\t\t\t\t\t\t\t<a href=\"https:\/\/zinebi.eus\/assets\/media\/1959-CINE_GRAN_VIA__FERNANDO_REY_1959.jpg\" class=\"cb-gallery__item\" title=\"1959 - Edici\u00f3n 1\">\n\t\t\t\t\t\t\t\t\t<picture id=\"thumbnail-6793\" class=\"lazyload cb-img-thumbnail ratio-horizontal\"><source media=\"(max-width: 150px)\" data-srcset=\"https:\/\/zinebi.eus\/assets\/media\/1959-CINE_GRAN_VIA__FERNANDO_REY_1959-150x107.jpg\"><source media=\"(max-width: 300px)\" data-srcset=\"https:\/\/zinebi.eus\/assets\/media\/1959-CINE_GRAN_VIA__FERNANDO_REY_1959-300x213.jpg\"><source media=\"(max-width: 400px)\" data-srcset=\"https:\/\/zinebi.eus\/assets\/media\/1959-CINE_GRAN_VIA__FERNANDO_REY_1959-400x284.jpg\"><source media=\"(max-width: 480px)\" data-srcset=\"https:\/\/zinebi.eus\/assets\/media\/1959-CINE_GRAN_VIA__FERNANDO_REY_1959-480x341.jpg\"><source media=\"(max-width: 550px)\" data-srcset=\"https:\/\/zinebi.eus\/assets\/media\/1959-CINE_GRAN_VIA__FERNANDO_REY_1959-550x391.jpg\"><source media=\"(max-width: 768px)\" data-srcset=\"https:\/\/zinebi.eus\/assets\/media\/1959-CINE_GRAN_VIA__FERNANDO_REY_1959-768x545.jpg\"><img class=\"lazyload \" data-src=\"https:\/\/zinebi.eus\/assets\/media\/1959-CINE_GRAN_VIA__FERNANDO_REY_1959.jpg\" alt=\"1959-CINE_GRAN_VIA__FERNANDO_REY_1959\"><\/source><\/source><\/source><\/source><\/source><\/source><\/picture>\n\t\t\t\t\t\t\t\t\t<span class=\"cb-galeria__item-text\"><br>\n\t\t\t\t\t\t\t\t\t\t<span class=\"cb-galeria__text-inner\"><br>\n\t\t\t\t\t\t\t\t\t\t\t<span class=\"cb-galeria__text-capsule\"><br>\n\t\t\t\t\t\t\t\t\t\t\t\t<small>1959 \u2013 Edici\u00f3n 1<\/small><br>\n\t\t\t\t\t\t\t\t\t\t\t<\/span><br>\n\t\t\t\t\t\t\t\t\t\t<\/span><br>\n\t\t\t\t\t\t\t\t\t<\/span><br>\n\t\t\t\t\t\t\t\t\t\t\t\t\t\t\t\t\t<\/a>\n\t\t\t\t\t\t\t<\/div>\n<\/article>\n<article class=\"cb-galeria__item\">\n<div class=\"cb-galeria__item-card\">\n\t\t\t\t\t\t\t\t<a href=\"https:\/\/zinebi.eus\/assets\/media\/1959-CINE_GRAN_VIA__HALL_1959.jpg\" class=\"cb-gallery__item\" title=\"1959 - Edici\u00f3n 1\">\n\t\t\t\t\t\t\t\t\t<picture id=\"thumbnail-6796\" class=\"lazyload cb-img-thumbnail ratio-horizontal\"><source media=\"(max-width: 150px)\" data-srcset=\"https:\/\/zinebi.eus\/assets\/media\/1959-CINE_GRAN_VIA__HALL_1959-150x107.jpg\"><source media=\"(max-width: 300px)\" data-srcset=\"https:\/\/zinebi.eus\/assets\/media\/1959-CINE_GRAN_VIA__HALL_1959-300x213.jpg\"><source media=\"(max-width: 400px)\" data-srcset=\"https:\/\/zinebi.eus\/assets\/media\/1959-CINE_GRAN_VIA__HALL_1959-400x284.jpg\"><source media=\"(max-width: 480px)\" data-srcset=\"https:\/\/zinebi.eus\/assets\/media\/1959-CINE_GRAN_VIA__HALL_1959-480x341.jpg\"><source media=\"(max-width: 550px)\" data-srcset=\"https:\/\/zinebi.eus\/assets\/media\/1959-CINE_GRAN_VIA__HALL_1959-550x391.jpg\"><source media=\"(max-width: 768px)\" data-srcset=\"https:\/\/zinebi.eus\/assets\/media\/1959-CINE_GRAN_VIA__HALL_1959-768x545.jpg\"><img class=\"lazyload \" data-src=\"https:\/\/zinebi.eus\/assets\/media\/1959-CINE_GRAN_VIA__HALL_1959.jpg\" alt=\"1959-CINE_GRAN_VIA__HALL_1959\"><\/source><\/source><\/source><\/source><\/source><\/source><\/picture>\n\t\t\t\t\t\t\t\t\t<span class=\"cb-galeria__item-text\"><br>\n\t\t\t\t\t\t\t\t\t\t<span class=\"cb-galeria__text-inner\"><br>\n\t\t\t\t\t\t\t\t\t\t\t<span class=\"cb-galeria__text-capsule\"><br>\n\t\t\t\t\t\t\t\t\t\t\t\t<small>1959 \u2013 Edici\u00f3n 1<\/small><br>\n\t\t\t\t\t\t\t\t\t\t\t<\/span><br>\n\t\t\t\t\t\t\t\t\t\t<\/span><br>\n\t\t\t\t\t\t\t\t\t<\/span><br>\n\t\t\t\t\t\t\t\t\t\t\t\t\t\t\t\t\t<\/a>\n\t\t\t\t\t\t\t<\/div>\n<\/article>\n<article class=\"cb-galeria__item\">\n<div class=\"cb-galeria__item-card\">\n\t\t\t\t\t\t\t\t<a href=\"https:\/\/zinebi.eus\/assets\/media\/1959-CINE_GRAN_VIA_1959.jpg\" class=\"cb-gallery__item\" title=\"1959 - Edici\u00f3n 1\">\n\t\t\t\t\t\t\t\t\t<picture id=\"thumbnail-6799\" class=\"lazyload cb-img-thumbnail ratio-horizontal\"><source media=\"(max-width: 150px)\" data-srcset=\"https:\/\/zinebi.eus\/assets\/media\/1959-CINE_GRAN_VIA_1959-150x104.jpg\"><source media=\"(max-width: 300px)\" data-srcset=\"https:\/\/zinebi.eus\/assets\/media\/1959-CINE_GRAN_VIA_1959-300x207.jpg\"><source media=\"(max-width: 400px)\" data-srcset=\"https:\/\/zinebi.eus\/assets\/media\/1959-CINE_GRAN_VIA_1959-400x277.jpg\"><source media=\"(max-width: 480px)\" data-srcset=\"https:\/\/zinebi.eus\/assets\/media\/1959-CINE_GRAN_VIA_1959-480x332.jpg\"><source media=\"(max-width: 550px)\" data-srcset=\"https:\/\/zinebi.eus\/assets\/media\/1959-CINE_GRAN_VIA_1959-550x380.jpg\"><source media=\"(max-width: 768px)\" data-srcset=\"https:\/\/zinebi.eus\/assets\/media\/1959-CINE_GRAN_VIA_1959-768x531.jpg\"><img class=\"lazyload \" data-src=\"https:\/\/zinebi.eus\/assets\/media\/1959-CINE_GRAN_VIA_1959.jpg\" alt=\"1959-CINE_GRAN_VIA_1959\"><\/source><\/source><\/source><\/source><\/source><\/source><\/picture>\n\t\t\t\t\t\t\t\t\t<span class=\"cb-galeria__item-text\"><br>\n\t\t\t\t\t\t\t\t\t\t<span class=\"cb-galeria__text-inner\"><br>\n\t\t\t\t\t\t\t\t\t\t\t<span class=\"cb-galeria__text-capsule\"><br>\n\t\t\t\t\t\t\t\t\t\t\t\t<small>1959 \u2013 Edici\u00f3n 1<\/small><br>\n\t\t\t\t\t\t\t\t\t\t\t<\/span><br>\n\t\t\t\t\t\t\t\t\t\t<\/span><br>\n\t\t\t\t\t\t\t\t\t<\/span><br>\n\t\t\t\t\t\t\t\t\t\t\t\t\t\t\t\t\t<\/a>\n\t\t\t\t\t\t\t<\/div>\n<\/article>\n<article class=\"cb-galeria__item\">\n<div class=\"cb-galeria__item-card\">\n\t\t\t\t\t\t\t\t<a href=\"https:\/\/zinebi.eus\/assets\/media\/1959-mikeldi_hoja.jpg\" class=\"cb-gallery__item\" title=\"1959 - Edici\u00f3n 1\">\n\t\t\t\t\t\t\t\t\t<picture id=\"thumbnail-6802\" class=\"lazyload cb-img-thumbnail ratio-horizontal\"><source media=\"(max-width: 150px)\" data-srcset=\"https:\/\/zinebi.eus\/assets\/media\/1959-mikeldi_hoja-150x100.jpg\"><source media=\"(max-width: 300px)\" data-srcset=\"https:\/\/zinebi.eus\/assets\/media\/1959-mikeldi_hoja-300x200.jpg\"><source media=\"(max-width: 400px)\" data-srcset=\"https:\/\/zinebi.eus\/assets\/media\/1959-mikeldi_hoja-400x267.jpg\"><source media=\"(max-width: 480px)\" data-srcset=\"https:\/\/zinebi.eus\/assets\/media\/1959-mikeldi_hoja-480x320.jpg\"><source media=\"(max-width: 550px)\" data-srcset=\"https:\/\/zinebi.eus\/assets\/media\/1959-mikeldi_hoja-550x366.jpg\"><source media=\"(max-width: 768px)\" data-srcset=\"https:\/\/zinebi.eus\/assets\/media\/1959-mikeldi_hoja-768x512.jpg\"><img class=\"lazyload \" data-src=\"https:\/\/zinebi.eus\/assets\/media\/1959-mikeldi_hoja.jpg\" alt=\"1959-mikeldi_hoja\"><\/source><\/source><\/source><\/source><\/source><\/source><\/picture>\n\t\t\t\t\t\t\t\t\t<span class=\"cb-galeria__item-text\"><br>\n\t\t\t\t\t\t\t\t\t\t<span class=\"cb-galeria__text-inner\"><br>\n\t\t\t\t\t\t\t\t\t\t\t<span class=\"cb-galeria__text-capsule\"><br>\n\t\t\t\t\t\t\t\t\t\t\t\t<small>1959 \u2013 Edici\u00f3n 1<\/small><br>\n\t\t\t\t\t\t\t\t\t\t\t<\/span><br>\n\t\t\t\t\t\t\t\t\t\t<\/span><br>\n\t\t\t\t\t\t\t\t\t<\/span><br>\n\t\t\t\t\t\t\t\t\t\t\t\t\t\t\t\t\t<\/a>\n\t\t\t\t\t\t\t<\/div>\n<\/article><\/div>\n<p>\t\t<br>\n\t\t<\/p><\/section>\n<p><!-- \/cb-galeria__block --><\/p>\n<p>Luis G. Berlanga (J) \u00b7 Pascual Cebollada (J) \u00b7 Carlos F. Cuenca (J) \u00b7 Fernando Rey \u00b7 Jacques Rozier \u00b7 Carlos Saura<\/p>\n<\/div>\n<\/div>\n\t        \t\t\t<\/div>\n\t        \t\t<\/article>\n\t        \t    \t\t        \n\t\t    <\/section>\n\t\t<\/main><!-- \/timeline__col-main -->    \n\n\t<\/article>\n<\/div><!--\/timeline__block -->\n\r\n  <\/div>\r\n<\/section>","protected":false},"excerpt":{"rendered":"","protected":false},"author":3,"featured_media":0,"parent":376,"menu_order":6,"comment_status":"closed","ping_status":"closed","template":"","meta":{"_acf_changed":false,"footnotes":""},"class_list":["post-7622","page","type-page","status-publish","hentry"],"acf":[],"_links":{"self":[{"href":"https:\/\/zinebi.eus\/en\/wp-json\/wp\/v2\/pages\/7622","targetHints":{"allow":["GET"]}}],"collection":[{"href":"https:\/\/zinebi.eus\/en\/wp-json\/wp\/v2\/pages"}],"about":[{"href":"https:\/\/zinebi.eus\/en\/wp-json\/wp\/v2\/types\/page"}],"author":[{"embeddable":true,"href":"https:\/\/zinebi.eus\/en\/wp-json\/wp\/v2\/users\/3"}],"replies":[{"embeddable":true,"href":"https:\/\/zinebi.eus\/en\/wp-json\/wp\/v2\/comments?post=7622"}],"version-history":[{"count":2,"href":"https:\/\/zinebi.eus\/en\/wp-json\/wp\/v2\/pages\/7622\/revisions"}],"predecessor-version":[{"id":7625,"href":"https:\/\/zinebi.eus\/en\/wp-json\/wp\/v2\/pages\/7622\/revisions\/7625"}],"up":[{"embeddable":true,"href":"https:\/\/zinebi.eus\/en\/wp-json\/wp\/v2\/pages\/376"}],"wp:attachment":[{"href":"https:\/\/zinebi.eus\/en\/wp-json\/wp\/v2\/media?parent=7622"}],"curies":[{"name":"wp","href":"https:\/\/api.w.org\/{rel}","templated":true}]}}