 {"id":23859,"date":"2023-10-28T07:23:21","date_gmt":"2023-10-28T07:23:21","guid":{"rendered":"https:\/\/zinebi.eus\/cine-y-literatura-vasca\/"},"modified":"2023-10-28T07:24:18","modified_gmt":"2023-10-28T07:24:18","slug":"cine-y-literatura-vasca","status":"publish","type":"page","link":"https:\/\/zinebi.eus\/eu\/zinebi-65\/cine-y-literatura-vasca\/","title":{"rendered":"Euskal zinema eta literatura"},"content":{"rendered":"<section id=\"galeria-id-23815\" class=\"cb-galeria__block\">\n\t\t<header class=\"cb-galeria__header\">\n\t\t<div class=\"block-cross-line\">\n\t\t\t<div>\n\t\t\t\tEuskal zinema eta literatura\t   \t\t\t\t\t\t\t\t\t\t\t\n\t\t\t<\/div>\n\t\t<\/div>\n\t<\/header>\n\t\t\t<!-- style grid gallery -->\n\t\t<style type=\"text\/css\">\n\t\t\t\t\t\t\t#galeria-id-23815 .cb-galeria__grid > .cb-galeria__item {\n\t\t\t\t\twidth : 20.00%;\n\t\t\t\t}\n\t\t\t\t\t\t<\/style>\n\t\t\t\t<main class=\"cb-galeria cb-gallery\">\n\t\t\t<div class=\"cb-galeria__grid \">\n\t\t\t\t\t\t\t\t\t\t<article class=\"cb-galeria__item\">\n\t\t\t\t\t\t\t<div class=\"cb-galeria__item-card\">\n\t\t\t\t\t\t\t\t<a href=\"https:\/\/zinebi.eus\/assets\/media\/Zinebi65_Bira_26-10-2023_001-992x661.jpg\" class=\"cb-gallery__item\" title=\"ZINEBI65 - Euskal zinema eta literatura \/ Cine y literatura vasca - Txani Rodr\u00edguez, Katixa Agirre, David P\u00e9rez Sa\u00f1udo, Asier Altuna\">\n\t\t\t\t\t\t\t\t\t<picture id=\"thumbnail-23816\" class=\"lazyload cb-img-thumbnail ratio-horizontal\"><source media=\"(max-width: 150px)\" data-srcset=\"https:\/\/zinebi.eus\/assets\/media\/Zinebi65_Bira_26-10-2023_001-150x100.jpg\"><source media=\"(max-width: 300px)\" data-srcset=\"https:\/\/zinebi.eus\/assets\/media\/Zinebi65_Bira_26-10-2023_001-300x200.jpg\"><source media=\"(max-width: 400px)\" data-srcset=\"https:\/\/zinebi.eus\/assets\/media\/Zinebi65_Bira_26-10-2023_001-400x266.jpg\"><source media=\"(max-width: 480px)\" data-srcset=\"https:\/\/zinebi.eus\/assets\/media\/Zinebi65_Bira_26-10-2023_001-480x320.jpg\"><source media=\"(max-width: 550px)\" data-srcset=\"https:\/\/zinebi.eus\/assets\/media\/Zinebi65_Bira_26-10-2023_001-550x366.jpg\"><source media=\"(max-width: 768px)\" data-srcset=\"https:\/\/zinebi.eus\/assets\/media\/Zinebi65_Bira_26-10-2023_001-768x512.jpg\"><source media=\"(max-width: 992px)\" data-srcset=\"https:\/\/zinebi.eus\/assets\/media\/Zinebi65_Bira_26-10-2023_001-992x661.jpg\"><source media=\"(max-width: 1200px)\" data-srcset=\"https:\/\/zinebi.eus\/assets\/media\/Zinebi65_Bira_26-10-2023_001-1200x799.jpg\"><img class=\"lazyload \" data-src=\"https:\/\/zinebi.eus\/assets\/media\/Zinebi65_Bira_26-10-2023_001.jpg\" alt=\"Zinebi65_Bira_26-10-2023_001\"><\/source><\/source><\/source><\/source><\/source><\/source><\/source><\/source><\/picture>\t\t\t\t\t\t\t\t\n\t\t\t\t\t\t\t\t\t<span class=\"cb-galeria__item-text\">\n\t\t\t\t\t\t\t\t\t\t<span class=\"cb-galeria__text-inner\">\n\t\t\t\t\t\t\t\t\t\t\t<span class=\"cb-galeria__text-capsule\">\n\t\t\t\t\t\t\t\t\t\t\t\t<small>ZINEBI65 - Euskal zinema eta literatura \/ Cine y literatura vasca - Txani Rodr\u00edguez, Katixa Agirre, David P\u00e9rez Sa\u00f1udo, Asier Altuna<\/small>\n\t\t\t\t\t\t\t\t\t\t\t<\/span>\t\n\t\t\t\t\t\t\t\t\t\t<\/span>\t\t\t\t\t\t\t\t\t\n\t\t\t\t\t\t\t\t\t<\/span>\n\t\t\t\t\t\t\t\t\t\t\t\t\t\t\t\t\t<\/a>\n\t\t\t\t\t\t\t<\/div>\n\t\t\t\t\t\t<\/article>\n\t\t\t\t\t\t\t\t\t\t<article class=\"cb-galeria__item\">\n\t\t\t\t\t\t\t<div class=\"cb-galeria__item-card\">\n\t\t\t\t\t\t\t\t<a href=\"https:\/\/zinebi.eus\/assets\/media\/Zinebi65_Bira_26-10-2023_004-992x662.jpg\" class=\"cb-gallery__item\" title=\"ZINEBI65 - Euskal zinema eta literatura \/ Cine y literatura vasca - Asier Altuna, Vanesa Fernandez (ZINEBI)\">\n\t\t\t\t\t\t\t\t\t<picture id=\"thumbnail-23819\" class=\"lazyload cb-img-thumbnail ratio-horizontal\"><source media=\"(max-width: 150px)\" data-srcset=\"https:\/\/zinebi.eus\/assets\/media\/Zinebi65_Bira_26-10-2023_004-150x100.jpg\"><source media=\"(max-width: 300px)\" data-srcset=\"https:\/\/zinebi.eus\/assets\/media\/Zinebi65_Bira_26-10-2023_004-300x200.jpg\"><source media=\"(max-width: 400px)\" data-srcset=\"https:\/\/zinebi.eus\/assets\/media\/Zinebi65_Bira_26-10-2023_004-400x267.jpg\"><source media=\"(max-width: 480px)\" data-srcset=\"https:\/\/zinebi.eus\/assets\/media\/Zinebi65_Bira_26-10-2023_004-480x320.jpg\"><source media=\"(max-width: 550px)\" data-srcset=\"https:\/\/zinebi.eus\/assets\/media\/Zinebi65_Bira_26-10-2023_004-550x367.jpg\"><source media=\"(max-width: 768px)\" data-srcset=\"https:\/\/zinebi.eus\/assets\/media\/Zinebi65_Bira_26-10-2023_004-768x512.jpg\"><source media=\"(max-width: 992px)\" data-srcset=\"https:\/\/zinebi.eus\/assets\/media\/Zinebi65_Bira_26-10-2023_004-992x662.jpg\"><source media=\"(max-width: 1200px)\" data-srcset=\"https:\/\/zinebi.eus\/assets\/media\/Zinebi65_Bira_26-10-2023_004-1200x801.jpg\"><img class=\"lazyload \" data-src=\"https:\/\/zinebi.eus\/assets\/media\/Zinebi65_Bira_26-10-2023_004.jpg\" alt=\"Zinebi65_Bira_26-10-2023_004\"><\/source><\/source><\/source><\/source><\/source><\/source><\/source><\/source><\/picture>\t\t\t\t\t\t\t\t\n\t\t\t\t\t\t\t\t\t<span class=\"cb-galeria__item-text\">\n\t\t\t\t\t\t\t\t\t\t<span class=\"cb-galeria__text-inner\">\n\t\t\t\t\t\t\t\t\t\t\t<span class=\"cb-galeria__text-capsule\">\n\t\t\t\t\t\t\t\t\t\t\t\t<small>ZINEBI65 - Euskal zinema eta literatura \/ Cine y literatura vasca - Asier Altuna, Vanesa Fernandez (ZINEBI)<\/small>\n\t\t\t\t\t\t\t\t\t\t\t<\/span>\t\n\t\t\t\t\t\t\t\t\t\t<\/span>\t\t\t\t\t\t\t\t\t\n\t\t\t\t\t\t\t\t\t<\/span>\n\t\t\t\t\t\t\t\t\t\t\t\t\t\t\t\t\t<\/a>\n\t\t\t\t\t\t\t<\/div>\n\t\t\t\t\t\t<\/article>\n\t\t\t\t\t\t\t\t\t\t<article class=\"cb-galeria__item\">\n\t\t\t\t\t\t\t<div class=\"cb-galeria__item-card\">\n\t\t\t\t\t\t\t\t<a href=\"https:\/\/zinebi.eus\/assets\/media\/Zinebi65_Bira_26-10-2023_005-992x662.jpg\" class=\"cb-gallery__item\" title=\"ZINEBI65 - Euskal zinema eta literatura \/ Cine y literatura vasca - Txani Rodr\u00edguez, Katixa Agirre, David P\u00e9rez Sa\u00f1udo, Asier Altuna\">\n\t\t\t\t\t\t\t\t\t<picture id=\"thumbnail-23822\" class=\"lazyload cb-img-thumbnail ratio-horizontal\"><source media=\"(max-width: 150px)\" data-srcset=\"https:\/\/zinebi.eus\/assets\/media\/Zinebi65_Bira_26-10-2023_005-150x100.jpg\"><source media=\"(max-width: 300px)\" data-srcset=\"https:\/\/zinebi.eus\/assets\/media\/Zinebi65_Bira_26-10-2023_005-300x200.jpg\"><source media=\"(max-width: 400px)\" data-srcset=\"https:\/\/zinebi.eus\/assets\/media\/Zinebi65_Bira_26-10-2023_005-400x267.jpg\"><source media=\"(max-width: 480px)\" data-srcset=\"https:\/\/zinebi.eus\/assets\/media\/Zinebi65_Bira_26-10-2023_005-480x320.jpg\"><source media=\"(max-width: 550px)\" data-srcset=\"https:\/\/zinebi.eus\/assets\/media\/Zinebi65_Bira_26-10-2023_005-550x367.jpg\"><source media=\"(max-width: 768px)\" data-srcset=\"https:\/\/zinebi.eus\/assets\/media\/Zinebi65_Bira_26-10-2023_005-768x512.jpg\"><source media=\"(max-width: 992px)\" data-srcset=\"https:\/\/zinebi.eus\/assets\/media\/Zinebi65_Bira_26-10-2023_005-992x662.jpg\"><source media=\"(max-width: 1200px)\" data-srcset=\"https:\/\/zinebi.eus\/assets\/media\/Zinebi65_Bira_26-10-2023_005-1200x801.jpg\"><img class=\"lazyload \" data-src=\"https:\/\/zinebi.eus\/assets\/media\/Zinebi65_Bira_26-10-2023_005.jpg\" alt=\"Zinebi65_Bira_26-10-2023_005\"><\/source><\/source><\/source><\/source><\/source><\/source><\/source><\/source><\/picture>\t\t\t\t\t\t\t\t\n\t\t\t\t\t\t\t\t\t<span class=\"cb-galeria__item-text\">\n\t\t\t\t\t\t\t\t\t\t<span class=\"cb-galeria__text-inner\">\n\t\t\t\t\t\t\t\t\t\t\t<span class=\"cb-galeria__text-capsule\">\n\t\t\t\t\t\t\t\t\t\t\t\t<small>ZINEBI65 - Euskal zinema eta literatura \/ Cine y literatura vasca - Txani Rodr\u00edguez, Katixa Agirre, David P\u00e9rez Sa\u00f1udo, Asier Altuna<\/small>\n\t\t\t\t\t\t\t\t\t\t\t<\/span>\t\n\t\t\t\t\t\t\t\t\t\t<\/span>\t\t\t\t\t\t\t\t\t\n\t\t\t\t\t\t\t\t\t<\/span>\n\t\t\t\t\t\t\t\t\t\t\t\t\t\t\t\t\t<\/a>\n\t\t\t\t\t\t\t<\/div>\n\t\t\t\t\t\t<\/article>\n\t\t\t\t\t\t\t\t\t\t<article class=\"cb-galeria__item\">\n\t\t\t\t\t\t\t<div class=\"cb-galeria__item-card\">\n\t\t\t\t\t\t\t\t<a href=\"https:\/\/zinebi.eus\/assets\/media\/Zinebi65_Bira_26-10-2023_008-992x662.jpg\" class=\"cb-gallery__item\" title=\"ZINEBI65 - Euskal zinema eta literatura \/ Cine y literatura vasca - Txani Rodr\u00edguez, Katixa Agirre, David P\u00e9rez Sa\u00f1udo, Asier Altuna\">\n\t\t\t\t\t\t\t\t\t<picture id=\"thumbnail-23825\" class=\"lazyload cb-img-thumbnail ratio-horizontal\"><source media=\"(max-width: 150px)\" data-srcset=\"https:\/\/zinebi.eus\/assets\/media\/Zinebi65_Bira_26-10-2023_008-150x100.jpg\"><source media=\"(max-width: 300px)\" data-srcset=\"https:\/\/zinebi.eus\/assets\/media\/Zinebi65_Bira_26-10-2023_008-300x200.jpg\"><source media=\"(max-width: 400px)\" data-srcset=\"https:\/\/zinebi.eus\/assets\/media\/Zinebi65_Bira_26-10-2023_008-400x267.jpg\"><source media=\"(max-width: 480px)\" data-srcset=\"https:\/\/zinebi.eus\/assets\/media\/Zinebi65_Bira_26-10-2023_008-480x320.jpg\"><source media=\"(max-width: 550px)\" data-srcset=\"https:\/\/zinebi.eus\/assets\/media\/Zinebi65_Bira_26-10-2023_008-550x367.jpg\"><source media=\"(max-width: 768px)\" data-srcset=\"https:\/\/zinebi.eus\/assets\/media\/Zinebi65_Bira_26-10-2023_008-768x512.jpg\"><source media=\"(max-width: 992px)\" data-srcset=\"https:\/\/zinebi.eus\/assets\/media\/Zinebi65_Bira_26-10-2023_008-992x662.jpg\"><source media=\"(max-width: 1200px)\" data-srcset=\"https:\/\/zinebi.eus\/assets\/media\/Zinebi65_Bira_26-10-2023_008-1200x801.jpg\"><img class=\"lazyload \" data-src=\"https:\/\/zinebi.eus\/assets\/media\/Zinebi65_Bira_26-10-2023_008.jpg\" alt=\"Zinebi65_Bira_26-10-2023_008\"><\/source><\/source><\/source><\/source><\/source><\/source><\/source><\/source><\/picture>\t\t\t\t\t\t\t\t\n\t\t\t\t\t\t\t\t\t<span class=\"cb-galeria__item-text\">\n\t\t\t\t\t\t\t\t\t\t<span class=\"cb-galeria__text-inner\">\n\t\t\t\t\t\t\t\t\t\t\t<span class=\"cb-galeria__text-capsule\">\n\t\t\t\t\t\t\t\t\t\t\t\t<small>ZINEBI65 - Euskal zinema eta literatura \/ Cine y literatura vasca - Txani Rodr\u00edguez, Katixa Agirre, David P\u00e9rez Sa\u00f1udo, Asier Altuna<\/small>\n\t\t\t\t\t\t\t\t\t\t\t<\/span>\t\n\t\t\t\t\t\t\t\t\t\t<\/span>\t\t\t\t\t\t\t\t\t\n\t\t\t\t\t\t\t\t\t<\/span>\n\t\t\t\t\t\t\t\t\t\t\t\t\t\t\t\t\t<\/a>\n\t\t\t\t\t\t\t<\/div>\n\t\t\t\t\t\t<\/article>\n\t\t\t\t\t\t\t\t\t\t<article class=\"cb-galeria__item\">\n\t\t\t\t\t\t\t<div class=\"cb-galeria__item-card\">\n\t\t\t\t\t\t\t\t<a href=\"https:\/\/zinebi.eus\/assets\/media\/Zinebi65_Bira_26-10-2023_011-992x662.jpg\" class=\"cb-gallery__item\" title=\"ZINEBI65 - Euskal zinema eta literatura \/ Cine y literatura vasca - Txani Rodr\u00edguez, Katixa Agirre, David P\u00e9rez Sa\u00f1udo, Asier Altuna\">\n\t\t\t\t\t\t\t\t\t<picture id=\"thumbnail-23828\" class=\"lazyload cb-img-thumbnail ratio-horizontal\"><source media=\"(max-width: 150px)\" data-srcset=\"https:\/\/zinebi.eus\/assets\/media\/Zinebi65_Bira_26-10-2023_011-150x100.jpg\"><source media=\"(max-width: 300px)\" data-srcset=\"https:\/\/zinebi.eus\/assets\/media\/Zinebi65_Bira_26-10-2023_011-300x200.jpg\"><source media=\"(max-width: 400px)\" data-srcset=\"https:\/\/zinebi.eus\/assets\/media\/Zinebi65_Bira_26-10-2023_011-400x267.jpg\"><source media=\"(max-width: 480px)\" data-srcset=\"https:\/\/zinebi.eus\/assets\/media\/Zinebi65_Bira_26-10-2023_011-480x320.jpg\"><source media=\"(max-width: 550px)\" data-srcset=\"https:\/\/zinebi.eus\/assets\/media\/Zinebi65_Bira_26-10-2023_011-550x367.jpg\"><source media=\"(max-width: 768px)\" data-srcset=\"https:\/\/zinebi.eus\/assets\/media\/Zinebi65_Bira_26-10-2023_011-768x512.jpg\"><source media=\"(max-width: 992px)\" data-srcset=\"https:\/\/zinebi.eus\/assets\/media\/Zinebi65_Bira_26-10-2023_011-992x662.jpg\"><source media=\"(max-width: 1200px)\" data-srcset=\"https:\/\/zinebi.eus\/assets\/media\/Zinebi65_Bira_26-10-2023_011-1200x801.jpg\"><img class=\"lazyload \" data-src=\"https:\/\/zinebi.eus\/assets\/media\/Zinebi65_Bira_26-10-2023_011.jpg\" alt=\"Zinebi65_Bira_26-10-2023_011\"><\/source><\/source><\/source><\/source><\/source><\/source><\/source><\/source><\/picture>\t\t\t\t\t\t\t\t\n\t\t\t\t\t\t\t\t\t<span class=\"cb-galeria__item-text\">\n\t\t\t\t\t\t\t\t\t\t<span class=\"cb-galeria__text-inner\">\n\t\t\t\t\t\t\t\t\t\t\t<span class=\"cb-galeria__text-capsule\">\n\t\t\t\t\t\t\t\t\t\t\t\t<small>ZINEBI65 - Euskal zinema eta literatura \/ Cine y literatura vasca - Txani Rodr\u00edguez, Katixa Agirre, David P\u00e9rez Sa\u00f1udo, Asier Altuna<\/small>\n\t\t\t\t\t\t\t\t\t\t\t<\/span>\t\n\t\t\t\t\t\t\t\t\t\t<\/span>\t\t\t\t\t\t\t\t\t\n\t\t\t\t\t\t\t\t\t<\/span>\n\t\t\t\t\t\t\t\t\t\t\t\t\t\t\t\t\t<\/a>\n\t\t\t\t\t\t\t<\/div>\n\t\t\t\t\t\t<\/article>\n\t\t\t\t\t\t\t\t\t\t<article class=\"cb-galeria__item\">\n\t\t\t\t\t\t\t<div class=\"cb-galeria__item-card\">\n\t\t\t\t\t\t\t\t<a href=\"https:\/\/zinebi.eus\/assets\/media\/Zinebi65_Bira_26-10-2023_014-992x662.jpg\" class=\"cb-gallery__item\" title=\"ZINEBI65 - Euskal zinema eta literatura \/ Cine y literatura vasca - Txani Rodr\u00edguez, Katixa Agirre, David P\u00e9rez Sa\u00f1udo, Asier Altuna\">\n\t\t\t\t\t\t\t\t\t<picture id=\"thumbnail-23831\" class=\"lazyload cb-img-thumbnail ratio-horizontal\"><source media=\"(max-width: 150px)\" data-srcset=\"https:\/\/zinebi.eus\/assets\/media\/Zinebi65_Bira_26-10-2023_014-150x100.jpg\"><source media=\"(max-width: 300px)\" data-srcset=\"https:\/\/zinebi.eus\/assets\/media\/Zinebi65_Bira_26-10-2023_014-300x200.jpg\"><source media=\"(max-width: 400px)\" data-srcset=\"https:\/\/zinebi.eus\/assets\/media\/Zinebi65_Bira_26-10-2023_014-400x267.jpg\"><source media=\"(max-width: 480px)\" data-srcset=\"https:\/\/zinebi.eus\/assets\/media\/Zinebi65_Bira_26-10-2023_014-480x320.jpg\"><source media=\"(max-width: 550px)\" data-srcset=\"https:\/\/zinebi.eus\/assets\/media\/Zinebi65_Bira_26-10-2023_014-550x367.jpg\"><source media=\"(max-width: 768px)\" data-srcset=\"https:\/\/zinebi.eus\/assets\/media\/Zinebi65_Bira_26-10-2023_014-768x512.jpg\"><source media=\"(max-width: 992px)\" data-srcset=\"https:\/\/zinebi.eus\/assets\/media\/Zinebi65_Bira_26-10-2023_014-992x662.jpg\"><source media=\"(max-width: 1200px)\" data-srcset=\"https:\/\/zinebi.eus\/assets\/media\/Zinebi65_Bira_26-10-2023_014-1200x801.jpg\"><img class=\"lazyload \" data-src=\"https:\/\/zinebi.eus\/assets\/media\/Zinebi65_Bira_26-10-2023_014.jpg\" alt=\"Zinebi65_Bira_26-10-2023_014\"><\/source><\/source><\/source><\/source><\/source><\/source><\/source><\/source><\/picture>\t\t\t\t\t\t\t\t\n\t\t\t\t\t\t\t\t\t<span class=\"cb-galeria__item-text\">\n\t\t\t\t\t\t\t\t\t\t<span class=\"cb-galeria__text-inner\">\n\t\t\t\t\t\t\t\t\t\t\t<span class=\"cb-galeria__text-capsule\">\n\t\t\t\t\t\t\t\t\t\t\t\t<small>ZINEBI65 - Euskal zinema eta literatura \/ Cine y literatura vasca - Txani Rodr\u00edguez, Katixa Agirre, David P\u00e9rez Sa\u00f1udo, Asier Altuna<\/small>\n\t\t\t\t\t\t\t\t\t\t\t<\/span>\t\n\t\t\t\t\t\t\t\t\t\t<\/span>\t\t\t\t\t\t\t\t\t\n\t\t\t\t\t\t\t\t\t<\/span>\n\t\t\t\t\t\t\t\t\t\t\t\t\t\t\t\t\t<\/a>\n\t\t\t\t\t\t\t<\/div>\n\t\t\t\t\t\t<\/article>\n\t\t\t\t\t\t\t\t\t\t<article class=\"cb-galeria__item\">\n\t\t\t\t\t\t\t<div class=\"cb-galeria__item-card\">\n\t\t\t\t\t\t\t\t<a href=\"https:\/\/zinebi.eus\/assets\/media\/Zinebi65_Bira_26-10-2023_019-992x661.jpg\" class=\"cb-gallery__item\" title=\"ZINEBI65 - Euskal zinema eta literatura \/ Cine y literatura vasca - Asier Altuna\">\n\t\t\t\t\t\t\t\t\t<picture id=\"thumbnail-23834\" class=\"lazyload cb-img-thumbnail ratio-horizontal\"><source media=\"(max-width: 150px)\" data-srcset=\"https:\/\/zinebi.eus\/assets\/media\/Zinebi65_Bira_26-10-2023_019-150x100.jpg\"><source media=\"(max-width: 300px)\" data-srcset=\"https:\/\/zinebi.eus\/assets\/media\/Zinebi65_Bira_26-10-2023_019-300x200.jpg\"><source media=\"(max-width: 400px)\" data-srcset=\"https:\/\/zinebi.eus\/assets\/media\/Zinebi65_Bira_26-10-2023_019-400x266.jpg\"><source media=\"(max-width: 480px)\" data-srcset=\"https:\/\/zinebi.eus\/assets\/media\/Zinebi65_Bira_26-10-2023_019-480x320.jpg\"><source media=\"(max-width: 550px)\" data-srcset=\"https:\/\/zinebi.eus\/assets\/media\/Zinebi65_Bira_26-10-2023_019-550x366.jpg\"><source media=\"(max-width: 768px)\" data-srcset=\"https:\/\/zinebi.eus\/assets\/media\/Zinebi65_Bira_26-10-2023_019-768x512.jpg\"><source media=\"(max-width: 992px)\" data-srcset=\"https:\/\/zinebi.eus\/assets\/media\/Zinebi65_Bira_26-10-2023_019-992x661.jpg\"><source media=\"(max-width: 1200px)\" data-srcset=\"https:\/\/zinebi.eus\/assets\/media\/Zinebi65_Bira_26-10-2023_019-1200x799.jpg\"><img class=\"lazyload \" data-src=\"https:\/\/zinebi.eus\/assets\/media\/Zinebi65_Bira_26-10-2023_019.jpg\" alt=\"Zinebi65_Bira_26-10-2023_019\"><\/source><\/source><\/source><\/source><\/source><\/source><\/source><\/source><\/picture>\t\t\t\t\t\t\t\t\n\t\t\t\t\t\t\t\t\t<span class=\"cb-galeria__item-text\">\n\t\t\t\t\t\t\t\t\t\t<span class=\"cb-galeria__text-inner\">\n\t\t\t\t\t\t\t\t\t\t\t<span class=\"cb-galeria__text-capsule\">\n\t\t\t\t\t\t\t\t\t\t\t\t<small>ZINEBI65 - Euskal zinema eta literatura \/ Cine y literatura vasca - Asier Altuna<\/small>\n\t\t\t\t\t\t\t\t\t\t\t<\/span>\t\n\t\t\t\t\t\t\t\t\t\t<\/span>\t\t\t\t\t\t\t\t\t\n\t\t\t\t\t\t\t\t\t<\/span>\n\t\t\t\t\t\t\t\t\t\t\t\t\t\t\t\t\t<\/a>\n\t\t\t\t\t\t\t<\/div>\n\t\t\t\t\t\t<\/article>\n\t\t\t\t\t\t\t\t\t\t<article class=\"cb-galeria__item\">\n\t\t\t\t\t\t\t<div class=\"cb-galeria__item-card\">\n\t\t\t\t\t\t\t\t<a href=\"https:\/\/zinebi.eus\/assets\/media\/Zinebi65_Bira_26-10-2023_025-992x662.jpg\" class=\"cb-gallery__item\" title=\"ZINEBI65 - Euskal zinema eta literatura \/ Cine y literatura vasca - Txani Rodr\u00edguez, Katixa Agirre, David P\u00e9rez Sa\u00f1udo, Asier Altuna\">\n\t\t\t\t\t\t\t\t\t<picture id=\"thumbnail-23837\" class=\"lazyload cb-img-thumbnail ratio-horizontal\"><source media=\"(max-width: 150px)\" data-srcset=\"https:\/\/zinebi.eus\/assets\/media\/Zinebi65_Bira_26-10-2023_025-150x100.jpg\"><source media=\"(max-width: 300px)\" data-srcset=\"https:\/\/zinebi.eus\/assets\/media\/Zinebi65_Bira_26-10-2023_025-300x200.jpg\"><source media=\"(max-width: 400px)\" data-srcset=\"https:\/\/zinebi.eus\/assets\/media\/Zinebi65_Bira_26-10-2023_025-400x267.jpg\"><source media=\"(max-width: 480px)\" data-srcset=\"https:\/\/zinebi.eus\/assets\/media\/Zinebi65_Bira_26-10-2023_025-480x320.jpg\"><source media=\"(max-width: 550px)\" data-srcset=\"https:\/\/zinebi.eus\/assets\/media\/Zinebi65_Bira_26-10-2023_025-550x367.jpg\"><source media=\"(max-width: 768px)\" data-srcset=\"https:\/\/zinebi.eus\/assets\/media\/Zinebi65_Bira_26-10-2023_025-768x512.jpg\"><source media=\"(max-width: 992px)\" data-srcset=\"https:\/\/zinebi.eus\/assets\/media\/Zinebi65_Bira_26-10-2023_025-992x662.jpg\"><source media=\"(max-width: 1200px)\" data-srcset=\"https:\/\/zinebi.eus\/assets\/media\/Zinebi65_Bira_26-10-2023_025-1200x801.jpg\"><img class=\"lazyload \" data-src=\"https:\/\/zinebi.eus\/assets\/media\/Zinebi65_Bira_26-10-2023_025.jpg\" alt=\"Zinebi65_Bira_26-10-2023_025\"><\/source><\/source><\/source><\/source><\/source><\/source><\/source><\/source><\/picture>\t\t\t\t\t\t\t\t\n\t\t\t\t\t\t\t\t\t<span class=\"cb-galeria__item-text\">\n\t\t\t\t\t\t\t\t\t\t<span class=\"cb-galeria__text-inner\">\n\t\t\t\t\t\t\t\t\t\t\t<span class=\"cb-galeria__text-capsule\">\n\t\t\t\t\t\t\t\t\t\t\t\t<small>ZINEBI65 - Euskal zinema eta literatura \/ Cine y literatura vasca - Txani Rodr\u00edguez, Katixa Agirre, David P\u00e9rez Sa\u00f1udo, Asier Altuna<\/small>\n\t\t\t\t\t\t\t\t\t\t\t<\/span>\t\n\t\t\t\t\t\t\t\t\t\t<\/span>\t\t\t\t\t\t\t\t\t\n\t\t\t\t\t\t\t\t\t<\/span>\n\t\t\t\t\t\t\t\t\t\t\t\t\t\t\t\t\t<\/a>\n\t\t\t\t\t\t\t<\/div>\n\t\t\t\t\t\t<\/article>\n\t\t\t\t\t\t\t\t\t\t<article class=\"cb-galeria__item\">\n\t\t\t\t\t\t\t<div class=\"cb-galeria__item-card\">\n\t\t\t\t\t\t\t\t<a href=\"https:\/\/zinebi.eus\/assets\/media\/Zinebi65_Bira_26-10-2023_015-992x661.jpg\" class=\"cb-gallery__item\" title=\"ZINEBI65 - Euskal zinema eta literatura \/ Cine y literatura vasca - David P\u00e9rez Sa\u00f1udo\">\n\t\t\t\t\t\t\t\t\t<picture id=\"thumbnail-23840\" class=\"lazyload cb-img-thumbnail ratio-horizontal\"><source media=\"(max-width: 150px)\" data-srcset=\"https:\/\/zinebi.eus\/assets\/media\/Zinebi65_Bira_26-10-2023_015-150x100.jpg\"><source media=\"(max-width: 300px)\" data-srcset=\"https:\/\/zinebi.eus\/assets\/media\/Zinebi65_Bira_26-10-2023_015-300x200.jpg\"><source media=\"(max-width: 400px)\" data-srcset=\"https:\/\/zinebi.eus\/assets\/media\/Zinebi65_Bira_26-10-2023_015-400x267.jpg\"><source media=\"(max-width: 480px)\" data-srcset=\"https:\/\/zinebi.eus\/assets\/media\/Zinebi65_Bira_26-10-2023_015-480x320.jpg\"><source media=\"(max-width: 550px)\" data-srcset=\"https:\/\/zinebi.eus\/assets\/media\/Zinebi65_Bira_26-10-2023_015-550x367.jpg\"><source media=\"(max-width: 768px)\" data-srcset=\"https:\/\/zinebi.eus\/assets\/media\/Zinebi65_Bira_26-10-2023_015-768x512.jpg\"><source media=\"(max-width: 992px)\" data-srcset=\"https:\/\/zinebi.eus\/assets\/media\/Zinebi65_Bira_26-10-2023_015-992x661.jpg\"><source media=\"(max-width: 1200px)\" data-srcset=\"https:\/\/zinebi.eus\/assets\/media\/Zinebi65_Bira_26-10-2023_015-1200x800.jpg\"><img class=\"lazyload \" data-src=\"https:\/\/zinebi.eus\/assets\/media\/Zinebi65_Bira_26-10-2023_015.jpg\" alt=\"Zinebi65_Bira_26-10-2023_015\"><\/source><\/source><\/source><\/source><\/source><\/source><\/source><\/source><\/picture>\t\t\t\t\t\t\t\t\n\t\t\t\t\t\t\t\t\t<span class=\"cb-galeria__item-text\">\n\t\t\t\t\t\t\t\t\t\t<span class=\"cb-galeria__text-inner\">\n\t\t\t\t\t\t\t\t\t\t\t<span class=\"cb-galeria__text-capsule\">\n\t\t\t\t\t\t\t\t\t\t\t\t<small>ZINEBI65 - Euskal zinema eta literatura \/ Cine y literatura vasca - David P\u00e9rez Sa\u00f1udo<\/small>\n\t\t\t\t\t\t\t\t\t\t\t<\/span>\t\n\t\t\t\t\t\t\t\t\t\t<\/span>\t\t\t\t\t\t\t\t\t\n\t\t\t\t\t\t\t\t\t<\/span>\n\t\t\t\t\t\t\t\t\t\t\t\t\t\t\t\t\t<\/a>\n\t\t\t\t\t\t\t<\/div>\n\t\t\t\t\t\t<\/article>\n\t\t\t\t\t\t\t\t\t\t<article class=\"cb-galeria__item\">\n\t\t\t\t\t\t\t<div class=\"cb-galeria__item-card\">\n\t\t\t\t\t\t\t\t<a href=\"https:\/\/zinebi.eus\/assets\/media\/Zinebi65_Bira_26-10-2023_016-992x661.jpg\" class=\"cb-gallery__item\" title=\"ZINEBI65 - Euskal zinema eta literatura \/ Cine y literatura vasca - Txani Rodr\u00edguez, Katixa Agirre, David P\u00e9rez Sa\u00f1udo\">\n\t\t\t\t\t\t\t\t\t<picture id=\"thumbnail-23843\" class=\"lazyload cb-img-thumbnail ratio-horizontal\"><source media=\"(max-width: 150px)\" data-srcset=\"https:\/\/zinebi.eus\/assets\/media\/Zinebi65_Bira_26-10-2023_016-150x100.jpg\"><source media=\"(max-width: 300px)\" data-srcset=\"https:\/\/zinebi.eus\/assets\/media\/Zinebi65_Bira_26-10-2023_016-300x200.jpg\"><source media=\"(max-width: 400px)\" data-srcset=\"https:\/\/zinebi.eus\/assets\/media\/Zinebi65_Bira_26-10-2023_016-400x267.jpg\"><source media=\"(max-width: 480px)\" data-srcset=\"https:\/\/zinebi.eus\/assets\/media\/Zinebi65_Bira_26-10-2023_016-480x320.jpg\"><source media=\"(max-width: 550px)\" data-srcset=\"https:\/\/zinebi.eus\/assets\/media\/Zinebi65_Bira_26-10-2023_016-550x367.jpg\"><source media=\"(max-width: 768px)\" data-srcset=\"https:\/\/zinebi.eus\/assets\/media\/Zinebi65_Bira_26-10-2023_016-768x512.jpg\"><source media=\"(max-width: 992px)\" data-srcset=\"https:\/\/zinebi.eus\/assets\/media\/Zinebi65_Bira_26-10-2023_016-992x661.jpg\"><source media=\"(max-width: 1200px)\" data-srcset=\"https:\/\/zinebi.eus\/assets\/media\/Zinebi65_Bira_26-10-2023_016-1200x800.jpg\"><img class=\"lazyload \" data-src=\"https:\/\/zinebi.eus\/assets\/media\/Zinebi65_Bira_26-10-2023_016.jpg\" alt=\"Zinebi65_Bira_26-10-2023_016\"><\/source><\/source><\/source><\/source><\/source><\/source><\/source><\/source><\/picture>\t\t\t\t\t\t\t\t\n\t\t\t\t\t\t\t\t\t<span class=\"cb-galeria__item-text\">\n\t\t\t\t\t\t\t\t\t\t<span class=\"cb-galeria__text-inner\">\n\t\t\t\t\t\t\t\t\t\t\t<span class=\"cb-galeria__text-capsule\">\n\t\t\t\t\t\t\t\t\t\t\t\t<small>ZINEBI65 - Euskal zinema eta literatura \/ Cine y literatura vasca - Txani Rodr\u00edguez, Katixa Agirre, David P\u00e9rez Sa\u00f1udo<\/small>\n\t\t\t\t\t\t\t\t\t\t\t<\/span>\t\n\t\t\t\t\t\t\t\t\t\t<\/span>\t\t\t\t\t\t\t\t\t\n\t\t\t\t\t\t\t\t\t<\/span>\n\t\t\t\t\t\t\t\t\t\t\t\t\t\t\t\t\t<\/a>\n\t\t\t\t\t\t\t<\/div>\n\t\t\t\t\t\t<\/article>\n\t\t\t\t\t\t\t\t\t\t<article class=\"cb-galeria__item\">\n\t\t\t\t\t\t\t<div class=\"cb-galeria__item-card\">\n\t\t\t\t\t\t\t\t<a href=\"https:\/\/zinebi.eus\/assets\/media\/Zinebi65_Bira_26-10-2023_018-992x661.jpg\" class=\"cb-gallery__item\" title=\"ZINEBI65 - Euskal zinema eta literatura \/ Cine y literatura vasca - Txani Rodr\u00edguez, Katixa Agirre, David P\u00e9rez Sa\u00f1udo, Asier Altuna\">\n\t\t\t\t\t\t\t\t\t<picture id=\"thumbnail-23846\" class=\"lazyload cb-img-thumbnail ratio-horizontal\"><source media=\"(max-width: 150px)\" data-srcset=\"https:\/\/zinebi.eus\/assets\/media\/Zinebi65_Bira_26-10-2023_018-150x100.jpg\"><source media=\"(max-width: 300px)\" data-srcset=\"https:\/\/zinebi.eus\/assets\/media\/Zinebi65_Bira_26-10-2023_018-300x200.jpg\"><source media=\"(max-width: 400px)\" data-srcset=\"https:\/\/zinebi.eus\/assets\/media\/Zinebi65_Bira_26-10-2023_018-400x267.jpg\"><source media=\"(max-width: 480px)\" data-srcset=\"https:\/\/zinebi.eus\/assets\/media\/Zinebi65_Bira_26-10-2023_018-480x320.jpg\"><source media=\"(max-width: 550px)\" data-srcset=\"https:\/\/zinebi.eus\/assets\/media\/Zinebi65_Bira_26-10-2023_018-550x367.jpg\"><source media=\"(max-width: 768px)\" data-srcset=\"https:\/\/zinebi.eus\/assets\/media\/Zinebi65_Bira_26-10-2023_018-768x512.jpg\"><source media=\"(max-width: 992px)\" data-srcset=\"https:\/\/zinebi.eus\/assets\/media\/Zinebi65_Bira_26-10-2023_018-992x661.jpg\"><source media=\"(max-width: 1200px)\" data-srcset=\"https:\/\/zinebi.eus\/assets\/media\/Zinebi65_Bira_26-10-2023_018-1200x800.jpg\"><img class=\"lazyload \" data-src=\"https:\/\/zinebi.eus\/assets\/media\/Zinebi65_Bira_26-10-2023_018.jpg\" alt=\"Zinebi65_Bira_26-10-2023_018\"><\/source><\/source><\/source><\/source><\/source><\/source><\/source><\/source><\/picture>\t\t\t\t\t\t\t\t\n\t\t\t\t\t\t\t\t\t<span class=\"cb-galeria__item-text\">\n\t\t\t\t\t\t\t\t\t\t<span class=\"cb-galeria__text-inner\">\n\t\t\t\t\t\t\t\t\t\t\t<span class=\"cb-galeria__text-capsule\">\n\t\t\t\t\t\t\t\t\t\t\t\t<small>ZINEBI65 - Euskal zinema eta literatura \/ Cine y literatura vasca - Txani Rodr\u00edguez, Katixa Agirre, David P\u00e9rez Sa\u00f1udo, Asier Altuna<\/small>\n\t\t\t\t\t\t\t\t\t\t\t<\/span>\t\n\t\t\t\t\t\t\t\t\t\t<\/span>\t\t\t\t\t\t\t\t\t\n\t\t\t\t\t\t\t\t\t<\/span>\n\t\t\t\t\t\t\t\t\t\t\t\t\t\t\t\t\t<\/a>\n\t\t\t\t\t\t\t<\/div>\n\t\t\t\t\t\t<\/article>\n\t\t\t\t\t\t\t\t\t\t<article class=\"cb-galeria__item\">\n\t\t\t\t\t\t\t<div class=\"cb-galeria__item-card\">\n\t\t\t\t\t\t\t\t<a href=\"https:\/\/zinebi.eus\/assets\/media\/Zinebi65_Bira_26-10-2023_022-992x661.jpg\" class=\"cb-gallery__item\" title=\"ZINEBI65 - Euskal zinema eta literatura \/ Cine y literatura vasca - Txani Rodr\u00edguez, Katixa Agirre, David P\u00e9rez Sa\u00f1udo, Asier Altuna\">\n\t\t\t\t\t\t\t\t\t<picture id=\"thumbnail-23852\" class=\"lazyload cb-img-thumbnail ratio-horizontal\"><source media=\"(max-width: 150px)\" data-srcset=\"https:\/\/zinebi.eus\/assets\/media\/Zinebi65_Bira_26-10-2023_022-150x100.jpg\"><source media=\"(max-width: 300px)\" data-srcset=\"https:\/\/zinebi.eus\/assets\/media\/Zinebi65_Bira_26-10-2023_022-300x200.jpg\"><source media=\"(max-width: 400px)\" data-srcset=\"https:\/\/zinebi.eus\/assets\/media\/Zinebi65_Bira_26-10-2023_022-400x267.jpg\"><source media=\"(max-width: 480px)\" data-srcset=\"https:\/\/zinebi.eus\/assets\/media\/Zinebi65_Bira_26-10-2023_022-480x320.jpg\"><source media=\"(max-width: 550px)\" data-srcset=\"https:\/\/zinebi.eus\/assets\/media\/Zinebi65_Bira_26-10-2023_022-550x367.jpg\"><source media=\"(max-width: 768px)\" data-srcset=\"https:\/\/zinebi.eus\/assets\/media\/Zinebi65_Bira_26-10-2023_022-768x512.jpg\"><source media=\"(max-width: 992px)\" data-srcset=\"https:\/\/zinebi.eus\/assets\/media\/Zinebi65_Bira_26-10-2023_022-992x661.jpg\"><source media=\"(max-width: 1200px)\" data-srcset=\"https:\/\/zinebi.eus\/assets\/media\/Zinebi65_Bira_26-10-2023_022-1200x800.jpg\"><img class=\"lazyload \" data-src=\"https:\/\/zinebi.eus\/assets\/media\/Zinebi65_Bira_26-10-2023_022.jpg\" alt=\"Zinebi65_Bira_26-10-2023_022\"><\/source><\/source><\/source><\/source><\/source><\/source><\/source><\/source><\/picture>\t\t\t\t\t\t\t\t\n\t\t\t\t\t\t\t\t\t<span class=\"cb-galeria__item-text\">\n\t\t\t\t\t\t\t\t\t\t<span class=\"cb-galeria__text-inner\">\n\t\t\t\t\t\t\t\t\t\t\t<span class=\"cb-galeria__text-capsule\">\n\t\t\t\t\t\t\t\t\t\t\t\t<small>ZINEBI65 - Euskal zinema eta literatura \/ Cine y literatura vasca - Txani Rodr\u00edguez, Katixa Agirre, David P\u00e9rez Sa\u00f1udo, Asier Altuna<\/small>\n\t\t\t\t\t\t\t\t\t\t\t<\/span>\t\n\t\t\t\t\t\t\t\t\t\t<\/span>\t\t\t\t\t\t\t\t\t\n\t\t\t\t\t\t\t\t\t<\/span>\n\t\t\t\t\t\t\t\t\t\t\t\t\t\t\t\t\t<\/a>\n\t\t\t\t\t\t\t<\/div>\n\t\t\t\t\t\t<\/article>\n\t\t\t\t\t\t\t<\/div>\t\n\t\t<\/main>\n\t\t<\/section><!-- \/cb-galeria__block -->\r\n","protected":false},"excerpt":{"rendered":"","protected":false},"author":2,"featured_media":23853,"parent":20802,"menu_order":0,"comment_status":"closed","ping_status":"closed","template":"templates\/page-hero-mikeldi.php","meta":{"_acf_changed":false,"footnotes":""},"class_list":["post-23859","page","type-page","status-publish","has-post-thumbnail","hentry"],"acf":[],"_links":{"self":[{"href":"https:\/\/zinebi.eus\/eu\/wp-json\/wp\/v2\/pages\/23859","targetHints":{"allow":["GET"]}}],"collection":[{"href":"https:\/\/zinebi.eus\/eu\/wp-json\/wp\/v2\/pages"}],"about":[{"href":"https:\/\/zinebi.eus\/eu\/wp-json\/wp\/v2\/types\/page"}],"author":[{"embeddable":true,"href":"https:\/\/zinebi.eus\/eu\/wp-json\/wp\/v2\/users\/2"}],"replies":[{"embeddable":true,"href":"https:\/\/zinebi.eus\/eu\/wp-json\/wp\/v2\/comments?post=23859"}],"version-history":[{"count":2,"href":"https:\/\/zinebi.eus\/eu\/wp-json\/wp\/v2\/pages\/23859\/revisions"}],"predecessor-version":[{"id":23864,"href":"https:\/\/zinebi.eus\/eu\/wp-json\/wp\/v2\/pages\/23859\/revisions\/23864"}],"up":[{"embeddable":true,"href":"https:\/\/zinebi.eus\/eu\/wp-json\/wp\/v2\/pages\/20802"}],"wp:featuredmedia":[{"embeddable":true,"href":"https:\/\/zinebi.eus\/eu\/wp-json\/wp\/v2\/media\/23853"}],"wp:attachment":[{"href":"https:\/\/zinebi.eus\/eu\/wp-json\/wp\/v2\/media?parent=23859"}],"curies":[{"name":"wp","href":"https:\/\/api.w.org\/{rel}","templated":true}]}}